{"version":"1.0","provider_name":"Itaka-Escolapios","provider_url":"https:\/\/www.itakaescolapios.org\/ca\/","author_name":"cameroun01","author_url":"https:\/\/www.itakaescolapios.org\/ca\/author\/cameroun01\/","title":"RECOLECCI\u00d3N EN LA CAPILLA SAN BASILE D'ETETAK Yaound\u00e9","type":"rich","width":600,"height":338,"html":"<blockquote class=\"wp-embedded-content\" data-secret=\"OitErRSqj6\"><a href=\"https:\/\/www.itakaescolapios.org\/ca\/2022\/12\/recoleccion-en-la-capilla-san-michel-detetak-yaounde\/\">RECOLECCI\u00d3N EN LA CAPILLA SAN BASILE D'ETETAK Yaound\u00e9<\/a><\/blockquote><iframe sandbox=\"allow-scripts\" security=\"restricted\" src=\"https:\/\/www.itakaescolapios.org\/ca\/2022\/12\/recoleccion-en-la-capilla-san-michel-detetak-yaounde\/embed\/#?secret=OitErRSqj6\" width=\"600\" height=\"338\" title=\"&#8220;RECOLECCI\u00d3N EN LA CAPILLA SAN BASILE D&#039;ETETAK Yaound\u00e9&#8221; &#8212; Itaka-Escolapios\" data-secret=\"OitErRSqj6\" frameborder=\"0\" marginwidth=\"0\" marginheight=\"0\" scrolling=\"no\" class=\"wp-embedded-content\"><\/iframe><script type=\"text\/javascript\">\n\/* <![CDATA[ *\/\n\/*! This file is auto-generated *\/\n!function(d,l){\"use strict\";l.querySelector&&d.addEventListener&&\"undefined\"!=typeof URL&&(d.wp=d.wp||{},d.wp.receiveEmbedMessage||(d.wp.receiveEmbedMessage=function(e){var t=e.data;if((t||t.secret||t.message||t.value)&&!\/[^a-zA-Z0-9]\/.test(t.secret)){for(var s,r,n,a=l.querySelectorAll('iframe[data-secret=\"'+t.secret+'\"]'),o=l.querySelectorAll('blockquote[data-secret=\"'+t.secret+'\"]'),c=new RegExp(\"^https?:$\",\"i\"),i=0;i<o.length;i++)o[i].style.display=\"none\";for(i=0;i<a.length;i++)s=a[i],e.source===s.contentWindow&&(s.removeAttribute(\"style\"),\"height\"===t.message?(1e3<(r=parseInt(t.value,10))?r=1e3:~~r<200&&(r=200),s.height=r):\"link\"===t.message&&(r=new URL(s.getAttribute(\"src\")),n=new URL(t.value),c.test(n.protocol))&&n.host===r.host&&l.activeElement===s&&(d.top.location.href=t.value))}},d.addEventListener(\"message\",d.wp.receiveEmbedMessage,!1),l.addEventListener(\"DOMContentLoaded\",function(){for(var e,t,s=l.querySelectorAll(\"iframe.wp-embedded-content\"),r=0;r<s.length;r++)(t=(e=s[r]).getAttribute(\"data-secret\"))||(t=Math.random().toString(36).substring(2,12),e.src+=\"#?secret=\"+t,e.setAttribute(\"data-secret\",t)),e.contentWindow.postMessage({message:\"ready\",secret:t},\"*\")},!1)))}(window,document);\n\/\/# sourceURL=https:\/\/www.itakaescolapios.org\/wp-includes\/js\/wp-embed.min.js\n\/* ]]> *\/\n<\/script>\n","thumbnail_url":"https:\/\/www.itakaescolapios.org\/wp-content\/uploads\/2022\/12\/20221221_121601-scaled.jpg","thumbnail_width":2000,"thumbnail_height":1500,"description":"Para finales del a\u00f1o 2022, los corresponsales locales en Camer\u00fan, participaron en un recogimiento espiritual durante el d\u00eda 20 de diciembre de 2022. Sobre el programa, salida del H10 para Etetak, llegada e instalaci\u00f3n,\u00a0 presentaci\u00f3n de el tema, meditaci\u00f3n personal, adoraci\u00f3n y confesi\u00f3n, misa, fin del recogimiento y comida familiar. Fue un tiempo de oraci\u00f3n,&hellip;"}