{"version":"1.0","provider_name":"Proofs in Itaka-Escolapios","provider_url":"https:\/\/www.itakaescolapios.org\/en\/","author_name":"valencia01","author_url":"https:\/\/www.itakaescolapios.org\/en\/author\/valencia01\/","title":"CAMPO DE TRABAJO 2017 DE VALENCIA","type":"rich","width":600,"height":338,"html":"<blockquote class=\"wp-embedded-content\" data-secret=\"sUkEH3Ld0f\"><a href=\"https:\/\/www.itakaescolapios.org\/en\/2017\/07\/campo-de-trabajo-2017-de-valencia\/\">CAMPO DE TRABAJO 2017 DE VALENCIA<\/a><\/blockquote><iframe sandbox=\"allow-scripts\" security=\"restricted\" src=\"https:\/\/www.itakaescolapios.org\/en\/2017\/07\/campo-de-trabajo-2017-de-valencia\/embed\/#?secret=sUkEH3Ld0f\" width=\"600\" height=\"338\" title=\"&#8220;CAMPO DE TRABAJO 2017 DE VALENCIA&#8221; &#8212; Proofs in Itaka-Escolapios\" data-secret=\"sUkEH3Ld0f\" frameborder=\"0\" marginwidth=\"0\" marginheight=\"0\" scrolling=\"no\" class=\"wp-embedded-content\"><\/iframe><script type=\"text\/javascript\">\n\/* <![CDATA[ *\/\n\/*! This file is auto-generated *\/\n!function(d,l){\"use strict\";l.querySelector&&d.addEventListener&&\"undefined\"!=typeof URL&&(d.wp=d.wp||{},d.wp.receiveEmbedMessage||(d.wp.receiveEmbedMessage=function(e){var t=e.data;if((t||t.secret||t.message||t.value)&&!\/[^a-zA-Z0-9]\/.test(t.secret)){for(var s,r,n,a=l.querySelectorAll('iframe[data-secret=\"'+t.secret+'\"]'),o=l.querySelectorAll('blockquote[data-secret=\"'+t.secret+'\"]'),c=new RegExp(\"^https?:$\",\"i\"),i=0;i<o.length;i++)o[i].style.display=\"none\";for(i=0;i<a.length;i++)s=a[i],e.source===s.contentWindow&&(s.removeAttribute(\"style\"),\"height\"===t.message?(1e3<(r=parseInt(t.value,10))?r=1e3:~~r<200&&(r=200),s.height=r):\"link\"===t.message&&(r=new URL(s.getAttribute(\"src\")),n=new URL(t.value),c.test(n.protocol))&&n.host===r.host&&l.activeElement===s&&(d.top.location.href=t.value))}},d.addEventListener(\"message\",d.wp.receiveEmbedMessage,!1),l.addEventListener(\"DOMContentLoaded\",function(){for(var e,t,s=l.querySelectorAll(\"iframe.wp-embedded-content\"),r=0;r<s.length;r++)(t=(e=s[r]).getAttribute(\"data-secret\"))||(t=Math.random().toString(36).substring(2,12),e.src+=\"#?secret=\"+t,e.setAttribute(\"data-secret\",t)),e.contentWindow.postMessage({message:\"ready\",secret:t},\"*\")},!1)))}(window,document);\n\/\/# sourceURL=https:\/\/www.itakaescolapios.org\/wp-includes\/js\/wp-embed.min.js\n\/* ]]> *\/\n<\/script>\n","thumbnail_url":"https:\/\/www.itakaescolapios.org\/wp-content\/uploads\/2017\/07\/12_Eucarist\u00eda-final-y-fotos-79.jpeg","thumbnail_width":1600,"thumbnail_height":900,"description":"El pasado 9 de julio, 25 j\u00f3venes, que nos cruz\u00e1bamos miradas nerviosas, de inquietud, de dudas y cargadas de preguntas, invadimos el primer piso del Real Colegio de las Escuelas P\u00edas de Valencia, que se convertir\u00eda en nuestro fuerte, en nuestra casa durante las dos semanas que ha durado el Campo de Trabajo. Por las&hellip;"}