{"id":12143,"date":"2015-03-13T09:21:01","date_gmt":"2015-03-13T08:21:01","guid":{"rendered":"https:\/\/www.itakaescolapios.org\/?page_id=12143"},"modified":"2023-11-28T12:38:45","modified_gmt":"2023-11-28T11:38:45","slug":"centro-errotazarra","status":"publish","type":"page","link":"https:\/\/www.itakaescolapios.org\/en\/what-we-do\/centros-socio-educativos\/centro-errotazarra\/","title":{"rendered":"CENTRO ERROTAZARRA EN VITORIA-GASTEIZ (ESPA\u00d1A)"},"content":{"rendered":"<p>El proyecto \u201cErrotazarra\u201d es un programa para la mejora de la empleabilidad de personas con discapacidad intelectual. El programa se concreta en un itinerario formativo de un curso de duraci\u00f3n que incluye varias acciones formativas del cat\u00e1logo de especialidades formativas de Lanbide (Servicio vasco de empleo) y diversas acciones de acompa\u00f1amiento en el proceso de activaci\u00f3n laboral de las personas participantes. Entre estas acciones formativas est\u00e1 la que conduce a la obtenci\u00f3n del certificado de profesionalidad de nivel 1 en jardiner\u00eda. Otras acciones del \u00e1mbito del mantenimiento y la limpieza, as\u00ed como contenidos transversales completan la programaci\u00f3n de unas 1050 horas en cada curso. Estas horas se imparten en las instalaciones del albergue de Barria de lunes a viernes entre los meses de septiembre y junio.<\/p>\n<p>El equipo educativo lo forman tres personas con perfiles complementarios.<\/p>\n<div style=\"text-align: justify;\"><strong>Metodolog\u00eda de trabajo y acciones<\/strong><\/div>\n<p>Perseguimos la adquisici\u00f3n de los conocimientos de jardiner\u00eda, mantenimiento y limpieza a trav\u00e9s de la pr\u00e1ctica. La experiencia nos dice que es la forma de adaptaci\u00f3n m\u00e1s adecuada a la realidad de este colectivo. El alumnado realiza en un ambiente que trata de recrear la forma de trabajo de una peque\u00f1a empresa las tareas habituales en un albergue: manejo de herramientas para el mantenimiento de jardines, t\u00e9cnicas de riego, plantaci\u00f3n, limpieza, reparaciones\u2026<\/p>\n<p>El profesorado organiza la impartici\u00f3n de los contenidos y distribuye las tareas a lo largo del itinerario formativo de forma que cada participante va adquiriendo las destrezas y conocimientos necesarios para el desempe\u00f1o de tantas tareas como sus conocimientos previos y su capacidad para aprender se lo permiten. As\u00ed, es posible que distintas participantes adquieran a lo largo de un mismo curso distintos diplomas acreditativos de los objetivos logrados, dando siempre a todos y todas las mismas oportunidades.<\/p>\n<p><strong>Alumnado<\/strong> El colectivo al que se destina este proyecto es de personas con certificado de discapacidad y en situaci\u00f3n de desempleo. El centro tiene capacidad para atender un m\u00e1ximo de alumnos en cada curso.<\/p>\n<p>La mayor\u00eda de las casi 100 personas que han participado en alguna de las ediciones del itinerario que se han desarrollado desde el inicio como Escuela Taller en 2006 provienen de las Aulas de Aprendizaje de Tareas de los diferentes colegios de Vitoria y de Centros Ocupacionales.<\/p>\n<p>En la edici\u00f3n de 2017-2018 y 2019-2020 participaron 11 j\u00f3venes migrantes en riesgo de exclusi\u00f3n simult\u00e1neamente con el colectivo prioritario. Nos abrimos a esta posibilidad a demanda de Lanbide solamente cuando quedan plazas libres sin cubrir por personas del colectivo prioritario.<\/p>\n<p><strong>El contacto con el programa:<\/strong><\/p>\n<p>DENOMINACION <strong>FUNDACI\u00d3N ITAKA-ESCOLAPIOS \u2013 ITAKA-ESCOLAPIOS FUNDAZIOA<\/strong><\/p>\n<p>Tel\u00e9fono de contacto: Fernando: 606989805<\/p>\n<p><a href=\"https:\/\/www.itakaescolapios.org\/wp-content\/uploads\/2021\/06\/folleto-informativo-errotazarra-2021-2022.pdf\">Enlace al folleto con el programa para el curso 2021-2022.<\/a><\/p>\n<p>Este programa ha contado con financiaci\u00f3n de Lanbide y el Fondo social europeo a trav\u00e9s de la convocatoria de Proyectos Singulares y de Fundaci\u00f3n Vital.<\/p>\n","protected":false},"excerpt":{"rendered":"<p>El proyecto \u201cErrotazarra\u201d es un programa para la mejora de la empleabilidad de personas con discapacidad intelectual. El programa se concreta en un itinerario formativo de un curso de duraci\u00f3n [&hellip;]<\/p>\n","protected":false},"author":4,"featured_media":12144,"parent":83,"menu_order":15,"comment_status":"closed","ping_status":"closed","template":"","meta":{"_et_pb_use_builder":"","_et_pb_old_content":"","_et_gb_content_width":"","footnotes":""},"class_list":["post-12143","page","type-page","status-publish","has-post-thumbnail","hentry"],"yoast_head":"<!-- This site is optimized with the Yoast SEO plugin v27.4 - https:\/\/yoast.com\/product\/yoast-seo-wordpress\/ -->\n<title>CENTRO ERROTAZARRA EN VITORIA-GASTEIZ (ESPA\u00d1A)<\/title>\n<meta name=\"description\" content=\"El proyecto \u201cErrotazarra\u201d es un programa para la mejora de la empleabilidad de personas con discapacidad intelectual. El programa se concreta en un itinerario formativo de un curso de duraci\u00f3n que incluye varias acciones formativas del cat\u00e1logo de especialidades formativas de Lanbide (Servicio vasco de empleo) y diversas acciones de acompa\u00f1amiento en el proceso de&hellip;\" \/>\n<meta name=\"robots\" content=\"index, follow, max-snippet:-1, max-image-preview:large, max-video-preview:-1\" \/>\n<link rel=\"canonical\" href=\"http:\/\/El%20proyecto%20\u201cErrotazarra\u201d%20es%20un%20programa%20para%20la%20mejora%20de%20la%20empleabilidad%20de%20personas%20con%20discapacidad%20intelectual.%20El%20programa%20se%20concreta%20en%20un%20itinerario%20formativo%20de%20un%20curso%20de%20duraci\u00f3n%20que%20incluye%20varias%20acciones%20formativas%20del%20cat\u00e1logo%20de%20especialidades%20formativas%20de%20Lanbide%20(Servicio%20vasco%20de%20empleo)%20y%20diversas%20acciones%20de%20acompa\u00f1amiento%20en%20el%20proceso%20de&hellip;\" \/>\n<meta property=\"og:locale\" content=\"en_US\" \/>\n<meta property=\"og:type\" content=\"article\" \/>\n<meta property=\"og:title\" content=\"CENTRO ERROTAZARRA EN VITORIA-GASTEIZ (ESPA\u00d1A)\" \/>\n<meta property=\"og:description\" content=\"El proyecto \u201cErrotazarra\u201d es un programa para la mejora de la empleabilidad de personas con discapacidad intelectual. El programa se concreta en un itinerario formativo de un curso de duraci\u00f3n que incluye varias acciones formativas del cat\u00e1logo de especialidades formativas de Lanbide (Servicio vasco de empleo) y diversas acciones de acompa\u00f1amiento en el proceso de&hellip;\" \/>\n<meta property=\"og:url\" content=\"https:\/\/www.itakaescolapios.org\/en\/what-we-do\/centros-socio-educativos\/centro-errotazarra\/\" \/>\n<meta property=\"og:site_name\" content=\"Proofs in Itaka-Escolapios\" \/>\n<meta property=\"article:modified_time\" content=\"2023-11-28T11:38:45+00:00\" \/>\n<meta property=\"og:image\" content=\"https:\/\/www.itakaescolapios.org\/wp-content\/uploads\/2015\/03\/IMG-20141027-WA0017.jpg\" \/>\n\t<meta property=\"og:image:width\" content=\"1280\" \/>\n\t<meta property=\"og:image:height\" content=\"960\" \/>\n\t<meta property=\"og:image:type\" content=\"image\/jpeg\" \/>\n<meta name=\"twitter:card\" content=\"summary_large_image\" \/>\n<meta name=\"twitter:label1\" content=\"Est. reading time\" \/>\n\t<meta name=\"twitter:data1\" content=\"2 minutes\" \/>\n<script type=\"application\/ld+json\" class=\"yoast-schema-graph\">{\"@context\":\"https:\\\/\\\/schema.org\",\"@graph\":[{\"@type\":\"WebPage\",\"@id\":\"https:\\\/\\\/www.itakaescolapios.org\\\/en\\\/what-we-do\\\/centros-socio-educativos\\\/centro-errotazarra\\\/\",\"url\":\"https:\\\/\\\/www.itakaescolapios.org\\\/en\\\/what-we-do\\\/centros-socio-educativos\\\/centro-errotazarra\\\/\",\"name\":\"CENTRO ERROTAZARRA EN VITORIA-GASTEIZ (ESPA\u00d1A) - Proofs in Itaka-Escolapios\",\"isPartOf\":{\"@id\":\"https:\\\/\\\/www.itakaescolapios.org\\\/es\\\/#website\"},\"primaryImageOfPage\":{\"@id\":\"https:\\\/\\\/www.itakaescolapios.org\\\/en\\\/what-we-do\\\/centros-socio-educativos\\\/centro-errotazarra\\\/#primaryimage\"},\"image\":{\"@id\":\"https:\\\/\\\/www.itakaescolapios.org\\\/en\\\/what-we-do\\\/centros-socio-educativos\\\/centro-errotazarra\\\/#primaryimage\"},\"thumbnailUrl\":\"https:\\\/\\\/www.itakaescolapios.org\\\/wp-content\\\/uploads\\\/2015\\\/03\\\/IMG-20141027-WA0017.jpg\",\"datePublished\":\"2015-03-13T08:21:01+00:00\",\"dateModified\":\"2023-11-28T11:38:45+00:00\",\"breadcrumb\":{\"@id\":\"https:\\\/\\\/www.itakaescolapios.org\\\/en\\\/what-we-do\\\/centros-socio-educativos\\\/centro-errotazarra\\\/#breadcrumb\"},\"inLanguage\":\"en-US\",\"potentialAction\":[{\"@type\":\"ReadAction\",\"target\":[\"https:\\\/\\\/www.itakaescolapios.org\\\/en\\\/what-we-do\\\/centros-socio-educativos\\\/centro-errotazarra\\\/\"]}]},{\"@type\":\"ImageObject\",\"inLanguage\":\"en-US\",\"@id\":\"https:\\\/\\\/www.itakaescolapios.org\\\/en\\\/what-we-do\\\/centros-socio-educativos\\\/centro-errotazarra\\\/#primaryimage\",\"url\":\"https:\\\/\\\/www.itakaescolapios.org\\\/wp-content\\\/uploads\\\/2015\\\/03\\\/IMG-20141027-WA0017.jpg\",\"contentUrl\":\"https:\\\/\\\/www.itakaescolapios.org\\\/wp-content\\\/uploads\\\/2015\\\/03\\\/IMG-20141027-WA0017.jpg\",\"width\":1280,\"height\":960},{\"@type\":\"BreadcrumbList\",\"@id\":\"https:\\\/\\\/www.itakaescolapios.org\\\/en\\\/what-we-do\\\/centros-socio-educativos\\\/centro-errotazarra\\\/#breadcrumb\",\"itemListElement\":[{\"@type\":\"ListItem\",\"position\":1,\"name\":\"Proof\",\"item\":\"https:\\\/\\\/www.itakaescolapios.org\\\/es\\\/\"},{\"@type\":\"ListItem\",\"position\":2,\"name\":\"What we do\",\"item\":\"https:\\\/\\\/www.itakaescolapios.org\\\/es\\\/que-hacemos\\\/\"},{\"@type\":\"ListItem\",\"position\":3,\"name\":\"Socio Educational-centres\",\"item\":\"https:\\\/\\\/www.itakaescolapios.org\\\/es\\\/que-hacemos\\\/centros-socio-educativos\\\/\"},{\"@type\":\"ListItem\",\"position\":4,\"name\":\"CENTRO ERROTAZARRA EN VITORIA-GASTEIZ (ESPA\u00d1A)\"}]},{\"@type\":\"WebSite\",\"@id\":\"https:\\\/\\\/www.itakaescolapios.org\\\/en\\\/es\\\/#website\",\"url\":\"https:\\\/\\\/www.itakaescolapios.org\\\/en\\\/es\\\/\",\"name\":\"Itaka-Escolapios\",\"description\":\"Red de Itaka-Escolapios\",\"publisher\":{\"@id\":\"https:\\\/\\\/www.itakaescolapios.org\\\/en\\\/es\\\/#organization\"},\"potentialAction\":[{\"@type\":\"SearchAction\",\"target\":{\"@type\":\"EntryPoint\",\"urlTemplate\":\"https:\\\/\\\/www.itakaescolapios.org\\\/en\\\/es\\\/?s={search_term_string}\"},\"query-input\":{\"@type\":\"PropertyValueSpecification\",\"valueRequired\":true,\"valueName\":\"search_term_string\"}}],\"inLanguage\":\"en-US\"},{\"@type\":\"Organization\",\"@id\":\"https:\\\/\\\/www.itakaescolapios.org\\\/en\\\/es\\\/#organization\",\"name\":\"Fundaci\u00f3 Itaka-Escolapios\",\"url\":\"https:\\\/\\\/www.itakaescolapios.org\\\/en\\\/es\\\/\",\"logo\":{\"@type\":\"ImageObject\",\"inLanguage\":\"en-US\",\"@id\":\"https:\\\/\\\/www.itakaescolapios.org\\\/en\\\/es\\\/#\\\/schema\\\/logo\\\/image\\\/\",\"url\":\"https:\\\/\\\/www.itakaescolapios.org\\\/wp-content\\\/uploads\\\/2024\\\/04\\\/Logo-itakaescolapios-peque.png\",\"contentUrl\":\"https:\\\/\\\/www.itakaescolapios.org\\\/wp-content\\\/uploads\\\/2024\\\/04\\\/Logo-itakaescolapios-peque.png\",\"width\":500,\"height\":199,\"caption\":\"Fundaci\u00f3 Itaka-Escolapios\"},\"image\":{\"@id\":\"https:\\\/\\\/www.itakaescolapios.org\\\/en\\\/es\\\/#\\\/schema\\\/logo\\\/image\\\/\"}}]}<\/script>\n<!-- \/ Yoast SEO plugin. -->","yoast_head_json":{"title":"CENTRO ERROTAZARRA EN VITORIA-GASTEIZ (ESPA\u00d1A)","description":"El proyecto \u201cErrotazarra\u201d es un programa para la mejora de la empleabilidad de personas con discapacidad intelectual. El programa se concreta en un itinerario formativo de un curso de duraci\u00f3n que incluye varias acciones formativas del cat\u00e1logo de especialidades formativas de Lanbide (Servicio vasco de empleo) y diversas acciones de acompa\u00f1amiento en el proceso de&hellip;","robots":{"index":"index","follow":"follow","max-snippet":"max-snippet:-1","max-image-preview":"max-image-preview:large","max-video-preview":"max-video-preview:-1"},"canonical":"El proyecto \u201cErrotazarra\u201d es un programa para la mejora de la empleabilidad de personas con discapacidad intelectual. El programa se concreta en un itinerario formativo de un curso de duraci\u00f3n que incluye varias acciones formativas del cat\u00e1logo de especialidades formativas de Lanbide (Servicio vasco de empleo) y diversas acciones de acompa\u00f1amiento en el proceso de&hellip;","og_locale":"en_US","og_type":"article","og_title":"CENTRO ERROTAZARRA EN VITORIA-GASTEIZ (ESPA\u00d1A)","og_description":"El proyecto \u201cErrotazarra\u201d es un programa para la mejora de la empleabilidad de personas con discapacidad intelectual. El programa se concreta en un itinerario formativo de un curso de duraci\u00f3n que incluye varias acciones formativas del cat\u00e1logo de especialidades formativas de Lanbide (Servicio vasco de empleo) y diversas acciones de acompa\u00f1amiento en el proceso de&hellip;","og_url":"https:\/\/www.itakaescolapios.org\/en\/what-we-do\/centros-socio-educativos\/centro-errotazarra\/","og_site_name":"Proofs in Itaka-Escolapios","article_modified_time":"2023-11-28T11:38:45+00:00","og_image":[{"width":1280,"height":960,"url":"https:\/\/www.itakaescolapios.org\/wp-content\/uploads\/2015\/03\/IMG-20141027-WA0017.jpg","type":"image\/jpeg"}],"twitter_card":"summary_large_image","twitter_misc":{"Est. reading time":"2 minutes"},"schema":{"@context":"https:\/\/schema.org","@graph":[{"@type":"WebPage","@id":"https:\/\/www.itakaescolapios.org\/en\/what-we-do\/centros-socio-educativos\/centro-errotazarra\/","url":"https:\/\/www.itakaescolapios.org\/en\/what-we-do\/centros-socio-educativos\/centro-errotazarra\/","name":"CENTRO ERROTAZARRA EN VITORIA-GASTEIZ (ESPA\u00d1A) - Proofs in Itaka-Escolapios","isPartOf":{"@id":"https:\/\/www.itakaescolapios.org\/es\/#website"},"primaryImageOfPage":{"@id":"https:\/\/www.itakaescolapios.org\/en\/what-we-do\/centros-socio-educativos\/centro-errotazarra\/#primaryimage"},"image":{"@id":"https:\/\/www.itakaescolapios.org\/en\/what-we-do\/centros-socio-educativos\/centro-errotazarra\/#primaryimage"},"thumbnailUrl":"https:\/\/www.itakaescolapios.org\/wp-content\/uploads\/2015\/03\/IMG-20141027-WA0017.jpg","datePublished":"2015-03-13T08:21:01+00:00","dateModified":"2023-11-28T11:38:45+00:00","breadcrumb":{"@id":"https:\/\/www.itakaescolapios.org\/en\/what-we-do\/centros-socio-educativos\/centro-errotazarra\/#breadcrumb"},"inLanguage":"en-US","potentialAction":[{"@type":"ReadAction","target":["https:\/\/www.itakaescolapios.org\/en\/what-we-do\/centros-socio-educativos\/centro-errotazarra\/"]}]},{"@type":"ImageObject","inLanguage":"en-US","@id":"https:\/\/www.itakaescolapios.org\/en\/what-we-do\/centros-socio-educativos\/centro-errotazarra\/#primaryimage","url":"https:\/\/www.itakaescolapios.org\/wp-content\/uploads\/2015\/03\/IMG-20141027-WA0017.jpg","contentUrl":"https:\/\/www.itakaescolapios.org\/wp-content\/uploads\/2015\/03\/IMG-20141027-WA0017.jpg","width":1280,"height":960},{"@type":"BreadcrumbList","@id":"https:\/\/www.itakaescolapios.org\/en\/what-we-do\/centros-socio-educativos\/centro-errotazarra\/#breadcrumb","itemListElement":[{"@type":"ListItem","position":1,"name":"Proof","item":"https:\/\/www.itakaescolapios.org\/es\/"},{"@type":"ListItem","position":2,"name":"What we do","item":"https:\/\/www.itakaescolapios.org\/es\/que-hacemos\/"},{"@type":"ListItem","position":3,"name":"Socio Educational-centres","item":"https:\/\/www.itakaescolapios.org\/es\/que-hacemos\/centros-socio-educativos\/"},{"@type":"ListItem","position":4,"name":"CENTRO ERROTAZARRA EN VITORIA-GASTEIZ (ESPA\u00d1A)"}]},{"@type":"WebSite","@id":"https:\/\/www.itakaescolapios.org\/en\/es\/#website","url":"https:\/\/www.itakaescolapios.org\/en\/es\/","name":"Itaka-Escolapios","description":"Red de Itaka-Escolapios","publisher":{"@id":"https:\/\/www.itakaescolapios.org\/en\/es\/#organization"},"potentialAction":[{"@type":"SearchAction","target":{"@type":"EntryPoint","urlTemplate":"https:\/\/www.itakaescolapios.org\/en\/es\/?s={search_term_string}"},"query-input":{"@type":"PropertyValueSpecification","valueRequired":true,"valueName":"search_term_string"}}],"inLanguage":"en-US"},{"@type":"Organization","@id":"https:\/\/www.itakaescolapios.org\/en\/es\/#organization","name":"Fundaci\u00f3 Itaka-Escolapios","url":"https:\/\/www.itakaescolapios.org\/en\/es\/","logo":{"@type":"ImageObject","inLanguage":"en-US","@id":"https:\/\/www.itakaescolapios.org\/en\/es\/#\/schema\/logo\/image\/","url":"https:\/\/www.itakaescolapios.org\/wp-content\/uploads\/2024\/04\/Logo-itakaescolapios-peque.png","contentUrl":"https:\/\/www.itakaescolapios.org\/wp-content\/uploads\/2024\/04\/Logo-itakaescolapios-peque.png","width":500,"height":199,"caption":"Fundaci\u00f3 Itaka-Escolapios"},"image":{"@id":"https:\/\/www.itakaescolapios.org\/en\/es\/#\/schema\/logo\/image\/"}}]}},"_links":{"self":[{"href":"https:\/\/www.itakaescolapios.org\/en\/wp-json\/wp\/v2\/pages\/12143","targetHints":{"allow":["GET"]}}],"collection":[{"href":"https:\/\/www.itakaescolapios.org\/en\/wp-json\/wp\/v2\/pages"}],"about":[{"href":"https:\/\/www.itakaescolapios.org\/en\/wp-json\/wp\/v2\/types\/page"}],"author":[{"embeddable":true,"href":"https:\/\/www.itakaescolapios.org\/en\/wp-json\/wp\/v2\/users\/4"}],"replies":[{"embeddable":true,"href":"https:\/\/www.itakaescolapios.org\/en\/wp-json\/wp\/v2\/comments?post=12143"}],"version-history":[{"count":13,"href":"https:\/\/www.itakaescolapios.org\/en\/wp-json\/wp\/v2\/pages\/12143\/revisions"}],"predecessor-version":[{"id":48692,"href":"https:\/\/www.itakaescolapios.org\/en\/wp-json\/wp\/v2\/pages\/12143\/revisions\/48692"}],"up":[{"embeddable":true,"href":"https:\/\/www.itakaescolapios.org\/en\/wp-json\/wp\/v2\/pages\/83"}],"wp:featuredmedia":[{"embeddable":true,"href":"https:\/\/www.itakaescolapios.org\/en\/wp-json\/wp\/v2\/media\/12144"}],"wp:attachment":[{"href":"https:\/\/www.itakaescolapios.org\/en\/wp-json\/wp\/v2\/media?parent=12143"}],"curies":[{"name":"wp","href":"https:\/\/api.w.org\/{rel}","templated":true}]}}