{"id":32476,"date":"2021-02-25T17:32:33","date_gmt":"2021-02-25T16:32:33","guid":{"rendered":"https:\/\/www.itakaescolapios.org\/?page_id=32476"},"modified":"2023-11-28T12:36:05","modified_gmt":"2023-11-28T11:36:05","slug":"akeloo-en-valencia-espana","status":"publish","type":"page","link":"https:\/\/www.itakaescolapios.org\/en\/what-we-do\/centros-socio-educativos\/akeloo-en-valencia-espana\/","title":{"rendered":"AKELOO EN VALENCIA (ESPA\u00d1A)"},"content":{"rendered":"<p>&nbsp;<\/p>\n<p>&nbsp;<\/p>\n<p>&nbsp;<\/p>\n<p>&nbsp;<\/p>\n<p><strong>Pla\u00e7a de les Escoles Pies, 2, 46001 Valencia<\/strong><\/p>\n<p><strong>Tel\u00e9fono: 963914075 &#8211; 675088829<\/strong><\/p>\n<p><strong>Email:\u00a0<a href=\"mailto:akeloo@itakaescolapios.org\">akeloo@itakaescolapios.org<\/a><\/strong><\/p>\n<p><strong>Coordinadora: Sara Romero Mateos<\/strong><\/p>\n<p>&nbsp;<\/p>\n<p>Situado en el barrio de Velluters y atendiendo a adolescentes y j\u00f3venes de la ciudad de Valencia, Akeloo lleva a cabo la promoci\u00f3n integral de menores y j\u00f3venes que se encuentran en riesgo de exclusi\u00f3n social y de sus familias mediante <strong>programas de inserci\u00f3n socio laboral.<\/strong><\/p>\n<p>Este proyecto, al igual que Amaltea, tiene un largo recorrido en el barrio desarrollando una labor socioeducativa desde 1989, centr\u00e1ndose en j\u00f3venes a partir de los 14 a\u00f1os en adelante.<\/p>\n<p>Como recurso <strong>preventivo<\/strong> se centra en las necesidades cambiantes de los y las j\u00f3venes en situaciones carenciales y de marginaci\u00f3n social que acuden al centro, procurando la atenci\u00f3n de las mismas y dando una respuesta a estas situaciones desde el propio medio socio familiar del que proceden. \u00a0As\u00ed pues, el Centro de D\u00eda Akeloo pretende ser un recurso de mediaci\u00f3n entre los j\u00f3venes, sus familias y las instituciones, desarrollando una labor de colaboraci\u00f3n entre todos los agentes institucionales con los que se relaciona el menor, ya sea la instituci\u00f3n educativa, de protecci\u00f3n del menor\u2026<\/p>\n<p>Tambi\u00e9n, como recurso <strong>educativo y socio laboral<\/strong>, desarrolla un servicio de apoyo socioeducativo y familiar, de ocio y tiempo libre, de car\u00e1cter ocupacional y rehabilitador, de apoyo escolar con la finalidad de favorecer su proceso de normalizaci\u00f3n y su autonom\u00eda personal como consecuencia de potenciar el desarrollo personal del menor y su integraci\u00f3n social.<\/p>\n<p>Programas que llevan a cabo:<\/p>\n<ul>\n<li><strong>SEGUIMIENTO<\/strong> de j\u00f3venes de 15-25 a\u00f1os con dificultades de acceso al mercado laboral o con inter\u00e9s por retornar a la formaci\u00f3n.<\/li>\n<li><strong>TALLERES DE MEJORA DE LA EMPLEABILIDAD + COMPETENCIA CLAVE<\/strong> de j\u00f3venes de 15 a 25 a\u00f1os que se encuentren en situaci\u00f3n de desempleo, con dificultades para el acceso a recursos formativos y prelaborales o que abandonaron la educaci\u00f3n formal sin obtener el Graduado Escolar.<\/li>\n<li><strong>PROGRAMA AULA COMPARTIDA (PAC)<\/strong> con adolescentes de 14 a 16 a\u00f1os con dificultades para adaptarse al medio escolar y al entorno educativo, existiendo riesgo de exclusi\u00f3n social.<\/li>\n<li><strong>GRUPOS DE ESTUDIO<\/strong> de 15 a 25 a\u00f1os.<\/li>\n<li><strong>ESPAI OBERT<\/strong>, programa de atenci\u00f3n a familias.<\/li>\n<\/ul>\n<p>\u00c1reas de intervenci\u00f3n<\/p>\n<ol>\n<li><strong>Desarrollo personal<\/strong> (intelectual-cognitivo, afectivo-motivacional, habilidades instrumentales, desarrollo f\u00edsico y salud, resiliencia)<\/li>\n<li><strong>Contextual<\/strong> (familiar, escolar-laboral, atenci\u00f3n en el centro de d\u00eda, comunitario)<\/li>\n<li><strong>Din\u00e1micas grupales<\/strong> (afectiva y emocional del grupo educativo, abordaje y desarrollo de proyectos grupales, implicaci\u00f3n en el centro y el entorno comunitario)<\/li>\n<\/ol>\n\n\t\t<style type=\"text\/css\">\n\t\t\t#gallery-1 {\n\t\t\t\tmargin: auto;\n\t\t\t}\n\t\t\t#gallery-1 .gallery-item {\n\t\t\t\tfloat: left;\n\t\t\t\tmargin-top: 10px;\n\t\t\t\ttext-align: center;\n\t\t\t\twidth: 33%;\n\t\t\t}\n\t\t\t#gallery-1 img {\n\t\t\t\tborder: 2px solid #cfcfcf;\n\t\t\t}\n\t\t\t#gallery-1 .gallery-caption {\n\t\t\t\tmargin-left: 0;\n\t\t\t}\n\t\t\t\/* see gallery_shortcode() in wp-includes\/media.php *\/\n\t\t<\/style>\n\t\t<div id='gallery-1' class='gallery galleryid-32476 gallery-columns-3 gallery-size-thumbnail'><dl class='gallery-item'>\n\t\t\t<dt class='gallery-icon landscape'>\n\t\t\t\t<a href='https:\/\/www.itakaescolapios.org\/en\/what-we-do\/centros-socio-educativos\/akeloo-en-valencia-espana\/logos-akeloo\/'><img decoding=\"async\" width=\"90\" height=\"90\" src=\"https:\/\/www.itakaescolapios.org\/wp-content\/uploads\/2021\/02\/logos-akeloo-90x90.jpg\" class=\"attachment-thumbnail size-thumbnail\" alt=\"\" \/><\/a>\n\t\t\t<\/dt><\/dl><dl class='gallery-item'>\n\t\t\t<dt class='gallery-icon landscape'>\n\t\t\t\t<a href='https:\/\/www.itakaescolapios.org\/en\/what-we-do\/centros-socio-educativos\/akeloo-en-valencia-espana\/img_20161006_115420109-2\/'><img decoding=\"async\" width=\"90\" height=\"90\" src=\"https:\/\/www.itakaescolapios.org\/wp-content\/uploads\/2021\/02\/IMG_20161006_115420109-90x90.jpg\" class=\"attachment-thumbnail size-thumbnail\" alt=\"\" \/><\/a>\n\t\t\t<\/dt><\/dl><dl class='gallery-item'>\n\t\t\t<dt class='gallery-icon portrait'>\n\t\t\t\t<a href='https:\/\/www.itakaescolapios.org\/en\/what-we-do\/centros-socio-educativos\/akeloo-en-valencia-espana\/img_20160314_123031373_hdr-2\/'><img decoding=\"async\" width=\"90\" height=\"90\" src=\"https:\/\/www.itakaescolapios.org\/wp-content\/uploads\/2021\/02\/IMG_20160314_123031373_HDR-90x90.jpg\" class=\"attachment-thumbnail size-thumbnail\" alt=\"\" \/><\/a>\n\t\t\t<\/dt><\/dl><br style=\"clear: both\" \/><dl class='gallery-item'>\n\t\t\t<dt class='gallery-icon portrait'>\n\t\t\t\t<a href='https:\/\/www.itakaescolapios.org\/en\/what-we-do\/centros-socio-educativos\/akeloo-en-valencia-espana\/captura-2\/'><img decoding=\"async\" width=\"90\" height=\"90\" src=\"https:\/\/www.itakaescolapios.org\/wp-content\/uploads\/2021\/02\/Captura-90x90.jpg\" class=\"attachment-thumbnail size-thumbnail\" alt=\"\" srcset=\"https:\/\/www.itakaescolapios.org\/wp-content\/uploads\/2021\/02\/Captura-90x90.jpg 90w, https:\/\/www.itakaescolapios.org\/wp-content\/uploads\/2021\/02\/Captura-300x300.jpg 300w, https:\/\/www.itakaescolapios.org\/wp-content\/uploads\/2021\/02\/Captura-250x250.jpg 250w, https:\/\/www.itakaescolapios.org\/wp-content\/uploads\/2021\/02\/Captura.jpg 598w\" sizes=\"(max-width: 90px) 100vw, 90px\" \/><\/a>\n\t\t\t<\/dt><\/dl><dl class='gallery-item'>\n\t\t\t<dt class='gallery-icon landscape'>\n\t\t\t\t<a href='https:\/\/www.itakaescolapios.org\/en\/what-we-do\/centros-socio-educativos\/akeloo-en-valencia-espana\/91526092_2946397815450220_2479780285529456640_o\/'><img decoding=\"async\" width=\"90\" height=\"90\" src=\"https:\/\/www.itakaescolapios.org\/wp-content\/uploads\/2021\/02\/91526092_2946397815450220_2479780285529456640_o-90x90.jpg\" class=\"attachment-thumbnail size-thumbnail\" alt=\"\" srcset=\"https:\/\/www.itakaescolapios.org\/wp-content\/uploads\/2021\/02\/91526092_2946397815450220_2479780285529456640_o-90x90.jpg 90w, https:\/\/www.itakaescolapios.org\/wp-content\/uploads\/2021\/02\/91526092_2946397815450220_2479780285529456640_o-300x300.jpg 300w, https:\/\/www.itakaescolapios.org\/wp-content\/uploads\/2021\/02\/91526092_2946397815450220_2479780285529456640_o-768x768.jpg 768w, https:\/\/www.itakaescolapios.org\/wp-content\/uploads\/2021\/02\/91526092_2946397815450220_2479780285529456640_o-1024x1024.jpg 1024w, https:\/\/www.itakaescolapios.org\/wp-content\/uploads\/2021\/02\/91526092_2946397815450220_2479780285529456640_o-250x250.jpg 250w, https:\/\/www.itakaescolapios.org\/wp-content\/uploads\/2021\/02\/91526092_2946397815450220_2479780285529456640_o.jpg 1564w\" sizes=\"(max-width: 90px) 100vw, 90px\" \/><\/a>\n\t\t\t<\/dt><\/dl><dl class='gallery-item'>\n\t\t\t<dt class='gallery-icon portrait'>\n\t\t\t\t<a href='https:\/\/www.itakaescolapios.org\/en\/what-we-do\/centros-socio-educativos\/akeloo-en-valencia-espana\/whatsapp-image-2021-01-25-at-14-52-48\/'><img decoding=\"async\" width=\"90\" height=\"90\" src=\"https:\/\/www.itakaescolapios.org\/wp-content\/uploads\/2021\/02\/WhatsApp-Image-2021-01-25-at-14.52.48-90x90.jpeg\" class=\"attachment-thumbnail size-thumbnail\" alt=\"\" \/><\/a>\n\t\t\t<\/dt><\/dl><br style=\"clear: both\" \/><dl class='gallery-item'>\n\t\t\t<dt class='gallery-icon portrait'>\n\t\t\t\t<a href='https:\/\/www.itakaescolapios.org\/en\/what-we-do\/centros-socio-educativos\/akeloo-en-valencia-espana\/whatsapp-image-2021-01-25-at-14-52-48-4\/'><img decoding=\"async\" width=\"90\" height=\"90\" src=\"https:\/\/www.itakaescolapios.org\/wp-content\/uploads\/2021\/02\/WhatsApp-Image-2021-01-25-at-14.52.48-4-90x90.jpeg\" class=\"attachment-thumbnail size-thumbnail\" alt=\"\" \/><\/a>\n\t\t\t<\/dt><\/dl><dl class='gallery-item'>\n\t\t\t<dt class='gallery-icon portrait'>\n\t\t\t\t<a href='https:\/\/www.itakaescolapios.org\/en\/what-we-do\/centros-socio-educativos\/akeloo-en-valencia-espana\/whatsapp-image-2021-01-25-at-14-52-48-3\/'><img decoding=\"async\" width=\"90\" height=\"90\" src=\"https:\/\/www.itakaescolapios.org\/wp-content\/uploads\/2021\/02\/WhatsApp-Image-2021-01-25-at-14.52.48-3-90x90.jpeg\" class=\"attachment-thumbnail size-thumbnail\" alt=\"\" \/><\/a>\n\t\t\t<\/dt><\/dl><dl class='gallery-item'>\n\t\t\t<dt class='gallery-icon landscape'>\n\t\t\t\t<a href='https:\/\/www.itakaescolapios.org\/en\/what-we-do\/centros-socio-educativos\/akeloo-en-valencia-espana\/whatsapp-image-2021-01-25-at-14-52-48-2\/'><img decoding=\"async\" width=\"90\" height=\"90\" src=\"https:\/\/www.itakaescolapios.org\/wp-content\/uploads\/2021\/02\/WhatsApp-Image-2021-01-25-at-14.52.48-2-90x90.jpeg\" class=\"attachment-thumbnail size-thumbnail\" alt=\"\" \/><\/a>\n\t\t\t<\/dt><\/dl><br style=\"clear: both\" \/><dl class='gallery-item'>\n\t\t\t<dt class='gallery-icon portrait'>\n\t\t\t\t<a href='https:\/\/www.itakaescolapios.org\/en\/what-we-do\/centros-socio-educativos\/akeloo-en-valencia-espana\/whatsapp-image-2021-01-25-at-14-52-48-1\/'><img decoding=\"async\" width=\"90\" height=\"90\" src=\"https:\/\/www.itakaescolapios.org\/wp-content\/uploads\/2021\/02\/WhatsApp-Image-2021-01-25-at-14.52.48-1-90x90.jpeg\" class=\"attachment-thumbnail size-thumbnail\" alt=\"\" \/><\/a>\n\t\t\t<\/dt><\/dl><dl class='gallery-item'>\n\t\t\t<dt class='gallery-icon landscape'>\n\t\t\t\t<a href='https:\/\/www.itakaescolapios.org\/en\/what-we-do\/centros-socio-educativos\/akeloo-en-valencia-espana\/whatsapp-image-2020-11-24-at-12-05-37\/'><img decoding=\"async\" width=\"90\" height=\"90\" src=\"https:\/\/www.itakaescolapios.org\/wp-content\/uploads\/2021\/02\/WhatsApp-Image-2020-11-24-at-12.05.37-90x90.jpeg\" class=\"attachment-thumbnail size-thumbnail\" alt=\"\" srcset=\"https:\/\/www.itakaescolapios.org\/wp-content\/uploads\/2021\/02\/WhatsApp-Image-2020-11-24-at-12.05.37-90x90.jpeg 90w, https:\/\/www.itakaescolapios.org\/wp-content\/uploads\/2021\/02\/WhatsApp-Image-2020-11-24-at-12.05.37-300x300.jpeg 300w, https:\/\/www.itakaescolapios.org\/wp-content\/uploads\/2021\/02\/WhatsApp-Image-2020-11-24-at-12.05.37-768x768.jpeg 768w, https:\/\/www.itakaescolapios.org\/wp-content\/uploads\/2021\/02\/WhatsApp-Image-2020-11-24-at-12.05.37-250x250.jpeg 250w, https:\/\/www.itakaescolapios.org\/wp-content\/uploads\/2021\/02\/WhatsApp-Image-2020-11-24-at-12.05.37.jpeg 1024w\" sizes=\"(max-width: 90px) 100vw, 90px\" \/><\/a>\n\t\t\t<\/dt><\/dl><dl class='gallery-item'>\n\t\t\t<dt class='gallery-icon landscape'>\n\t\t\t\t<a href='https:\/\/www.itakaescolapios.org\/en\/what-we-do\/centros-socio-educativos\/akeloo-en-valencia-espana\/logos-presentacion\/'><img decoding=\"async\" width=\"90\" height=\"90\" src=\"https:\/\/www.itakaescolapios.org\/wp-content\/uploads\/2021\/02\/Logos-presentacion-90x90.jpeg\" class=\"attachment-thumbnail size-thumbnail\" alt=\"\" \/><\/a>\n\t\t\t<\/dt><\/dl><br style=\"clear: both\" \/>\n\t\t<\/div>\n\n","protected":false},"excerpt":{"rendered":"<p>&nbsp; &nbsp; &nbsp; &nbsp; Pla\u00e7a de les Escoles Pies, 2, 46001 Valencia Tel\u00e9fono: 963914075 &#8211; 675088829 Email:\u00a0akeloo@itakaescolapios.org Coordinadora: Sara Romero Mateos &nbsp; Situado en el barrio de Velluters y atendiendo [&hellip;]<\/p>\n","protected":false},"author":4,"featured_media":32489,"parent":83,"menu_order":16,"comment_status":"closed","ping_status":"closed","template":"","meta":{"_et_pb_use_builder":"","_et_pb_old_content":"","_et_gb_content_width":"","footnotes":""},"class_list":["post-32476","page","type-page","status-publish","has-post-thumbnail","hentry"],"yoast_head":"<!-- This site is optimized with the Yoast SEO plugin v27.4 - https:\/\/yoast.com\/product\/yoast-seo-wordpress\/ -->\n<title>AKELOO EN VALENCIA (ESPA\u00d1A)<\/title>\n<meta name=\"description\" content=\"&nbsp; &nbsp; &nbsp; &nbsp; Pla\u00e7a de les Escoles Pies, 2, 46001 Valencia Tel\u00e9fono: 963914075 - 675088829 Email:\u00a0akeloo@itakaescolapios.org Coordinadora: Sara Romero Mateos &nbsp; Situado en el barrio de Velluters y atendiendo a adolescentes y j\u00f3venes de la ciudad de Valencia, Akeloo lleva a cabo la promoci\u00f3n integral de menores y j\u00f3venes que se encuentran en riesgo&hellip;\" \/>\n<meta name=\"robots\" content=\"index, follow, max-snippet:-1, max-image-preview:large, max-video-preview:-1\" \/>\n<link rel=\"canonical\" href=\"\" \/>\n<meta property=\"og:locale\" content=\"en_US\" \/>\n<meta property=\"og:type\" content=\"article\" \/>\n<meta property=\"og:title\" content=\"AKELOO EN VALENCIA (ESPA\u00d1A)\" \/>\n<meta property=\"og:description\" content=\"&nbsp; &nbsp; &nbsp; &nbsp; Pla\u00e7a de les Escoles Pies, 2, 46001 Valencia Tel\u00e9fono: 963914075 - 675088829 Email:\u00a0akeloo@itakaescolapios.org Coordinadora: Sara Romero Mateos &nbsp; Situado en el barrio de Velluters y atendiendo a adolescentes y j\u00f3venes de la ciudad de Valencia, Akeloo lleva a cabo la promoci\u00f3n integral de menores y j\u00f3venes que se encuentran en riesgo&hellip;\" \/>\n<meta property=\"og:url\" content=\"https:\/\/www.itakaescolapios.org\/en\/what-we-do\/centros-socio-educativos\/akeloo-en-valencia-espana\/\" \/>\n<meta property=\"og:site_name\" content=\"Proofs in Itaka-Escolapios\" \/>\n<meta property=\"article:modified_time\" content=\"2023-11-28T11:36:05+00:00\" \/>\n<meta property=\"og:image\" content=\"https:\/\/www.itakaescolapios.org\/wp-content\/uploads\/2021\/02\/logos-akeloo.jpg\" \/>\n\t<meta property=\"og:image:width\" content=\"2000\" \/>\n\t<meta property=\"og:image:height\" content=\"719\" \/>\n\t<meta property=\"og:image:type\" content=\"image\/jpeg\" \/>\n<meta name=\"twitter:card\" content=\"summary_large_image\" \/>\n<meta name=\"twitter:label1\" content=\"Est. reading time\" \/>\n\t<meta name=\"twitter:data1\" content=\"2 minutes\" \/>\n<script type=\"application\/ld+json\" class=\"yoast-schema-graph\">{\"@context\":\"https:\\\/\\\/schema.org\",\"@graph\":[{\"@type\":\"WebPage\",\"@id\":\"https:\\\/\\\/www.itakaescolapios.org\\\/en\\\/what-we-do\\\/centros-socio-educativos\\\/akeloo-en-valencia-espana\\\/\",\"url\":\"https:\\\/\\\/www.itakaescolapios.org\\\/en\\\/what-we-do\\\/centros-socio-educativos\\\/akeloo-en-valencia-espana\\\/\",\"name\":\"AKELOO EN VALENCIA (ESPA\u00d1A) - Proofs in Itaka-Escolapios\",\"isPartOf\":{\"@id\":\"https:\\\/\\\/www.itakaescolapios.org\\\/es\\\/#website\"},\"primaryImageOfPage\":{\"@id\":\"https:\\\/\\\/www.itakaescolapios.org\\\/en\\\/what-we-do\\\/centros-socio-educativos\\\/akeloo-en-valencia-espana\\\/#primaryimage\"},\"image\":{\"@id\":\"https:\\\/\\\/www.itakaescolapios.org\\\/en\\\/what-we-do\\\/centros-socio-educativos\\\/akeloo-en-valencia-espana\\\/#primaryimage\"},\"thumbnailUrl\":\"https:\\\/\\\/www.itakaescolapios.org\\\/wp-content\\\/uploads\\\/2021\\\/02\\\/logos-akeloo.jpg\",\"datePublished\":\"2021-02-25T16:32:33+00:00\",\"dateModified\":\"2023-11-28T11:36:05+00:00\",\"breadcrumb\":{\"@id\":\"https:\\\/\\\/www.itakaescolapios.org\\\/en\\\/what-we-do\\\/centros-socio-educativos\\\/akeloo-en-valencia-espana\\\/#breadcrumb\"},\"inLanguage\":\"en-US\",\"potentialAction\":[{\"@type\":\"ReadAction\",\"target\":[\"https:\\\/\\\/www.itakaescolapios.org\\\/en\\\/what-we-do\\\/centros-socio-educativos\\\/akeloo-en-valencia-espana\\\/\"]}]},{\"@type\":\"ImageObject\",\"inLanguage\":\"en-US\",\"@id\":\"https:\\\/\\\/www.itakaescolapios.org\\\/en\\\/what-we-do\\\/centros-socio-educativos\\\/akeloo-en-valencia-espana\\\/#primaryimage\",\"url\":\"https:\\\/\\\/www.itakaescolapios.org\\\/wp-content\\\/uploads\\\/2021\\\/02\\\/logos-akeloo.jpg\",\"contentUrl\":\"https:\\\/\\\/www.itakaescolapios.org\\\/wp-content\\\/uploads\\\/2021\\\/02\\\/logos-akeloo.jpg\",\"width\":2000,\"height\":719},{\"@type\":\"BreadcrumbList\",\"@id\":\"https:\\\/\\\/www.itakaescolapios.org\\\/en\\\/what-we-do\\\/centros-socio-educativos\\\/akeloo-en-valencia-espana\\\/#breadcrumb\",\"itemListElement\":[{\"@type\":\"ListItem\",\"position\":1,\"name\":\"Proof\",\"item\":\"https:\\\/\\\/www.itakaescolapios.org\\\/es\\\/\"},{\"@type\":\"ListItem\",\"position\":2,\"name\":\"What we do\",\"item\":\"https:\\\/\\\/www.itakaescolapios.org\\\/es\\\/que-hacemos\\\/\"},{\"@type\":\"ListItem\",\"position\":3,\"name\":\"Socio Educational-centres\",\"item\":\"https:\\\/\\\/www.itakaescolapios.org\\\/es\\\/que-hacemos\\\/centros-socio-educativos\\\/\"},{\"@type\":\"ListItem\",\"position\":4,\"name\":\"AKELOO EN VALENCIA (ESPA\u00d1A)\"}]},{\"@type\":\"WebSite\",\"@id\":\"https:\\\/\\\/www.itakaescolapios.org\\\/en\\\/es\\\/#website\",\"url\":\"https:\\\/\\\/www.itakaescolapios.org\\\/en\\\/es\\\/\",\"name\":\"Itaka-Escolapios\",\"description\":\"Red de Itaka-Escolapios\",\"publisher\":{\"@id\":\"https:\\\/\\\/www.itakaescolapios.org\\\/en\\\/es\\\/#organization\"},\"potentialAction\":[{\"@type\":\"SearchAction\",\"target\":{\"@type\":\"EntryPoint\",\"urlTemplate\":\"https:\\\/\\\/www.itakaescolapios.org\\\/en\\\/es\\\/?s={search_term_string}\"},\"query-input\":{\"@type\":\"PropertyValueSpecification\",\"valueRequired\":true,\"valueName\":\"search_term_string\"}}],\"inLanguage\":\"en-US\"},{\"@type\":\"Organization\",\"@id\":\"https:\\\/\\\/www.itakaescolapios.org\\\/en\\\/es\\\/#organization\",\"name\":\"Fundaci\u00f3 Itaka-Escolapios\",\"url\":\"https:\\\/\\\/www.itakaescolapios.org\\\/en\\\/es\\\/\",\"logo\":{\"@type\":\"ImageObject\",\"inLanguage\":\"en-US\",\"@id\":\"https:\\\/\\\/www.itakaescolapios.org\\\/en\\\/es\\\/#\\\/schema\\\/logo\\\/image\\\/\",\"url\":\"https:\\\/\\\/www.itakaescolapios.org\\\/wp-content\\\/uploads\\\/2024\\\/04\\\/Logo-itakaescolapios-peque.png\",\"contentUrl\":\"https:\\\/\\\/www.itakaescolapios.org\\\/wp-content\\\/uploads\\\/2024\\\/04\\\/Logo-itakaescolapios-peque.png\",\"width\":500,\"height\":199,\"caption\":\"Fundaci\u00f3 Itaka-Escolapios\"},\"image\":{\"@id\":\"https:\\\/\\\/www.itakaescolapios.org\\\/en\\\/es\\\/#\\\/schema\\\/logo\\\/image\\\/\"}}]}<\/script>\n<!-- \/ Yoast SEO plugin. -->","yoast_head_json":{"title":"AKELOO EN VALENCIA (ESPA\u00d1A)","description":"&nbsp; &nbsp; &nbsp; &nbsp; Pla\u00e7a de les Escoles Pies, 2, 46001 Valencia Tel\u00e9fono: 963914075 - 675088829 Email:\u00a0akeloo@itakaescolapios.org Coordinadora: Sara Romero Mateos &nbsp; Situado en el barrio de Velluters y atendiendo a adolescentes y j\u00f3venes de la ciudad de Valencia, Akeloo lleva a cabo la promoci\u00f3n integral de menores y j\u00f3venes que se encuentran en riesgo&hellip;","robots":{"index":"index","follow":"follow","max-snippet":"max-snippet:-1","max-image-preview":"max-image-preview:large","max-video-preview":"max-video-preview:-1"},"canonical":"&nbsp; &nbsp; &nbsp; &nbsp; Pla\u00e7a de les Escoles Pies, 2, 46001 Valencia Tel\u00e9fono: 963914075 - 675088829 Email:\u00a0akeloo@itakaescolapios.org Coordinadora: Sara Romero Mateos &nbsp; Situado en el barrio de Velluters y atendiendo a adolescentes y j\u00f3venes de la ciudad de Valencia, Akeloo lleva a cabo la promoci\u00f3n integral de menores y j\u00f3venes que se encuentran en riesgo&hellip;","og_locale":"en_US","og_type":"article","og_title":"AKELOO EN VALENCIA (ESPA\u00d1A)","og_description":"&nbsp; &nbsp; &nbsp; &nbsp; Pla\u00e7a de les Escoles Pies, 2, 46001 Valencia Tel\u00e9fono: 963914075 - 675088829 Email:\u00a0akeloo@itakaescolapios.org Coordinadora: Sara Romero Mateos &nbsp; Situado en el barrio de Velluters y atendiendo a adolescentes y j\u00f3venes de la ciudad de Valencia, Akeloo lleva a cabo la promoci\u00f3n integral de menores y j\u00f3venes que se encuentran en riesgo&hellip;","og_url":"https:\/\/www.itakaescolapios.org\/en\/what-we-do\/centros-socio-educativos\/akeloo-en-valencia-espana\/","og_site_name":"Proofs in Itaka-Escolapios","article_modified_time":"2023-11-28T11:36:05+00:00","og_image":[{"width":2000,"height":719,"url":"https:\/\/www.itakaescolapios.org\/wp-content\/uploads\/2021\/02\/logos-akeloo.jpg","type":"image\/jpeg"}],"twitter_card":"summary_large_image","twitter_misc":{"Est. reading time":"2 minutes"},"schema":{"@context":"https:\/\/schema.org","@graph":[{"@type":"WebPage","@id":"https:\/\/www.itakaescolapios.org\/en\/what-we-do\/centros-socio-educativos\/akeloo-en-valencia-espana\/","url":"https:\/\/www.itakaescolapios.org\/en\/what-we-do\/centros-socio-educativos\/akeloo-en-valencia-espana\/","name":"AKELOO EN VALENCIA (ESPA\u00d1A) - Proofs in Itaka-Escolapios","isPartOf":{"@id":"https:\/\/www.itakaescolapios.org\/es\/#website"},"primaryImageOfPage":{"@id":"https:\/\/www.itakaescolapios.org\/en\/what-we-do\/centros-socio-educativos\/akeloo-en-valencia-espana\/#primaryimage"},"image":{"@id":"https:\/\/www.itakaescolapios.org\/en\/what-we-do\/centros-socio-educativos\/akeloo-en-valencia-espana\/#primaryimage"},"thumbnailUrl":"https:\/\/www.itakaescolapios.org\/wp-content\/uploads\/2021\/02\/logos-akeloo.jpg","datePublished":"2021-02-25T16:32:33+00:00","dateModified":"2023-11-28T11:36:05+00:00","breadcrumb":{"@id":"https:\/\/www.itakaescolapios.org\/en\/what-we-do\/centros-socio-educativos\/akeloo-en-valencia-espana\/#breadcrumb"},"inLanguage":"en-US","potentialAction":[{"@type":"ReadAction","target":["https:\/\/www.itakaescolapios.org\/en\/what-we-do\/centros-socio-educativos\/akeloo-en-valencia-espana\/"]}]},{"@type":"ImageObject","inLanguage":"en-US","@id":"https:\/\/www.itakaescolapios.org\/en\/what-we-do\/centros-socio-educativos\/akeloo-en-valencia-espana\/#primaryimage","url":"https:\/\/www.itakaescolapios.org\/wp-content\/uploads\/2021\/02\/logos-akeloo.jpg","contentUrl":"https:\/\/www.itakaescolapios.org\/wp-content\/uploads\/2021\/02\/logos-akeloo.jpg","width":2000,"height":719},{"@type":"BreadcrumbList","@id":"https:\/\/www.itakaescolapios.org\/en\/what-we-do\/centros-socio-educativos\/akeloo-en-valencia-espana\/#breadcrumb","itemListElement":[{"@type":"ListItem","position":1,"name":"Proof","item":"https:\/\/www.itakaescolapios.org\/es\/"},{"@type":"ListItem","position":2,"name":"What we do","item":"https:\/\/www.itakaescolapios.org\/es\/que-hacemos\/"},{"@type":"ListItem","position":3,"name":"Socio Educational-centres","item":"https:\/\/www.itakaescolapios.org\/es\/que-hacemos\/centros-socio-educativos\/"},{"@type":"ListItem","position":4,"name":"AKELOO EN VALENCIA (ESPA\u00d1A)"}]},{"@type":"WebSite","@id":"https:\/\/www.itakaescolapios.org\/en\/es\/#website","url":"https:\/\/www.itakaescolapios.org\/en\/es\/","name":"Itaka-Escolapios","description":"Red de Itaka-Escolapios","publisher":{"@id":"https:\/\/www.itakaescolapios.org\/en\/es\/#organization"},"potentialAction":[{"@type":"SearchAction","target":{"@type":"EntryPoint","urlTemplate":"https:\/\/www.itakaescolapios.org\/en\/es\/?s={search_term_string}"},"query-input":{"@type":"PropertyValueSpecification","valueRequired":true,"valueName":"search_term_string"}}],"inLanguage":"en-US"},{"@type":"Organization","@id":"https:\/\/www.itakaescolapios.org\/en\/es\/#organization","name":"Fundaci\u00f3 Itaka-Escolapios","url":"https:\/\/www.itakaescolapios.org\/en\/es\/","logo":{"@type":"ImageObject","inLanguage":"en-US","@id":"https:\/\/www.itakaescolapios.org\/en\/es\/#\/schema\/logo\/image\/","url":"https:\/\/www.itakaescolapios.org\/wp-content\/uploads\/2024\/04\/Logo-itakaescolapios-peque.png","contentUrl":"https:\/\/www.itakaescolapios.org\/wp-content\/uploads\/2024\/04\/Logo-itakaescolapios-peque.png","width":500,"height":199,"caption":"Fundaci\u00f3 Itaka-Escolapios"},"image":{"@id":"https:\/\/www.itakaescolapios.org\/en\/es\/#\/schema\/logo\/image\/"}}]}},"_links":{"self":[{"href":"https:\/\/www.itakaescolapios.org\/en\/wp-json\/wp\/v2\/pages\/32476","targetHints":{"allow":["GET"]}}],"collection":[{"href":"https:\/\/www.itakaescolapios.org\/en\/wp-json\/wp\/v2\/pages"}],"about":[{"href":"https:\/\/www.itakaescolapios.org\/en\/wp-json\/wp\/v2\/types\/page"}],"author":[{"embeddable":true,"href":"https:\/\/www.itakaescolapios.org\/en\/wp-json\/wp\/v2\/users\/4"}],"replies":[{"embeddable":true,"href":"https:\/\/www.itakaescolapios.org\/en\/wp-json\/wp\/v2\/comments?post=32476"}],"version-history":[{"count":9,"href":"https:\/\/www.itakaescolapios.org\/en\/wp-json\/wp\/v2\/pages\/32476\/revisions"}],"predecessor-version":[{"id":44395,"href":"https:\/\/www.itakaescolapios.org\/en\/wp-json\/wp\/v2\/pages\/32476\/revisions\/44395"}],"up":[{"embeddable":true,"href":"https:\/\/www.itakaescolapios.org\/en\/wp-json\/wp\/v2\/pages\/83"}],"wp:featuredmedia":[{"embeddable":true,"href":"https:\/\/www.itakaescolapios.org\/en\/wp-json\/wp\/v2\/media\/32489"}],"wp:attachment":[{"href":"https:\/\/www.itakaescolapios.org\/en\/wp-json\/wp\/v2\/media?parent=32476"}],"curies":[{"name":"wp","href":"https:\/\/api.w.org\/{rel}","templated":true}]}}