{"id":331154,"date":"2026-03-31T10:05:51","date_gmt":"2026-03-31T09:05:51","guid":{"rendered":"https:\/\/www.itakaescolapios.org\/es\/?page_id=331154"},"modified":"2026-04-08T11:30:01","modified_gmt":"2026-04-08T10:30:01","slug":"expresiones-artisticas-aniversario","status":"publish","type":"page","link":"https:\/\/www.itakaescolapios.org\/en\/expresiones-artisticas-aniversario\/","title":{"rendered":"Expresiones art\u00edsticas-Aniversario"},"content":{"rendered":"<p>[et_pb_section fb_built=&#8221;1&#8243; admin_label=&#8221;Texto explicativo expresiones art\u00edsticas&#8221; _builder_version=&#8221;4.27.4&#8243; custom_margin=&#8221;||0px||false|false&#8221; custom_padding=&#8221;28px||0px||false|false&#8221; da_disable_devices=&#8221;off|off|off&#8221; locked=&#8221;off&#8221; collapsed=&#8221;off&#8221; global_colors_info=&#8221;{}&#8221; da_is_popup=&#8221;off&#8221; da_exit_intent=&#8221;off&#8221; da_has_close=&#8221;on&#8221; da_alt_close=&#8221;off&#8221; da_dark_close=&#8221;off&#8221; da_not_modal=&#8221;on&#8221; da_is_singular=&#8221;off&#8221; da_with_loader=&#8221;off&#8221; da_has_shadow=&#8221;on&#8221;][et_pb_row _builder_version=&#8221;4.27.4&#8243; _module_preset=&#8221;default&#8221; max_width=&#8221;3333px&#8221; module_alignment=&#8221;center&#8221; locked=&#8221;off&#8221; global_colors_info=&#8221;{}&#8221;][et_pb_column type=&#8221;4_4&#8243; _builder_version=&#8221;4.27.4&#8243; _module_preset=&#8221;default&#8221; global_colors_info=&#8221;{}&#8221;][df_adh_heading title_prefix=&#8221;EXPRESIONES ART\u00cdSTICAS&#8221; title_infix=&#8221;25 ANIVERSARIO&#8221; divider_background_bgcolor=&#8221;gcid-1324f65a-026a-452f-9378-9f45b6d9758c&#8221; _builder_version=&#8221;4.27.4&#8243; _module_preset=&#8221;default&#8221; t_prefix_font=&#8221;Merriweather|700|||||||&#8221; t_prefix_text_color=&#8221;gcid-cca90ba6-297c-4d63-9e2c-8201011ef870&#8243; t_prefix_font_size=&#8221;40px&#8221; t_prefix_line_height=&#8221;1.5em&#8221; t_infix_font=&#8221;Merriweather|700|||||||&#8221; t_infix_text_color=&#8221;gcid-b1ace166-c11d-4c70-a679-55884e9ca298&#8243; t_infix_font_size=&#8221;40px&#8221; t_infix_line_height=&#8221;1.5em&#8221; module_alignment=&#8221;center&#8221; t_prefix_font_size_tablet=&#8221;40px&#8221; t_prefix_font_size_phone=&#8221;30px&#8221; t_prefix_font_size_last_edited=&#8221;on|phone&#8221; t_infix_font_size_tablet=&#8221;40px&#8221; t_infix_font_size_phone=&#8221;30px&#8221; t_infix_font_size_last_edited=&#8221;on|phone&#8221; custom_css_main_element=&#8221;text-align:center;&#8221; title_prefix_en_us=&#8221;ARTISTIC EXPRESSIONS&#8221; title_infix_en_us=&#8221;25TH ANNIVERSARY&#8221; title_prefix_fr_fr=&#8221;EXPRESSIONS ARTISTIQUES&#8221; title_infix_fr_fr=&#8221;25e ANNIVERSAIRE&#8221; title_prefix_eu=&#8221;ADIERAZPEN ARTISTIKOAK&#8221; title_infix_eu=&#8221;25. URTEURRENA&#8221; title_prefix_ca=&#8221;EXPRESSIONS ART\u00cdSTIQUES&#8221; title_infix_ca=&#8221;25 ANIVERSARI&#8221; title_prefix_pt_br=&#8221;EXPRESS\u00d5ES ART\u00cdSTICAS&#8221; title_infix_pt_br=&#8221;25\u00ba ANIVERS\u00c1RIO&#8221; global_colors_info=&#8221;{%22gcid-1324f65a-026a-452f-9378-9f45b6d9758c%22:%91%22divider_background_bgcolor%22%93,%22gcid-cca90ba6-297c-4d63-9e2c-8201011ef870%22:%91%22t_prefix_text_color%22%93,%22gcid-b1ace166-c11d-4c70-a679-55884e9ca298%22:%91%22t_infix_text_color%22%93}&#8221;][\/df_adh_heading][et_pb_text _builder_version=&#8221;4.27.4&#8243; _module_preset=&#8221;default&#8221; text_font=&#8221;&#8211;et_global_body_font|300|||||||&#8221; text_font_size=&#8221;25px&#8221; text_line_height=&#8221;1.3em&#8221; text_font_size_tablet=&#8221;25px&#8221; text_font_size_phone=&#8221;18px&#8221; text_font_size_last_edited=&#8221;on|phone&#8221; content_en_us=&#8221;<\/p>\n<p>As part of <strong>the celebration of the 25th anniversary of the Itaka-Escolapios Network<\/strong>, we would like to invite all children and adolescents from our Piarist schools, socio-educational centers, homes, and Calasanz Movement groups (aged 8 to 16) to participate in a creative and reflective activity that will help us look to the future.<\/p>\n<p>&#8221; content_fr_fr=&#8221;<\/p>\n<p>Dans le cadre de<strong> la c\u00e9l\u00e9bration des 25 ans du r\u00e9seau Itaka-Escolapios<\/strong>, nous souhaitons inviter tous les enfants et adolescents de nos \u00e9coles piaristes, centres socio-\u00e9ducatifs, foyers et groupes du Mouvement Calasanz (\u00e2g\u00e9s de 8 \u00e0 16 ans) \u00e0 participer \u00e0 une activit\u00e9 cr\u00e9ative et r\u00e9fl\u00e9chie qui nous aidera \u00e0 nous tourner vers l&#8217;avenir.<\/p>\n<p>&#8221; content_eu=&#8221;<\/p>\n<p><strong>Itaka-Eskolapioen Sarearen 25 urteen ospakizunaren esparrua<\/strong>n, gure eskolapio, gizarte- eta hezkuntza-zentro, etxe eta Calasanz Mugimenduko taldeetako (8-16 urte bitarteko etapak) haur eta nerabe guztiak gonbidatu nahi ditugu etorkizunari begiratzen lagunduko digun jarduera sortzaile eta gogoetatsu batean parte hartzera.<\/p>\n<p>&#8221; content_ca=&#8221;<\/p>\n<p>En el marc de l<strong>a celebraci\u00f3 dels 25 anys de la Xarxa Itaka-Escolapis<\/strong>, volem convidar a totes les xiquetes, xiquets i adolescents dels nostres col\u00b7legis escolapis, centres socioeducatius, Llars, grups del Moviment Calasanz (etapes entre els 8 a 16 anys) a participar en una activitat creativa i reflexiva que ens ajude a mirar cap al futur.<\/p>\n<p>&#8221; content_pt_br=&#8221;<\/p>\n<p>No \u00e2mbito da <strong>comemora\u00e7\u00e3o dos 25 anos da Rede Itaka-Escolapios<\/strong>, queremos convidar todas as crian\u00e7as e adolescentes das nossas escolas escolapias, centros socioeducativos, lares, grupos do Movimento Calasanz (com idades entre os 8 e os 16 anos) a participar numa atividade criativa e reflexiva que nos ajude a olhar para o futuro.<\/p>\n<p>&#8221; global_colors_info=&#8221;{}&#8221;]<\/p>\n<p>En el marco de la <strong>celebraci\u00f3n de los 25 a\u00f1os de la Red Itaka-Escolapios<\/strong>, queremos invitar a todas las ni\u00f1as, ni\u00f1os y adolescentes de nuestros colegios escolapios, centros socioeducativos, Hogares, grupos del Movimiento Calasanz (etapas entre los 8 a 16 a\u00f1os) a participar en una actividad creativa y reflexiva que nos ayude a mirar hacia el futuro.<\/p>\n<p>[\/et_pb_text][difl_text_highlighter title_infix=&#8221;Objetivo&#8221; highlighter_type=&#8221;wave2&#8243; highlighter_color=&#8221;gcid-cca90ba6-297c-4d63-9e2c-8201011ef870&#8243; highlighter_stroke_width=&#8221;18px&#8221; highlighter_vertical_position=&#8221;10px&#8221; _builder_version=&#8221;4.27.4&#8243; _module_preset=&#8221;default&#8221; t_infix_font=&#8221;Merriweather|700|||||||&#8221; t_infix_text_align=&#8221;center&#8221; t_infix_text_color=&#8221;gcid-b1ace166-c11d-4c70-a679-55884e9ca298&#8243; custom_css_main_element=&#8221;text-align:center;&#8221; title_infix_en_us=&#8221;Objective&#8221; title_infix_fr_fr=&#8221;Objectif&#8221; title_infix_eu=&#8221;Helburua&#8221; title_infix_ca=&#8221;Objectiu&#8221; title_suffix_pt_br=&#8221;Objetivo&#8221; global_colors_info=&#8221;{%22gcid-b1ace166-c11d-4c70-a679-55884e9ca298%22:%91%22t_infix_text_color%22%93,%22gcid-cca90ba6-297c-4d63-9e2c-8201011ef870%22:%91%22highlighter_color%22%93}&#8221;][\/difl_text_highlighter][et_pb_text _builder_version=&#8221;4.27.4&#8243; _module_preset=&#8221;default&#8221; text_font=&#8221;&#8211;et_global_body_font|300|||||||&#8221; text_font_size=&#8221;25px&#8221; text_line_height=&#8221;1.3em&#8221; text_font_size_tablet=&#8221;25px&#8221; text_font_size_phone=&#8221;18px&#8221; text_font_size_last_edited=&#8221;on|phone&#8221; content_en_us=&#8221; To celebrate the 25th anniversary of the Itaka-Escolapios Network by <strong>imagining its future<\/strong> through artistic expression (drawing, design, poetry, mural, photography, etc.) that answers the question: <strong>How do you imagine Itaka-Escolapios in another 25 years?<\/strong> We want you to express, with creativity and hope, how you dream of a Network that continues to transform lives and build a more just, fraternal, and supportive world. &#8221; content_fr_fr=&#8221; C\u00e9l\u00e9brer les 25 ans du r\u00e9seau Itaka-Escolapios en<strong> imaginant son avenir<\/strong> \u00e0 travers une expression artistique (dessin, design, po\u00e9sie, fresque murale, photographie&#8230;) qui r\u00e9ponde \u00e0 la question : <strong>Comment imaginez-vous Itaka-Escolapios dans 25 ans ?<\/strong> Nous voulons que vous exprimiez, avec cr\u00e9ativit\u00e9 et espoir, comment vous r\u00eavez d&#8217;un r\u00e9seau qui continue \u00e0 transformer des vies et \u00e0 construire un monde plus juste, fraternel et solidaire. &#8221; content_eu=&#8221; Itaka-Eskolapioen Sarearen 25 urteak ospatzea, bere etorkizuna adierazpen artistiko baten bidez irudikatuz (marrazkia, diseinua, poesia, horma-irudia, argazkia&#8230;), honako galdera honi erantzuteko: <strong>Nola imajinatzen duzu Itaka-Eskolapioak beste 25 urte barru?<\/strong> Sormenez eta itxaropenez adieraztea nahi dugu nola amesten duzun bizitzak eraldatzen eta mundu justuago, anaiarteko eta solidarioago bat eraikiz. &#8221; content_ca=&#8221; Celebrar els 25 anys de la Xarxa Itaka-Escolapis <strong>imaginant el seu futur<\/strong> a trav\u00e9s d&#8217;una expressi\u00f3 art\u00edstica (dibuix, disseny, poesia, mural, fotografia\u2026) que responga a la pregunta: <strong>Com imagines a Itaka-Escolapis dins d&#8217;altres 25 anys?<\/strong> Volem que expresses, amb creativitat i esperan\u00e7a, com somies una Xarxa que continue transformant vides i construint un m\u00f3n m\u00e9s just, fratern i solidari. &#8221; content_pt_br=&#8221; Comemorar os 25 anos da Rede Itaka-Escolapios <strong>imaginando seu futuro<\/strong> por meio de uma express\u00e3o art\u00edstica (desenho, design, poesia, mural, fotografia&#8230;) que responda \u00e0 pergunta: <strong>Como voc\u00ea imagina a Itaka-Escolapios daqui a 25 anos?<\/strong> Queremos que voc\u00ea expresse, com criatividade e esperan\u00e7a, como voc\u00ea sonha com uma Rede que continue transformando vidas e construindo um mundo mais justo, fraterno e solid\u00e1rio. &#8221; global_colors_info=&#8221;{}&#8221;]<\/p>\n<p style=\"text-align: left;\">Celebrar los 25 a\u00f1os de la Red Itaka-Escolapios <strong>imaginando su futuro<\/strong> a trav\u00e9s de una expresi\u00f3n art\u00edstica (dibujo, dise\u00f1o, poes\u00eda, mural, fotograf\u00eda&#8230;) que responda a la pregunta:<\/p>\n<p style=\"text-align: center;\"><strong>\u00bfC\u00f3mo imaginas a Itaka-Escolapios dentro de otros 25 a\u00f1os?<\/strong><\/p>\n<p>Queremos que expreses, con creatividad y esperanza, c\u00f3mo sue\u00f1as una Red que siga transformando vidas y construyendo un mundo m\u00e1s justo, fraterno y solidario.[\/et_pb_text][difl_text_highlighter title_infix=&#8221;Caracter\u00edsticas de la expresi\u00f3n art\u00edstica&#8221; highlighter_type=&#8221;wave2&#8243; highlighter_color=&#8221;gcid-cca90ba6-297c-4d63-9e2c-8201011ef870&#8243; highlighter_stroke_width=&#8221;18px&#8221; highlighter_vertical_position=&#8221;10px&#8221; _builder_version=&#8221;4.27.4&#8243; _module_preset=&#8221;default&#8221; t_infix_font=&#8221;Merriweather|700|||||||&#8221; t_infix_text_align=&#8221;center&#8221; t_infix_text_color=&#8221;gcid-b1ace166-c11d-4c70-a679-55884e9ca298&#8243; custom_css_main_element=&#8221;text-align:center;&#8221; title_infix_en_us=&#8221;Characteristics of the artistic expression&#8221; title_infix_fr_fr=&#8221;Caract\u00e9ristiques de l&#8217;expression artistique&#8221; title_infix_eu=&#8221;Adierazpen artistikoaren ezaugarriak&#8221; title_infix_ca=&#8221;Caracter\u00edstiques de l&#8217;expressi\u00f3 art\u00edstica&#8221; title_infix_pt_br=&#8221;Caracter\u00edsticas da express\u00e3o art\u00edstica&#8221; global_colors_info=&#8221;{%22gcid-b1ace166-c11d-4c70-a679-55884e9ca298%22:%91%22t_infix_text_color%22%93,%22gcid-cca90ba6-297c-4d63-9e2c-8201011ef870%22:%91%22highlighter_color%22%93}&#8221;][\/difl_text_highlighter][et_pb_text _builder_version=&#8221;4.27.4&#8243; _module_preset=&#8221;default&#8221; text_font=&#8221;&#8211;et_global_body_font|300|||||||&#8221; text_font_size=&#8221;25px&#8221; text_line_height=&#8221;1.3em&#8221; text_font_size_tablet=&#8221;25px&#8221; text_font_size_phone=&#8221;18px&#8221; text_font_size_last_edited=&#8221;on|phone&#8221; content_en_us=&#8221;<\/p>\n<ul>\n<li><strong>Free technique<\/strong>: it can be done by hand, digitally, or with natural elements.<\/li>\n<li><strong>Format<\/strong>: horizontal.<\/li>\n<li><strong>Delivery<\/strong>: in scanned format or horizontal photograph.<\/li>\n<li><strong>Include<\/strong>:\n<ul>\n<li>Signature of the author.<\/li>\n<li>Full name, age, work, and location.<\/li>\n<li>Brief description of the artistic expression (maximum half a page) explaining its meaning.<\/li>\n<\/ul>\n<\/li>\n<\/ul>\n<p>&#8221; content_fr_fr=&#8221;<\/p>\n<ul>\n<li><strong>Technique libre<\/strong> : elle peut \u00eatre r\u00e9alis\u00e9e \u00e0 la main, sous forme num\u00e9rique ou avec des \u00e9l\u00e9ments naturels.<\/li>\n<li><strong>Format<\/strong> : horizontal.<\/li>\n<li><strong>Remise<\/strong> : sous forme de scan ou de photographie horizontale.<\/li>\n<li><strong>\u00c0 inclure<\/strong> :\n<ul>\n<li>Signature de l&#8217;auteur.<\/li>\n<li>Nom complet, \u00e2ge, \u0153uvre et lieu de r\u00e9sidence.<\/li>\n<li>Br\u00e8ve description de l&#8217;expression artistique (maximum une demi-page) expliquant sa signification.<\/li>\n<\/ul>\n<\/li>\n<\/ul>\n<p>&#8221; content_eu=&#8221; \u2022 T<strong>eknika librea<\/strong>: eskuz, modu digitalean edo elementu naturalekin egin daiteke. \u2022 <strong>Formatua<\/strong>: horizontala. \u2022 <strong>Entregatzea<\/strong>: eskaneatutako formatuan edo argazki horizontalean. \u2022 <strong>Sartu<\/strong>:<\/p>\n<ul>\n<li>\n<ul>\n<li>Egilearen sinadura.<\/li>\n<li>Izen osoa, adina, obra eta barrutia.<\/li>\n<li>Adierazpen artistikoaren deskribapen laburra (lauki erdia gehienez), esanahia azalduz.<\/li>\n<\/ul>\n<\/li>\n<\/ul>\n<p>&#8221; content_ca=&#8221; \u2022 <strong>T\u00e8cnica lliure<\/strong>: pot realitzar-se a m\u00e0, de manera digital o amb elements naturals. \u2022 <strong>Format<\/strong>: horitzontal. \u2022 <strong>Lliurament<\/strong>: en format escanejat o fotografia horitzontal. \u2022 <strong>Incloure<\/strong>:<\/p>\n<ul>\n<li>Signatura de la persona autora.<\/li>\n<li>Nom complet, edat, obra i demarcaci\u00f3.<\/li>\n<li>Breu descripci\u00f3 de l&#8217;expressi\u00f3 art\u00edstica (m\u00e0xim mitja quartilla) explicant el seu significat.<\/li>\n<\/ul>\n<p>&#8221; content_pt_br=&#8221;<\/p>\n<ul>\n<li><strong>T\u00e9cnica livre<\/strong>: pode ser feita \u00e0 m\u00e3o, digitalmente ou com elementos naturais.<\/li>\n<li><strong>Formato<\/strong>: horizontal.<\/li>\n<li><strong>Entrega<\/strong>: em formato digitalizado ou fotografia horizontal.<\/li>\n<li><strong>Incluir<\/strong>:\n<ul>\n<li>Assinatura do autor.<\/li>\n<li>Nome completo, idade, obra e demarca\u00e7\u00e3o.<\/li>\n<li>Breve descri\u00e7\u00e3o da express\u00e3o art\u00edstica (m\u00e1ximo de meia p\u00e1gina) explicando seu significado.<\/li>\n<\/ul>\n<\/li>\n<\/ul>\n<p>&#8221; global_colors_info=&#8221;{}&#8221;]<\/p>\n<ul>\n<li style=\"text-align: left;\"><strong>T\u00e9cnica libre<\/strong>: puede realizarse a mano, de forma digital o con elementos naturales.<\/li>\n<li style=\"text-align: left;\"><strong>Formato:<\/strong> horizontal.<\/li>\n<li style=\"text-align: left;\"><strong>Entrega:<\/strong> en formato escaneado o fotograf\u00eda horizontal.<\/li>\n<li style=\"text-align: left;\"><strong>Incluir:<\/strong>\n<ul>\n<li style=\"text-align: left;\">Firma de la persona autora.<\/li>\n<li style=\"text-align: left;\">Nombre completo, edad, obra y demarcaci\u00f3n.<\/li>\n<li style=\"text-align: left;\">Breve descripci\u00f3n de la expresi\u00f3n art\u00edstica (m\u00e1ximo media cuartilla) explicando su significado.<\/li>\n<\/ul>\n<\/li>\n<\/ul>\n<p>[\/et_pb_text][\/et_pb_column][\/et_pb_row][\/et_pb_section][et_pb_section fb_built=&#8221;1&#8243; _builder_version=&#8221;4.27.4&#8243; _module_preset=&#8221;default&#8221; da_disable_devices=&#8221;off|off|off&#8221; global_colors_info=&#8221;{}&#8221; da_is_popup=&#8221;off&#8221; da_exit_intent=&#8221;off&#8221; da_has_close=&#8221;on&#8221; da_alt_close=&#8221;off&#8221; da_dark_close=&#8221;off&#8221; da_not_modal=&#8221;on&#8221; da_is_singular=&#8221;off&#8221; da_with_loader=&#8221;off&#8221; da_has_shadow=&#8221;on&#8221;][et_pb_row column_structure=&#8221;1_4,1_4,1_4,1_4&#8243; _builder_version=&#8221;4.27.4&#8243; _module_preset=&#8221;default&#8221; global_colors_info=&#8221;{}&#8221;][et_pb_column type=&#8221;1_4&#8243; _builder_version=&#8221;4.27.4&#8243; _module_preset=&#8221;default&#8221; global_colors_info=&#8221;{}&#8221;][et_pb_image src=&#8221;https:\/\/www.itakaescolapios.org\/wp-content\/uploads\/2026\/03\/aniversario-proyecto-Akeloo-Valencia3.jpg&#8221; title_text=&#8221;aniversario proyecto Akeloo Valencia3&#8243; show_in_lightbox=&#8221;on&#8221; _builder_version=&#8221;4.27.4&#8243; _module_preset=&#8221;default&#8221; global_colors_info=&#8221;{}&#8221;][\/et_pb_image][et_pb_text _builder_version=&#8221;4.27.4&#8243; _module_preset=&#8221;default&#8221; global_colors_info=&#8221;{}&#8221;]<\/p>\n<p style=\"text-align: center;\">Proyecto Akeloo (Valencia)<\/p>\n<p>[\/et_pb_text][\/et_pb_column][et_pb_column type=&#8221;1_4&#8243; _builder_version=&#8221;4.27.4&#8243; _module_preset=&#8221;default&#8221; global_colors_info=&#8221;{}&#8221;][et_pb_image src=&#8221;https:\/\/www.itakaescolapios.org\/wp-content\/uploads\/2026\/03\/Angel-Mingorance-Sanchez.jpg&#8221; title_text=&#8221;Angel Mingorance Sanchez&#8221; show_in_lightbox=&#8221;on&#8221; _builder_version=&#8221;4.27.4&#8243; _module_preset=&#8221;default&#8221; global_colors_info=&#8221;{}&#8221;][\/et_pb_image][et_pb_text _builder_version=&#8221;4.27.4&#8243; _module_preset=&#8221;default&#8221; global_colors_info=&#8221;{}&#8221;]<\/p>\n<p style=\"text-align: center;\">\u00c1ngel Mingorance<\/p>\n<p>[\/et_pb_text][\/et_pb_column][et_pb_column type=&#8221;1_4&#8243; _builder_version=&#8221;4.27.4&#8243; _module_preset=&#8221;default&#8221; global_colors_info=&#8221;{}&#8221;][et_pb_image src=&#8221;https:\/\/www.itakaescolapios.org\/wp-content\/uploads\/2026\/03\/Alaa-Rmiic_11-anos_Titulo-de-la-obra-Tecnologia-en-ItakaBalira-Vitoria-Gasteiz-3.jpg&#8221; title_text=&#8221;Alaa Rmiic_11 a\u00f1os_Titulo de la obra Tecnolog\u00eda en ItakaBalira Vitoria Gasteiz 3&#8243; show_in_lightbox=&#8221;on&#8221; _builder_version=&#8221;4.27.4&#8243; _module_preset=&#8221;default&#8221; global_colors_info=&#8221;{}&#8221;][\/et_pb_image][et_pb_text _builder_version=&#8221;4.27.4&#8243; _module_preset=&#8221;default&#8221; global_colors_info=&#8221;{}&#8221;]<\/p>\n<p style=\"text-align: center;\">Alaa Rmiic<\/p>\n<p style=\"text-align: center;\">Proyecto Balira (Vitoria)<\/p>\n<p>[\/et_pb_text][\/et_pb_column][et_pb_column type=&#8221;1_4&#8243; _builder_version=&#8221;4.27.4&#8243; _module_preset=&#8221;default&#8221; global_colors_info=&#8221;{}&#8221;][et_pb_image src=&#8221;https:\/\/www.itakaescolapios.org\/wp-content\/uploads\/2026\/03\/Arbol-del-25-anniversario-Congo-e1774859781575.jpeg&#8221; title_text=&#8221;Arbol del 25 anniversario (Congo)&#8221; show_in_lightbox=&#8221;on&#8221; _builder_version=&#8221;4.27.4&#8243; _module_preset=&#8221;default&#8221; global_colors_info=&#8221;{}&#8221;][\/et_pb_image][et_pb_text _builder_version=&#8221;4.27.4&#8243; _module_preset=&#8221;default&#8221; global_colors_info=&#8221;{}&#8221;]<\/p>\n<p style=\"text-align: center;\">RD Congo<\/p>\n<p>[\/et_pb_text][\/et_pb_column][\/et_pb_row][et_pb_row column_structure=&#8221;1_4,1_4,1_4,1_4&#8243; _builder_version=&#8221;4.27.4&#8243; _module_preset=&#8221;default&#8221; locked=&#8221;off&#8221; global_colors_info=&#8221;{}&#8221;][et_pb_column type=&#8221;1_4&#8243; _builder_version=&#8221;4.27.4&#8243; _module_preset=&#8221;default&#8221; global_colors_info=&#8221;{}&#8221;][et_pb_image src=&#8221;https:\/\/www.itakaescolapios.org\/wp-content\/uploads\/2026\/03\/ben-victor-12-ans-6e-college-calasanz_Gabon.jpeg&#8221; title_text=&#8221;ben victor 12 ans 6e college calasanz_Gabon&#8221; show_in_lightbox=&#8221;on&#8221; _builder_version=&#8221;4.27.4&#8243; _module_preset=&#8221;default&#8221; global_colors_info=&#8221;{}&#8221;][\/et_pb_image][et_pb_text _builder_version=&#8221;4.27.4&#8243; _module_preset=&#8221;default&#8221; global_colors_info=&#8221;{}&#8221;]<\/p>\n<p style=\"text-align: center;\">Ben V\u00edctor<\/p>\n<p style=\"text-align: center;\">Gab\u00f3n<\/p>\n<p>[\/et_pb_text][\/et_pb_column][et_pb_column type=&#8221;1_4&#8243; _builder_version=&#8221;4.27.4&#8243; _module_preset=&#8221;default&#8221; global_colors_info=&#8221;{}&#8221;][et_pb_image src=&#8221;https:\/\/www.itakaescolapios.org\/wp-content\/uploads\/2026\/03\/Francisco-Calvo-Lisbona-11-anos-Granada.jpg&#8221; title_text=&#8221;Francisco Calvo Lisbona, 11 an\u0303os, Granada&#8221; show_in_lightbox=&#8221;on&#8221; _builder_version=&#8221;4.27.4&#8243; _module_preset=&#8221;default&#8221; global_colors_info=&#8221;{}&#8221;][\/et_pb_image][et_pb_text _builder_version=&#8221;4.27.4&#8243; _module_preset=&#8221;default&#8221; global_colors_info=&#8221;{}&#8221;]<\/p>\n<p style=\"text-align: center;\">Francisco Calvo<\/p>\n<p style=\"text-align: center;\">Granada<\/p>\n<p>[\/et_pb_text][\/et_pb_column][et_pb_column type=&#8221;1_4&#8243; _builder_version=&#8221;4.27.4&#8243; _module_preset=&#8221;default&#8221; global_colors_info=&#8221;{}&#8221;][et_pb_image src=&#8221;https:\/\/www.itakaescolapios.org\/wp-content\/uploads\/2026\/03\/bonji2_Gabon-e1774860073310.jpeg&#8221; title_text=&#8221;bonji2_Gabon&#8221; show_in_lightbox=&#8221;on&#8221; _builder_version=&#8221;4.27.4&#8243; _module_preset=&#8221;default&#8221; global_colors_info=&#8221;{}&#8221;][\/et_pb_image][et_pb_text _builder_version=&#8221;4.27.4&#8243; _module_preset=&#8221;default&#8221; global_colors_info=&#8221;{}&#8221;]<\/p>\n<p style=\"text-align: center;\">Bonji<\/p>\n<p style=\"text-align: center;\">Gab\u00f3n<\/p>\n<p>[\/et_pb_text][\/et_pb_column][et_pb_column type=&#8221;1_4&#8243; _builder_version=&#8221;4.27.4&#8243; _module_preset=&#8221;default&#8221; global_colors_info=&#8221;{}&#8221;][et_pb_image src=&#8221;https:\/\/www.itakaescolapios.org\/wp-content\/uploads\/2026\/03\/Diana-Abril-Munoz.jpg&#8221; title_text=&#8221;Diana Abril Mu\u00f1oz&#8221; show_in_lightbox=&#8221;on&#8221; _builder_version=&#8221;4.27.4&#8243; _module_preset=&#8221;default&#8221; global_colors_info=&#8221;{}&#8221;][\/et_pb_image][et_pb_text _builder_version=&#8221;4.27.4&#8243; _module_preset=&#8221;default&#8221; global_colors_info=&#8221;{}&#8221;]<\/p>\n<p style=\"text-align: center;\">Diana Abril<\/p>\n<p>[\/et_pb_text][\/et_pb_column][\/et_pb_row][et_pb_row column_structure=&#8221;1_4,1_4,1_4,1_4&#8243; _builder_version=&#8221;4.27.4&#8243; _module_preset=&#8221;default&#8221; locked=&#8221;off&#8221; global_colors_info=&#8221;{}&#8221;][et_pb_column type=&#8221;1_4&#8243; _builder_version=&#8221;4.27.4&#8243; _module_preset=&#8221;default&#8221; global_colors_info=&#8221;{}&#8221;][et_pb_image src=&#8221;https:\/\/www.itakaescolapios.org\/wp-content\/uploads\/2026\/03\/Dibujo-Africa-Central-casa-e1774860384904.jpeg&#8221; title_text=&#8221;Dibujo Africa Central casa&#8221; show_in_lightbox=&#8221;on&#8221; _builder_version=&#8221;4.27.4&#8243; _module_preset=&#8221;default&#8221; global_colors_info=&#8221;{}&#8221;][\/et_pb_image][et_pb_text _builder_version=&#8221;4.27.4&#8243; _module_preset=&#8221;default&#8221; global_colors_info=&#8221;{}&#8221;]<\/p>\n<p style=\"text-align: center;\">\u00c1frica Central<\/p>\n<p>[\/et_pb_text][\/et_pb_column][et_pb_column type=&#8221;1_4&#8243; _builder_version=&#8221;4.27.4&#8243; _module_preset=&#8221;default&#8221; global_colors_info=&#8221;{}&#8221;][et_pb_image src=&#8221;https:\/\/www.itakaescolapios.org\/wp-content\/uploads\/2026\/03\/Dibujo-Congo.jpeg&#8221; title_text=&#8221;Dibujo Congo&#8221; show_in_lightbox=&#8221;on&#8221; _builder_version=&#8221;4.27.4&#8243; _module_preset=&#8221;default&#8221; global_colors_info=&#8221;{}&#8221;][\/et_pb_image][et_pb_text _builder_version=&#8221;4.27.4&#8243; _module_preset=&#8221;default&#8221; global_colors_info=&#8221;{}&#8221;]<\/p>\n<p style=\"text-align: center;\">\u00c1ngel Mingorance<\/p>\n<p>[\/et_pb_text][\/et_pb_column][et_pb_column type=&#8221;1_4&#8243; _builder_version=&#8221;4.27.4&#8243; _module_preset=&#8221;default&#8221; global_colors_info=&#8221;{}&#8221;][et_pb_image src=&#8221;https:\/\/www.itakaescolapios.org\/wp-content\/uploads\/2026\/03\/Alaa-Rmiic_11-anos_Titulo-de-la-obra-Tecnologia-en-ItakaBalira-Vitoria-Gasteiz-3.jpg&#8221; title_text=&#8221;Alaa Rmiic_11 a\u00f1os_Titulo de la obra Tecnolog\u00eda en ItakaBalira Vitoria Gasteiz 3&#8243; show_in_lightbox=&#8221;on&#8221; _builder_version=&#8221;4.27.4&#8243; _module_preset=&#8221;default&#8221; global_colors_info=&#8221;{}&#8221;][\/et_pb_image][et_pb_text _builder_version=&#8221;4.27.4&#8243; _module_preset=&#8221;default&#8221; global_colors_info=&#8221;{}&#8221;]<\/p>\n<p style=\"text-align: center;\">RD Congo<\/p>\n<p>[\/et_pb_text][\/et_pb_column][et_pb_column type=&#8221;1_4&#8243; _builder_version=&#8221;4.27.4&#8243; _module_preset=&#8221;default&#8221; global_colors_info=&#8221;{}&#8221;][et_pb_image src=&#8221;https:\/\/www.itakaescolapios.org\/wp-content\/uploads\/2026\/03\/Dibujo-pastel_Africa-Central.jpeg&#8221; title_text=&#8221;Dibujo pastel_Africa Central&#8221; show_in_lightbox=&#8221;on&#8221; _builder_version=&#8221;4.27.4&#8243; _module_preset=&#8221;default&#8221; global_colors_info=&#8221;{}&#8221;][\/et_pb_image][et_pb_text _builder_version=&#8221;4.27.4&#8243; _module_preset=&#8221;default&#8221; global_colors_info=&#8221;{}&#8221;]<\/p>\n<p style=\"text-align: center;\">\u00c1frica Central<\/p>\n<p>[\/et_pb_text][\/et_pb_column][\/et_pb_row][et_pb_row column_structure=&#8221;1_4,1_4,1_4,1_4&#8243; _builder_version=&#8221;4.27.4&#8243; _module_preset=&#8221;default&#8221; locked=&#8221;off&#8221; global_colors_info=&#8221;{}&#8221;][et_pb_column type=&#8221;1_4&#8243; _builder_version=&#8221;4.27.4&#8243; _module_preset=&#8221;default&#8221; global_colors_info=&#8221;{}&#8221;][et_pb_image src=&#8221;https:\/\/www.itakaescolapios.org\/wp-content\/uploads\/2026\/03\/Dibujo.jpeg&#8221; title_text=&#8221;Dibujo&#8221; show_in_lightbox=&#8221;on&#8221; _builder_version=&#8221;4.27.4&#8243; _module_preset=&#8221;default&#8221; global_colors_info=&#8221;{}&#8221;][\/et_pb_image][et_pb_text _builder_version=&#8221;4.27.4&#8243; _module_preset=&#8221;default&#8221; global_colors_info=&#8221;{}&#8221;][\/et_pb_text][\/et_pb_column][et_pb_column type=&#8221;1_4&#8243; _builder_version=&#8221;4.27.4&#8243; _module_preset=&#8221;default&#8221; global_colors_info=&#8221;{}&#8221;][et_pb_image src=&#8221;https:\/\/www.itakaescolapios.org\/wp-content\/uploads\/2026\/03\/Dibujo_Africa-Central-e1774860768869.jpeg&#8221; title_text=&#8221;Gabriella_Africa Central&#8221; show_in_lightbox=&#8221;on&#8221; _builder_version=&#8221;4.27.4&#8243; _module_preset=&#8221;default&#8221; global_colors_info=&#8221;{}&#8221;][\/et_pb_image][et_pb_text _builder_version=&#8221;4.27.4&#8243; _module_preset=&#8221;default&#8221; global_colors_info=&#8221;{}&#8221;]<\/p>\n<p style=\"text-align: center;\">\u00c1ngel Mingorance<\/p>\n<p>[\/et_pb_text][\/et_pb_column][et_pb_column type=&#8221;1_4&#8243; _builder_version=&#8221;4.27.4&#8243; _module_preset=&#8221;default&#8221; global_colors_info=&#8221;{}&#8221;][et_pb_image src=&#8221;https:\/\/www.itakaescolapios.org\/wp-content\/uploads\/2026\/03\/Emanuel-Puerta-11-anos_Titulo-de-la-obra-un-futuro-para-todos-Balira-Vitoria-Gasteiz-4.jpg&#8221; title_text=&#8221;Emanuel Puerta 11 a\u00f1os_Titulo de la obra un futuro para todos Balira Vitoria Gasteiz 4&#8243; show_in_lightbox=&#8221;on&#8221; _builder_version=&#8221;4.27.4&#8243; _module_preset=&#8221;default&#8221; global_colors_info=&#8221;{}&#8221;][\/et_pb_image][et_pb_text _builder_version=&#8221;4.27.4&#8243; _module_preset=&#8221;default&#8221; global_colors_info=&#8221;{}&#8221;]<\/p>\n<p style=\"text-align: center;\">Emanuel<\/p>\n<p style=\"text-align: center;\">Proyecto Balira (Vitoria Gasteiz)<\/p>\n<p>[\/et_pb_text][\/et_pb_column][et_pb_column type=&#8221;1_4&#8243; _builder_version=&#8221;4.27.4&#8243; _module_preset=&#8221;default&#8221; global_colors_info=&#8221;{}&#8221;][et_pb_image src=&#8221;https:\/\/www.itakaescolapios.org\/wp-content\/uploads\/2026\/03\/filipinas-expresiones-artisticas.jpg&#8221; title_text=&#8221;filipinas expresiones art\u00edsticas&#8221; show_in_lightbox=&#8221;on&#8221; _builder_version=&#8221;4.27.4&#8243; _module_preset=&#8221;default&#8221; global_colors_info=&#8221;{}&#8221;][\/et_pb_image][et_pb_text _builder_version=&#8221;4.27.4&#8243; _module_preset=&#8221;default&#8221; global_colors_info=&#8221;{}&#8221;]<\/p>\n<p style=\"text-align: center;\">Filipinas<\/p>\n<p>[\/et_pb_text][\/et_pb_column][\/et_pb_row][et_pb_row column_structure=&#8221;1_4,1_4,1_4,1_4&#8243; _builder_version=&#8221;4.27.4&#8243; _module_preset=&#8221;default&#8221; locked=&#8221;off&#8221; global_colors_info=&#8221;{}&#8221;][et_pb_column type=&#8221;1_4&#8243; _builder_version=&#8221;4.27.4&#8243; _module_preset=&#8221;default&#8221; global_colors_info=&#8221;{}&#8221;][et_pb_image src=&#8221;https:\/\/www.itakaescolapios.org\/wp-content\/uploads\/2026\/03\/Kinan-Haron-El-Omari-11-anos-Titulo-de-la-obra-Somos-iguales.Balira-Vitoria-Gasteiz-5.jpg&#8221; title_text=&#8221;Kinan-Haron El Omari 11 a\u00f1os Titulo de la obra Somos iguales.Balira Vitoria Gasteiz 5&#8243; show_in_lightbox=&#8221;on&#8221; _builder_version=&#8221;4.27.4&#8243; _module_preset=&#8221;default&#8221; global_colors_info=&#8221;{}&#8221;][\/et_pb_image][et_pb_text _builder_version=&#8221;4.27.4&#8243; _module_preset=&#8221;default&#8221; global_colors_info=&#8221;{}&#8221;]<\/p>\n<p style=\"text-align: center;\">Kinan Horan<\/p>\n<p style=\"text-align: center;\">Proyecto Balira (Vitoria Gasteiz)<\/p>\n<p>[\/et_pb_text][\/et_pb_column][et_pb_column type=&#8221;1_4&#8243; _builder_version=&#8221;4.27.4&#8243; _module_preset=&#8221;default&#8221; global_colors_info=&#8221;{}&#8221;][et_pb_image src=&#8221;https:\/\/www.itakaescolapios.org\/wp-content\/uploads\/2026\/03\/ngabu-triomphe-4e-annee-primaire_Gabon-e1774861087501.jpeg&#8221; title_text=&#8221;ngabu triomphe 4e anne\u0301e (primaire)_Gabon&#8221; show_in_lightbox=&#8221;on&#8221; _builder_version=&#8221;4.27.4&#8243; _module_preset=&#8221;default&#8221; global_colors_info=&#8221;{}&#8221;][\/et_pb_image][et_pb_text _builder_version=&#8221;4.27.4&#8243; _module_preset=&#8221;default&#8221; global_colors_info=&#8221;{}&#8221;]<\/p>\n<p style=\"text-align: center;\">Ngabu<\/p>\n<p style=\"text-align: center;\">Gab\u00f3n<\/p>\n<p>[\/et_pb_text][\/et_pb_column][et_pb_column type=&#8221;1_4&#8243; _builder_version=&#8221;4.27.4&#8243; _module_preset=&#8221;default&#8221; global_colors_info=&#8221;{}&#8221;][et_pb_image src=&#8221;https:\/\/www.itakaescolapios.org\/wp-content\/uploads\/2026\/03\/filipinas-expresiones-artisticas2.jpg&#8221; title_text=&#8221;filipinas expresiones art\u00edsticas2&#8243; show_in_lightbox=&#8221;on&#8221; _builder_version=&#8221;4.27.4&#8243; _module_preset=&#8221;default&#8221; global_colors_info=&#8221;{}&#8221;][\/et_pb_image][et_pb_text _builder_version=&#8221;4.27.4&#8243; _module_preset=&#8221;default&#8221; global_colors_info=&#8221;{}&#8221;]<\/p>\n<p style=\"text-align: center;\">Filipinas<\/p>\n<p>[\/et_pb_text][\/et_pb_column][et_pb_column type=&#8221;1_4&#8243; _builder_version=&#8221;4.27.4&#8243; _module_preset=&#8221;default&#8221; global_colors_info=&#8221;{}&#8221;][et_pb_image src=&#8221;https:\/\/www.itakaescolapios.org\/wp-content\/uploads\/2026\/03\/Maria-Reyes-Romero-12-anos-Itaka-permanecera.-Escolapios-Genil-Granada-2.jpg&#8221; title_text=&#8221;Mari\u0301a Reyes Romero 12 an\u0303os Itaka permanecera\u0301. Escolapios Genil Granada 2&#8243; show_in_lightbox=&#8221;on&#8221; _builder_version=&#8221;4.27.4&#8243; _module_preset=&#8221;default&#8221; global_colors_info=&#8221;{}&#8221;][\/et_pb_image][et_pb_text _builder_version=&#8221;4.27.4&#8243; _module_preset=&#8221;default&#8221; global_colors_info=&#8221;{}&#8221;]<\/p>\n<p style=\"text-align: center;\">Mar\u00eda Reyes<\/p>\n<p style=\"text-align: center;\">Granada<\/p>\n<p>[\/et_pb_text][\/et_pb_column][\/et_pb_row][et_pb_row column_structure=&#8221;1_4,1_4,1_4,1_4&#8243; _builder_version=&#8221;4.27.4&#8243; _module_preset=&#8221;default&#8221; locked=&#8221;off&#8221; global_colors_info=&#8221;{}&#8221;][et_pb_column type=&#8221;1_4&#8243; _builder_version=&#8221;4.27.4&#8243; _module_preset=&#8221;default&#8221; global_colors_info=&#8221;{}&#8221;][et_pb_image src=&#8221;https:\/\/www.itakaescolapios.org\/wp-content\/uploads\/2026\/03\/filipinas-expresiones-artisticas3.jpg&#8221; title_text=&#8221;filipinas expresiones art\u00edsticas3&#8243; show_in_lightbox=&#8221;on&#8221; _builder_version=&#8221;4.27.4&#8243; _module_preset=&#8221;default&#8221; global_colors_info=&#8221;{}&#8221;][\/et_pb_image][et_pb_text _builder_version=&#8221;4.27.4&#8243; _module_preset=&#8221;default&#8221; global_colors_info=&#8221;{}&#8221;]<\/p>\n<p style=\"text-align: center;\">Filipinas<\/p>\n<p>[\/et_pb_text][\/et_pb_column][et_pb_column type=&#8221;1_4&#8243; _builder_version=&#8221;4.27.4&#8243; _module_preset=&#8221;default&#8221; global_colors_info=&#8221;{}&#8221;][et_pb_image src=&#8221;https:\/\/www.itakaescolapios.org\/wp-content\/uploads\/2026\/03\/koumba-mehdi-laurent-6eme-college-calasanz-malibe1_Gabon-e1774861339476.jpeg&#8221; title_text=&#8221;koumba mehdi laurent 6eme college calasanz malibe\u03011_Gabon&#8221; show_in_lightbox=&#8221;on&#8221; _builder_version=&#8221;4.27.4&#8243; _module_preset=&#8221;default&#8221; global_colors_info=&#8221;{}&#8221;][\/et_pb_image][et_pb_text _builder_version=&#8221;4.27.4&#8243; _module_preset=&#8221;default&#8221; global_colors_info=&#8221;{}&#8221;]<\/p>\n<p style=\"text-align: center;\">Kamba Medhi<\/p>\n<p style=\"text-align: center;\">Gab\u00f3n<\/p>\n<p>[\/et_pb_text][\/et_pb_column][et_pb_column type=&#8221;1_4&#8243; _builder_version=&#8221;4.27.4&#8243; _module_preset=&#8221;default&#8221; global_colors_info=&#8221;{}&#8221;][et_pb_image src=&#8221;https:\/\/www.itakaescolapios.org\/wp-content\/uploads\/2026\/03\/Rodriguez-Martinez11-anos-Escolapios-Genil-Un-futuro-lleno-de-esperanza.jpg&#8221; title_text=&#8221;Rodr\u00edguez Mart\u00ednez11 a\u00f1os Escolapios Genil Un futuro lleno de esperanza&#8221; show_in_lightbox=&#8221;on&#8221; _builder_version=&#8221;4.27.4&#8243; _module_preset=&#8221;default&#8221; global_colors_info=&#8221;{}&#8221;][\/et_pb_image][et_pb_text _builder_version=&#8221;4.27.4&#8243; _module_preset=&#8221;default&#8221; global_colors_info=&#8221;{}&#8221;]<\/p>\n<p style=\"text-align: center;\">Rodr\u00edguez Mart\u00ednez<\/p>\n<p style=\"text-align: center;\">Granada<\/p>\n<p>[\/et_pb_text][\/et_pb_column][et_pb_column type=&#8221;1_4&#8243; _builder_version=&#8221;4.27.4&#8243; _module_preset=&#8221;default&#8221; global_colors_info=&#8221;{}&#8221;][et_pb_image src=&#8221;https:\/\/www.itakaescolapios.org\/wp-content\/uploads\/2026\/03\/Rodriguez-Martinez-_11-anos_Escolapios-Genil-Un-futuro-lleno-de-esperanza.jpg&#8221; title_text=&#8221;Rodr\u00edguez Mart\u00ednez _11 a\u00f1os_Escolapios Genil Un futuro lleno de esperanza&#8221; show_in_lightbox=&#8221;on&#8221; _builder_version=&#8221;4.27.4&#8243; _module_preset=&#8221;default&#8221; global_colors_info=&#8221;{}&#8221;][\/et_pb_image][et_pb_text _builder_version=&#8221;4.27.4&#8243; _module_preset=&#8221;default&#8221; global_colors_info=&#8221;{}&#8221;]<\/p>\n<p style=\"text-align: center;\">Rodr\u00edguez Mart\u00ednez<\/p>\n<p style=\"text-align: center;\">Proyecto Balira (Vitoria Gasteiz)<\/p>\n<p>[\/et_pb_text][\/et_pb_column][\/et_pb_row][et_pb_row column_structure=&#8221;1_4,1_4,1_4,1_4&#8243; _builder_version=&#8221;4.27.4&#8243; _module_preset=&#8221;default&#8221; locked=&#8221;off&#8221; global_colors_info=&#8221;{}&#8221;][et_pb_column type=&#8221;1_4&#8243; _builder_version=&#8221;4.27.4&#8243; _module_preset=&#8221;default&#8221; global_colors_info=&#8221;{}&#8221;][et_pb_image src=&#8221;https:\/\/www.itakaescolapios.org\/wp-content\/uploads\/2026\/03\/igondjo-christ-divin-4e-annee-primaire_Gabon.jpeg&#8221; title_text=&#8221;igondjo christ divin 4e anne\u0301e (primaire)_Gabon&#8221; show_in_lightbox=&#8221;on&#8221; _builder_version=&#8221;4.27.4&#8243; _module_preset=&#8221;default&#8221; global_colors_info=&#8221;{}&#8221;][\/et_pb_image][et_pb_text _builder_version=&#8221;4.27.4&#8243; _module_preset=&#8221;default&#8221; global_colors_info=&#8221;{}&#8221;]<\/p>\n<p style=\"text-align: center;\">Igondjo<\/p>\n<p style=\"text-align: center;\">Gab\u00f3n<\/p>\n<p>[\/et_pb_text][\/et_pb_column][et_pb_column type=&#8221;1_4&#8243; _builder_version=&#8221;4.27.4&#8243; _module_preset=&#8221;default&#8221; global_colors_info=&#8221;{}&#8221;][et_pb_image src=&#8221;https:\/\/www.itakaescolapios.org\/wp-content\/uploads\/2026\/03\/Maria-Reyes-Romero-12-anos-Itaka-permanecera.-Escolapios-Genil-Granada.jpg&#8221; title_text=&#8221;Mari\u0301a Reyes Romero 12 an\u0303os Itaka permanecera\u0301. Escolapios Genil Granada&#8221; show_in_lightbox=&#8221;on&#8221; _builder_version=&#8221;4.27.4&#8243; _module_preset=&#8221;default&#8221; global_colors_info=&#8221;{}&#8221;][\/et_pb_image][et_pb_text _builder_version=&#8221;4.27.4&#8243; _module_preset=&#8221;default&#8221; global_colors_info=&#8221;{}&#8221;]<\/p>\n<p style=\"text-align: center;\">Mar\u00eda Reyes<\/p>\n<p style=\"text-align: center;\">Granada<\/p>\n<p>[\/et_pb_text][\/et_pb_column][et_pb_column type=&#8221;1_4&#8243; _builder_version=&#8221;4.27.4&#8243; _module_preset=&#8221;default&#8221; global_colors_info=&#8221;{}&#8221;][et_pb_image src=&#8221;https:\/\/www.itakaescolapios.org\/wp-content\/uploads\/2026\/03\/Paula-Aziz-Da-Cruz-10-anos-Titulo-de-la-obra-Educacion-para-todos_Balira-Vitoria-Gasteiz-2.jpg&#8221; title_text=&#8221;Paula Aziz Da Cruz 10 a\u00f1os Titulo de la obra Educaci\u00f3n para todos_Balira Vitoria Gasteiz 2&#8243; show_in_lightbox=&#8221;on&#8221; _builder_version=&#8221;4.27.4&#8243; _module_preset=&#8221;default&#8221; global_colors_info=&#8221;{}&#8221;][\/et_pb_image][et_pb_text _builder_version=&#8221;4.27.4&#8243; _module_preset=&#8221;default&#8221; global_colors_info=&#8221;{}&#8221;]<\/p>\n<p style=\"text-align: center;\">Paula Aziz da Cruz<\/p>\n<p style=\"text-align: center;\">Proyecto Balira (Vitoria Gasteiz)<\/p>\n<p>[\/et_pb_text][\/et_pb_column][et_pb_column type=&#8221;1_4&#8243; _builder_version=&#8221;4.27.4&#8243; _module_preset=&#8221;default&#8221; global_colors_info=&#8221;{}&#8221;][et_pb_image src=&#8221;https:\/\/www.itakaescolapios.org\/wp-content\/uploads\/2026\/03\/Poema_Africa-Central.jpeg&#8221; title_text=&#8221;Poema_Africa Central&#8221; show_in_lightbox=&#8221;on&#8221; _builder_version=&#8221;4.27.4&#8243; _module_preset=&#8221;default&#8221; global_colors_info=&#8221;{}&#8221;][\/et_pb_image][et_pb_text _builder_version=&#8221;4.27.4&#8243; _module_preset=&#8221;default&#8221; global_colors_info=&#8221;{}&#8221;]<\/p>\n<p style=\"text-align: center;\">Poema<\/p>\n<p style=\"text-align: center;\">\u00c1frica Central<\/p>\n<p>[\/et_pb_text][\/et_pb_column][\/et_pb_row][et_pb_row column_structure=&#8221;1_4,1_4,1_4,1_4&#8243; _builder_version=&#8221;4.27.4&#8243; _module_preset=&#8221;default&#8221; locked=&#8221;off&#8221; global_colors_info=&#8221;{}&#8221;][et_pb_column type=&#8221;1_4&#8243; _builder_version=&#8221;4.27.4&#8243; _module_preset=&#8221;default&#8221; global_colors_info=&#8221;{}&#8221;][et_pb_image src=&#8221;https:\/\/www.itakaescolapios.org\/wp-content\/uploads\/2026\/03\/Poema-1-de-2-_Africa-Central.jpeg&#8221; title_text=&#8221;Poema 1 de 2 _Africa Central&#8221; show_in_lightbox=&#8221;on&#8221; _builder_version=&#8221;4.27.4&#8243; _module_preset=&#8221;default&#8221; global_colors_info=&#8221;{}&#8221;][\/et_pb_image][et_pb_text _builder_version=&#8221;4.27.4&#8243; _module_preset=&#8221;default&#8221; global_colors_info=&#8221;{}&#8221;]<\/p>\n<p style=\"text-align: center;\">Poema (1 de 2)<\/p>\n<p style=\"text-align: center;\">\u00c1frica Central<\/p>\n<p>[\/et_pb_text][\/et_pb_column][et_pb_column type=&#8221;1_4&#8243; _builder_version=&#8221;4.27.4&#8243; _module_preset=&#8221;default&#8221; global_colors_info=&#8221;{}&#8221;][et_pb_image src=&#8221;https:\/\/www.itakaescolapios.org\/wp-content\/uploads\/2026\/03\/Poema-2-de-2_Africa-Central.jpeg&#8221; title_text=&#8221;Poema 2 de 2_Africa Central&#8221; show_in_lightbox=&#8221;on&#8221; _builder_version=&#8221;4.27.4&#8243; _module_preset=&#8221;default&#8221; global_colors_info=&#8221;{}&#8221;][\/et_pb_image][et_pb_text _builder_version=&#8221;4.27.4&#8243; _module_preset=&#8221;default&#8221; global_colors_info=&#8221;{}&#8221;]<\/p>\n<p style=\"text-align: center;\">Poema (2 de 2)<\/p>\n<p style=\"text-align: center;\">\u00c1frica Central<\/p>\n<p>\u00a0[\/et_pb_text][\/et_pb_column][et_pb_column type=&#8221;1_4&#8243; _builder_version=&#8221;4.27.4&#8243; _module_preset=&#8221;default&#8221; global_colors_info=&#8221;{}&#8221;][et_pb_image src=&#8221;https:\/\/www.itakaescolapios.org\/wp-content\/uploads\/2026\/03\/madou-Mpaga-hony-rebecca-5eme-college-calasanz_Gabon-e1774861543247.jpeg&#8221; title_text=&#8221;madou M&#8217;paga hony rebecca 5eme colle\u0300ge calasanz_Gabon&#8221; _builder_version=&#8221;4.27.4&#8243; _module_preset=&#8221;default&#8221; global_colors_info=&#8221;{}&#8221;][\/et_pb_image][et_pb_text _builder_version=&#8221;4.27.4&#8243; _module_preset=&#8221;default&#8221; global_colors_info=&#8221;{}&#8221;]<\/p>\n<p style=\"text-align: center;\">Madou M\u00b4Paga<\/p>\n<p style=\"text-align: center;\">Gab\u00f3n<\/p>\n<p>[\/et_pb_text][\/et_pb_column][et_pb_column type=&#8221;1_4&#8243; _builder_version=&#8221;4.27.4&#8243; _module_preset=&#8221;default&#8221; global_colors_info=&#8221;{}&#8221;][et_pb_image src=&#8221;https:\/\/www.itakaescolapios.org\/wp-content\/uploads\/2026\/03\/Sylvestre-Patrice-DIATTA_Africa-del-Oeste.jpeg&#8221; title_text=&#8221;Sylvestre Patrice DIATTA_A\u0301frica del Oeste&#8221; show_in_lightbox=&#8221;on&#8221; _builder_version=&#8221;4.27.4&#8243; _module_preset=&#8221;default&#8221; global_colors_info=&#8221;{}&#8221;][\/et_pb_image][et_pb_text _builder_version=&#8221;4.27.4&#8243; _module_preset=&#8221;default&#8221; global_colors_info=&#8221;{}&#8221;]<\/p>\n<p style=\"text-align: center;\">\u00c1frica del Oeste<\/p>\n<p>[\/et_pb_text][\/et_pb_column][\/et_pb_row][et_pb_row column_structure=&#8221;1_4,1_4,1_4,1_4&#8243; _builder_version=&#8221;4.27.4&#8243; _module_preset=&#8221;default&#8221; locked=&#8221;off&#8221; global_colors_info=&#8221;{}&#8221;][et_pb_column type=&#8221;1_4&#8243; _builder_version=&#8221;4.27.4&#8243; _module_preset=&#8221;default&#8221; global_colors_info=&#8221;{}&#8221;][et_pb_image src=&#8221;https:\/\/www.itakaescolapios.org\/wp-content\/uploads\/2026\/03\/Tafalla.jpeg&#8221; title_text=&#8221;Tafalla&#8221; show_in_lightbox=&#8221;on&#8221; _builder_version=&#8221;4.27.4&#8243; _module_preset=&#8221;default&#8221; global_colors_info=&#8221;{}&#8221;][\/et_pb_image][et_pb_text _builder_version=&#8221;4.27.4&#8243; _module_preset=&#8221;default&#8221; global_colors_info=&#8221;{}&#8221;]<\/p>\n<p style=\"text-align: center;\">Tafalla<\/p>\n<p>[\/et_pb_text][\/et_pb_column][et_pb_column type=&#8221;1_4&#8243; _builder_version=&#8221;4.27.4&#8243; _module_preset=&#8221;default&#8221; global_colors_info=&#8221;{}&#8221;][et_pb_image src=&#8221;https:\/\/www.itakaescolapios.org\/wp-content\/uploads\/2026\/03\/texto-Africa-Central-e1774862928782.jpeg&#8221; title_text=&#8221;texto Africa Central&#8221; show_in_lightbox=&#8221;on&#8221; _builder_version=&#8221;4.27.4&#8243; _module_preset=&#8221;default&#8221; global_colors_info=&#8221;{}&#8221;][\/et_pb_image][et_pb_text _builder_version=&#8221;4.27.4&#8243; _module_preset=&#8221;default&#8221; global_colors_info=&#8221;{}&#8221;]<\/p>\n<p style=\"text-align: center;\">\u00c1frica Central<\/p>\n<p>[\/et_pb_text][\/et_pb_column][et_pb_column type=&#8221;1_4&#8243; _builder_version=&#8221;4.27.4&#8243; _module_preset=&#8221;default&#8221; global_colors_info=&#8221;{}&#8221;][et_pb_image src=&#8221;https:\/\/www.itakaescolapios.org\/wp-content\/uploads\/2026\/03\/Alaa-Rmiic_11-anos_Titulo-de-la-obra-Tecnologia-en-ItakaBalira-Vitoria-Gasteiz-3.jpg&#8221; title_text=&#8221;Alaa Rmiic_11 a\u00f1os_Titulo de la obra Tecnolog\u00eda en ItakaBalira Vitoria Gasteiz 3&#8243; show_in_lightbox=&#8221;on&#8221; _builder_version=&#8221;4.27.4&#8243; _module_preset=&#8221;default&#8221; global_colors_info=&#8221;{}&#8221;][\/et_pb_image][et_pb_text _builder_version=&#8221;4.27.4&#8243; _module_preset=&#8221;default&#8221; global_colors_info=&#8221;{}&#8221;]<\/p>\n<p style=\"text-align: center;\">\u00c1frica Central<\/p>\n<p>[\/et_pb_text][\/et_pb_column][et_pb_column type=&#8221;1_4&#8243; _builder_version=&#8221;4.27.4&#8243; _module_preset=&#8221;default&#8221; global_colors_info=&#8221;{}&#8221;][et_pb_image src=&#8221;https:\/\/www.itakaescolapios.org\/wp-content\/uploads\/2026\/03\/Dibujo-pastel_Africa-Central.jpeg&#8221; title_text=&#8221;Dibujo pastel_Africa Central&#8221; show_in_lightbox=&#8221;on&#8221; _builder_version=&#8221;4.27.4&#8243; _module_preset=&#8221;default&#8221; global_colors_info=&#8221;{}&#8221;][\/et_pb_image][et_pb_text _builder_version=&#8221;4.27.4&#8243; _module_preset=&#8221;default&#8221; global_colors_info=&#8221;{}&#8221;]<\/p>\n<p style=\"text-align: center;\">\u00c1frica Central<\/p>\n<p>[\/et_pb_text][\/et_pb_column][\/et_pb_row][et_pb_row column_structure=&#8221;1_4,1_4,1_4,1_4&#8243; _builder_version=&#8221;4.27.4&#8243; _module_preset=&#8221;default&#8221; locked=&#8221;off&#8221; global_colors_info=&#8221;{}&#8221;][et_pb_column type=&#8221;1_4&#8243; _builder_version=&#8221;4.27.4&#8243; _module_preset=&#8221;default&#8221; global_colors_info=&#8221;{}&#8221;][et_pb_image src=&#8221;https:\/\/www.itakaescolapios.org\/wp-content\/uploads\/2026\/03\/Vitoria-Gasteiz-hemos-hecho-un-calendario-del-curso-20502051.jpg&#8221; title_text=&#8221;Vitoria Gasteiz hemos hecho un calendario del curso 20502051&#8243; show_in_lightbox=&#8221;on&#8221; _builder_version=&#8221;4.27.4&#8243; _module_preset=&#8221;default&#8221; global_colors_info=&#8221;{}&#8221;][\/et_pb_image][et_pb_text _builder_version=&#8221;4.27.4&#8243; _module_preset=&#8221;default&#8221; global_colors_info=&#8221;{}&#8221;]<\/p>\n<p style=\"text-align: center;\">Vitoria Gasteiz<\/p>\n<p>[\/et_pb_text][\/et_pb_column][et_pb_column type=&#8221;1_4&#8243; _builder_version=&#8221;4.27.4&#8243; _module_preset=&#8221;default&#8221; global_colors_info=&#8221;{}&#8221;][et_pb_image src=&#8221;https:\/\/www.itakaescolapios.org\/wp-content\/uploads\/2026\/03\/Xiamara-Damaris-Ramos-11-anos.-Titulo-de-la-obra-Mi-voz-en-el-papel_Balira-Vitoria-Gasteiz-1.jpg&#8221; title_text=&#8221;Xiamara Damaris Ramos, 11 a\u00f1os. Titulo de la obra Mi voz en el papel_Balira Vitoria Gasteiz 1&#8243; show_in_lightbox=&#8221;on&#8221; _builder_version=&#8221;4.27.4&#8243; _module_preset=&#8221;default&#8221; global_colors_info=&#8221;{}&#8221;][\/et_pb_image][et_pb_text _builder_version=&#8221;4.27.4&#8243; _module_preset=&#8221;default&#8221; global_colors_info=&#8221;{}&#8221;]<\/p>\n<p style=\"text-align: center;\">Xiamara Damaris<\/p>\n<p style=\"text-align: center;\">Proyecto Balira (Vitoria Gasteiz)<\/p>\n<p>[\/et_pb_text][\/et_pb_column][et_pb_column type=&#8221;1_4&#8243; _builder_version=&#8221;4.27.4&#8243; _module_preset=&#8221;default&#8221; global_colors_info=&#8221;{}&#8221;][et_pb_image src=&#8221;https:\/\/www.itakaescolapios.org\/wp-content\/uploads\/2026\/03\/triomphe_Gabon-e1774864653693.jpeg&#8221; title_text=&#8221;triomphe_Gabon&#8221; show_in_lightbox=&#8221;on&#8221; _builder_version=&#8221;4.27.4&#8243; _module_preset=&#8221;default&#8221; global_colors_info=&#8221;{}&#8221;][\/et_pb_image][et_pb_text _builder_version=&#8221;4.27.4&#8243; _module_preset=&#8221;default&#8221; global_colors_info=&#8221;{}&#8221;]<\/p>\n<p style=\"text-align: center;\">Triomphe<\/p>\n<p style=\"text-align: center;\">Gab\u00f3n<\/p>\n<p>[\/et_pb_text][\/et_pb_column][et_pb_column type=&#8221;1_4&#8243; _builder_version=&#8221;4.27.4&#8243; _module_preset=&#8221;default&#8221; global_colors_info=&#8221;{}&#8221;][et_pb_image src=&#8221;https:\/\/www.itakaescolapios.org\/wp-content\/uploads\/2026\/03\/massande-mickoto-pierre-josue-4e-annee-primaire_Gabon.jpeg&#8221; title_text=&#8221;massande mickoto pierre josue\u0301 4e anne\u0301e (primaire)_Gabon&#8221; show_in_lightbox=&#8221;on&#8221; _builder_version=&#8221;4.27.4&#8243; _module_preset=&#8221;default&#8221; global_colors_info=&#8221;{}&#8221;][\/et_pb_image][et_pb_text _builder_version=&#8221;4.27.4&#8243; _module_preset=&#8221;default&#8221; global_colors_info=&#8221;{}&#8221;]<\/p>\n<p style=\"text-align: center;\">Pierre Massande Mickoto<\/p>\n<p style=\"text-align: center;\">Gab\u00f3n<\/p>\n<p>[\/et_pb_text][\/et_pb_column][\/et_pb_row][et_pb_row column_structure=&#8221;1_4,1_4,1_4,1_4&#8243; _builder_version=&#8221;4.27.4&#8243; _module_preset=&#8221;default&#8221; locked=&#8221;off&#8221; global_colors_info=&#8221;{}&#8221;][et_pb_column type=&#8221;1_4&#8243; _builder_version=&#8221;4.27.4&#8243; _module_preset=&#8221;default&#8221; global_colors_info=&#8221;{}&#8221;][et_pb_video src=&#8221;https:\/\/youtu.be\/sJtZh9I6ALA&#8221; _builder_version=&#8221;4.27.4&#8243; _module_preset=&#8221;default&#8221; global_colors_info=&#8221;{}&#8221;][\/et_pb_video][et_pb_text _builder_version=&#8221;4.27.4&#8243; _module_preset=&#8221;default&#8221; global_colors_info=&#8221;{}&#8221;]<\/p>\n<p style=\"text-align: center;\">Proyecto Sa\u00f3 (Valencia)<\/p>\n<p>[\/et_pb_text][\/et_pb_column][et_pb_column type=&#8221;1_4&#8243; _builder_version=&#8221;4.27.4&#8243; _module_preset=&#8221;default&#8221; global_colors_info=&#8221;{}&#8221;][et_pb_video src=&#8221;https:\/\/youtu.be\/4GCo6Nuhpl8&#8243; _builder_version=&#8221;4.27.4&#8243; _module_preset=&#8221;default&#8221; global_colors_info=&#8221;{}&#8221;][\/et_pb_video][et_pb_text _builder_version=&#8221;4.27.4&#8243; _module_preset=&#8221;default&#8221; global_colors_info=&#8221;{}&#8221;]<\/p>\n<p style=\"text-align: center;\">\u00c1frica Central<\/p>\n<p>[\/et_pb_text][\/et_pb_column][et_pb_column type=&#8221;1_4&#8243; _builder_version=&#8221;4.27.4&#8243; _module_preset=&#8221;default&#8221; global_colors_info=&#8221;{}&#8221;][et_pb_video src=&#8221;https:\/\/youtu.be\/9sceegABZQI&#8221; _builder_version=&#8221;4.27.4&#8243; _module_preset=&#8221;default&#8221; global_colors_info=&#8221;{}&#8221;][\/et_pb_video][et_pb_text _builder_version=&#8221;4.27.4&#8243; _module_preset=&#8221;default&#8221; global_colors_info=&#8221;{}&#8221;]<\/p>\n<p style=\"text-align: center;\">\u00c1frica Central<\/p>\n<p>[\/et_pb_text][\/et_pb_column][et_pb_column type=&#8221;1_4&#8243; _builder_version=&#8221;4.27.4&#8243; _module_preset=&#8221;default&#8221; global_colors_info=&#8221;{}&#8221;][et_pb_video src=&#8221;https:\/\/youtu.be\/YL9Ca2d-JkQ&#8221; _builder_version=&#8221;4.27.4&#8243; _module_preset=&#8221;default&#8221; global_colors_info=&#8221;{}&#8221;][\/et_pb_video][et_pb_text _builder_version=&#8221;4.27.4&#8243; _module_preset=&#8221;default&#8221; global_colors_info=&#8221;{}&#8221;]<\/p>\n<p style=\"text-align: center;\">\u00c1frica Central<\/p>\n<p>[\/et_pb_text][\/et_pb_column][\/et_pb_row][et_pb_row column_structure=&#8221;1_4,1_4,1_4,1_4&#8243; _builder_version=&#8221;4.27.4&#8243; _module_preset=&#8221;default&#8221; locked=&#8221;off&#8221; global_colors_info=&#8221;{}&#8221;][et_pb_column type=&#8221;1_4&#8243; _builder_version=&#8221;4.27.4&#8243; _module_preset=&#8221;default&#8221; global_colors_info=&#8221;{}&#8221;][et_pb_video src=&#8221;https:\/\/youtu.be\/BgMzJ2hU010&#8243; _builder_version=&#8221;4.27.4&#8243; _module_preset=&#8221;default&#8221; global_colors_info=&#8221;{}&#8221;][\/et_pb_video][et_pb_text _builder_version=&#8221;4.27.4&#8243; _module_preset=&#8221;default&#8221; global_colors_info=&#8221;{}&#8221;]<\/p>\n<p style=\"text-align: center;\">Proyecto Sa\u00f3 (Valencia)<\/p>\n<p>[\/et_pb_text][\/et_pb_column][et_pb_column type=&#8221;1_4&#8243; _builder_version=&#8221;4.27.4&#8243; _module_preset=&#8221;default&#8221; global_colors_info=&#8221;{}&#8221;][et_pb_video src=&#8221;https:\/\/youtu.be\/65txRTc8ehw&#8221; _builder_version=&#8221;4.27.4&#8243; _module_preset=&#8221;default&#8221; global_colors_info=&#8221;{}&#8221;][\/et_pb_video][et_pb_text _builder_version=&#8221;4.27.4&#8243; _module_preset=&#8221;default&#8221; global_colors_info=&#8221;{}&#8221;]<\/p>\n<p style=\"text-align: center;\">\u00c1frica Central<\/p>\n<p>[\/et_pb_text][\/et_pb_column][et_pb_column type=&#8221;1_4&#8243; _builder_version=&#8221;4.27.4&#8243; _module_preset=&#8221;default&#8221; global_colors_info=&#8221;{}&#8221;][et_pb_video src=&#8221;https:\/\/youtu.be\/9sceegABZQI&#8221; _builder_version=&#8221;4.27.4&#8243; _module_preset=&#8221;default&#8221; global_colors_info=&#8221;{}&#8221;][\/et_pb_video][et_pb_text _builder_version=&#8221;4.27.4&#8243; _module_preset=&#8221;default&#8221; global_colors_info=&#8221;{}&#8221;]<\/p>\n<p style=\"text-align: center;\">\u00c1frica Central<\/p>\n<p>[\/et_pb_text][\/et_pb_column][et_pb_column type=&#8221;1_4&#8243; _builder_version=&#8221;4.27.4&#8243; _module_preset=&#8221;default&#8221; global_colors_info=&#8221;{}&#8221;][et_pb_video src=&#8221;https:\/\/youtu.be\/rjLNRyjkwOM&#8221; _builder_version=&#8221;4.27.4&#8243; _module_preset=&#8221;default&#8221; global_colors_info=&#8221;{}&#8221;][\/et_pb_video][et_pb_text _builder_version=&#8221;4.27.4&#8243; _module_preset=&#8221;default&#8221; global_colors_info=&#8221;{}&#8221;]<\/p>\n<p style=\"text-align: center;\">\u00c1frica Central<\/p>\n<p>[\/et_pb_text][\/et_pb_column][\/et_pb_row][et_pb_row column_structure=&#8221;1_4,1_4,1_4,1_4&#8243; _builder_version=&#8221;4.27.4&#8243; _module_preset=&#8221;default&#8221; locked=&#8221;off&#8221; global_colors_info=&#8221;{}&#8221;][et_pb_column type=&#8221;1_4&#8243; _builder_version=&#8221;4.27.4&#8243; _module_preset=&#8221;default&#8221; global_colors_info=&#8221;{}&#8221;][et_pb_video src=&#8221;https:\/\/youtu.be\/PgXSOMBJngU&#8221; _builder_version=&#8221;4.27.4&#8243; _module_preset=&#8221;default&#8221; global_colors_info=&#8221;{}&#8221;][\/et_pb_video][et_pb_text _builder_version=&#8221;4.27.4&#8243; _module_preset=&#8221;default&#8221; global_colors_info=&#8221;{}&#8221;]<\/p>\n<p style=\"text-align: center;\">Proyecto Sa\u00f3 (Valencia)<\/p>\n<p>[\/et_pb_text][\/et_pb_column][et_pb_column type=&#8221;1_4&#8243; _builder_version=&#8221;4.27.4&#8243; _module_preset=&#8221;default&#8221; global_colors_info=&#8221;{}&#8221;][et_pb_video src=&#8221;https:\/\/youtu.be\/GcIaf-VsDnQ&#8221; _builder_version=&#8221;4.27.4&#8243; _module_preset=&#8221;default&#8221; global_colors_info=&#8221;{}&#8221;][\/et_pb_video][et_pb_text _builder_version=&#8221;4.27.4&#8243; _module_preset=&#8221;default&#8221; global_colors_info=&#8221;{}&#8221;]<\/p>\n<p style=\"text-align: center;\">Camer\u00fan<\/p>\n<p>[\/et_pb_text][\/et_pb_column][et_pb_column type=&#8221;1_4&#8243; _builder_version=&#8221;4.27.4&#8243; _module_preset=&#8221;default&#8221; global_colors_info=&#8221;{}&#8221;][et_pb_video src=&#8221;https:\/\/youtu.be\/H41cvdtD7yM&#8221; _builder_version=&#8221;4.27.4&#8243; _module_preset=&#8221;default&#8221; global_colors_info=&#8221;{}&#8221;][\/et_pb_video][et_pb_text _builder_version=&#8221;4.27.4&#8243; _module_preset=&#8221;default&#8221; global_colors_info=&#8221;{}&#8221;]<\/p>\n<p style=\"text-align: center;\">Canci\u00f3n \u00c1frica Central<\/p>\n<p>[\/et_pb_text][\/et_pb_column][et_pb_column type=&#8221;1_4&#8243; _builder_version=&#8221;4.27.4&#8243; _module_preset=&#8221;default&#8221; global_colors_info=&#8221;{}&#8221;][et_pb_image src=&#8221;https:\/\/www.itakaescolapios.org\/wp-content\/uploads\/2026\/03\/WhatsApp-Image-2026-03-30-at-17.21.19.jpeg&#8221; title_text=&#8221;RD Congo&#8221; show_in_lightbox=&#8221;on&#8221; _builder_version=&#8221;4.27.4&#8243; _module_preset=&#8221;default&#8221; global_colors_info=&#8221;{}&#8221;][\/et_pb_image][et_pb_text _builder_version=&#8221;4.27.4&#8243; _module_preset=&#8221;default&#8221; global_colors_info=&#8221;{}&#8221;]<\/p>\n<p style=\"text-align: center;\">RD Congo<\/p>\n<p>[\/et_pb_text][\/et_pb_column][\/et_pb_row][\/et_pb_section]<\/p>\n","protected":false},"excerpt":{"rendered":"<div class=\"et_pb_module df_adh_heading df_adh_heading_0\">\n\t\t\t\t\n\t\t\t\t\n\t\t\t\t\n\t\t\t\t\n\t\t\t\t\n\t\t\t\t\n\t\t\t\t<div class=\"et_pb_module_inner\">\n\t\t\t\t\t<div class=\"df-heading-container\">\n                \n                \n                <h3 class=\"df-heading\"><span class=\"prefix\">&#8221;ARTISTIC<\/span> <span class=\"infix\">&#8221;25TH<\/span> <\/h3>\n                \n            <\/div>\n\t\t\t\t<\/div>\n\t\t\t<\/div>\n","protected":false},"author":69,"featured_media":0,"parent":0,"menu_order":0,"comment_status":"closed","ping_status":"closed","template":"","meta":{"_et_pb_use_builder":"on","_et_pb_old_content":"","_et_gb_content_width":"","footnotes":""},"class_list":["post-331154","page","type-page","status-publish","hentry"],"yoast_head":"<!-- This site is optimized with the Yoast SEO plugin v27.4 - https:\/\/yoast.com\/product\/yoast-seo-wordpress\/ -->\n<title>Expresiones art\u00edsticas-Aniversario<\/title>\n<meta name=\"description\" content=\"[et_pb_section fb_built=&quot;1&quot; admin_label=&quot;Texto explicativo expresiones art\u00edsticas&quot; _builder_version=&quot;4.27.4&quot; custom_margin=&quot;||0px||false|false&quot; custom_padding=&quot;28px||0px||false|false&quot; da_disable_devices=&quot;off|off|off&quot; locked=&quot;off&quot; collapsed=&quot;off&quot; global_colors_info=&quot;{}&quot; da_is_popup=&quot;off&quot; da_exit_intent=&quot;off&quot; da_has_close=&quot;on&quot; da_alt_close=&quot;off&quot; da_dark_close=&quot;off&quot; da_not_modal=&quot;on&quot; da_is_singular=&quot;off&quot; da_with_loader=&quot;off&quot; da_has_shadow=&quot;on&quot;][et_pb_row _builder_version=&quot;4.27.4&quot; _module_preset=&quot;default&quot; max_width=&quot;3333px&quot; module_alignment=&quot;center&quot; locked=&quot;off&quot; global_colors_info=&quot;{}&quot;][et_pb_column type=&quot;4_4&quot; _builder_version=&quot;4.27.4&quot; _module_preset=&quot;default&quot; global_colors_info=&quot;{}&quot;][df_adh_heading title_prefix=&quot;EXPRESIONES ART\u00cdSTICAS&quot; title_infix=&quot;25 ANIVERSARIO&quot; divider_background_bgcolor=&quot;gcid-1324f65a-026a-452f-9378-9f45b6d9758c&quot; _builder_version=&quot;4.27.4&quot; _module_preset=&quot;default&quot; t_prefix_font=&quot;Merriweather|700|||||||&quot; t_prefix_text_color=&quot;gcid-cca90ba6-297c-4d63-9e2c-8201011ef870&quot; t_prefix_font_size=&quot;40px&quot; t_prefix_line_height=&quot;1.5em&quot; t_infix_font=&quot;Merriweather|700|||||||&quot; t_infix_text_color=&quot;gcid-b1ace166-c11d-4c70-a679-55884e9ca298&quot; t_infix_font_size=&quot;40px&quot; t_infix_line_height=&quot;1.5em&quot; module_alignment=&quot;center&quot; t_prefix_font_size_tablet=&quot;40px&quot; t_prefix_font_size_phone=&quot;30px&quot; t_prefix_font_size_last_edited=&quot;on|phone&quot; t_infix_font_size_tablet=&quot;40px&quot; t_infix_font_size_phone=&quot;30px&quot; t_infix_font_size_last_edited=&quot;on|phone&quot; custom_css_main_element=&quot;text-align:center;&quot;&hellip;\" \/>\n<meta name=\"robots\" content=\"index, follow, max-snippet:-1, max-image-preview:large, max-video-preview:-1\" \/>\n<link rel=\"canonical\" href=\"\" \/>\n<meta property=\"og:locale\" content=\"en_US\" \/>\n<meta property=\"og:type\" content=\"article\" \/>\n<meta property=\"og:title\" content=\"Expresiones art\u00edsticas-Aniversario\" \/>\n<meta property=\"og:description\" content=\"[et_pb_section fb_built=&quot;1&quot; admin_label=&quot;Texto explicativo expresiones art\u00edsticas&quot; _builder_version=&quot;4.27.4&quot; custom_margin=&quot;||0px||false|false&quot; custom_padding=&quot;28px||0px||false|false&quot; da_disable_devices=&quot;off|off|off&quot; locked=&quot;off&quot; collapsed=&quot;off&quot; global_colors_info=&quot;{}&quot; da_is_popup=&quot;off&quot; da_exit_intent=&quot;off&quot; da_has_close=&quot;on&quot; da_alt_close=&quot;off&quot; da_dark_close=&quot;off&quot; da_not_modal=&quot;on&quot; da_is_singular=&quot;off&quot; da_with_loader=&quot;off&quot; da_has_shadow=&quot;on&quot;][et_pb_row _builder_version=&quot;4.27.4&quot; _module_preset=&quot;default&quot; max_width=&quot;3333px&quot; module_alignment=&quot;center&quot; locked=&quot;off&quot; global_colors_info=&quot;{}&quot;][et_pb_column type=&quot;4_4&quot; _builder_version=&quot;4.27.4&quot; _module_preset=&quot;default&quot; global_colors_info=&quot;{}&quot;][df_adh_heading title_prefix=&quot;EXPRESIONES ART\u00cdSTICAS&quot; title_infix=&quot;25 ANIVERSARIO&quot; divider_background_bgcolor=&quot;gcid-1324f65a-026a-452f-9378-9f45b6d9758c&quot; _builder_version=&quot;4.27.4&quot; _module_preset=&quot;default&quot; t_prefix_font=&quot;Merriweather|700|||||||&quot; t_prefix_text_color=&quot;gcid-cca90ba6-297c-4d63-9e2c-8201011ef870&quot; t_prefix_font_size=&quot;40px&quot; t_prefix_line_height=&quot;1.5em&quot; t_infix_font=&quot;Merriweather|700|||||||&quot; t_infix_text_color=&quot;gcid-b1ace166-c11d-4c70-a679-55884e9ca298&quot; t_infix_font_size=&quot;40px&quot; t_infix_line_height=&quot;1.5em&quot; module_alignment=&quot;center&quot; t_prefix_font_size_tablet=&quot;40px&quot; t_prefix_font_size_phone=&quot;30px&quot; t_prefix_font_size_last_edited=&quot;on|phone&quot; t_infix_font_size_tablet=&quot;40px&quot; t_infix_font_size_phone=&quot;30px&quot; t_infix_font_size_last_edited=&quot;on|phone&quot; custom_css_main_element=&quot;text-align:center;&quot;&hellip;\" \/>\n<meta property=\"og:url\" content=\"https:\/\/www.itakaescolapios.org\/en\/expresiones-artisticas-aniversario\/\" \/>\n<meta property=\"og:site_name\" content=\"Proofs in Itaka-Escolapios\" \/>\n<meta property=\"article:modified_time\" content=\"2026-04-08T10:30:01+00:00\" \/>\n<meta name=\"twitter:card\" content=\"summary_large_image\" \/>\n<meta name=\"twitter:description\" content=\"[df_adh_heading title_prefix=&quot;EXPRESIONES ART\u00cdSTICAS&quot; title_infix=&quot;25 ANIVERSARIO&quot; divider_background_bgcolor=&quot;gcid-1324f65a-026a-452f-9378-9f45b6d9758c&quot; _builder_version=&quot;4.27.4&quot; _module_preset=&quot;default&quot; t_prefix_font=&quot;Merriweather|700|||||||&quot; t_prefix_text_color=&quot;gcid-cca90ba6-297c-4d63-9e2c-8201011ef870&quot; t_prefix_font_size=&quot;40px&quot; t_prefix_line_height=&quot;1.5em&quot; t_infix_font=&quot;Merriweather|700|||||||&quot; t_infix_text_color=&quot;gcid-b1ace166-c11d-4c70-a679-55884e9ca298&quot; t_infix_font_size=&quot;40px&quot; t_infix_line_height=&quot;1.5em&quot; module_alignment=&quot;center&quot; t_prefix_font_size_tablet=&quot;40px&quot; t_prefix_font_size_phone=&quot;30px&quot; t_prefix_font_size_last_edited=&quot;on|phone&quot; t_infix_font_size_tablet=&quot;40px&quot; t_infix_font_size_phone=&quot;30px&quot; t_infix_font_size_last_edited=&quot;on|phone&quot; custom_css_main_element=&quot;text-align:center;&quot; title_prefix_en_us=&quot;ARTISTIC EXPRESSIONS&quot; title_infix_en_us=&quot;25TH ANNIVERSARY&quot; title_prefix_fr_fr=&quot;EXPRESSIONS ARTISTIQUES&quot; [&hellip;]\" \/>\n<meta name=\"twitter:label1\" content=\"Est. reading time\" \/>\n\t<meta name=\"twitter:data1\" content=\"10 minutes\" \/>\n<script type=\"application\/ld+json\" class=\"yoast-schema-graph\">{\"@context\":\"https:\\\/\\\/schema.org\",\"@graph\":[{\"@type\":\"WebPage\",\"@id\":\"https:\\\/\\\/www.itakaescolapios.org\\\/en\\\/expresiones-artisticas-aniversario\\\/\",\"url\":\"https:\\\/\\\/www.itakaescolapios.org\\\/en\\\/expresiones-artisticas-aniversario\\\/\",\"name\":\"Expresiones art\u00edsticas-Aniversario - Proofs in Itaka-Escolapios\",\"isPartOf\":{\"@id\":\"https:\\\/\\\/www.itakaescolapios.org\\\/es\\\/#website\"},\"datePublished\":\"2026-03-31T09:05:51+00:00\",\"dateModified\":\"2026-04-08T10:30:01+00:00\",\"breadcrumb\":{\"@id\":\"https:\\\/\\\/www.itakaescolapios.org\\\/en\\\/expresiones-artisticas-aniversario\\\/#breadcrumb\"},\"inLanguage\":\"en-US\",\"potentialAction\":[{\"@type\":\"ReadAction\",\"target\":[\"https:\\\/\\\/www.itakaescolapios.org\\\/en\\\/expresiones-artisticas-aniversario\\\/\"]}]},{\"@type\":\"BreadcrumbList\",\"@id\":\"https:\\\/\\\/www.itakaescolapios.org\\\/en\\\/expresiones-artisticas-aniversario\\\/#breadcrumb\",\"itemListElement\":[{\"@type\":\"ListItem\",\"position\":1,\"name\":\"Proof\",\"item\":\"https:\\\/\\\/www.itakaescolapios.org\\\/es\\\/\"},{\"@type\":\"ListItem\",\"position\":2,\"name\":\"Expresiones art\u00edsticas-Aniversario\"}]},{\"@type\":\"WebSite\",\"@id\":\"https:\\\/\\\/www.itakaescolapios.org\\\/en\\\/es\\\/#website\",\"url\":\"https:\\\/\\\/www.itakaescolapios.org\\\/en\\\/es\\\/\",\"name\":\"Itaka-Escolapios\",\"description\":\"Red de Itaka-Escolapios\",\"publisher\":{\"@id\":\"https:\\\/\\\/www.itakaescolapios.org\\\/en\\\/es\\\/#organization\"},\"potentialAction\":[{\"@type\":\"SearchAction\",\"target\":{\"@type\":\"EntryPoint\",\"urlTemplate\":\"https:\\\/\\\/www.itakaescolapios.org\\\/en\\\/es\\\/?s={search_term_string}\"},\"query-input\":{\"@type\":\"PropertyValueSpecification\",\"valueRequired\":true,\"valueName\":\"search_term_string\"}}],\"inLanguage\":\"en-US\"},{\"@type\":\"Organization\",\"@id\":\"https:\\\/\\\/www.itakaescolapios.org\\\/en\\\/es\\\/#organization\",\"name\":\"Fundaci\u00f3 Itaka-Escolapios\",\"url\":\"https:\\\/\\\/www.itakaescolapios.org\\\/en\\\/es\\\/\",\"logo\":{\"@type\":\"ImageObject\",\"inLanguage\":\"en-US\",\"@id\":\"https:\\\/\\\/www.itakaescolapios.org\\\/en\\\/es\\\/#\\\/schema\\\/logo\\\/image\\\/\",\"url\":\"https:\\\/\\\/www.itakaescolapios.org\\\/wp-content\\\/uploads\\\/2024\\\/04\\\/Logo-itakaescolapios-peque.png\",\"contentUrl\":\"https:\\\/\\\/www.itakaescolapios.org\\\/wp-content\\\/uploads\\\/2024\\\/04\\\/Logo-itakaescolapios-peque.png\",\"width\":500,\"height\":199,\"caption\":\"Fundaci\u00f3 Itaka-Escolapios\"},\"image\":{\"@id\":\"https:\\\/\\\/www.itakaescolapios.org\\\/en\\\/es\\\/#\\\/schema\\\/logo\\\/image\\\/\"}}]}<\/script>\n<!-- \/ Yoast SEO plugin. -->","yoast_head_json":{"title":"Expresiones art\u00edsticas-Aniversario","description":"[et_pb_section fb_built=\"1\" admin_label=\"Texto explicativo expresiones art\u00edsticas\" _builder_version=\"4.27.4\" custom_margin=\"||0px||false|false\" custom_padding=\"28px||0px||false|false\" da_disable_devices=\"off|off|off\" locked=\"off\" collapsed=\"off\" global_colors_info=\"{}\" da_is_popup=\"off\" da_exit_intent=\"off\" da_has_close=\"on\" da_alt_close=\"off\" da_dark_close=\"off\" da_not_modal=\"on\" da_is_singular=\"off\" da_with_loader=\"off\" da_has_shadow=\"on\"][et_pb_row _builder_version=\"4.27.4\" _module_preset=\"default\" max_width=\"3333px\" module_alignment=\"center\" locked=\"off\" global_colors_info=\"{}\"][et_pb_column type=\"4_4\" _builder_version=\"4.27.4\" _module_preset=\"default\" global_colors_info=\"{}\"][df_adh_heading title_prefix=\"EXPRESIONES ART\u00cdSTICAS\" title_infix=\"25 ANIVERSARIO\" divider_background_bgcolor=\"gcid-1324f65a-026a-452f-9378-9f45b6d9758c\" _builder_version=\"4.27.4\" _module_preset=\"default\" t_prefix_font=\"Merriweather|700|||||||\" t_prefix_text_color=\"gcid-cca90ba6-297c-4d63-9e2c-8201011ef870\" t_prefix_font_size=\"40px\" t_prefix_line_height=\"1.5em\" t_infix_font=\"Merriweather|700|||||||\" t_infix_text_color=\"gcid-b1ace166-c11d-4c70-a679-55884e9ca298\" t_infix_font_size=\"40px\" t_infix_line_height=\"1.5em\" module_alignment=\"center\" t_prefix_font_size_tablet=\"40px\" t_prefix_font_size_phone=\"30px\" t_prefix_font_size_last_edited=\"on|phone\" t_infix_font_size_tablet=\"40px\" t_infix_font_size_phone=\"30px\" t_infix_font_size_last_edited=\"on|phone\" custom_css_main_element=\"text-align:center;\"&hellip;","robots":{"index":"index","follow":"follow","max-snippet":"max-snippet:-1","max-image-preview":"max-image-preview:large","max-video-preview":"max-video-preview:-1"},"canonical":"[et_pb_section fb_built=\"1\" admin_label=\"Texto explicativo expresiones art\u00edsticas\" _builder_version=\"4.27.4\" custom_margin=\"||0px||false|false\" custom_padding=\"28px||0px||false|false\" da_disable_devices=\"off|off|off\" locked=\"off\" collapsed=\"off\" global_colors_info=\"{}\" da_is_popup=\"off\" da_exit_intent=\"off\" da_has_close=\"on\" da_alt_close=\"off\" da_dark_close=\"off\" da_not_modal=\"on\" da_is_singular=\"off\" da_with_loader=\"off\" da_has_shadow=\"on\"][et_pb_row _builder_version=\"4.27.4\" _module_preset=\"default\" max_width=\"3333px\" module_alignment=\"center\" locked=\"off\" global_colors_info=\"{}\"][et_pb_column type=\"4_4\" _builder_version=\"4.27.4\" _module_preset=\"default\" global_colors_info=\"{}\"][df_adh_heading title_prefix=\"EXPRESIONES ART\u00cdSTICAS\" title_infix=\"25 ANIVERSARIO\" divider_background_bgcolor=\"gcid-1324f65a-026a-452f-9378-9f45b6d9758c\" _builder_version=\"4.27.4\" _module_preset=\"default\" t_prefix_font=\"Merriweather|700|||||||\" t_prefix_text_color=\"gcid-cca90ba6-297c-4d63-9e2c-8201011ef870\" t_prefix_font_size=\"40px\" t_prefix_line_height=\"1.5em\" t_infix_font=\"Merriweather|700|||||||\" t_infix_text_color=\"gcid-b1ace166-c11d-4c70-a679-55884e9ca298\" t_infix_font_size=\"40px\" t_infix_line_height=\"1.5em\" module_alignment=\"center\" t_prefix_font_size_tablet=\"40px\" t_prefix_font_size_phone=\"30px\" t_prefix_font_size_last_edited=\"on|phone\" t_infix_font_size_tablet=\"40px\" t_infix_font_size_phone=\"30px\" t_infix_font_size_last_edited=\"on|phone\" custom_css_main_element=\"text-align:center;\"&hellip;","og_locale":"en_US","og_type":"article","og_title":"Expresiones art\u00edsticas-Aniversario","og_description":"[et_pb_section fb_built=\"1\" admin_label=\"Texto explicativo expresiones art\u00edsticas\" _builder_version=\"4.27.4\" custom_margin=\"||0px||false|false\" custom_padding=\"28px||0px||false|false\" da_disable_devices=\"off|off|off\" locked=\"off\" collapsed=\"off\" global_colors_info=\"{}\" da_is_popup=\"off\" da_exit_intent=\"off\" da_has_close=\"on\" da_alt_close=\"off\" da_dark_close=\"off\" da_not_modal=\"on\" da_is_singular=\"off\" da_with_loader=\"off\" da_has_shadow=\"on\"][et_pb_row _builder_version=\"4.27.4\" _module_preset=\"default\" max_width=\"3333px\" module_alignment=\"center\" locked=\"off\" global_colors_info=\"{}\"][et_pb_column type=\"4_4\" _builder_version=\"4.27.4\" _module_preset=\"default\" global_colors_info=\"{}\"][df_adh_heading title_prefix=\"EXPRESIONES ART\u00cdSTICAS\" title_infix=\"25 ANIVERSARIO\" divider_background_bgcolor=\"gcid-1324f65a-026a-452f-9378-9f45b6d9758c\" _builder_version=\"4.27.4\" _module_preset=\"default\" t_prefix_font=\"Merriweather|700|||||||\" t_prefix_text_color=\"gcid-cca90ba6-297c-4d63-9e2c-8201011ef870\" t_prefix_font_size=\"40px\" t_prefix_line_height=\"1.5em\" t_infix_font=\"Merriweather|700|||||||\" t_infix_text_color=\"gcid-b1ace166-c11d-4c70-a679-55884e9ca298\" t_infix_font_size=\"40px\" t_infix_line_height=\"1.5em\" module_alignment=\"center\" t_prefix_font_size_tablet=\"40px\" t_prefix_font_size_phone=\"30px\" t_prefix_font_size_last_edited=\"on|phone\" t_infix_font_size_tablet=\"40px\" t_infix_font_size_phone=\"30px\" t_infix_font_size_last_edited=\"on|phone\" custom_css_main_element=\"text-align:center;\"&hellip;","og_url":"https:\/\/www.itakaescolapios.org\/en\/expresiones-artisticas-aniversario\/","og_site_name":"Proofs in Itaka-Escolapios","article_modified_time":"2026-04-08T10:30:01+00:00","twitter_card":"summary_large_image","twitter_description":"[df_adh_heading title_prefix=\"EXPRESIONES ART\u00cdSTICAS\" title_infix=\"25 ANIVERSARIO\" divider_background_bgcolor=\"gcid-1324f65a-026a-452f-9378-9f45b6d9758c\" _builder_version=\"4.27.4\" _module_preset=\"default\" t_prefix_font=\"Merriweather|700|||||||\" t_prefix_text_color=\"gcid-cca90ba6-297c-4d63-9e2c-8201011ef870\" t_prefix_font_size=\"40px\" t_prefix_line_height=\"1.5em\" t_infix_font=\"Merriweather|700|||||||\" t_infix_text_color=\"gcid-b1ace166-c11d-4c70-a679-55884e9ca298\" t_infix_font_size=\"40px\" t_infix_line_height=\"1.5em\" module_alignment=\"center\" t_prefix_font_size_tablet=\"40px\" t_prefix_font_size_phone=\"30px\" t_prefix_font_size_last_edited=\"on|phone\" t_infix_font_size_tablet=\"40px\" t_infix_font_size_phone=\"30px\" t_infix_font_size_last_edited=\"on|phone\" custom_css_main_element=\"text-align:center;\" title_prefix_en_us=\"ARTISTIC EXPRESSIONS\" title_infix_en_us=\"25TH ANNIVERSARY\" title_prefix_fr_fr=\"EXPRESSIONS ARTISTIQUES\" [&hellip;]","twitter_misc":{"Est. reading time":"10 minutes"},"schema":{"@context":"https:\/\/schema.org","@graph":[{"@type":"WebPage","@id":"https:\/\/www.itakaescolapios.org\/en\/expresiones-artisticas-aniversario\/","url":"https:\/\/www.itakaescolapios.org\/en\/expresiones-artisticas-aniversario\/","name":"Expresiones art\u00edsticas-Aniversario - Proofs in Itaka-Escolapios","isPartOf":{"@id":"https:\/\/www.itakaescolapios.org\/es\/#website"},"datePublished":"2026-03-31T09:05:51+00:00","dateModified":"2026-04-08T10:30:01+00:00","breadcrumb":{"@id":"https:\/\/www.itakaescolapios.org\/en\/expresiones-artisticas-aniversario\/#breadcrumb"},"inLanguage":"en-US","potentialAction":[{"@type":"ReadAction","target":["https:\/\/www.itakaescolapios.org\/en\/expresiones-artisticas-aniversario\/"]}]},{"@type":"BreadcrumbList","@id":"https:\/\/www.itakaescolapios.org\/en\/expresiones-artisticas-aniversario\/#breadcrumb","itemListElement":[{"@type":"ListItem","position":1,"name":"Proof","item":"https:\/\/www.itakaescolapios.org\/es\/"},{"@type":"ListItem","position":2,"name":"Expresiones art\u00edsticas-Aniversario"}]},{"@type":"WebSite","@id":"https:\/\/www.itakaescolapios.org\/en\/es\/#website","url":"https:\/\/www.itakaescolapios.org\/en\/es\/","name":"Itaka-Escolapios","description":"Red de Itaka-Escolapios","publisher":{"@id":"https:\/\/www.itakaescolapios.org\/en\/es\/#organization"},"potentialAction":[{"@type":"SearchAction","target":{"@type":"EntryPoint","urlTemplate":"https:\/\/www.itakaescolapios.org\/en\/es\/?s={search_term_string}"},"query-input":{"@type":"PropertyValueSpecification","valueRequired":true,"valueName":"search_term_string"}}],"inLanguage":"en-US"},{"@type":"Organization","@id":"https:\/\/www.itakaescolapios.org\/en\/es\/#organization","name":"Fundaci\u00f3 Itaka-Escolapios","url":"https:\/\/www.itakaescolapios.org\/en\/es\/","logo":{"@type":"ImageObject","inLanguage":"en-US","@id":"https:\/\/www.itakaescolapios.org\/en\/es\/#\/schema\/logo\/image\/","url":"https:\/\/www.itakaescolapios.org\/wp-content\/uploads\/2024\/04\/Logo-itakaescolapios-peque.png","contentUrl":"https:\/\/www.itakaescolapios.org\/wp-content\/uploads\/2024\/04\/Logo-itakaescolapios-peque.png","width":500,"height":199,"caption":"Fundaci\u00f3 Itaka-Escolapios"},"image":{"@id":"https:\/\/www.itakaescolapios.org\/en\/es\/#\/schema\/logo\/image\/"}}]}},"_links":{"self":[{"href":"https:\/\/www.itakaescolapios.org\/en\/wp-json\/wp\/v2\/pages\/331154","targetHints":{"allow":["GET"]}}],"collection":[{"href":"https:\/\/www.itakaescolapios.org\/en\/wp-json\/wp\/v2\/pages"}],"about":[{"href":"https:\/\/www.itakaescolapios.org\/en\/wp-json\/wp\/v2\/types\/page"}],"author":[{"embeddable":true,"href":"https:\/\/www.itakaescolapios.org\/en\/wp-json\/wp\/v2\/users\/69"}],"replies":[{"embeddable":true,"href":"https:\/\/www.itakaescolapios.org\/en\/wp-json\/wp\/v2\/comments?post=331154"}],"version-history":[{"count":7,"href":"https:\/\/www.itakaescolapios.org\/en\/wp-json\/wp\/v2\/pages\/331154\/revisions"}],"predecessor-version":[{"id":331445,"href":"https:\/\/www.itakaescolapios.org\/en\/wp-json\/wp\/v2\/pages\/331154\/revisions\/331445"}],"wp:attachment":[{"href":"https:\/\/www.itakaescolapios.org\/en\/wp-json\/wp\/v2\/media?parent=331154"}],"curies":[{"name":"wp","href":"https:\/\/api.w.org\/{rel}","templated":true}]}}