{"id":316694,"date":"2025-02-18T11:31:11","date_gmt":"2025-02-18T10:31:11","guid":{"rendered":"https:\/\/www.itakaescolapios.org\/es\/?page_id=316694"},"modified":"2026-02-12T21:40:08","modified_gmt":"2026-02-12T20:40:08","slug":"santa-cruz-de-la-sierra","status":"publish","type":"page","link":"https:\/\/www.itakaescolapios.org\/es\/santa-cruz-de-la-sierra\/","title":{"rendered":"Santa Cruz de la Sierra"},"content":{"rendered":"<p>[et_pb_section fb_built=\u00bb1&#8243; make_equal=\u00bbon\u00bb use_custom_gutter=\u00bbon\u00bb gutter_width=\u00bb2&#8243; specialty=\u00bbon\u00bb _builder_version=\u00bb4.24.3&#8243; _module_preset=\u00bbdefault\u00bb width=\u00bb100%\u00bb max_width=\u00bb100%\u00bb module_alignment=\u00bbcenter\u00bb inner_width=\u00bb90%\u00bb inner_max_width=\u00bb2222px\u00bb inner_module_alignment=\u00bbcenter\u00bb custom_margin=\u00bb0px||||false|false\u00bb custom_padding=\u00bb0px||||false|false\u00bb da_disable_devices=\u00bboff|off|off\u00bb global_colors_info=\u00bb{}\u00bb da_is_popup=\u00bboff\u00bb da_exit_intent=\u00bboff\u00bb da_has_close=\u00bbon\u00bb da_alt_close=\u00bboff\u00bb da_dark_close=\u00bboff\u00bb da_not_modal=\u00bbon\u00bb da_is_singular=\u00bboff\u00bb da_with_loader=\u00bboff\u00bb da_has_shadow=\u00bbon\u00bb][et_pb_column type=\u00bb3_4&#8243; specialty_columns=\u00bb3&#8243; _builder_version=\u00bb4.16&#8243; custom_padding=\u00bb|||\u00bb global_colors_info=\u00bb{}\u00bb custom_padding__hover=\u00bb|||\u00bb][et_pb_row_inner custom_padding_last_edited=\u00bbon|phone\u00bb _builder_version=\u00bb4.24.3&#8243; _module_preset=\u00bbdefault\u00bb module_alignment=\u00bbcenter\u00bb custom_padding=\u00bb|50px|4px||false|false\u00bb custom_padding_tablet=\u00bb|50px|4px||false|false\u00bb custom_padding_phone=\u00bb|0px|||false|false\u00bb border_color_all=\u00bbgcid-b1ace166-c11d-4c70-a679-55884e9ca298&#8243; border_style_all=\u00bbdotted\u00bb border_width_right=\u00bb3px\u00bb border_color_right=\u00bbgcid-b1ace166-c11d-4c70-a679-55884e9ca298&#8243; border_width_right_tablet=\u00bb3px\u00bb border_width_right_phone=\u00bb0px\u00bb border_width_right_last_edited=\u00bbon|desktop\u00bb collapsed=\u00bboff\u00bb global_colors_info=\u00bb{%22gcid-b1ace166-c11d-4c70-a679-55884e9ca298%22:%91%22border_color_all%22,%22border_color_right%22%93}\u00bb][et_pb_column_inner saved_specialty_column_type=\u00bb3_4&#8243; _builder_version=\u00bb4.24.3&#8243; _module_preset=\u00bbdefault\u00bb global_colors_info=\u00bb{}\u00bb][et_pb_image src=\u00bbhttps:\/\/www.itakaescolapios.org\/wp-content\/uploads\/2025\/02\/Unidades-Educativas-8-1.jpeg\u00bb title_text=\u00bbUnidades Educativas (8)\u00bb align=\u00bbcenter\u00bb admin_label=\u00bbIMAGEN CABECERA\u00bb _builder_version=\u00bb4.27.4&#8243; _module_preset=\u00bbdefault\u00bb global_colors_info=\u00bb{}\u00bb][\/et_pb_image][et_pb_text admin_label=\u00bbNOMBRE DE SEDE\u00bb _builder_version=\u00bb4.27.4&#8243; _module_preset=\u00bbdefault\u00bb header_font=\u00bbTitulo Itaka-Escolapios|700|||||||\u00bb header_text_color=\u00bbgcid-cca90ba6-297c-4d63-9e2c-8201011ef870&#8243; header_font_size=\u00bb65px\u00bb custom_margin=\u00bb||20px||false|false\u00bb custom_margin_tablet=\u00bb||20px||false|false\u00bb custom_margin_phone=\u00bb||20px||false|false\u00bb custom_margin_last_edited=\u00bbon|desktop\u00bb header_font_size_tablet=\u00bb55px\u00bb header_font_size_phone=\u00bb45px\u00bb header_font_size_last_edited=\u00bbon|phone\u00bb content_en_us=\u00bb<\/p>\n<h1>Santa Cruz de la Sierra<\/h1>\n<p>\u00bb global_colors_info=\u00bb{%22gcid-cca90ba6-297c-4d63-9e2c-8201011ef870%22:%91%22header_text_color%22%93}\u00bb]<\/p>\n<h1>Santa Cruz de la Sierra<\/h1>\n<p>[\/et_pb_text][\/et_pb_column_inner][\/et_pb_row_inner][et_pb_row_inner column_structure=\u00bb1_2,1_2&#8243; use_custom_gutter=\u00bbon\u00bb gutter_width=\u00bb2&#8243; _builder_version=\u00bb4.24.3&#8243; _module_preset=\u00bbdefault\u00bb custom_margin=\u00bb||||false|false\u00bb custom_padding=\u00bb5px||20px||false|false\u00bb border_width_right=\u00bb3px\u00bb border_color_right=\u00bbgcid-b1ace166-c11d-4c70-a679-55884e9ca298&#8243; border_style_right=\u00bbdotted\u00bb border_width_all_tablet=\u00bb\u00bb border_width_all_phone=\u00bb\u00bb border_width_all_last_edited=\u00bbon|desktop\u00bb border_width_right_tablet=\u00bb3px\u00bb border_width_right_phone=\u00bb0px\u00bb border_width_right_last_edited=\u00bbon|phone\u00bb collapsed=\u00bboff\u00bb global_colors_info=\u00bb{%22gcid-b1ace166-c11d-4c70-a679-55884e9ca298%22:%91%22border_color_right%22%93}\u00bb][et_pb_column_inner type=\u00bb1_2&#8243; saved_specialty_column_type=\u00bb3_4&#8243; _builder_version=\u00bb4.24.3&#8243; _module_preset=\u00bbdefault\u00bb custom_css_main_element=\u00bbwidth: 33% !important;\u00bb global_colors_info=\u00bb{}\u00bb custom_css_main_element_last_edited=\u00bbon|phone\u00bb custom_css_main_element_phone=\u00bbwidth: 100% !important;\u00bb custom_css_main_element_tablet=\u00bbwidth: 33% !important;\u00bb][et_pb_text admin_label=\u00bbT\u00edtulo contacto sede\u00bb _builder_version=\u00bb4.25.1&#8243; _module_preset=\u00bbdefault\u00bb text_font=\u00bbIBM Plex Sans|600|||||||\u00bb text_text_color=\u00bbgcid-b1ace166-c11d-4c70-a679-55884e9ca298&#8243; text_font_size=\u00bb18px\u00bb header_text_color=\u00bbgcid-b1ace166-c11d-4c70-a679-55884e9ca298&#8243; header_2_font=\u00bbIBM Plex Sans|600|||||||\u00bb header_2_text_color=\u00bbgcid-b1ace166-c11d-4c70-a679-55884e9ca298&#8243; background_color=\u00bbgcid-1324f65a-026a-452f-9378-9f45b6d9758c\u00bb custom_margin=\u00bb||0px||false|false\u00bb custom_padding=\u00bb25px|25px|25px|25px|true|true\u00bb text_font_size_tablet=\u00bb18px\u00bb text_font_size_phone=\u00bb18px\u00bb text_font_size_last_edited=\u00bbon|desktop\u00bb content_en_us=\u00bb<\/p>\n<h2><strong>%91 Contact %93<\/strong><\/h2>\n<p>\u00bb content_fr_fr=\u00bb<\/p>\n<h2><strong>%91 Contact %93<\/strong><\/h2>\n<p>\u00bb content_eu=\u00bb<\/p>\n<h2><strong>%91 Kontaktua %93<\/strong><\/h2>\n<p>\u00bb content_ca=\u00bb<\/p>\n<h2><strong>%91 Contacte %93<\/strong><\/h2>\n<p>\u00bb content_pt_br=\u00bb<\/p>\n<h2><strong>%91 Contato %93<\/strong><\/h2>\n<p>\u00bb border_radii=\u00bboff||15px||\u00bb global_colors_info=\u00bb{%22gcid-b1ace166-c11d-4c70-a679-55884e9ca298%22:%91%22text_text_color%22,%22header_2_text_color%22,%22header_text_color%22%93,%22gcid-1324f65a-026a-452f-9378-9f45b6d9758c%22:%91%22background_color%22%93}\u00bb]<\/p>\n<h2><strong>[ Contacto ]<\/strong><\/h2>\n<p>&nbsp;<\/p>\n<p>[\/et_pb_text][et_pb_text admin_label=\u00bbDIRECCI\u00d3N SEDE\u00bb _builder_version=\u00bb4.27.4&#8243; _module_preset=\u00bbdefault\u00bb text_font=\u00bbIBM Plex Sans|600|||||||\u00bb text_text_color=\u00bbgcid-b1ace166-c11d-4c70-a679-55884e9ca298&#8243; text_font_size=\u00bb18px\u00bb header_text_color=\u00bbgcid-b1ace166-c11d-4c70-a679-55884e9ca298&#8243; header_2_font=\u00bbIBM Plex Sans|600|||||||\u00bb header_2_text_color=\u00bbgcid-b1ace166-c11d-4c70-a679-55884e9ca298&#8243; background_color=\u00bbgcid-1324f65a-026a-452f-9378-9f45b6d9758c\u00bb custom_margin=\u00bb0px||0px||false|false\u00bb custom_padding=\u00bb0px|25px|0px|25px|true|true\u00bb text_font_size_tablet=\u00bb18px\u00bb text_font_size_phone=\u00bb18px\u00bb text_font_size_last_edited=\u00bbon|desktop\u00bb global_colors_info=\u00bb{%22gcid-b1ace166-c11d-4c70-a679-55884e9ca298%22:%91%22text_text_color%22,%22header_2_text_color%22,%22header_text_color%22%93,%22gcid-1324f65a-026a-452f-9378-9f45b6d9758c%22:%91%22background_color%22%93}\u00bb]<\/p>\n<p>Santa Cruz de la Sierra<br \/>sedesantacruz@itakaescolapios.org<\/p>\n<p>[\/et_pb_text][et_pb_text admin_label=\u00bbT\u00edtulo coord. sede\u00bb _builder_version=\u00bb4.27.3&#8243; _module_preset=\u00bbdefault\u00bb text_font=\u00bbIBM Plex Sans|600|||||||\u00bb text_text_color=\u00bbgcid-b1ace166-c11d-4c70-a679-55884e9ca298&#8243; text_font_size=\u00bb18px\u00bb header_text_color=\u00bbgcid-b1ace166-c11d-4c70-a679-55884e9ca298&#8243; header_2_font=\u00bbIBM Plex Sans|600|||||||\u00bb header_2_text_color=\u00bbgcid-b1ace166-c11d-4c70-a679-55884e9ca298&#8243; background_color=\u00bbgcid-1324f65a-026a-452f-9378-9f45b6d9758c\u00bb custom_margin=\u00bb||0px||false|false\u00bb custom_padding=\u00bb0px|25px|0px|25px|true|true\u00bb text_font_size_tablet=\u00bb18px\u00bb text_font_size_phone=\u00bb18px\u00bb text_font_size_last_edited=\u00bbon|desktop\u00bb content_en_us=\u00bb<\/p>\n<p>Coordinator:<\/p>\n<p>\u00bb content_fr_fr=\u00bb<\/p>\n<p>Coordinateur:<\/p>\n<p>\u00bb content_eu=\u00bb<\/p>\n<p>Koordinatzailea:<\/p>\n<p>\u00bb content_ca=\u00bb<\/p>\n<p>Coordinador\/a:<\/p>\n<p>\u00bb content_pt_br=\u00bb<\/p>\n<p>Coordenador\/a:<\/p>\n<p>\u00bb global_colors_info=\u00bb{%22gcid-b1ace166-c11d-4c70-a679-55884e9ca298%22:%91%22text_text_color%22,%22header_2_text_color%22,%22header_text_color%22%93,%22gcid-1324f65a-026a-452f-9378-9f45b6d9758c%22:%91%22background_color%22%93}\u00bb]<\/p>\n<p>Coordinador\/a:\u00a0<\/p>\n<p>[\/et_pb_text][et_pb_text admin_label=\u00bbCOORDINADOR\/A SEDE\u00bb _builder_version=\u00bb4.27.4&#8243; _module_preset=\u00bbdefault\u00bb text_font=\u00bbIBM Plex Sans|600|||||||\u00bb text_text_color=\u00bbgcid-b1ace166-c11d-4c70-a679-55884e9ca298&#8243; text_font_size=\u00bb18px\u00bb header_text_color=\u00bbgcid-b1ace166-c11d-4c70-a679-55884e9ca298&#8243; header_2_font=\u00bbIBM Plex Sans|600|||||||\u00bb header_2_text_color=\u00bbgcid-b1ace166-c11d-4c70-a679-55884e9ca298&#8243; background_color=\u00bbgcid-1324f65a-026a-452f-9378-9f45b6d9758c\u00bb custom_margin=\u00bb||25px||false|false\u00bb custom_padding=\u00bb0px|25px|0px|25px|true|true\u00bb text_font_size_tablet=\u00bb18px\u00bb text_font_size_phone=\u00bb18px\u00bb text_font_size_last_edited=\u00bbon|desktop\u00bb border_radii=\u00bboff||||15px\u00bb global_colors_info=\u00bb{%22gcid-b1ace166-c11d-4c70-a679-55884e9ca298%22:%91%22text_text_color%22,%22header_2_text_color%22,%22header_text_color%22%93,%22gcid-1324f65a-026a-452f-9378-9f45b6d9758c%22:%91%22background_color%22%93}\u00bb]<\/p>\n<p>Enivaldo Joao de Oliveira<\/p>\n<p>&nbsp;<\/p>\n<p>[\/et_pb_text][et_pb_text admin_label=\u00bbT\u00edtulo ubicaci\u00f3n\u00bb _builder_version=\u00bb4.25.1&#8243; _module_preset=\u00bbdefault\u00bb text_font=\u00bb|600|||||||\u00bb text_text_color=\u00bbgcid-b1ace166-c11d-4c70-a679-55884e9ca298&#8243; header_text_color=\u00bbgcid-b1ace166-c11d-4c70-a679-55884e9ca298&#8243; header_2_font=\u00bb|800|||||||\u00bb header_2_text_color=\u00bbgcid-b1ace166-c11d-4c70-a679-55884e9ca298&#8243; background_color=\u00bbrgba(167,199,56,0.2)\u00bb custom_margin=\u00bb||0px||false|false\u00bb custom_padding=\u00bb25px|25px|25px|25px|true|true\u00bb content_en_us=\u00bb<\/p>\n<h2><strong>%91 Location %93<\/strong><\/h2>\n<p>\u00bb content_fr_fr=\u00bb<\/p>\n<h2><strong>%91 Localisation %93<\/strong><\/h2>\n<p>\u00bb content_eu=\u00bb<\/p>\n<h2><strong>%91 Non gaude %93<\/strong><\/h2>\n<p>\u00bb content_ca=\u00bb<\/p>\n<h2><strong>%91 Ubicaci\u00f3 %93<\/strong><\/h2>\n<p>\u00bb content_pt_br=\u00bb<\/p>\n<h2><strong>%91 Localiza\u00e7\u00e3o %93<\/strong><\/h2>\n<p>\u00bb border_radii=\u00bboff||15px||\u00bb border_width_top=\u00bb3px\u00bb border_color_top=\u00bbgcid-b1ace166-c11d-4c70-a679-55884e9ca298&#8243; border_width_right=\u00bb3px\u00bb border_color_right=\u00bbgcid-b1ace166-c11d-4c70-a679-55884e9ca298&#8243; border_width_left=\u00bb3px\u00bb border_color_left=\u00bbgcid-b1ace166-c11d-4c70-a679-55884e9ca298&#8243; global_colors_info=\u00bb{%22gcid-b1ace166-c11d-4c70-a679-55884e9ca298%22:%91%22text_text_color%22,%22header_2_text_color%22,%22header_text_color%22,%22border_color_top%22,%22border_color_right%22,%22border_color_left%22%93}\u00bb]<\/p>\n<h2><strong>[ Ubicaci\u00f3n ]<\/strong><\/h2>\n<p>[\/et_pb_text][et_pb_image src=\u00bbhttps:\/\/www.itakaescolapios.org\/wp-content\/uploads\/2024\/12\/ubicacion-valencia.jpg\u00bb title_text=\u00bbubicacion valencia\u00bb url=\u00bbhttps:\/\/www.google.es\/maps\/place\/C.+de+Balmes,+12,+Ciutat+Vella,+46001+Valencia\/@39.4740663,-0.3829948,787m\/data=!3m1!1e3!4m6!3m5!1s0xd604f4e503c6ae5:0xda17fee24bb86b58!8m2!3d39.4734846!4d-0.3813664!16s%2Fg%2F11c29mj1s7?hl=es&#038;entry=ttu&#038;g_ep=EgoyMDI0MTIwMy4wIKXMDSoASAFQAw%3D%3D\u00bb admin_label=\u00bbIMAGEN UBICACI\u00d3N\u00bb _builder_version=\u00bb4.27.3&#8243; _module_preset=\u00bbdefault\u00bb border_radii=\u00bboff||||15px\u00bb border_color_all=\u00bbgcid-b1ace166-c11d-4c70-a679-55884e9ca298&#8243; border_width_right=\u00bb3px\u00bb border_color_right=\u00bbgcid-b1ace166-c11d-4c70-a679-55884e9ca298&#8243; border_width_bottom=\u00bb3px\u00bb border_color_bottom=\u00bbgcid-b1ace166-c11d-4c70-a679-55884e9ca298&#8243; border_width_left=\u00bb3px\u00bb border_color_left=\u00bbgcid-b1ace166-c11d-4c70-a679-55884e9ca298&#8243; global_colors_info=\u00bb{%22gcid-b1ace166-c11d-4c70-a679-55884e9ca298%22:%91%22border_color_all%22,%22border_color_right%22,%22border_color_bottom%22,%22border_color_left%22%93}\u00bb][\/et_pb_image][\/et_pb_column_inner][et_pb_column_inner type=\u00bb1_2&#8243; saved_specialty_column_type=\u00bb3_4&#8243; _builder_version=\u00bb4.24.3&#8243; _module_preset=\u00bbdefault\u00bb custom_css_main_element=\u00bbwidth: 58% !important;\u00bb global_colors_info=\u00bb{}\u00bb custom_css_main_element_last_edited=\u00bbon|phone\u00bb custom_css_main_element_tablet=\u00bbwidth: 58% !important;\u00bb custom_css_main_element_phone=\u00bbwidth: 100% !important;\u00bb][et_pb_text admin_label=\u00bbDESCRIPCI\u00d3N SEDE\u00bb _builder_version=\u00bb4.27.4&#8243; _module_preset=\u00bbdefault\u00bb text_font=\u00bbMerriweather||||||||\u00bb text_font_size=\u00bb16px\u00bb width=\u00bb100%\u00bb module_alignment=\u00bbcenter\u00bb text_font_size_tablet=\u00bb16px\u00bb text_font_size_phone=\u00bb16px\u00bb text_font_size_last_edited=\u00bbon|desktop\u00bb content_en_us=\u00bb<\/p>\n<p>The Piarists since 2019, at the request of the Provincial Chapter, took over the parish of San Juan Bosco (located in the area of La Cuchilla, between the 5th and 6th Ring) and the four Domingo Savio Educational Units, by order of the Archbishop of Santa Cruz de la Sierra. In 2020, the Calasanz Center will open its doors with tutoring classes. Linked to the parish is the Calasanz Movement&#8217;s pastoral proposal with about 400 children, adolescents and young people. The Piarist mission in Santa Cruz is mostly carried out by volunteers. There is only one person hired for school activities.<\/p>\n<p>\u00bb content_fr_fr=\u00bb<\/p>\n<p>En 2019, \u00e0 la demande du Chapitre provincial, les Piaristes ont pris en charge la paroisse de San Juan Bosco (situ\u00e9e dans le quartier de La Cuchilla, entre les 5e et 6e anneaux) et les quatre Unit\u00e9s \u00e9ducatives Domingo Savio. En 2020, le Centre Calasanz ouvrira ses portes avec des cours de rattrapage. La proposition pastorale du Mouvement Calasanz, qui compte environ 400 enfants, adolescents et jeunes, est li\u00e9e \u00e0 la paroisse. La mission piariste \u00e0 Santa Cruz est principalement assur\u00e9e par des b\u00e9n\u00e9voles. Seule une personne est engag\u00e9e pour les activit\u00e9s de l&#8217;\u00e9cole.<\/p>\n<p>\u00bb content_eu=\u00bb<\/p>\n<p>2019tik aurrera, Probintziako Kapituluak eskatuta, Santa Cruz de la Sierrako artzapezpikuak eskatuta, eskolapioek San Juan Bosco parrokia (La Cuchilla inguruan dago, 5. eta 6. eraztunen artean) eta Domingo Savio lau hezkuntza-unitateak beren gain hartzen dituzte. 2020an, Calasanz zentroa irekiko dute, eskola-errefortzuko eskolekin. Parrokiari lotuta dabil Calasanz Mugimenduaren pastoral proposamena, 400 haur, nerabe eta gazte ingururekin. Eskolapia-misioa Santen egiten da, gehienbat boluntarioekin. Ia ez dago pertsona bat kontratatuta ikastetxean jarduerak egiteko.<\/p>\n<p>\u00bb content_ca=\u00bb<\/p>\n<p>Els escolapis des de 2019, per petici\u00f3 del Cap\u00edtol Provincial assumeixen per enc\u00e0rrec de l&#8217;arquebisbe de Santa Cruz de la Serra la parr\u00f2quia Sant Joan Bosco, (situada en la zona La Fulla, entre el 5to i 6to Anell) i les quatre Unitats Educatives Domingo Savio. En 2020 obrin les seues portes el Centre Calasanz amb classes de refor\u00e7 escolar. Vinculat a la parr\u00f2quia funciona la proposta pastoral del Moviment Calasanz amb prop de 400 xiquets i xiquetes, adolescents i joves. La missi\u00f3 escol\u00e0pia en Santa desenvolupa en la seua majoria amb persones volunt\u00e0ries. Hi ha a penes una persona contractada per a activitats en el col\u00b7legi.<\/p>\n<p>\u00bb content_pt_br=\u00bb<\/p>\n<p>Em 2019, a pedido do Cap\u00edtulo Provincial, os escol\u00e1pios assumiram a par\u00f3quia de San Juan Bosco (localizada na \u00e1rea de La Cuchilla, entre o 5\u00ba e o 6\u00ba an\u00e9is) e as quatro Unidades Educacionais Domingo Savio. Em 2020, o Centro Calasanz abrir\u00e1 suas portas com aulas de refor\u00e7o. Vinculada \u00e0 par\u00f3quia est\u00e1 a proposta pastoral do Movimento Calasanz, com cerca de 400 crian\u00e7as, adolescentes e jovens. A miss\u00e3o escol\u00e1pia em Santa Cruz \u00e9 realizada principalmente por volunt\u00e1rios. H\u00e1 apenas uma pessoa contratada para as atividades na escola.<\/p>\n<p>\u00bb global_colors_info=\u00bb{}\u00bb]<\/p>\n<p>Los escolapios desde 2019, por petici\u00f3n del Cap\u00edtulo Provincial asumen por encargo del arzobispo de Santa Cruz de la Sierra la parroquia San Juan Bosco, (ubicada en la zona La Cuchilla, entre el 5to y 6to Anillo) y las cuatro Unidades Educativas Domingo Savio. En 2020 abren sus puertas el Centro Calasanz con clases de refuerzo escolar. Vinculado a la parroquia funciona la propuesta pastoral del Movimiento Calasanz con cerca de 400 ni\u00f1os y ni\u00f1as, adolescentes y j\u00f3venes. La misi\u00f3n escolapia en Santa desarrolla en su mayor\u00eda con personas voluntarias. Hay apenas una persona contratada para actividades en el colegio.<\/p>\n<p>\u200b<\/p>\n<p>[\/et_pb_text][et_pb_accordion open_toggle_text_color=\u00bb#FFFFFF\u00bb open_toggle_background_color=\u00bbRGBA(255,255,255,0)\u00bb closed_toggle_background_color=\u00bbRGBA(255,255,255,0)\u00bb admin_label=\u00bbPROYECTOS\u00bb module_class=\u00bbproyectos-sede acordeon-cerrado\u00bb _builder_version=\u00bb4.27.4&#8243; _module_preset=\u00bbdefault\u00bb toggle_text_color=\u00bb#FFFFFF\u00bb toggle_font=\u00bbIBM Plex Sans|700|||||||\u00bb toggle_font_size=\u00bb26px\u00bb body_text_color=\u00bbgcid-b1ace166-c11d-4c70-a679-55884e9ca298&#8243; custom_padding=\u00bb0px|0px||0px|false|true\u00bb hover_enabled=\u00bb0&#8243; toggle_font_size_tablet=\u00bb22px\u00bb toggle_font_size_phone=\u00bb22px\u00bb toggle_font_size_last_edited=\u00bbon|desktop\u00bb custom_css_free_form=\u00bb.proyectos-sede .et_pb_toggle.et_pb_module.et_pb_accordion_item {background-color:#ffffff;padding: 0px;margin-bottom:10px !important;border: 0px !important;}||.proyectos-sede h5.et_pb_toggle_title::before {display:none;}||.proyectos-sede h5.et_pb_toggle_title {||    background-color: #afc410;||    padding: 20px !important;||  \tpadding-left: 90px !important;||    margin: 0px !important;||}||.proyectos-sede .et_pb_toggle_content.clearfix {||    background-color: rgba(175,196,16,0.2)!important;||    color: #00928c !important;||    padding: 15px !important;||    font-weight: bold;  ||}||.proyectos-sede .et_pb_toggle_content.clearfix a {color: #00928c;}\u00bb global_colors_info=\u00bb{%22gcid-b1ace166-c11d-4c70-a679-55884e9ca298%22:%91%22body_text_color%22%93}\u00bb sticky_enabled=\u00bb0&#8243;][et_pb_accordion_item title=\u00bbVoluntariado| link=https:\/\/www.itakaescolapios.org\/es\/que-hacemos\/voluntariado-es\/\u00bb open=\u00bbon\u00bb open_toggle_background_color=\u00bbRGBA(255,255,255,0)\u00bb _builder_version=\u00bb4.27.4&#8243; _module_preset=\u00bbdefault\u00bb body_text_color=\u00bbgcid-b1ace166-c11d-4c70-a679-55884e9ca298&#8243; background_color=\u00bbgcid-1324f65a-026a-452f-9378-9f45b6d9758c\u00bb background_enable_color=\u00bbon\u00bb hover_enabled=\u00bb0&#8243; custom_css_before=\u00bb    content: %22%22;||    background-image: url(%22\/wp-content\/themes\/iconos\/voluntariado.png%22);||    display: inline-block;||    height: 70px;||    width: 70px;||    position: absolute;||    top: 0px;||    z-index: 99;\u00bb custom_css_main_element=\u00bbbackground-color: #ffffff;\u00bb custom_css_toggle_title=\u00bbheight: 70px !important;\u00bb title_en_us=\u00bbVolunteering| link=https:\/\/www.itakaescolapios.org\/en\/what-we-do\/volunteering\/\u00bb title_fr_fr=\u00bbVolontariat| link=https:\/\/www.itakaescolapios.org\/fr\/que-faisons-nous\/volontariat\/\u00bb title_eu=\u00bbBoluntariotza| link=https:\/\/www.itakaescolapios.org\/eu\/zer-egiten-dugu\/boluntariotza\/\u00bb title_ca=\u00bbVoluntariat| link=https:\/\/www.itakaescolapios.org\/ca\/que-fem\/voluntariat\/\u00bb title_pt_br=\u00bbVoluntariado| link=https:\/\/www.itakaescolapios.org\/pt\/o-que-fazemos\/voluntariado-pt\/\u00bb global_colors_info=\u00bb{%22gcid-1324f65a-026a-452f-9378-9f45b6d9758c%22:%91%22background_color%22%93,%22gcid-b1ace166-c11d-4c70-a679-55884e9ca298%22:%91%22body_text_color%22%93}\u00bb sticky_enabled=\u00bb0&#8243;][\/et_pb_accordion_item][et_pb_accordion_item title=\u00bbMovimiento Calasanz| link=https:\/\/www.itakaescolapios.org\/que-hacemos\/movimiento-calasanz\/\u00bb open_toggle_background_color=\u00bbRGBA(255,255,255,0)\u00bb _builder_version=\u00bb4.27.4&#8243; _module_preset=\u00bbdefault\u00bb body_text_color=\u00bbgcid-b1ace166-c11d-4c70-a679-55884e9ca298&#8243; background_color=\u00bbgcid-1324f65a-026a-452f-9378-9f45b6d9758c\u00bb background_enable_color=\u00bbon\u00bb hover_enabled=\u00bb0&#8243; custom_css_before=\u00bb    content: %22%22;||    background-image: url(%22\/wp-content\/themes\/iconos\/mc.png%22);||    display: inline-block;||    height: 70px;||    width: 70px;||    position: absolute;||    top: 0px;||    z-index: 99;\u00bb custom_css_main_element=\u00bbbackground-color: #ffffff;\u00bb custom_css_toggle_title=\u00bbheight: 70px !important;\u00bb title_en_us=\u00bbCalasanz movement| link=https:\/\/www.itakaescolapios.org\/en\/what-we-do\/calasanz-movement\/\u00bb title_fr_fr=\u00bbMouvement Calasanz| link=https:\/\/www.itakaescolapios.org\/fr\/que-faisons-nous\/mouvement-calasanz\/\u00bb title_eu=\u00bbCalasanz Kideak| link=https:\/\/www.itakaescolapios.org\/eu\/zer-egiten-dugu\/calasanz-kideak\/\u00bb title_ca=\u00bbMoviment Calasanz| link=https:\/\/www.itakaescolapios.org\/ca\/que-fem\/moviment-calasanz\/\u00bb title_pt_br=\u00bbMovimento Calasanz| link=https:\/\/www.itakaescolapios.org\/pt\/o-que-fazemos\/movimento-calasanz\/\u00bb global_colors_info=\u00bb{%22gcid-1324f65a-026a-452f-9378-9f45b6d9758c%22:%91%22background_color%22%93,%22gcid-b1ace166-c11d-4c70-a679-55884e9ca298%22:%91%22body_text_color%22%93}\u00bb open=\u00bboff\u00bb sticky_enabled=\u00bb0&#8243;][\/et_pb_accordion_item][et_pb_accordion_item title=\u00bbCentros de educaci\u00f3n no formal\u00bb open_toggle_background_color=\u00bbRGBA(255,255,255,0)\u00bb _builder_version=\u00bb4.27.4&#8243; _module_preset=\u00bbdefault\u00bb body_text_color=\u00bbgcid-b1ace166-c11d-4c70-a679-55884e9ca298&#8243; background_color=\u00bbgcid-1324f65a-026a-452f-9378-9f45b6d9758c\u00bb background_enable_color=\u00bbon\u00bb hover_enabled=\u00bb0&#8243; custom_css_before=\u00bb    content: %22%22;||    background-image: url(%22\/wp-content\/themes\/iconos\/educnoformal.png%22);||    display: inline-block;||    height: 70px;||    width: 70px;||    position: absolute;||    top: 0px;||    z-index: 99;\u00bb custom_css_main_element=\u00bbbackground-color: #ffffff;\u00bb custom_css_toggle_title=\u00bbheight: 70px !important;\u00bb title_en_us=\u00bbNon-formal education centers\u00bb title_fr_fr=\u00bbCentres d&#8217;\u00e9ducation non formelle\u00bb title_eu=\u00bbHezkuntza ez-formaleko zentroak\u00bb title_ca=\u00bbCenters d\u00b4educaci\u00f3 no formal\u00bb title_pt_br=\u00bbCentros de educa\u00e7\u00e3o n\u00e3o formal\u00bb global_colors_info=\u00bb{%22gcid-1324f65a-026a-452f-9378-9f45b6d9758c%22:%91%22background_color%22%93,%22gcid-b1ace166-c11d-4c70-a679-55884e9ca298%22:%91%22body_text_color%22%93}\u00bb open=\u00bboff\u00bb sticky_enabled=\u00bb0&#8243;]<\/p>\n<p>Centro Cultural Santa Cruz<\/p>\n<p>[\/et_pb_accordion_item][et_pb_accordion_item title=\u00bbApoyo a centros escolares\u00bb open_toggle_background_color=\u00bbRGBA(255,255,255,0)\u00bb _builder_version=\u00bb4.27.4&#8243; _module_preset=\u00bbdefault\u00bb background_color=\u00bbgcid-1324f65a-026a-452f-9378-9f45b6d9758c\u00bb background_enable_color=\u00bbon\u00bb custom_css_before=\u00bb    content: %22%22;||    background-image: url(%22\/wp-content\/themes\/iconos\/apoyoescolar.png%22);||    display: inline-block;||    height: 70px;||    width: 70px;||    position: absolute;||    top: 0px;||    z-index: 99;\u00bb custom_css_main_element=\u00bbbackground-color: #ffffff;\u00bb custom_css_toggle_title=\u00bbheight: 70px !important;\u00bb title_en_us=\u00bbSchool support\u00bb title_fr_fr=\u00bbSoutien scolaire\u00bb title_eu=\u00bbEskola-laguntza\u00bb title_ca=\u00bbSuport escolar\u00bb title_pt_br=\u00bbApoio escolar\u00bb global_colors_info=\u00bb{%22gcid-1324f65a-026a-452f-9378-9f45b6d9758c%22:%91%22background_color%22%93}\u00bb open=\u00bboff\u00bb]<\/p>\n<p>Unidad educativa Domingo Savio I y II (Infantil y Primaria)<\/p>\n<p>Domingo Sabio EPDB y Domingo Savio III (secundaria)<\/p>\n<p>[\/et_pb_accordion_item][\/et_pb_accordion][\/et_pb_column_inner][\/et_pb_row_inner][et_pb_row_inner admin_label=\u00bbIm\u00e1genes sede\u00bb _builder_version=\u00bb4.27.4&#8243; _module_preset=\u00bbdefault\u00bb custom_padding=\u00bb20px||||false|false\u00bb border_width_right=\u00bb3px\u00bb border_color_right=\u00bbgcid-b1ace166-c11d-4c70-a679-55884e9ca298&#8243; border_style_right=\u00bbdotted\u00bb border_width_right_tablet=\u00bb3px\u00bb border_width_right_phone=\u00bb0px\u00bb border_width_right_last_edited=\u00bbon|desktop\u00bb global_colors_info=\u00bb{%22gcid-b1ace166-c11d-4c70-a679-55884e9ca298%22:%91%22border_color_right%22%93}\u00bb][et_pb_column_inner saved_specialty_column_type=\u00bb3_4&#8243; _builder_version=\u00bb4.27.4&#8243; _module_preset=\u00bbdefault\u00bb global_colors_info=\u00bb{}\u00bb][difl_imagecarousel item_desktop=\u00bb2&#8243; item_tablet=\u00bb1&#8243; loop=\u00bbon\u00bb dots=\u00bbon\u00bb use_lightbox=\u00bbon\u00bb arrow_color=\u00bbgcid-b1ace166-c11d-4c70-a679-55884e9ca298&#8243; dots_color=\u00bbgcid-cca90ba6-297c-4d63-9e2c-8201011ef870&#8243; active_dots_color=\u00bbgcid-b1ace166-c11d-4c70-a679-55884e9ca298&#8243; _builder_version=\u00bb4.27.4&#8243; _module_preset=\u00bbdefault\u00bb overflow-x=\u00bbhidden\u00bb overflow-y=\u00bbhidden\u00bb custom_margin=\u00bb|60px|||false|false\u00bb custom_margin_tablet=\u00bb|60px|||false|false\u00bb custom_margin_phone=\u00bb|60px|||false|false\u00bb custom_margin_last_edited=\u00bbon|desktop\u00bb custom_css_free_form=\u00bbselector .df_ici_container {margin: 0 auto;}\u00bb global_colors_info=\u00bb{%22gcid-b1ace166-c11d-4c70-a679-55884e9ca298%22:%91%22arrow_color%22,%22active_dots_color%22%93,%22gcid-cca90ba6-297c-4d63-9e2c-8201011ef870%22:%91%22dots_color%22%93}\u00bb][difl_imagecarouselitem image=\u00bbhttps:\/\/www.itakaescolapios.org\/wp-content\/uploads\/2025\/03\/Unidades-Educativas-Santa-Cruz-1.jpeg\u00bb ic_button_button_url_new_window=\u00bb1&#8243; _builder_version=\u00bb4.27.4&#8243; _module_preset=\u00bbdefault\u00bb global_colors_info=\u00bb{}\u00bb][\/difl_imagecarouselitem][difl_imagecarouselitem image=\u00bbhttps:\/\/www.itakaescolapios.org\/wp-content\/uploads\/2025\/03\/Unidades-Educativas-Santa-Cruz-2.jpeg\u00bb ic_button_button_url_new_window=\u00bb1&#8243; _builder_version=\u00bb4.27.4&#8243; _module_preset=\u00bbdefault\u00bb global_colors_info=\u00bb{}\u00bb][\/difl_imagecarouselitem][\/difl_imagecarousel][\/et_pb_column_inner][\/et_pb_row_inner][et_pb_row_inner _builder_version=\u00bb4.24.3&#8243; _module_preset=\u00bbdefault\u00bb custom_padding=\u00bb20px||||false|false\u00bb border_width_right=\u00bb3px\u00bb border_color_right=\u00bbgcid-b1ace166-c11d-4c70-a679-55884e9ca298&#8243; border_style_right=\u00bbdotted\u00bb border_width_right_tablet=\u00bb3px\u00bb border_width_right_phone=\u00bb0px\u00bb border_width_right_last_edited=\u00bbon|desktop\u00bb collapsed=\u00bboff\u00bb global_colors_info=\u00bb{%22gcid-b1ace166-c11d-4c70-a679-55884e9ca298%22:%91%22border_color_right%22%93}\u00bb][et_pb_column_inner saved_specialty_column_type=\u00bb3_4&#8243; _builder_version=\u00bb4.24.3&#8243; _module_preset=\u00bbdefault\u00bb global_colors_info=\u00bb{}\u00bb][et_pb_text admin_label=\u00bbL\u00ednea divisoria\u00bb _builder_version=\u00bb4.27.4&#8243; _module_preset=\u00bbdefault\u00bb header_font=\u00bbIBM Plex Sans|700|||||||\u00bb header_text_color=\u00bbgcid-cca90ba6-297c-4d63-9e2c-8201011ef870&#8243; header_font_size=\u00bb40px\u00bb custom_margin=\u00bb|30px|||false|false\u00bb header_font_size_tablet=\u00bb55px\u00bb header_font_size_phone=\u00bb30px\u00bb header_font_size_last_edited=\u00bbon|phone\u00bb border_width_bottom=\u00bb3px\u00bb border_color_bottom=\u00bbgcid-b1ace166-c11d-4c70-a679-55884e9ca298&#8243; border_style_bottom=\u00bbdotted\u00bb global_colors_info=\u00bb{%22gcid-cca90ba6-297c-4d63-9e2c-8201011ef870%22:%91%22header_text_color%22%93,%22gcid-b1ace166-c11d-4c70-a679-55884e9ca298%22:%91%22border_color_bottom%22%93}\u00bb][\/et_pb_text][difl_imagecarousel item_desktop=\u00bb3&#8243; admin_label=\u00bbCampa\u00f1a, educa y voluntariado\u00bb _builder_version=\u00bb4.27.4&#8243; _module_preset=\u00bbdefault\u00bb width_tablet=\u00bb\u00bb width_phone=\u00bb100%\u00bb width_last_edited=\u00bbon|desktop\u00bb custom_margin=\u00bb|62px|||false|false\u00bb custom_margin_tablet=\u00bb|62px|||false|false\u00bb custom_margin_phone=\u00bb|62px|||false|false\u00bb custom_margin_last_edited=\u00bbon|desktop\u00bb global_module=\u00bb316782&#8243; global_colors_info=\u00bb{}\u00bb custom_margin__hover_enabled=\u00bboff|desktop\u00bb custom_margin__hover=\u00bb|30px|||false|false\u00bb][difl_imagecarouselitem image=\u00bbhttps:\/\/www.itakaescolapios.org\/wp-content\/uploads\/2025\/02\/BANNERS-CAMPANA-INFERIOR-500500.jpg\u00bb ic_button_button_url_new_window=\u00bb1&#8243; _builder_version=\u00bb4.27.4&#8243; _module_preset=\u00bbdefault\u00bb link_option_url=\u00bbhttps:\/\/www.educa.itakaescolapios.org\/campanas\/2024-2025-abriendo-caminos\u00bb image_en_us=\u00bbhttps:\/\/www.itakaescolapios.org\/wp-content\/uploads\/2025\/02\/BANNERS-CAMPANA-INFERIOR-5005002.jpg\u00bb image_fr_fr=\u00bbhttps:\/\/www.itakaescolapios.org\/wp-content\/uploads\/2025\/02\/BANNERS-CAMPANA-INFERIOR-5005003.jpg\u00bb image_eu=\u00bbhttps:\/\/www.itakaescolapios.org\/wp-content\/uploads\/2025\/02\/BANNERS-CAMPANA-INFERIOR-5005006.jpg\u00bb image_ca=\u00bbhttps:\/\/www.itakaescolapios.org\/wp-content\/uploads\/2025\/02\/BANNERS-CAMPANA-INFERIOR-5005005.jpg\u00bb image_pt_br=\u00bbhttps:\/\/www.itakaescolapios.org\/wp-content\/uploads\/2025\/02\/BANNERS-CAMPANA-INFERIOR-5005004.jpg\u00bb global_colors_info=\u00bb{}\u00bb][\/difl_imagecarouselitem][difl_imagecarouselitem admin_label=\u00bbVoluntariado\u00bb image=\u00bbhttps:\/\/www.itakaescolapios.org\/wp-content\/uploads\/2025\/02\/BANNERS-VOLUNTARIADO-INFERIOR-500500.jpg\u00bb ic_button_button_url_new_window=\u00bb1&#8243; _builder_version=\u00bb4.27.4&#8243; _module_preset=\u00bbdefault\u00bb link_option_url=\u00bbhttps:\/\/www.itakaescolapios.org\/es\/haz-voluntariado\/\u00bb image_en_us=\u00bbhttps:\/\/www.itakaescolapios.org\/wp-content\/uploads\/2025\/02\/BANNERS-VOLUNTARIADO-INFERIOR-5005002.jpg\u00bb image_fr_fr=\u00bbhttps:\/\/www.itakaescolapios.org\/wp-content\/uploads\/2025\/02\/BANNERS-VOLUNTARIADO-INFERIOR-5005003.jpg\u00bb image_eu=\u00bbhttps:\/\/www.itakaescolapios.org\/wp-content\/uploads\/2025\/02\/BANNERS-VOLUNTARIADO-INFERIOR-5005006.jpg\u00bb image_ca=\u00bbhttps:\/\/www.itakaescolapios.org\/wp-content\/uploads\/2025\/02\/BANNERS-VOLUNTARIADO-INFERIOR-5005004.jpg\u00bb image_pt_br=\u00bbhttps:\/\/www.itakaescolapios.org\/wp-content\/uploads\/2025\/02\/BANNERS-VOLUNTARIADO-INFERIOR-5005005.jpg\u00bb global_colors_info=\u00bb{}\u00bb][\/difl_imagecarouselitem][difl_imagecarouselitem image=\u00bbhttps:\/\/www.itakaescolapios.org\/wp-content\/uploads\/2025\/02\/BANNERS-EDUCA-INFERIOR-500500.jpg\u00bb ic_button_button_url_new_window=\u00bb1&#8243; _builder_version=\u00bb4.27.4&#8243; _module_preset=\u00bbdefault\u00bb link_option_url=\u00bbhttps:\/\/www.educa.itakaescolapios.org\/\u00bb image_en_us=\u00bbhttps:\/\/www.itakaescolapios.org\/wp-content\/uploads\/2025\/02\/BANNERS-EDUCA-INFERIOR-5005002.jpg\u00bb image_fr_fr=\u00bbhttps:\/\/www.itakaescolapios.org\/wp-content\/uploads\/2025\/02\/BANNERS-EDUCA-INFERIOR-5005003.jpg\u00bb image_eu=\u00bbhttps:\/\/www.itakaescolapios.org\/wp-content\/uploads\/2025\/02\/BANNERS-EDUCA-INFERIOR-5005006.jpg\u00bb image_ca=\u00bbhttps:\/\/www.itakaescolapios.org\/wp-content\/uploads\/2025\/02\/BANNERS-EDUCA-INFERIOR-5005005.jpg\u00bb image_pt_br=\u00bbhttps:\/\/www.itakaescolapios.org\/wp-content\/uploads\/2025\/02\/BANNERS-EDUCA-INFERIOR-5005004.jpg\u00bb global_colors_info=\u00bb{}\u00bb][\/difl_imagecarouselitem][\/difl_imagecarousel][\/et_pb_column_inner][\/et_pb_row_inner][\/et_pb_column][et_pb_column type=\u00bb1_4&#8243; _builder_version=\u00bb4.16&#8243; custom_padding=\u00bb|||\u00bb global_colors_info=\u00bb{}\u00bb custom_padding__hover=\u00bb|||\u00bb][difl_imagecarousel item_desktop=\u00bb1&#8243; item_tablet=\u00bb1&#8243; loop=\u00bbon\u00bb autoplay=\u00bbon\u00bb autospeed=\u00bb3500&#8243; dots=\u00bbon\u00bb dots_color=\u00bbgcid-cca90ba6-297c-4d63-9e2c-8201011ef870&#8243; active_dots_color=\u00bbgcid-b1ace166-c11d-4c70-a679-55884e9ca298&#8243; dots_gap=\u00bb21px\u00bb item_wrapper_padding=\u00bb||15px||false|false\u00bb admin_label=\u00bbSer miembro y newsletter\u00bb module_class=\u00bbextiendeenlacedeboton\u00bb _builder_version=\u00bb4.27.4&#8243; _module_preset=\u00bbdefault\u00bb global_module=\u00bb51656&#8243; saved_tabs=\u00bball\u00bb locked=\u00bboff\u00bb global_colors_info=\u00bb{%22gcid-cca90ba6-297c-4d63-9e2c-8201011ef870%22:%91%22dots_color%22%93,%22gcid-b1ace166-c11d-4c70-a679-55884e9ca298%22:%91%22active_dots_color%22%93}\u00bb][difl_imagecarouselitem image=\u00bbhttps:\/\/www.itakaescolapios.org\/wp-content\/uploads\/2025\/02\/banners-500&#215;500-esp.jpg\u00bb ic_button_button_text=\u00bbbot\u00bb ic_button_button_url=\u00bb\/es\/colabora\u00bb ic_button_button_url_new_window=\u00bb1&#8243; _builder_version=\u00bb4.27.4&#8243; _module_preset=\u00bbdefault\u00bb image_en_us=\u00bbhttps:\/\/www.itakaescolapios.org\/wp-content\/uploads\/2025\/02\/banners-500&#215;500-eng.jpg\u00bb ic_button_button_text_en_us=\u00bbbot\u00bb image_fr_fr=\u00bbhttps:\/\/www.itakaescolapios.org\/wp-content\/uploads\/2025\/02\/banners-500&#215;500-fra.jpg\u00bb ic_button_button_text_fr_fr=\u00bbbot\u00bb image_eu=\u00bbhttps:\/\/www.itakaescolapios.org\/wp-content\/uploads\/2025\/02\/banners-500&#215;500-eusk.jpg\u00bb ic_button_button_text_eu=\u00bbbot\u00bb image_ca=\u00bbhttps:\/\/www.itakaescolapios.org\/wp-content\/uploads\/2025\/02\/banners-500&#215;500-val.jpg\u00bb ic_button_button_text_ca=\u00bbbot\u00bb image_pt_br=\u00bbhttps:\/\/www.itakaescolapios.org\/wp-content\/uploads\/2025\/02\/banners-500&#215;500-port.jpg\u00bb ic_button_button_text_pt_br=\u00bbbot\u00bb global_colors_info=\u00bb{}\u00bb][\/difl_imagecarouselitem][difl_imagecarouselitem image=\u00bbhttps:\/\/www.itakaescolapios.org\/wp-content\/uploads\/2025\/02\/banners-500&#215;500-esp2.png\u00bb ic_button_button_text=\u00bbbot\u00bb ic_button_button_url=\u00bb\/es\/suscribete\/\u00bb ic_button_button_url_new_window=\u00bb1&#8243; _builder_version=\u00bb4.27.4&#8243; _module_preset=\u00bbdefault\u00bb image_en_us=\u00bbhttps:\/\/www.itakaescolapios.org\/wp-content\/uploads\/2025\/02\/banners-500&#215;500-eng2.jpg\u00bb ic_button_button_text_en_us=\u00bbbot\u00bb image_fr_fr=\u00bbhttps:\/\/www.itakaescolapios.org\/wp-content\/uploads\/2025\/02\/banners-500&#215;500-fra2.jpg\u00bb ic_button_button_text_fr_fr=\u00bbbot\u00bb image_eu=\u00bbhttps:\/\/www.itakaescolapios.org\/wp-content\/uploads\/2025\/02\/banners-500&#215;500-eusk2.jpg\u00bb ic_button_button_text_eu=\u00bbbot\u00bb image_ca=\u00bbhttps:\/\/www.itakaescolapios.org\/wp-content\/uploads\/2025\/02\/banners-500&#215;500-val2.jpg\u00bb ic_button_button_text_ca=\u00bbbot\u00bb image_pt_br=\u00bbhttps:\/\/www.itakaescolapios.org\/wp-content\/uploads\/2025\/02\/banners-500&#215;500-port2.jpg\u00bb ic_button_button_text_pt_br=\u00bbbot\u00bb global_colors_info=\u00bb{}\u00bb][\/difl_imagecarouselitem][\/difl_imagecarousel][et_pb_text admin_label=\u00bbTexto %22\u00daltimas noticias%22&#8243; _builder_version=\u00bb4.25.0&#8243; _module_preset=\u00bbdefault\u00bb header_font=\u00bbIBM Plex Sans|700|||||||\u00bb header_text_color=\u00bbgcid-cca90ba6-297c-4d63-9e2c-8201011ef870&#8243; header_font_size=\u00bb40px\u00bb custom_margin=\u00bb||||false|false\u00bb header_font_size_tablet=\u00bb55px\u00bb header_font_size_phone=\u00bb30px\u00bb header_font_size_last_edited=\u00bbon|phone\u00bb content_en_us=\u00bb<\/p>\n<h1>Last news<\/h1>\n<p>\u00bb content_fr_fr=\u00bb<\/p>\n<h1>Derni\u00e8res nouvelles<\/h1>\n<p>\u00bb content_eu=\u00bb<\/p>\n<h1>Azken berriak<\/h1>\n<p>\u00bb content_ca=\u00bb<\/p>\n<h1>\u00daltimes not\u00edcies<\/h1>\n<p>\u00bb content_pt_br=\u00bb<\/p>\n<h1>\u00daltimas not\u00edcias<\/h1>\n<p>\u00bb border_width_bottom=\u00bb3px\u00bb border_color_bottom=\u00bbgcid-b1ace166-c11d-4c70-a679-55884e9ca298&#8243; border_style_bottom=\u00bbdotted\u00bb global_module=\u00bb50904&#8243; saved_tabs=\u00bball\u00bb global_colors_info=\u00bb{%22gcid-cca90ba6-297c-4d63-9e2c-8201011ef870%22:%91%22header_text_color%22,%22header_text_color%22%93,%22gcid-b1ace166-c11d-4c70-a679-55884e9ca298%22:%91%22border_color_bottom%22%93}\u00bb]<\/p>\n<h1>\u00daltimas noticias<\/h1>\n<p>[\/et_pb_text][difl_blogcarousel posts_number=\u00bb6&#8243; post_display=\u00bbby_category\u00bb include_categories=\u00bb622,15&#8243; use_image_as_background=\u00bbon\u00bb item_desktop=\u00bb1&#8243; item_tablet=\u00bb1&#8243; loop=\u00bbon\u00bb dots=\u00bbon\u00bb equal_height=\u00bbon\u00bb item_background_bgcolor=\u00bbrgba(175,196,16,0.9)\u00bb arrow_color=\u00bb#FFFFFF\u00bb arrow_background=\u00bbgcid-cca90ba6-297c-4d63-9e2c-8201011ef870&#8243; arrow_circle=\u00bbon\u00bb arrow_prev_icon_use_icon=\u00bboff\u00bb arrow_prev_margin=\u00bb|||-70px|false|false\u00bb arrow_prev_margin_tablet=\u00bb\u00bb arrow_prev_margin_phone=\u00bb|||0px|false|false\u00bb arrow_prev_margin_last_edited=\u00bbon|phone\u00bb arrow_next_margin=\u00bb|-70px|||false|false\u00bb arrow_next_margin_tablet=\u00bb\u00bb arrow_next_margin_phone=\u00bb|0px|||false|false\u00bb arrow_next_margin_last_edited=\u00bbon|phone\u00bb large_active_dot=\u00bbon\u00bb dots_color=\u00bbgcid-cca90ba6-297c-4d63-9e2c-8201011ef870&#8243; active_dots_color=\u00bbgcid-b1ace166-c11d-4c70-a679-55884e9ca298&#8243; wrapper_padding=\u00bb||15px||false|false\u00bb item_wrapper_padding=\u00bb300px||||false|false\u00bb item_padding=\u00bb20px||||false|false\u00bb admin_label=\u00bbAQU\u00cd CAMBIA LA CATEGOR\u00cdA\u00bb _builder_version=\u00bb4.27.4&#8243; _module_preset=\u00bbdefault\u00bb border_radii_item_outer=\u00bbon|8px|8px|8px|8px\u00bb global_colors_info=\u00bb{%22gcid-b1ace166-c11d-4c70-a679-55884e9ca298%22:%91%22item_background_bgcolor%22,%22active_dots_color%22%93}\u00bb][difl_postitem type=\u00bbtitle\u00bb element_padding=\u00bb10px|10px||10px|false|true\u00bb _builder_version=\u00bb4.27.4&#8243; _module_preset=\u00bbdefault\u00bb post_font_style_font=\u00bbMerriweather|900|||||||\u00bb post_font_style_text_color=\u00bb#FFFFFF\u00bb post_font_style_font_size=\u00bb20px\u00bb post_font_style_line_height=\u00bb22px\u00bb background_color=\u00bbRGBA(255,255,255,0)\u00bb background_enable_color=\u00bbon\u00bb text_orientation=\u00bbcenter\u00bb global_colors_info=\u00bb{}\u00bb][\/difl_postitem][difl_postitem type=\u00bbdate\u00bb date_format=\u00bbj-F-Y\u00bb meta_display=\u00bbblock\u00bb use_icon=\u00bbon\u00bb font_icon=\u00bb&#xe023;||divi||400&#8243; icon_color=\u00bb#FFFFFF\u00bb element_padding=\u00bb|10px||10px|false|true\u00bb _builder_version=\u00bb4.27.4&#8243; _module_preset=\u00bbdefault\u00bb post_font_style_font=\u00bbIBM Plex Sans|700|||||||\u00bb post_font_style_text_color=\u00bb#FFFFFF\u00bb post_font_style_font_size=\u00bb12px\u00bb background_color=\u00bbRGBA(255,255,255,0)\u00bb background_enable_color=\u00bbon\u00bb text_orientation=\u00bbright\u00bb global_colors_info=\u00bb{}\u00bb][\/difl_postitem][\/difl_blogcarousel][difl_imagecarousel item_desktop=\u00bb1&#8243; item_tablet=\u00bb1&#8243; loop=\u00bbon\u00bb autoplay=\u00bbon\u00bb autospeed=\u00bb3500&#8243; dots=\u00bbon\u00bb dots_color=\u00bbgcid-cca90ba6-297c-4d63-9e2c-8201011ef870&#8243; active_dots_color=\u00bbgcid-b1ace166-c11d-4c70-a679-55884e9ca298&#8243; item_wrapper_padding=\u00bb||20px||false|false\u00bb admin_label=\u00bbFormaci\u00f3n, hemeroteca y formaci\u00f3n\u00bb module_class=\u00bbextiendeenlacedeboton\u00bb _builder_version=\u00bb4.27.4&#8243; _module_preset=\u00bbdefault\u00bb module_alignment=\u00bbcenter\u00bb custom_margin=\u00bb||||false|false\u00bb global_module=\u00bb51721&#8243; saved_tabs=\u00bball\u00bb global_colors_info=\u00bb{%22gcid-cca90ba6-297c-4d63-9e2c-8201011ef870%22:%91%22dots_color%22%93,%22gcid-b1ace166-c11d-4c70-a679-55884e9ca298%22:%91%22active_dots_color%22%93}\u00bb custom_margin__hover_enabled=\u00bbon|hover\u00bb custom_margin__hover=\u00bb||||false|false\u00bb][difl_imagecarouselitem admin_label=\u00bbFormaci\u00f3n\u00bb image=\u00bbhttps:\/\/www.itakaescolapios.org\/wp-content\/uploads\/2025\/02\/banners-500&#215;500-esp5.jpg\u00bb ic_button_button_text=\u00bbbot\u00bb ic_button_button_url=\u00bb\/es\/que-hacemos\/formacion\/\u00bb ic_button_button_url_new_window=\u00bb1&#8243; _builder_version=\u00bb4.27.4&#8243; _module_preset=\u00bbdefault\u00bb image_en_us=\u00bbhttps:\/\/www.itakaescolapios.org\/wp-content\/uploads\/2025\/02\/banners-500&#215;500-eng5.jpg\u00bb ic_button_button_text_en_us=\u00bbbot\u00bb image_fr_fr=\u00bbhttps:\/\/www.itakaescolapios.org\/wp-content\/uploads\/2025\/02\/banners-500&#215;500-fra5.jpg\u00bb ic_button_button_text_fr_fr=\u00bbbot\u00bb image_eu=\u00bbhttps:\/\/www.itakaescolapios.org\/wp-content\/uploads\/2025\/02\/banners-500&#215;500-eusk5.jpg\u00bb ic_button_button_text_eu=\u00bbbot\u00bb image_ca=\u00bbhttps:\/\/www.itakaescolapios.org\/wp-content\/uploads\/2025\/02\/banners-500&#215;500-val5.jpg\u00bb ic_button_button_text_ca=\u00bbbot\u00bb image_pt_br=\u00bbhttps:\/\/www.itakaescolapios.org\/wp-content\/uploads\/2025\/02\/banners-500&#215;500-port5.jpg\u00bb ic_button_button_text_pt_br=\u00bbbot\u00bb global_colors_info=\u00bb{}\u00bb][\/difl_imagecarouselitem][difl_imagecarouselitem admin_label=\u00bbPublicaciones\u00bb image=\u00bbhttps:\/\/www.itakaescolapios.org\/wp-content\/uploads\/2025\/02\/banners-500&#215;500-esp3-1.jpg\u00bb ic_button_button_text=\u00bbbot\u00bb ic_button_button_url=\u00bb\/es\/publicaciones\u00bb ic_button_button_url_new_window=\u00bb1&#8243; _builder_version=\u00bb4.27.4&#8243; _module_preset=\u00bbdefault\u00bb image_en_us=\u00bbhttps:\/\/www.itakaescolapios.org\/wp-content\/uploads\/2025\/02\/banners-500&#215;500-eng3.jpg\u00bb ic_button_button_text_en_us=\u00bbbot\u00bb image_fr_fr=\u00bbhttps:\/\/www.itakaescolapios.org\/wp-content\/uploads\/2025\/02\/banners-500&#215;500-fra3.jpg\u00bb ic_button_button_text_fr_fr=\u00bbbot\u00bb image_eu=\u00bbhttps:\/\/www.itakaescolapios.org\/wp-content\/uploads\/2025\/02\/banners-500&#215;500-eusk3.jpg\u00bb ic_button_button_text_eu=\u00bbbot\u00bb image_ca=\u00bbhttps:\/\/www.itakaescolapios.org\/wp-content\/uploads\/2025\/02\/banners-500&#215;500-val3.jpg\u00bb ic_button_button_text_ca=\u00bbbot\u00bb image_pt_br=\u00bbhttps:\/\/www.itakaescolapios.org\/wp-content\/uploads\/2025\/02\/banners-500&#215;500-port3.jpg\u00bb ic_button_button_text_pt_br=\u00bbbot\u00bb global_colors_info=\u00bb{}\u00bb][\/difl_imagecarouselitem][difl_imagecarouselitem admin_label=\u00bbHemeroteca\u00bb image=\u00bbhttps:\/\/www.itakaescolapios.org\/wp-content\/uploads\/2025\/02\/banners-500&#215;500-esp4.jpg\u00bb ic_button_button_text=\u00bbbot\u00bb ic_button_button_url=\u00bb\/es\/noticias\/\u00bb ic_button_button_url_new_window=\u00bb1&#8243; _builder_version=\u00bb4.27.4&#8243; _module_preset=\u00bbdefault\u00bb image_en_us=\u00bbhttps:\/\/www.itakaescolapios.org\/wp-content\/uploads\/2025\/02\/banners-500&#215;500-eng4.jpg\u00bb ic_button_button_text_en_us=\u00bbbot\u00bb image_fr_fr=\u00bbhttps:\/\/www.itakaescolapios.org\/wp-content\/uploads\/2025\/02\/banners-500&#215;500-fra4.jpg\u00bb ic_button_button_text_fr_fr=\u00bbbot\u00bb image_eu=\u00bbhttps:\/\/www.itakaescolapios.org\/wp-content\/uploads\/2025\/02\/banners-500&#215;500-eusk4.jpg\u00bb ic_button_button_text_eu=\u00bbbot\u00bb image_ca=\u00bbhttps:\/\/www.itakaescolapios.org\/wp-content\/uploads\/2025\/02\/banners-500&#215;500-val4.jpg\u00bb ic_button_button_text_ca=\u00bbbot\u00bb image_pt_br=\u00bbhttps:\/\/www.itakaescolapios.org\/wp-content\/uploads\/2025\/02\/banners-500&#215;500-port4.jpg\u00bb ic_button_button_text_pt_br=\u00bbbot\u00bb global_colors_info=\u00bb{}\u00bb][\/difl_imagecarouselitem][\/difl_imagecarousel][et_pb_text admin_label=\u00bbTexto %22S\u00edguenos%22&#8243; _builder_version=\u00bb4.25.1&#8243; _module_preset=\u00bbdefault\u00bb header_font=\u00bbIBM Plex Sans|600|||||||\u00bb header_text_color=\u00bb#FFFFFF\u00bb background_color=\u00bbgcid-cca90ba6-297c-4d63-9e2c-8201011ef870&#8243; custom_margin=\u00bb0px||0px||true|false\u00bb custom_padding=\u00bb20px||||false|false\u00bb content_en_us=\u00bb<\/p>\n<h1 style=%22text-align: center;%22>Follow us<\/h1>\n<p>\u00bb content_fr_fr=\u00bb<\/p>\n<h1 style=%22text-align: center;%22>Suivez-nous sur<\/h1>\n<p>\u00bb content_eu=\u00bb<\/p>\n<h1 style=%22text-align: center;%22>Jarraitu<\/h1>\n<p>\u00bb content_ca=\u00bb<\/p>\n<h1 style=%22text-align: center;%22>Segueix-nos<\/h1>\n<p>\u00bb content_pt_br=\u00bb<\/p>\n<h1 style=%22text-align: center;%22>Siga-nos em<\/h1>\n<p>\u00bb border_radii=\u00bboff||15px||\u00bb global_colors_info=\u00bb{%22gcid-cca90ba6-297c-4d63-9e2c-8201011ef870%22:%91%22background_color%22%93}\u00bb]<\/p>\n<h1 style=\"text-align: center;\">S\u00edguenos<\/h1>\n<p>[\/et_pb_text][et_pb_social_media_follow admin_label=\u00bbREDES SOCIALES SEDE\u00bb module_class=\u00bbredes-portada-sede\u00bb _builder_version=\u00bb4.25.1&#8243; _module_preset=\u00bbdefault\u00bb background_color=\u00bbgcid-cca90ba6-297c-4d63-9e2c-8201011ef870&#8243; text_orientation=\u00bbcenter\u00bb custom_margin=\u00bb0px||||false|false\u00bb custom_padding=\u00bb15px||15px||true|false\u00bb custom_css_free_form=\u00bb.redes-portada-sede.et_pb_module {border-bottom-left-radius: 15px !important;}\u00bb border_radii=\u00bboff|15px|15px|15px|15px\u00bb global_colors_info=\u00bb{%22gcid-cca90ba6-297c-4d63-9e2c-8201011ef870%22:%91%22background_color%22%93}\u00bb][et_pb_social_media_follow_network social_network=\u00bbfacebook\u00bb icon_color=\u00bbgcid-cca90ba6-297c-4d63-9e2c-8201011ef870&#8243; _builder_version=\u00bb4.24.3&#8243; _module_preset=\u00bbdefault\u00bb background_color=\u00bb#FFFFFF\u00bb background_enable_color=\u00bbon\u00bb global_colors_info=\u00bb{%22gcid-cca90ba6-297c-4d63-9e2c-8201011ef870%22:%91%22icon_color%22%93}\u00bb follow_button=\u00bboff\u00bb url_new_window=\u00bbon\u00bb]facebook[\/et_pb_social_media_follow_network][et_pb_social_media_follow_network social_network=\u00bbinstagram\u00bb icon_color=\u00bbgcid-cca90ba6-297c-4d63-9e2c-8201011ef870&#8243; _builder_version=\u00bb4.24.3&#8243; _module_preset=\u00bbdefault\u00bb background_color=\u00bb#FFFFFF\u00bb background_enable_color=\u00bbon\u00bb global_colors_info=\u00bb{%22gcid-cca90ba6-297c-4d63-9e2c-8201011ef870%22:%91%22icon_color%22%93}\u00bb follow_button=\u00bboff\u00bb url_new_window=\u00bbon\u00bb]instagram[\/et_pb_social_media_follow_network][et_pb_social_media_follow_network social_network=\u00bbyoutube\u00bb icon_color=\u00bbgcid-cca90ba6-297c-4d63-9e2c-8201011ef870&#8243; _builder_version=\u00bb4.24.3&#8243; _module_preset=\u00bbdefault\u00bb background_color=\u00bb#FFFFFF\u00bb background_enable_color=\u00bbon\u00bb global_colors_info=\u00bb{%22gcid-cca90ba6-297c-4d63-9e2c-8201011ef870%22:%91%22icon_color%22%93}\u00bb follow_button=\u00bboff\u00bb url_new_window=\u00bbon\u00bb]youtube[\/et_pb_social_media_follow_network][\/et_pb_social_media_follow][\/et_pb_column][\/et_pb_section]<\/p>\n","protected":false},"excerpt":{"rendered":"<p>Santa Cruz de la Sierra[ Contacto ] &nbsp;Santa Cruz de la Sierrasedesantacruz@itakaescolapios.orgCoordinador\/a:\u00a0Enivaldo Joao de Oliveira &nbsp;[ Ubicaci\u00f3n ]Los escolapios desde 2019, por petici\u00f3n del Cap\u00edtulo Provincial asumen por encargo del [&hellip;]<\/p>\n","protected":false},"author":69,"featured_media":0,"parent":0,"menu_order":0,"comment_status":"closed","ping_status":"closed","template":"","meta":{"_et_pb_use_builder":"on","_et_pb_old_content":"","_et_gb_content_width":"","footnotes":""},"class_list":["post-316694","page","type-page","status-publish","hentry"],"yoast_head":"<!-- This site is optimized with the Yoast SEO plugin v27.4 - https:\/\/yoast.com\/product\/yoast-seo-wordpress\/ -->\n<title>Santa Cruz de la Sierra - Itaka-Escolapios<\/title>\n<meta name=\"robots\" content=\"index, follow, max-snippet:-1, max-image-preview:large, max-video-preview:-1\" \/>\n<link rel=\"canonical\" href=\"https:\/\/www.itakaescolapios.org\/es\/santa-cruz-de-la-sierra\/\" \/>\n<meta property=\"og:locale\" content=\"es_ES\" \/>\n<meta property=\"og:type\" content=\"article\" \/>\n<meta property=\"og:title\" content=\"Santa Cruz de la Sierra - Itaka-Escolapios\" \/>\n<meta property=\"og:description\" content=\"Santa Cruz de la Sierra[ Contacto ] &nbsp;Santa Cruz de la Sierrasedesantacruz@itakaescolapios.orgCoordinador\/a:\u00a0Enivaldo Joao de Oliveira &nbsp;[ Ubicaci\u00f3n ]Los escolapios desde 2019, por petici\u00f3n del Cap\u00edtulo Provincial asumen por encargo del [&hellip;]\" \/>\n<meta property=\"og:url\" content=\"https:\/\/www.itakaescolapios.org\/es\/santa-cruz-de-la-sierra\/\" \/>\n<meta property=\"og:site_name\" content=\"Itaka-Escolapios\" \/>\n<meta property=\"article:modified_time\" content=\"2026-02-12T20:40:08+00:00\" \/>\n<meta name=\"twitter:card\" content=\"summary_large_image\" \/>\n<meta name=\"twitter:label1\" content=\"Tiempo de lectura\" \/>\n\t<meta name=\"twitter:data1\" content=\"4 minutos\" \/>\n<script type=\"application\/ld+json\" class=\"yoast-schema-graph\">{\"@context\":\"https:\\\/\\\/schema.org\",\"@graph\":[{\"@type\":\"WebPage\",\"@id\":\"https:\\\/\\\/www.itakaescolapios.org\\\/es\\\/santa-cruz-de-la-sierra\\\/\",\"url\":\"https:\\\/\\\/www.itakaescolapios.org\\\/es\\\/santa-cruz-de-la-sierra\\\/\",\"name\":\"Santa Cruz de la Sierra - Itaka-Escolapios\",\"isPartOf\":{\"@id\":\"https:\\\/\\\/www.itakaescolapios.org\\\/es\\\/#website\"},\"datePublished\":\"2025-02-18T10:31:11+00:00\",\"dateModified\":\"2026-02-12T20:40:08+00:00\",\"breadcrumb\":{\"@id\":\"https:\\\/\\\/www.itakaescolapios.org\\\/es\\\/santa-cruz-de-la-sierra\\\/#breadcrumb\"},\"inLanguage\":\"es\",\"potentialAction\":[{\"@type\":\"ReadAction\",\"target\":[\"https:\\\/\\\/www.itakaescolapios.org\\\/es\\\/santa-cruz-de-la-sierra\\\/\"]}]},{\"@type\":\"BreadcrumbList\",\"@id\":\"https:\\\/\\\/www.itakaescolapios.org\\\/es\\\/santa-cruz-de-la-sierra\\\/#breadcrumb\",\"itemListElement\":[{\"@type\":\"ListItem\",\"position\":1,\"name\":\"Portada\",\"item\":\"https:\\\/\\\/www.itakaescolapios.org\\\/es\\\/\"},{\"@type\":\"ListItem\",\"position\":2,\"name\":\"Santa Cruz de la Sierra\"}]},{\"@type\":\"WebSite\",\"@id\":\"https:\\\/\\\/www.itakaescolapios.org\\\/es\\\/#website\",\"url\":\"https:\\\/\\\/www.itakaescolapios.org\\\/es\\\/\",\"name\":\"Itaka-Escolapios\",\"description\":\"Red de Itaka-Escolapios\",\"publisher\":{\"@id\":\"https:\\\/\\\/www.itakaescolapios.org\\\/es\\\/#organization\"},\"potentialAction\":[{\"@type\":\"SearchAction\",\"target\":{\"@type\":\"EntryPoint\",\"urlTemplate\":\"https:\\\/\\\/www.itakaescolapios.org\\\/es\\\/?s={search_term_string}\"},\"query-input\":{\"@type\":\"PropertyValueSpecification\",\"valueRequired\":true,\"valueName\":\"search_term_string\"}}],\"inLanguage\":\"es\"},{\"@type\":\"Organization\",\"@id\":\"https:\\\/\\\/www.itakaescolapios.org\\\/es\\\/#organization\",\"name\":\"Fundaci\u00f3 Itaka-Escolapios\",\"url\":\"https:\\\/\\\/www.itakaescolapios.org\\\/es\\\/\",\"logo\":{\"@type\":\"ImageObject\",\"inLanguage\":\"es\",\"@id\":\"https:\\\/\\\/www.itakaescolapios.org\\\/es\\\/#\\\/schema\\\/logo\\\/image\\\/\",\"url\":\"https:\\\/\\\/www.itakaescolapios.org\\\/wp-content\\\/uploads\\\/2024\\\/04\\\/Logo-itakaescolapios-peque.png\",\"contentUrl\":\"https:\\\/\\\/www.itakaescolapios.org\\\/wp-content\\\/uploads\\\/2024\\\/04\\\/Logo-itakaescolapios-peque.png\",\"width\":500,\"height\":199,\"caption\":\"Fundaci\u00f3 Itaka-Escolapios\"},\"image\":{\"@id\":\"https:\\\/\\\/www.itakaescolapios.org\\\/es\\\/#\\\/schema\\\/logo\\\/image\\\/\"}}]}<\/script>\n<!-- \/ Yoast SEO plugin. -->","yoast_head_json":{"title":"Santa Cruz de la Sierra - Itaka-Escolapios","robots":{"index":"index","follow":"follow","max-snippet":"max-snippet:-1","max-image-preview":"max-image-preview:large","max-video-preview":"max-video-preview:-1"},"canonical":"https:\/\/www.itakaescolapios.org\/es\/santa-cruz-de-la-sierra\/","og_locale":"es_ES","og_type":"article","og_title":"Santa Cruz de la Sierra - Itaka-Escolapios","og_description":"Santa Cruz de la Sierra[ Contacto ] &nbsp;Santa Cruz de la Sierrasedesantacruz@itakaescolapios.orgCoordinador\/a:\u00a0Enivaldo Joao de Oliveira &nbsp;[ Ubicaci\u00f3n ]Los escolapios desde 2019, por petici\u00f3n del Cap\u00edtulo Provincial asumen por encargo del [&hellip;]","og_url":"https:\/\/www.itakaescolapios.org\/es\/santa-cruz-de-la-sierra\/","og_site_name":"Itaka-Escolapios","article_modified_time":"2026-02-12T20:40:08+00:00","twitter_card":"summary_large_image","twitter_misc":{"Tiempo de lectura":"4 minutos"},"schema":{"@context":"https:\/\/schema.org","@graph":[{"@type":"WebPage","@id":"https:\/\/www.itakaescolapios.org\/es\/santa-cruz-de-la-sierra\/","url":"https:\/\/www.itakaescolapios.org\/es\/santa-cruz-de-la-sierra\/","name":"Santa Cruz de la Sierra - Itaka-Escolapios","isPartOf":{"@id":"https:\/\/www.itakaescolapios.org\/es\/#website"},"datePublished":"2025-02-18T10:31:11+00:00","dateModified":"2026-02-12T20:40:08+00:00","breadcrumb":{"@id":"https:\/\/www.itakaescolapios.org\/es\/santa-cruz-de-la-sierra\/#breadcrumb"},"inLanguage":"es","potentialAction":[{"@type":"ReadAction","target":["https:\/\/www.itakaescolapios.org\/es\/santa-cruz-de-la-sierra\/"]}]},{"@type":"BreadcrumbList","@id":"https:\/\/www.itakaescolapios.org\/es\/santa-cruz-de-la-sierra\/#breadcrumb","itemListElement":[{"@type":"ListItem","position":1,"name":"Portada","item":"https:\/\/www.itakaescolapios.org\/es\/"},{"@type":"ListItem","position":2,"name":"Santa Cruz de la Sierra"}]},{"@type":"WebSite","@id":"https:\/\/www.itakaescolapios.org\/es\/#website","url":"https:\/\/www.itakaescolapios.org\/es\/","name":"Itaka-Escolapios","description":"Red de Itaka-Escolapios","publisher":{"@id":"https:\/\/www.itakaescolapios.org\/es\/#organization"},"potentialAction":[{"@type":"SearchAction","target":{"@type":"EntryPoint","urlTemplate":"https:\/\/www.itakaescolapios.org\/es\/?s={search_term_string}"},"query-input":{"@type":"PropertyValueSpecification","valueRequired":true,"valueName":"search_term_string"}}],"inLanguage":"es"},{"@type":"Organization","@id":"https:\/\/www.itakaescolapios.org\/es\/#organization","name":"Fundaci\u00f3 Itaka-Escolapios","url":"https:\/\/www.itakaescolapios.org\/es\/","logo":{"@type":"ImageObject","inLanguage":"es","@id":"https:\/\/www.itakaescolapios.org\/es\/#\/schema\/logo\/image\/","url":"https:\/\/www.itakaescolapios.org\/wp-content\/uploads\/2024\/04\/Logo-itakaescolapios-peque.png","contentUrl":"https:\/\/www.itakaescolapios.org\/wp-content\/uploads\/2024\/04\/Logo-itakaescolapios-peque.png","width":500,"height":199,"caption":"Fundaci\u00f3 Itaka-Escolapios"},"image":{"@id":"https:\/\/www.itakaescolapios.org\/es\/#\/schema\/logo\/image\/"}}]}},"_links":{"self":[{"href":"https:\/\/www.itakaescolapios.org\/es\/wp-json\/wp\/v2\/pages\/316694","targetHints":{"allow":["GET"]}}],"collection":[{"href":"https:\/\/www.itakaescolapios.org\/es\/wp-json\/wp\/v2\/pages"}],"about":[{"href":"https:\/\/www.itakaescolapios.org\/es\/wp-json\/wp\/v2\/types\/page"}],"author":[{"embeddable":true,"href":"https:\/\/www.itakaescolapios.org\/es\/wp-json\/wp\/v2\/users\/69"}],"replies":[{"embeddable":true,"href":"https:\/\/www.itakaescolapios.org\/es\/wp-json\/wp\/v2\/comments?post=316694"}],"version-history":[{"count":6,"href":"https:\/\/www.itakaescolapios.org\/es\/wp-json\/wp\/v2\/pages\/316694\/revisions"}],"predecessor-version":[{"id":330283,"href":"https:\/\/www.itakaescolapios.org\/es\/wp-json\/wp\/v2\/pages\/316694\/revisions\/330283"}],"wp:attachment":[{"href":"https:\/\/www.itakaescolapios.org\/es\/wp-json\/wp\/v2\/media?parent=316694"}],"curies":[{"name":"wp","href":"https:\/\/api.w.org\/{rel}","templated":true}]}}