{"version":"1.0","provider_name":"Itaka-Escolapios","provider_url":"https:\/\/www.itakaescolapios.org\/eu\/","author_name":"valencia01","author_url":"https:\/\/www.itakaescolapios.org\/eu\/author\/valencia01\/","title":"SEGUNDO ENCUENTRO FORMATIVO EN VALENCIA","type":"rich","width":600,"height":338,"html":"<blockquote class=\"wp-embedded-content\" data-secret=\"KmwYgj1auC\"><a href=\"https:\/\/www.itakaescolapios.org\/eu\/2017\/02\/segundo-encuentro-formativo-en-valencia\/\">SEGUNDO ENCUENTRO FORMATIVO EN VALENCIA<\/a><\/blockquote><iframe sandbox=\"allow-scripts\" security=\"restricted\" src=\"https:\/\/www.itakaescolapios.org\/eu\/2017\/02\/segundo-encuentro-formativo-en-valencia\/embed\/#?secret=KmwYgj1auC\" width=\"600\" height=\"338\" title=\"&#8220;SEGUNDO ENCUENTRO FORMATIVO EN VALENCIA&#8221; &#8212; Itaka-Escolapios\" data-secret=\"KmwYgj1auC\" frameborder=\"0\" marginwidth=\"0\" marginheight=\"0\" scrolling=\"no\" class=\"wp-embedded-content\"><\/iframe><script type=\"text\/javascript\">\n\/* <![CDATA[ *\/\n\/*! This file is auto-generated *\/\n!function(d,l){\"use strict\";l.querySelector&&d.addEventListener&&\"undefined\"!=typeof URL&&(d.wp=d.wp||{},d.wp.receiveEmbedMessage||(d.wp.receiveEmbedMessage=function(e){var t=e.data;if((t||t.secret||t.message||t.value)&&!\/[^a-zA-Z0-9]\/.test(t.secret)){for(var s,r,n,a=l.querySelectorAll('iframe[data-secret=\"'+t.secret+'\"]'),o=l.querySelectorAll('blockquote[data-secret=\"'+t.secret+'\"]'),c=new RegExp(\"^https?:$\",\"i\"),i=0;i<o.length;i++)o[i].style.display=\"none\";for(i=0;i<a.length;i++)s=a[i],e.source===s.contentWindow&&(s.removeAttribute(\"style\"),\"height\"===t.message?(1e3<(r=parseInt(t.value,10))?r=1e3:~~r<200&&(r=200),s.height=r):\"link\"===t.message&&(r=new URL(s.getAttribute(\"src\")),n=new URL(t.value),c.test(n.protocol))&&n.host===r.host&&l.activeElement===s&&(d.top.location.href=t.value))}},d.addEventListener(\"message\",d.wp.receiveEmbedMessage,!1),l.addEventListener(\"DOMContentLoaded\",function(){for(var e,t,s=l.querySelectorAll(\"iframe.wp-embedded-content\"),r=0;r<s.length;r++)(t=(e=s[r]).getAttribute(\"data-secret\"))||(t=Math.random().toString(36).substring(2,12),e.src+=\"#?secret=\"+t,e.setAttribute(\"data-secret\",t)),e.contentWindow.postMessage({message:\"ready\",secret:t},\"*\")},!1)))}(window,document);\n\/\/# sourceURL=https:\/\/www.itakaescolapios.org\/wp-includes\/js\/wp-embed.min.js\n\/* ]]> *\/\n<\/script>\n","thumbnail_url":"https:\/\/www.itakaescolapios.org\/wp-content\/uploads\/2017\/02\/IMG-20170212-WA0053.jpg","thumbnail_width":1500,"thumbnail_height":1500,"description":"El fin de semana del 11 y 12 de febrero tuvo lugar el Segundo Encuentro Formativo del VES del curso en Valencia, que en esta ocasi\u00f3n se realiz\u00f3 en Godella. En este encuentro participaron alrededor de 20 j\u00f3venes que forman parte de la Fundaci\u00f3n Itaka- Escolapios, colaborando en diferentes proyectos. El s\u00e1bado por la ma\u00f1ana&hellip;"}