{"id":28642,"date":"2019-10-29T13:58:40","date_gmt":"2019-10-29T12:58:40","guid":{"rendered":"https:\/\/www.itakaescolapios.org\/?page_id=28642"},"modified":"2023-11-28T12:36:40","modified_gmt":"2023-11-28T11:36:40","slug":"campana-de-solidaridad-escolapia","status":"publish","type":"page","link":"https:\/\/www.itakaescolapios.org\/eu\/campanas\/2019-2020-compartiendo-mucha-vida-juventuditakaescolapios\/campana-de-solidaridad-escolapia\/","title":{"rendered":"CAMPA\u00d1A DE SOLIDARIDAD ESCOLAPIA"},"content":{"rendered":"<p><iframe loading=\"lazy\" src=\"https:\/\/www.youtube.com\/embed\/I-E6Ac77bBc\" width=\"504\" height=\"283\" frameborder=\"0\" allowfullscreen=\"allowfullscreen\"><\/iframe><\/p>\n<p>La Campa\u00f1a de Solidaridad de la red Itaka-Escolapios cada vez est\u00e1 presente en m\u00e1s demarcaciones y centros educativos escolapios. En la \u00faltima Campa\u00f1a de Solidaridad &#8220;Al ritmo de Congo&#8221; participaron 78 centros de 10 pa\u00edses de 8 demarcaciones escolapias. A la campa\u00f1a que comenzamos este a\u00f1o, &#8220;COMPARTIENDO MUCHA VIDA #JuventudItakaEscolapios&#8221; se unen una nueva demarcaci\u00f3n y dos nuevos pa\u00edses.<\/p>\n<p>Esta importante presencia escolapia se ve reflejada tambi\u00e9n en los v\u00eddeos que os presentamos a continuaci\u00f3n, en los que el <strong>P. Pedro Aguado <\/strong>(Superior General de las Escuelas P\u00edas) el <strong>P. Francisco Anaya<\/strong> (Asistente General para la Circunscripci\u00f3n de Am\u00e9rica) y <strong>Teresa Mart\u00ednez<\/strong> (miembro del Consejo General de la Fraternidad Escolapia) nos invitan a participar de manera activa\u00a0 COMPARTIENDO MUCHA VIDA.<\/p>\n<p><iframe loading=\"lazy\" src=\"https:\/\/www.youtube.com\/embed\/dyMqNCEKDTQ\" width=\"252\" height=\"142\" frameborder=\"0\" allowfullscreen=\"allowfullscreen\"><\/iframe> <iframe loading=\"lazy\" src=\"https:\/\/www.youtube.com\/embed\/0X5EvRZ0PhM\" width=\"252\" height=\"142\" frameborder=\"0\" allowfullscreen=\"allowfullscreen\"><\/iframe><!--more--><\/p>\n","protected":false},"excerpt":{"rendered":"<p>La Campa\u00f1a de Solidaridad de la red Itaka-Escolapios cada vez est\u00e1 presente en m\u00e1s demarcaciones y centros educativos escolapios. En la \u00faltima Campa\u00f1a de Solidaridad &#8220;Al ritmo de Congo&#8221; participaron [&hellip;]<\/p>\n","protected":false},"author":46,"featured_media":0,"parent":28602,"menu_order":3,"comment_status":"closed","ping_status":"closed","template":"","meta":{"_et_pb_use_builder":"","_et_pb_old_content":"","_et_gb_content_width":"","footnotes":""},"class_list":["post-28642","page","type-page","status-publish","hentry"],"yoast_head":"<!-- This site is optimized with the Yoast SEO plugin v27.4 - https:\/\/yoast.com\/product\/yoast-seo-wordpress\/ -->\n<title>CAMPA\u00d1A DE SOLIDARIDAD ESCOLAPIA<\/title>\n<meta name=\"description\" content=\"La Campa\u00f1a de Solidaridad de la red Itaka-Escolapios cada vez est\u00e1 presente en m\u00e1s demarcaciones y centros educativos escolapios. En la \u00faltima Campa\u00f1a de Solidaridad &quot;Al ritmo de Congo&quot; participaron 78 centros de 10 pa\u00edses de 8 demarcaciones escolapias. A la campa\u00f1a que comenzamos este a\u00f1o, &quot;COMPARTIENDO MUCHA VIDA #JuventudItakaEscolapios&quot; se unen una nueva demarcaci\u00f3n&hellip;\" \/>\n<meta name=\"robots\" content=\"index, follow, max-snippet:-1, max-image-preview:large, max-video-preview:-1\" \/>\n<link rel=\"canonical\" href=\"http:\/\/La%20Campa\u00f1a%20de%20Solidaridad%20de%20la%20red%20Itaka-Escolapios%20cada%20vez%20est\u00e1%20presente%20en%20m\u00e1s%20demarcaciones%20y%20centros%20educativos%20escolapios.%20En%20la%20\u00faltima%20Campa\u00f1a%20de%20Solidaridad%20Al%20ritmo%20de%20Congo%20participaron%2078%20centros%20de%2010%20pa\u00edses%20de%208%20demarcaciones%20escolapias.%20A%20la%20campa\u00f1a%20que%20comenzamos%20este%20a\u00f1o,%20COMPARTIENDO%20MUCHA%20VIDA%20#JuventudItakaEscolapios%20se%20unen%20una%20nueva%20demarcaci\u00f3n&hellip;\" \/>\n<meta property=\"og:locale\" content=\"en_US\" \/>\n<meta property=\"og:type\" content=\"article\" \/>\n<meta property=\"og:title\" content=\"CAMPA\u00d1A DE SOLIDARIDAD ESCOLAPIA\" \/>\n<meta property=\"og:description\" content=\"La Campa\u00f1a de Solidaridad de la red Itaka-Escolapios cada vez est\u00e1 presente en m\u00e1s demarcaciones y centros educativos escolapios. En la \u00faltima Campa\u00f1a de Solidaridad &quot;Al ritmo de Congo&quot; participaron 78 centros de 10 pa\u00edses de 8 demarcaciones escolapias. A la campa\u00f1a que comenzamos este a\u00f1o, &quot;COMPARTIENDO MUCHA VIDA #JuventudItakaEscolapios&quot; se unen una nueva demarcaci\u00f3n&hellip;\" \/>\n<meta property=\"og:url\" content=\"https:\/\/www.itakaescolapios.org\/eu\/campanas\/2019-2020-compartiendo-mucha-vida-juventuditakaescolapios\/campana-de-solidaridad-escolapia\/\" \/>\n<meta property=\"og:site_name\" content=\"Itaka-Escolapios\" \/>\n<meta property=\"article:modified_time\" content=\"2023-11-28T11:36:40+00:00\" \/>\n<meta name=\"twitter:card\" content=\"summary_large_image\" \/>\n<meta name=\"twitter:label1\" content=\"Est. reading time\" \/>\n\t<meta name=\"twitter:data1\" content=\"1 minutua\" \/>\n<script type=\"application\/ld+json\" class=\"yoast-schema-graph\">{\"@context\":\"https:\\\/\\\/schema.org\",\"@graph\":[{\"@type\":\"WebPage\",\"@id\":\"https:\\\/\\\/www.itakaescolapios.org\\\/eu\\\/campanas\\\/2019-2020-compartiendo-mucha-vida-juventuditakaescolapios\\\/campana-de-solidaridad-escolapia\\\/\",\"url\":\"https:\\\/\\\/www.itakaescolapios.org\\\/eu\\\/campanas\\\/2019-2020-compartiendo-mucha-vida-juventuditakaescolapios\\\/campana-de-solidaridad-escolapia\\\/\",\"name\":\"CAMPA\u00d1A DE SOLIDARIDAD ESCOLAPIA - Itaka-Escolapios\",\"isPartOf\":{\"@id\":\"https:\\\/\\\/www.itakaescolapios.org\\\/es\\\/#website\"},\"datePublished\":\"2019-10-29T12:58:40+00:00\",\"dateModified\":\"2023-11-28T11:36:40+00:00\",\"breadcrumb\":{\"@id\":\"https:\\\/\\\/www.itakaescolapios.org\\\/eu\\\/campanas\\\/2019-2020-compartiendo-mucha-vida-juventuditakaescolapios\\\/campana-de-solidaridad-escolapia\\\/#breadcrumb\"},\"inLanguage\":\"eu\",\"potentialAction\":[{\"@type\":\"ReadAction\",\"target\":[\"https:\\\/\\\/www.itakaescolapios.org\\\/eu\\\/campanas\\\/2019-2020-compartiendo-mucha-vida-juventuditakaescolapios\\\/campana-de-solidaridad-escolapia\\\/\"]}]},{\"@type\":\"BreadcrumbList\",\"@id\":\"https:\\\/\\\/www.itakaescolapios.org\\\/eu\\\/campanas\\\/2019-2020-compartiendo-mucha-vida-juventuditakaescolapios\\\/campana-de-solidaridad-escolapia\\\/#breadcrumb\",\"itemListElement\":[{\"@type\":\"ListItem\",\"position\":1,\"name\":\"Itaka-Escolapios\",\"item\":\"https:\\\/\\\/www.itakaescolapios.org\\\/es\\\/\"},{\"@type\":\"ListItem\",\"position\":2,\"name\":\"Campa\u00f1as\",\"item\":\"https:\\\/\\\/www.itakaescolapios.org\\\/es\\\/campanas\\\/\"},{\"@type\":\"ListItem\",\"position\":3,\"name\":\"2019-2020 COMPARTIENDO MUCHA VIDA #juventuditakaescolapios\",\"item\":\"https:\\\/\\\/www.itakaescolapios.org\\\/es\\\/campanas\\\/2019-2020-compartiendo-mucha-vida-juventuditakaescolapios\\\/\"},{\"@type\":\"ListItem\",\"position\":4,\"name\":\"CAMPA\u00d1A DE SOLIDARIDAD ESCOLAPIA\"}]},{\"@type\":\"WebSite\",\"@id\":\"https:\\\/\\\/www.itakaescolapios.org\\\/eu\\\/es\\\/#website\",\"url\":\"https:\\\/\\\/www.itakaescolapios.org\\\/eu\\\/es\\\/\",\"name\":\"Itaka-Escolapios\",\"description\":\"Red de Itaka-Escolapios\",\"publisher\":{\"@id\":\"https:\\\/\\\/www.itakaescolapios.org\\\/eu\\\/es\\\/#organization\"},\"potentialAction\":[{\"@type\":\"SearchAction\",\"target\":{\"@type\":\"EntryPoint\",\"urlTemplate\":\"https:\\\/\\\/www.itakaescolapios.org\\\/eu\\\/es\\\/?s={search_term_string}\"},\"query-input\":{\"@type\":\"PropertyValueSpecification\",\"valueRequired\":true,\"valueName\":\"search_term_string\"}}],\"inLanguage\":\"eu\"},{\"@type\":\"Organization\",\"@id\":\"https:\\\/\\\/www.itakaescolapios.org\\\/eu\\\/es\\\/#organization\",\"name\":\"Fundaci\u00f3 Itaka-Escolapios\",\"url\":\"https:\\\/\\\/www.itakaescolapios.org\\\/eu\\\/es\\\/\",\"logo\":{\"@type\":\"ImageObject\",\"inLanguage\":\"eu\",\"@id\":\"https:\\\/\\\/www.itakaescolapios.org\\\/eu\\\/es\\\/#\\\/schema\\\/logo\\\/image\\\/\",\"url\":\"https:\\\/\\\/www.itakaescolapios.org\\\/wp-content\\\/uploads\\\/2024\\\/04\\\/Logo-itakaescolapios-peque.png\",\"contentUrl\":\"https:\\\/\\\/www.itakaescolapios.org\\\/wp-content\\\/uploads\\\/2024\\\/04\\\/Logo-itakaescolapios-peque.png\",\"width\":500,\"height\":199,\"caption\":\"Fundaci\u00f3 Itaka-Escolapios\"},\"image\":{\"@id\":\"https:\\\/\\\/www.itakaescolapios.org\\\/eu\\\/es\\\/#\\\/schema\\\/logo\\\/image\\\/\"}}]}<\/script>\n<!-- \/ Yoast SEO plugin. -->","yoast_head_json":{"title":"CAMPA\u00d1A DE SOLIDARIDAD ESCOLAPIA","description":"La Campa\u00f1a de Solidaridad de la red Itaka-Escolapios cada vez est\u00e1 presente en m\u00e1s demarcaciones y centros educativos escolapios. En la \u00faltima Campa\u00f1a de Solidaridad \"Al ritmo de Congo\" participaron 78 centros de 10 pa\u00edses de 8 demarcaciones escolapias. A la campa\u00f1a que comenzamos este a\u00f1o, \"COMPARTIENDO MUCHA VIDA #JuventudItakaEscolapios\" se unen una nueva demarcaci\u00f3n&hellip;","robots":{"index":"index","follow":"follow","max-snippet":"max-snippet:-1","max-image-preview":"max-image-preview:large","max-video-preview":"max-video-preview:-1"},"canonical":"La Campa\u00f1a de Solidaridad de la red Itaka-Escolapios cada vez est\u00e1 presente en m\u00e1s demarcaciones y centros educativos escolapios. En la \u00faltima Campa\u00f1a de Solidaridad \"Al ritmo de Congo\" participaron 78 centros de 10 pa\u00edses de 8 demarcaciones escolapias. A la campa\u00f1a que comenzamos este a\u00f1o, \"COMPARTIENDO MUCHA VIDA #JuventudItakaEscolapios\" se unen una nueva demarcaci\u00f3n&hellip;","og_locale":"en_US","og_type":"article","og_title":"CAMPA\u00d1A DE SOLIDARIDAD ESCOLAPIA","og_description":"La Campa\u00f1a de Solidaridad de la red Itaka-Escolapios cada vez est\u00e1 presente en m\u00e1s demarcaciones y centros educativos escolapios. En la \u00faltima Campa\u00f1a de Solidaridad \"Al ritmo de Congo\" participaron 78 centros de 10 pa\u00edses de 8 demarcaciones escolapias. A la campa\u00f1a que comenzamos este a\u00f1o, \"COMPARTIENDO MUCHA VIDA #JuventudItakaEscolapios\" se unen una nueva demarcaci\u00f3n&hellip;","og_url":"https:\/\/www.itakaescolapios.org\/eu\/campanas\/2019-2020-compartiendo-mucha-vida-juventuditakaescolapios\/campana-de-solidaridad-escolapia\/","og_site_name":"Itaka-Escolapios","article_modified_time":"2023-11-28T11:36:40+00:00","twitter_card":"summary_large_image","twitter_misc":{"Est. reading time":"1 minutua"},"schema":{"@context":"https:\/\/schema.org","@graph":[{"@type":"WebPage","@id":"https:\/\/www.itakaescolapios.org\/eu\/campanas\/2019-2020-compartiendo-mucha-vida-juventuditakaescolapios\/campana-de-solidaridad-escolapia\/","url":"https:\/\/www.itakaescolapios.org\/eu\/campanas\/2019-2020-compartiendo-mucha-vida-juventuditakaescolapios\/campana-de-solidaridad-escolapia\/","name":"CAMPA\u00d1A DE SOLIDARIDAD ESCOLAPIA - Itaka-Escolapios","isPartOf":{"@id":"https:\/\/www.itakaescolapios.org\/es\/#website"},"datePublished":"2019-10-29T12:58:40+00:00","dateModified":"2023-11-28T11:36:40+00:00","breadcrumb":{"@id":"https:\/\/www.itakaescolapios.org\/eu\/campanas\/2019-2020-compartiendo-mucha-vida-juventuditakaescolapios\/campana-de-solidaridad-escolapia\/#breadcrumb"},"inLanguage":"eu","potentialAction":[{"@type":"ReadAction","target":["https:\/\/www.itakaescolapios.org\/eu\/campanas\/2019-2020-compartiendo-mucha-vida-juventuditakaescolapios\/campana-de-solidaridad-escolapia\/"]}]},{"@type":"BreadcrumbList","@id":"https:\/\/www.itakaescolapios.org\/eu\/campanas\/2019-2020-compartiendo-mucha-vida-juventuditakaescolapios\/campana-de-solidaridad-escolapia\/#breadcrumb","itemListElement":[{"@type":"ListItem","position":1,"name":"Itaka-Escolapios","item":"https:\/\/www.itakaescolapios.org\/es\/"},{"@type":"ListItem","position":2,"name":"Campa\u00f1as","item":"https:\/\/www.itakaescolapios.org\/es\/campanas\/"},{"@type":"ListItem","position":3,"name":"2019-2020 COMPARTIENDO MUCHA VIDA #juventuditakaescolapios","item":"https:\/\/www.itakaescolapios.org\/es\/campanas\/2019-2020-compartiendo-mucha-vida-juventuditakaescolapios\/"},{"@type":"ListItem","position":4,"name":"CAMPA\u00d1A DE SOLIDARIDAD ESCOLAPIA"}]},{"@type":"WebSite","@id":"https:\/\/www.itakaescolapios.org\/eu\/es\/#website","url":"https:\/\/www.itakaescolapios.org\/eu\/es\/","name":"Itaka-Escolapios","description":"Red de Itaka-Escolapios","publisher":{"@id":"https:\/\/www.itakaescolapios.org\/eu\/es\/#organization"},"potentialAction":[{"@type":"SearchAction","target":{"@type":"EntryPoint","urlTemplate":"https:\/\/www.itakaescolapios.org\/eu\/es\/?s={search_term_string}"},"query-input":{"@type":"PropertyValueSpecification","valueRequired":true,"valueName":"search_term_string"}}],"inLanguage":"eu"},{"@type":"Organization","@id":"https:\/\/www.itakaescolapios.org\/eu\/es\/#organization","name":"Fundaci\u00f3 Itaka-Escolapios","url":"https:\/\/www.itakaescolapios.org\/eu\/es\/","logo":{"@type":"ImageObject","inLanguage":"eu","@id":"https:\/\/www.itakaescolapios.org\/eu\/es\/#\/schema\/logo\/image\/","url":"https:\/\/www.itakaescolapios.org\/wp-content\/uploads\/2024\/04\/Logo-itakaescolapios-peque.png","contentUrl":"https:\/\/www.itakaescolapios.org\/wp-content\/uploads\/2024\/04\/Logo-itakaescolapios-peque.png","width":500,"height":199,"caption":"Fundaci\u00f3 Itaka-Escolapios"},"image":{"@id":"https:\/\/www.itakaescolapios.org\/eu\/es\/#\/schema\/logo\/image\/"}}]}},"_links":{"self":[{"href":"https:\/\/www.itakaescolapios.org\/eu\/wp-json\/wp\/v2\/pages\/28642","targetHints":{"allow":["GET"]}}],"collection":[{"href":"https:\/\/www.itakaescolapios.org\/eu\/wp-json\/wp\/v2\/pages"}],"about":[{"href":"https:\/\/www.itakaescolapios.org\/eu\/wp-json\/wp\/v2\/types\/page"}],"author":[{"embeddable":true,"href":"https:\/\/www.itakaescolapios.org\/eu\/wp-json\/wp\/v2\/users\/46"}],"replies":[{"embeddable":true,"href":"https:\/\/www.itakaescolapios.org\/eu\/wp-json\/wp\/v2\/comments?post=28642"}],"version-history":[{"count":21,"href":"https:\/\/www.itakaescolapios.org\/eu\/wp-json\/wp\/v2\/pages\/28642\/revisions"}],"predecessor-version":[{"id":45390,"href":"https:\/\/www.itakaescolapios.org\/eu\/wp-json\/wp\/v2\/pages\/28642\/revisions\/45390"}],"up":[{"embeddable":true,"href":"https:\/\/www.itakaescolapios.org\/eu\/wp-json\/wp\/v2\/pages\/28602"}],"wp:attachment":[{"href":"https:\/\/www.itakaescolapios.org\/eu\/wp-json\/wp\/v2\/media?parent=28642"}],"curies":[{"name":"wp","href":"https:\/\/api.w.org\/{rel}","templated":true}]}}