{"id":328713,"date":"2025-09-25T13:02:45","date_gmt":"2025-09-25T12:02:45","guid":{"rendered":"https:\/\/www.itakaescolapios.org\/?page_id=328713"},"modified":"2025-09-25T13:02:50","modified_gmt":"2025-09-25T12:02:50","slug":"proyecto-sao","status":"publish","type":"page","link":"https:\/\/www.itakaescolapios.org\/eu\/proyecto-sao\/","title":{"rendered":"Proyecto Sa\u00f3"},"content":{"rendered":"<p>[et_pb_section fb_built=&#8221;1&#8243; make_equal=&#8221;on&#8221; use_custom_gutter=&#8221;on&#8221; gutter_width=&#8221;2&#8243; specialty=&#8221;on&#8221; _builder_version=&#8221;4.24.3&#8243; _module_preset=&#8221;default&#8221; width=&#8221;100%&#8221; max_width=&#8221;100%&#8221; module_alignment=&#8221;center&#8221; inner_width=&#8221;90%&#8221; inner_max_width=&#8221;2222px&#8221; inner_module_alignment=&#8221;center&#8221; custom_margin=&#8221;0px||||false|false&#8221; custom_padding=&#8221;0px||||false|false&#8221; global_colors_info=&#8221;{}&#8221; theme_builder_area=&#8221;post_content&#8221; da_is_popup=&#8221;off&#8221; da_exit_intent=&#8221;off&#8221; da_has_close=&#8221;on&#8221; da_alt_close=&#8221;off&#8221; da_dark_close=&#8221;off&#8221; da_not_modal=&#8221;on&#8221; da_is_singular=&#8221;off&#8221; da_with_loader=&#8221;off&#8221; da_has_shadow=&#8221;on&#8221; da_disable_devices=&#8221;off|off|off&#8221;][et_pb_column type=&#8221;3_4&#8243; specialty_columns=&#8221;3&#8243; _builder_version=&#8221;4.16&#8243; custom_padding=&#8221;|||&#8221; global_colors_info=&#8221;{}&#8221; custom_padding__hover=&#8221;|||&#8221; theme_builder_area=&#8221;post_content&#8221;][et_pb_row_inner custom_padding_last_edited=&#8221;on|phone&#8221; _builder_version=&#8221;4.24.3&#8243; _module_preset=&#8221;default&#8221; module_alignment=&#8221;center&#8221; custom_padding=&#8221;|50px|4px||false|false&#8221; custom_padding_tablet=&#8221;|50px|4px||false|false&#8221; custom_padding_phone=&#8221;|0px|||false|false&#8221; border_color_all=&#8221;gcid-b1ace166-c11d-4c70-a679-55884e9ca298&#8243; border_style_all=&#8221;dotted&#8221; border_width_right=&#8221;3px&#8221; border_color_right=&#8221;gcid-b1ace166-c11d-4c70-a679-55884e9ca298&#8243; border_width_right_tablet=&#8221;3px&#8221; border_width_right_phone=&#8221;0px&#8221; border_width_right_last_edited=&#8221;on|desktop&#8221; collapsed=&#8221;off&#8221; global_colors_info=&#8221;{%22gcid-b1ace166-c11d-4c70-a679-55884e9ca298%22:%91%22border_color_all%22,%22border_color_right%22%93}&#8221; theme_builder_area=&#8221;post_content&#8221;][et_pb_column_inner saved_specialty_column_type=&#8221;3_4&#8243; _builder_version=&#8221;4.24.3&#8243; _module_preset=&#8221;default&#8221; global_colors_info=&#8221;{}&#8221; theme_builder_area=&#8221;post_content&#8221;][et_pb_image src=&#8221;https:\/\/www.itakaescolapios.org\/wp-content\/uploads\/2025\/09\/IMG-20231005-WA0029-1-e1758801008493.jpg&#8221; title_text=&#8221;IMG-20231005-WA0029&#8243; align=&#8221;center&#8221; admin_label=&#8221;IMAGEN CABECERA&#8221; _builder_version=&#8221;4.27.4&#8243; _module_preset=&#8221;default&#8221; hover_enabled=&#8221;0&#8243; global_colors_info=&#8221;{}&#8221; theme_builder_area=&#8221;post_content&#8221; sticky_enabled=&#8221;0&#8243;][\/et_pb_image][et_pb_text admin_label=&#8221;NOMBRE DE PROYECTO&#8221; _builder_version=&#8221;4.27.4&#8243; _module_preset=&#8221;default&#8221; header_font=&#8221;Titulo Itaka-Escolapios|700|||||||&#8221; header_text_color=&#8221;gcid-cca90ba6-297c-4d63-9e2c-8201011ef870&#8243; header_font_size=&#8221;55px&#8221; custom_margin=&#8221;||20px||false|false&#8221; custom_margin_tablet=&#8221;||20px||false|false&#8221; custom_margin_phone=&#8221;||20px||false|false&#8221; custom_margin_last_edited=&#8221;on|desktop&#8221; hover_enabled=&#8221;0&#8243; header_font_size_tablet=&#8221;55px&#8221; header_font_size_phone=&#8221;45px&#8221; header_font_size_last_edited=&#8221;on|phone&#8221; content_en_us=&#8221;<\/p>\n<h1>Sa\u00f3 project<\/h1>\n<p>&#8221; content_eu=&#8221;<\/p>\n<h1>Sa\u00f3 Proiektua<\/h1>\n<p>&#8221; global_colors_info=&#8221;{%22gcid-cca90ba6-297c-4d63-9e2c-8201011ef870%22:%91%22header_text_color%22%93}&#8221; theme_builder_area=&#8221;post_content&#8221; content_fr_fr=&#8221;<\/p>\n<h1>Projet Sa\u00f3<\/h1>\n<p>&#8221; content_ca=&#8221;<\/p>\n<h1>Projecte Sa\u00f3<\/h1>\n<p>&#8221; content_pt_br=&#8221;<\/p>\n<h1>Projeto Sa\u00f3<\/h1>\n<p>&#8221; sticky_enabled=&#8221;0&#8243;]<\/p>\n<h1>Proyecto Sa\u00f3<\/h1>\n<p>[\/et_pb_text][et_pb_text admin_label=&#8221;NOMBRE DE SEDE Y ENLACE A SEDE&#8221; _builder_version=&#8221;4.27.4&#8243; _module_preset=&#8221;default&#8221; header_font=&#8221;Titulo Itaka-Escolapios|700|||||||&#8221; header_text_color=&#8221;gcid-cca90ba6-297c-4d63-9e2c-8201011ef870&#8243; header_font_size=&#8221;55px&#8221; header_2_font=&#8221;Titulo Itaka-Escolapios|700|||||||&#8221; header_2_text_color=&#8221;gcid-cca90ba6-297c-4d63-9e2c-8201011ef870&#8243; header_2_font_size=&#8221;45px&#8221; custom_margin=&#8221;||20px||false|false&#8221; custom_margin_tablet=&#8221;||20px||false|false&#8221; custom_margin_phone=&#8221;||20px||false|false&#8221; custom_margin_last_edited=&#8221;on|desktop&#8221; custom_padding=&#8221;|||5px|false|false&#8221; hover_enabled=&#8221;0&#8243; header_font_size_tablet=&#8221;55px&#8221; header_font_size_phone=&#8221;45px&#8221; header_font_size_last_edited=&#8221;on|desktop&#8221; header_2_font_size_tablet=&#8221;45px&#8221; header_2_font_size_phone=&#8221;30px&#8221; header_2_font_size_last_edited=&#8221;on|phone&#8221; content_en_us=&#8221;<\/p>\n<h2><a href=%22https:\/\/www.itakaescolapios.org\/en\/where-we-are\/spain\/valencia\/%22>Valencia<\/a><\/h2>\n<p>&#8221; content_fr_fr=&#8221;<\/p>\n<h2><a href=%22https:\/\/www.itakaescolapios.org\/fr\/ou-sommes-nous\/espagne\/valencia\/%22>Valence<\/a><\/h2>\n<p>&#8221; content_eu=&#8221;<\/p>\n<h2><a href=%22https:\/\/www.itakaescolapios.org\/eu\/non-gaude\/espana\/valencia\/%22>Valencia<\/a><\/h2>\n<p>&#8221; content_ca=&#8221;<\/p>\n<h2><a href=%22https:\/\/www.itakaescolapios.org\/ca\/on-estem\/espanya\/valencia\/%22>Val\u00e8ncia<\/a><\/h2>\n<p>&#8221; content_pt_br=&#8221;<\/p>\n<h2><a href=%22https:\/\/www.itakaescolapios.org\/pt\/onde-estamos\/espanha\/valencia\/%22>Valencia<\/a><\/h2>\n<p>&#8221; border_width_left=&#8221;3px&#8221; border_color_left=&#8221;gcid-b1ace166-c11d-4c70-a679-55884e9ca298&#8243; border_style_left=&#8221;dotted&#8221; global_colors_info=&#8221;{%22gcid-cca90ba6-297c-4d63-9e2c-8201011ef870%22:%91%22header_text_color%22,%22header_2_text_color%22%93,%22gcid-b1ace166-c11d-4c70-a679-55884e9ca298%22:%91%22border_color_left%22%93}&#8221; theme_builder_area=&#8221;post_content&#8221; sticky_enabled=&#8221;0&#8243;]<\/p>\n<h2><a href=\"https:\/\/www.itakaescolapios.org\/es\/donde-estamos\/espana\/valencia\/\">Valencia<\/a><\/h2>\n<p>[\/et_pb_text][\/et_pb_column_inner][\/et_pb_row_inner][et_pb_row_inner column_structure=&#8221;1_2,1_2&#8243; use_custom_gutter=&#8221;on&#8221; gutter_width=&#8221;2&#8243; _builder_version=&#8221;4.25.1&#8243; _module_preset=&#8221;default&#8221; custom_margin=&#8221;||||false|false&#8221; custom_padding=&#8221;5px||20px||false|false&#8221; border_width_right=&#8221;3px&#8221; border_color_right=&#8221;gcid-b1ace166-c11d-4c70-a679-55884e9ca298&#8243; border_style_right=&#8221;dotted&#8221; border_width_all_tablet=&#8221;&#8221; border_width_all_phone=&#8221;&#8221; border_width_all_last_edited=&#8221;on|desktop&#8221; border_width_right_tablet=&#8221;3px&#8221; border_width_right_phone=&#8221;0px&#8221; border_width_right_last_edited=&#8221;on|phone&#8221; collapsed=&#8221;off&#8221; global_colors_info=&#8221;{%22gcid-b1ace166-c11d-4c70-a679-55884e9ca298%22:%91%22border_color_right%22%93}&#8221; theme_builder_area=&#8221;post_content&#8221;][et_pb_column_inner type=&#8221;1_2&#8243; saved_specialty_column_type=&#8221;3_4&#8243; _builder_version=&#8221;4.25.1&#8243; _module_preset=&#8221;default&#8221; custom_css_main_element=&#8221;width: 12% !important;&#8221; global_colors_info=&#8221;{}&#8221; custom_css_main_element_last_edited=&#8221;on|phone&#8221; custom_css_main_element_phone=&#8221;width: 100% !important;&#8221; custom_css_main_element_tablet=&#8221;width: 33% !important;&#8221; theme_builder_area=&#8221;post_content&#8221;][et_pb_image src=&#8221;https:\/\/www.itakaescolapios.org\/wp-content\/uploads\/2025\/04\/Icono-web-educ-no-formal.png&#8221; title_text=&#8221;Icono web educ no formal&#8221; align=&#8221;center&#8221; admin_label=&#8221;ICONO PROGRAMA&#8221; _builder_version=&#8221;4.27.4&#8243; _module_preset=&#8221;default&#8221; width_tablet=&#8221;&#8221; width_phone=&#8221;30%&#8221; width_last_edited=&#8221;on|phone&#8221; module_alignment=&#8221;center&#8221; hover_enabled=&#8221;0&#8243; global_colors_info=&#8221;{}&#8221; theme_builder_area=&#8221;post_content&#8221; sticky_enabled=&#8221;0&#8243;][\/et_pb_image][\/et_pb_column_inner][et_pb_column_inner type=&#8221;1_2&#8243; saved_specialty_column_type=&#8221;3_4&#8243; _builder_version=&#8221;4.25.1&#8243; _module_preset=&#8221;default&#8221; custom_css_main_element=&#8221;width: 79% !important;&#8221; global_colors_info=&#8221;{}&#8221; custom_css_main_element_last_edited=&#8221;on|phone&#8221; custom_css_main_element_tablet=&#8221;width: 58% !important;&#8221; custom_css_main_element_phone=&#8221;width: 100% !important;&#8221; theme_builder_area=&#8221;post_content&#8221;][et_pb_text admin_label=&#8221;DESCRIPCI\u00d3N PROYECTO&#8221; _builder_version=&#8221;4.27.4&#8243; _module_preset=&#8221;default&#8221; text_font=&#8221;Merriweather||||||||&#8221; text_font_size=&#8221;16px&#8221; width=&#8221;100%&#8221; module_alignment=&#8221;center&#8221; hover_enabled=&#8221;0&#8243; text_font_size_tablet=&#8221;16px&#8221; text_font_size_phone=&#8221;16px&#8221; text_font_size_last_edited=&#8221;on|desktop&#8221; content_en_us=&#8221;<\/p>\n<p><strong>Sa\u00f3 develops actions aimed at the comprehensive, holistic, and community-based care of children and adolescents in situations of vulnerability and\/or at risk of social exclusion.<\/strong> Its main objective is to promote the personal autonomy and the educational and social inclusion of boys, girls, and adolescents. Likewise, it provides support to their families, households, or caregivers, with the aim of preventing risk and neglect situations and facilitating the social integration path of minors who may need it, always in coordination and collaboration with primary care and\/or the rest of the secondary care network of the Valencian Public Social Services System, as well as other potential social agents involved.<\/p>\n<p>At Sa\u00f3, intervention focuses on the family and relational nucleus of those attended, in order to protect them from a potentially deficient social environment, fostering healthy relationships and strengthening the household functioning. Likewise, efforts are made to implement programs and actions that promote social inclusion and personal development, placing personal autonomy as a key axis, and prevention as a central axis at all levels, thus helping to mitigate situations of risk and neglect, addressing the factors that foster exclusion.<\/p>\n<p>The main lines of action of Sa\u00f3 as a <strong>Day Care Service for Coexistence and Educational Support for children and adolescents<\/strong> are:<\/p>\n<ul>\n<li>Identification of risk factors and indicators.<\/li>\n<li>Coordination with primary care services.<\/li>\n<li>Promotion of positive treatment within the family environment.<\/li>\n<li>Support for emancipation and autonomy.<\/li>\n<li>Social and educational intervention.<\/li>\n<\/ul>\n<p>Thus, the Sa\u00f3 Day Care Center for Coexistence and Educational Support contemplates the development and implementation of a variety of programs that adequately meet the needs detected in the population served, adapted to the typology of the service provided. It attends children, adolescents, and youth whose personal, family, occupational, and social integration context requires educational and social support.<\/p>\n<p><strong>The target group of CADACE Sa\u00f3<\/strong> are boys, girls, and adolescents from 4 to 17 years old and their families, mainly located in Patraix, Olivereta, and San Marcelino. It has places available to serve 36 children and adolescents, organized into educational groups differentiated by age; with direct attention primarily from 3:30 pm to 8:00 pm. With these children and adolescents, comprehensive support is provided through school monitoring and assistance, non-formal education activities (play, leisure, and free time), family follow-up and psychosocial care, in addition to transversal programs across the center\u2019s activities.<\/p>\n<p>&#8221; global_colors_info=&#8221;{}&#8221; theme_builder_area=&#8221;post_content&#8221; content_fr_fr=&#8221;<\/p>\n<p><strong>Sa\u00f3 d\u00e9veloppe des actions destin\u00e9es \u00e0 l\u2019accompagnement int\u00e9gral, holistique et communautaire des enfants et des adolescents en situation de vuln\u00e9rabilit\u00e9 et\/ou \u00e0 risque d\u2019exclusion sociale.<\/strong> Son objectif principal est de promouvoir l\u2019autonomie personnelle ainsi que l\u2019inclusion \u00e9ducative et sociale des enfants et adolescents. De m\u00eame, un soutien est apport\u00e9 \u00e0 leurs familles, unit\u00e9s de vie ou personnes soignantes, afin de pr\u00e9venir les situations de risque et de n\u00e9gligence et de faciliter le parcours d\u2019insertion sociale des mineurs qui en ont besoin, en coordination et en collaboration avec les services de premi\u00e8re ligne et\/ou avec le reste des services secondaires du Syst\u00e8me Public Valencien de Services Sociaux, ainsi qu\u2019avec d\u2019autres acteurs sociaux potentiels.<\/p>\n<p>Chez Sa\u00f3, l\u2019intervention se concentre sur le noyau familial et relationnel des personnes accompagn\u00e9es, afin de les pr\u00e9server d\u2019un environnement social potentiellement d\u00e9ficient, en favorisant les relations et le fonctionnement de l\u2019unit\u00e9 de vie. De m\u00eame, on veille \u00e0 mettre en \u0153uvre des programmes et des actions favorisant l\u2019inclusion sociale et le d\u00e9veloppement personnel, en pla\u00e7ant l\u2019autonomie personnelle comme axe cl\u00e9 et la pr\u00e9vention comme axe central \u00e0 tous les niveaux, contribuant ainsi \u00e0 r\u00e9duire les situations de risque et de vuln\u00e9rabilit\u00e9, en agissant sur les facteurs qui favorisent l\u2019exclusion.<\/p>\n<p>Les principaux axes d\u2019action de Sa\u00f3 en tant que <strong>Service d\u2019Accueil de Jour de Soutien \u00c9ducatif et Convivial pour l\u2019Enfance et l\u2019Adolescence<\/strong> sont :<\/p>\n<ul>\n<li>Identification des facteurs et indicateurs de risque.<\/li>\n<li>Coordination avec les services de premi\u00e8re ligne.<\/li>\n<li>Promotion du bon traitement dans le milieu familial.<\/li>\n<li>Soutien \u00e0 l\u2019\u00e9mancipation et \u00e0 l\u2019autonomie.<\/li>\n<li>Intervention sociale et \u00e9ducative.<\/li>\n<\/ul>\n<p>Ainsi, le Centre d\u2019Accueil de Jour Sa\u00f3 pr\u00e9voit le d\u00e9veloppement et la mise en \u0153uvre d\u2019une vari\u00e9t\u00e9 de programmes permettant de r\u00e9pondre ad\u00e9quatement aux besoins identifi\u00e9s du public accompagn\u00e9, et adapt\u00e9s \u00e0 la typologie du service fourni. Il s\u2019adresse aux enfants, adolescents et jeunes dont le contexte personnel, familial, occupationnel et d\u2019insertion sociale requiert un soutien \u00e9ducatif et social.<\/p>\n<p><strong>Le public cible du CADACE Sa\u00f3<\/strong> est constitu\u00e9 d\u2019enfants et d\u2019adolescents de 4 \u00e0 17 ans et de leurs familles, principalement situ\u00e9s \u00e0 Patraix, Olivereta et San Marcelino. Il dispose de places concert\u00e9es pour 36 enfants et adolescents, r\u00e9partis en groupes \u00e9ducatifs diff\u00e9renci\u00e9s par \u00e2ge ; avec une prise en charge directe principalement de 15h30 \u00e0 20h00. Avec ces enfants et adolescents, un accompagnement int\u00e9gral est assur\u00e9 gr\u00e2ce au suivi et \u00e0 l\u2019aide scolaire, \u00e0 des activit\u00e9s d\u2019\u00e9ducation non formelle (ludiques, de loisirs et de temps libre), au suivi familial et \u00e0 l\u2019accompagnement psychosocial, en plus des programmes transversaux d\u00e9velopp\u00e9s dans toute la dynamique du centre.<\/p>\n<p>&#8221; content_eu=&#8221;<\/p>\n<p><strong>Sa\u00f3k haurtzaro eta nerabezaroan dauden eta zaurgarritasun edo gizarte-bazterketa arriskuan dauden pertsonentzako arreta integrala, holistikoa eta komunitarioa eskaintzera bideratutako jarduerak garatzen ditu.<\/strong> Bere helburu nagusia da haur eta nerabeen autonomia pertsonala eta hezkuntza- zein gizarteratze-inklusioa sustatzea. Era berean, familiei, bizikidetza-unitateei edo zaintzaileei laguntza eskaintzen die, arrisku eta babesgabetasun egoerak prebenitzeko eta laguntza behar duten adingabeen gizarteratze-ibilbidea errazteko, betiere lehen mailako arretarekin eta\/edo Valentziako Gizarte Zerbitzu Publikoen sistemako bigarren mailako gainerako arretekin koordinatuta, eta beste gizarte-eragile batzuekin elkarlanean.<\/p>\n<p>Sa\u00f3-n, esku-hartzea artatutako pertsonen familia- eta harreman-nukleoan zentratzen da, gizarte-ingurune eskas baten aurrean babesteko, harremanak eta bizikidetza-unitatearen funtzionamendua sustatuz. Era berean, gizarteratzea eta garapen pertsonala errazteko programak eta jarduerak ezarriko dira, autonomia pertsonala ardatz nagusi gisa hartuta, eta prebentzioa ardatz zentral gisa, maila guztietan, artatutako pertsonen arrisku- eta babesgabetasun-egoerak arintzeko eta bazterketa eragiten duten faktoreetan eraginez.<\/p>\n<p>Sa\u00f3-ren jarduera-ardatz nagusiak, <strong>Haur eta Nerabeentzako Egunezko Bizikidetza eta Hezkuntza Laguntza Zerbitzua<\/strong> den aldetik, hauek dira:<\/p>\n<ul>\n<li>Arrisku-faktoreen eta adierazleen identifikazioa.<\/li>\n<li>Lehen mailako arreta-zerbitzuekin koordinazioa.<\/li>\n<li>Famili-ingurunean tratu onaren sustapena.<\/li>\n<li>Emantzipazioa eta autonomia laguntzea.<\/li>\n<li>Gizarte- eta hezkuntza-esku-hartzea.<\/li>\n<\/ul>\n<p>Horrela, Sa\u00f3 Egunezko Arreta Zentroak hainbat programa garatzea eta ezartzea aurreikusten du, artatutako kolektiboaren beharrei behar bezala erantzuteko eta ematen den zerbitzuaren tipologiara egokituta. Hezkuntza- eta gizarte-laguntza behar duten haurrak, nerabeak eta gazteak artatzen ditu, beren testuinguru pertsonal, familiar, okupazional eta soziala dela-eta.<\/p>\n<p><strong>CADACE Sa\u00f3-ren hartzaileak<\/strong> 4 eta 17 urte bitarteko haur eta nerabeak dira, eta haien familiak, batez ere Patraix, Olivereta eta San Marcelino auzoetan bizi direnak. 36 haur eta nerabe artatzeko plazak ditu, adinaren arabera bereizitako hezkuntza-taldeetan; arreta zuzena batez ere 15:30etik 20:00etara eskaintzen da. Haur eta nerabe horiekin laguntza integrala egiten da, eskolako jarraipenean eta laguntzan, hezkuntza ez-formaleko jardueretan (aisialdi eta jolas), familia-jarraipenean eta arreta psikosozialean oinarrituta, zentroaren dinamika osoan zehar aplikatzen diren programa zeharkakoekin batera.<\/p>\n<p>&#8221; content_ca=&#8221;<\/p>\n<p><strong>Sa\u00f3 desenvolupa actuacions dirigides a l\u2019atenci\u00f3 integral, hol\u00edstica i comunit\u00e0ria de la inf\u00e0ncia i l\u2019adolesc\u00e8ncia en situaci\u00f3 de vulnerabilitat i\/o risc d\u2019exclusi\u00f3 social.<\/strong> El seu objectiu principal \u00e9s promoure l\u2019autonomia personal i la inclusi\u00f3 educativa i social dels xiquets, xiquetes i adolescents. Aix\u00ed mateix, ofereix suport a les seues fam\u00edlies, unitats de conviv\u00e8ncia o persones cuidadores, amb la finalitat de prevenir situacions de risc i desprotecci\u00f3 i facilitar l\u2019itinerari d\u2019inserci\u00f3 social dels menors que ho necessiten, tot aix\u00f2 en coordinaci\u00f3 i col\u00b7laboraci\u00f3 amb l\u2019atenci\u00f3 prim\u00e0ria b\u00e0sica i\/o amb la resta de l\u2019atenci\u00f3 secund\u00e0ria del Sistema P\u00fablic Valenci\u00e0 de Serveis Socials, aix\u00ed com altres possibles agents socials intervinents.<\/p>\n<p>En aquest sentit, a Sa\u00f3 la intervenci\u00f3 se centra en el nucli familiar i relacional de les persones ateses, amb l\u2019objectiu de preservar-les d\u2019un entorn social deficitari, afavorint les relacions i el funcionament de la unitat de conviv\u00e8ncia. Igualment, es procurar\u00e0 dur a terme la implementaci\u00f3 de programes i actuacions dirigides a afavorir la inclusi\u00f3 social i el desenvolupament personal, tenint en compte com a eix rellevant l\u2019autonomia personal i, com a eix central, la prevenci\u00f3 en tots els seus nivells, contribuint aix\u00ed a pal\u00b7liar les situacions de risc i desemparament de les persones ateses, incidint en els factors que propicien l\u2019exclusi\u00f3.<\/p>\n<p>Els principals eixos d\u2019actuaci\u00f3 de Sa\u00f3 com a <strong>Servei d\u2019Atenci\u00f3 Di\u00fcrna de Suport Convivencial i Educatiu per a la inf\u00e0ncia i l\u2019adolesc\u00e8ncia<\/strong> s\u00f3n:<\/p>\n<ul>\n<li>Identificaci\u00f3 de factors i indicadors de risc.<\/li>\n<li>Coordinaci\u00f3 amb serveis d\u2019atenci\u00f3 prim\u00e0ria.<\/li>\n<li>Promoci\u00f3 del bon tracte en l\u2019entorn familiar.<\/li>\n<li>Suport a l\u2019emancipaci\u00f3 i l\u2019autonomia.<\/li>\n<li>Intervenci\u00f3 social i educativa.<\/li>\n<\/ul>\n<p>Aix\u00ed, el Centre d\u2019Atenci\u00f3 Di\u00fcrna de Suport Convivencial i Educatiu Sa\u00f3 contempla el desenvolupament i implementaci\u00f3 d\u2019una varietat de programes que permeten cobrir adequadament les necessitats detectades en el col\u00b7lectiu at\u00e9s, ajustats a la tipologia del servei disposat. At\u00e9n la inf\u00e0ncia, adolesc\u00e8ncia i joventut, el context personal, familiar, ocupacional i d\u2019inserci\u00f3 social de la qual requereix suport social i educatiu.<\/p>\n<p><strong>Les persones destinat\u00e0ries del CADACE Sa\u00f3<\/strong> s\u00f3n xiquets, xiquetes i adolescents de 4 a 17 anys i les seues fam\u00edlies, principalment ubicades en Patraix, Olivereta i Sant Marcel\u00b7l\u00ed. Disposa de places concertades per a atendre 36 xiquets i adolescents en grups educatius diferenciats per edats; en horari de 15.30 h a 20 h d\u2019atenci\u00f3 directa fonamentalment. Amb aquests xiquets i adolescents es realitza una labor d\u2019acompanyament integral, sustentada en el seguiment i suport escolar, aix\u00ed com en activitats d\u2019educaci\u00f3 no formal (l\u00fadiques i d\u2019oci i temps lliure), seguiment familiar i atenci\u00f3 psicosocial, a m\u00e9s del treball que es desenvolupa a trav\u00e9s dels programes transversals a tota la din\u00e0mica del centre.<\/p>\n<p>&#8221; content_pt_br=&#8221;<\/p>\n<p><strong>O Sa\u00f3 desenvolve a\u00e7\u00f5es voltadas ao atendimento integral, hol\u00edstico e comunit\u00e1rio de crian\u00e7as e adolescentes em situa\u00e7\u00e3o de vulnerabilidade e\/ou risco de exclus\u00e3o social.<\/strong> Seu objetivo principal \u00e9 promover a autonomia pessoal e a inclus\u00e3o educacional e social de meninos, meninas e adolescentes. Da mesma forma, oferece apoio \u00e0s suas fam\u00edlias, unidades de conviv\u00eancia ou cuidadores, com a finalidade de prevenir situa\u00e7\u00f5es de risco e desprote\u00e7\u00e3o e facilitar o caminho de inser\u00e7\u00e3o social dos menores que necessitem, sempre em coordena\u00e7\u00e3o e colabora\u00e7\u00e3o com a aten\u00e7\u00e3o prim\u00e1ria b\u00e1sica e\/ou com o restante da aten\u00e7\u00e3o secund\u00e1ria do Sistema P\u00fablico Valenciano de Servi\u00e7os Sociais, bem como com outros poss\u00edveis agentes sociais envolvidos.<\/p>\n<p>Nesse sentido, no Sa\u00f3 a interven\u00e7\u00e3o se concentra no n\u00facleo familiar e relacional das pessoas atendidas, a fim de proteg\u00ea-las de um ambiente social possivelmente deficit\u00e1rio, favorecendo as rela\u00e7\u00f5es e o funcionamento da unidade de conviv\u00eancia. Tamb\u00e9m se busca implementar programas e a\u00e7\u00f5es voltados a promover a inclus\u00e3o social e o desenvolvimento pessoal, tendo como eixo relevante a autonomia pessoal e como eixo central a preven\u00e7\u00e3o em todos os n\u00edveis, contribuindo assim para mitigar as situa\u00e7\u00f5es de risco e abandono das pessoas atendidas, atuando sobre os fatores que favorecem a exclus\u00e3o.<\/p>\n<p>As principais linhas de atua\u00e7\u00e3o do Sa\u00f3 como <strong>Servi\u00e7o de Atendimento Diurno de Apoio Convivencial e Educativo para a inf\u00e2ncia e adolesc\u00eancia<\/strong> s\u00e3o:<\/p>\n<ul>\n<li>Identifica\u00e7\u00e3o de fatores e indicadores de risco.<\/li>\n<li>Coordena\u00e7\u00e3o com servi\u00e7os de aten\u00e7\u00e3o prim\u00e1ria.<\/li>\n<li>Promo\u00e7\u00e3o do bom trato no ambiente familiar.<\/li>\n<li>Apoio \u00e0 emancipa\u00e7\u00e3o e \u00e0 autonomia.<\/li>\n<li>Interven\u00e7\u00e3o social e educativa.<\/li>\n<\/ul>\n<p>Assim, o Centro de Atendimento Diurno de Apoio Convivencial e Educativo Sa\u00f3 contempla o desenvolvimento e implementa\u00e7\u00e3o de uma variedade de programas que permitam atender adequadamente \u00e0s necessidades identificadas no p\u00fablico atendido, ajustados \u00e0 tipologia do servi\u00e7o disponibilizado. Atende crian\u00e7as, adolescentes e jovens cujo contexto pessoal, familiar, ocupacional e de inser\u00e7\u00e3o social requer apoio educacional e social.<\/p>\n<p><strong>Os destinat\u00e1rios do CADACE Sa\u00f3<\/strong> s\u00e3o crian\u00e7as e adolescentes de 4 a 17 anos e suas fam\u00edlias, principalmente localizadas em Patraix, Olivereta e San Marcelino. Disp\u00f5e de vagas para atender 36 crian\u00e7as e adolescentes em grupos educativos diferenciados por idades; com atendimento direto principalmente das 15h30 \u00e0s 20h. Com essas crian\u00e7as e adolescentes \u00e9 realizado um trabalho de acompanhamento integral, sustentado no acompanhamento e apoio escolar, assim como em atividades de educa\u00e7\u00e3o n\u00e3o formal (l\u00fadicas, de lazer e tempo livre), acompanhamento familiar e aten\u00e7\u00e3o psicossocial, al\u00e9m do trabalho desenvolvido por meio de programas transversais em toda a din\u00e2mica do centro.<\/p>\n<p>&#8221; sticky_enabled=&#8221;0&#8243;]<\/p>\n<p>Sa\u00f3 desarrolla actuaciones dirigidas a la atenci\u00f3n integral, hol\u00edstica y comunitaria de la infancia y la adolescencia en situaci\u00f3n de vulnerabilidad y\/o riesgo de exclusi\u00f3n social. Y tiene como objetivo primordial, promover la autonom\u00eda personal y la inclusi\u00f3n educativa y social de los ni\u00f1os, ni\u00f1as y adolescentes. Del mismo modo que proporcionar apoyo a sus familias, unidades de convivencia o personas cuidadoras, con la finalidad de prevenir situaciones de riesgo y desprotecci\u00f3n y facilitar el itinerario de inserci\u00f3n social de aquellas personas menores de edad que lo necesiten, todo ello en coordinaci\u00f3n y colaboraci\u00f3n con la atenci\u00f3n primaria b\u00e1sica y\/o con el resto de la atenci\u00f3n secundaria del Sistema P\u00fablico Valenciano de Servicios Sociales, as\u00ed como otros posibles agentes sociales intervinientes.<\/p>\n<p>\u00a0 \u00a0 En este sentido, en Sa\u00f3, la intervenci\u00f3n se centra en el n\u00facleo familiar y relacional de las personas atendidas, con el fin de preservarlas de un posible entorno social deficitario, favoreciendo las relaciones y funcionamiento de la unidad de convivencia. Del mismo modo, se procurar\u00e1 llevar a cabo la implementaci\u00f3n de programas y actuaciones dirigidas a favorecer la inclusi\u00f3n social y el desarrollo personal, teniendo en cuenta como eje relevante la autonom\u00eda personal. Y como eje central la prevenci\u00f3n, en todos sus niveles, contribuyendo as\u00ed a paliar las situaciones de riesgo y de desamparo de las personas atendidas, incidiendo en los factores que propician la exclusi\u00f3n.<\/p>\n<p>\u00a0\u00a0\u00a0\u00a0\u00a0\u00a0\u00a0\u00a0\u00a0\u00a0\u00a0 Los principales ejes de actuaci\u00f3n de Sa\u00f3 como servicio de Atenci\u00f3n Diurna de Apoyo Convivencial y Educativo para la infancia y la adolescencia son:<\/p>\n<ul>\n<li>\n<p><strong>Identificaci\u00f3n de factores e indicadores de riesgo<\/strong>.<\/p>\n<\/li>\n<li>\n<p><strong>Coordinaci\u00f3n con servicios de atenci\u00f3n primaria<\/strong>.<\/p>\n<\/li>\n<li>\n<p><strong>Promoci\u00f3n del buen trato en el entorno familiar<\/strong>.<\/p>\n<\/li>\n<li>\n<p><strong>Apoyo a la emancipaci\u00f3n y autonom\u00eda<\/strong>.<\/p>\n<\/li>\n<li>\n<p><strong>Intervenci\u00f3n social y educativa<\/strong>.<\/p>\n<\/li>\n<\/ul>\n<p>&nbsp;<\/p>\n<p>\u00a0\u00a0\u00a0\u00a0\u00a0\u00a0\u00a0\u00a0\u00a0\u00a0\u00a0 As\u00ed pues, el Centro de Atenci\u00f3n Diurna de Apoyo Convivencial y Educativo Sa\u00f3, contempla el desarrollo e implementaci\u00f3n de una variedad de programas que permitan cubrir adecuadamente las necesidades detectadas en el colectivo atendido, y ajustada a la tipolog\u00eda del servicio dispuesto. Atendiendo a la infancia, adolescencia y juventud, cuyo contexto personal, familiar, ocupacional y de inserci\u00f3n social requiere de apoyo social y educativo.<\/p>\n<p>\u00a0\u00a0\u00a0\u00a0\u00a0\u00a0\u00a0\u00a0\u00a0\u00a0\u00a0 Los\/as destinatarios\/as del CADACE Sa\u00f3 son ni\u00f1os, ni\u00f1as y adolescentes de 4 a 17 a\u00f1os y sus familias, principalmente ubicadas en Patraix, Olivereta y San Marcelino. Con plazas concertadas para atender a 36 ni\u00f1os, ni\u00f1as y adolescentes en grupos educativos diferenciados por edades; en horario de 15.30h a 20h de atenci\u00f3n directa fundamentalmente. Con estos ni\u00f1os, ni\u00f1as y adolescentes se realiza una labor de acompa\u00f1amiento integral, sustentada en el seguimiento y apoyo escolar, as\u00ed como en actividades de educaci\u00f3n no formal (l\u00fadicas y de ocio y tiempo libre), seguimiento familiar y atenci\u00f3n psicosocial, adem\u00e1s del trabajo que se desarrolla a trav\u00e9s de los programas transversales a toda la din\u00e1mica del centro.<\/p>\n<p>[\/et_pb_text][\/et_pb_column_inner][\/et_pb_row_inner][et_pb_row_inner _builder_version=&#8221;4.25.1&#8243; _module_preset=&#8221;default&#8221; border_width_right=&#8221;3px&#8221; border_color_right=&#8221;gcid-b1ace166-c11d-4c70-a679-55884e9ca298&#8243; border_style_right=&#8221;dotted&#8221; border_width_right_tablet=&#8221;3px&#8221; border_width_right_phone=&#8221;0px&#8221; border_width_right_last_edited=&#8221;on|phone&#8221; global_colors_info=&#8221;{%22gcid-b1ace166-c11d-4c70-a679-55884e9ca298%22:%91%22border_color_right%22%93}&#8221; theme_builder_area=&#8221;post_content&#8221;][et_pb_column_inner saved_specialty_column_type=&#8221;3_4&#8243; _builder_version=&#8221;4.25.1&#8243; _module_preset=&#8221;default&#8221; global_colors_info=&#8221;{}&#8221; theme_builder_area=&#8221;post_content&#8221;][et_pb_gallery gallery_ids=&#8221;328717,328718,328719,328720,328723&#8243; fullwidth=&#8221;on&#8221; admin_label=&#8221;GALER\u00cdA FOTOS PROYECTO&#8221; module_class=&#8221;galeria-programa&#8221; _builder_version=&#8221;4.27.4&#8243; _module_preset=&#8221;default&#8221; pagination_text_color=&#8221;#FFFFFF&#8221; width=&#8221;50%&#8221; width_tablet=&#8221;50%&#8221; width_phone=&#8221;85%&#8221; width_last_edited=&#8221;on|desktop&#8221; module_alignment=&#8221;center&#8221; hover_enabled=&#8221;0&#8243; custom_css_free_form=&#8221;.galeria-programa .et-pb-slider-arrows .et-pb-arrow-next, .galeria-programa .et-pb-slider-arrows .et-pb-arrow-prev {color: #ffffff!important;font-weight: bold;}||.galeria-programa .et-pb-controllers a {background-color: #ffffff!important;}||.mfp-bottom-bar {display:none;}&#8221; global_colors_info=&#8221;{}&#8221; theme_builder_area=&#8221;post_content&#8221; sticky_enabled=&#8221;0&#8243;][\/et_pb_gallery][\/et_pb_column_inner][\/et_pb_row_inner][\/et_pb_column][et_pb_column type=&#8221;1_4&#8243; _builder_version=&#8221;4.16&#8243; custom_padding=&#8221;|||&#8221; global_colors_info=&#8221;{}&#8221; custom_padding__hover=&#8221;|||&#8221; theme_builder_area=&#8221;post_content&#8221;][difl_imagecarousel item_desktop=&#8221;1&#8243; item_tablet=&#8221;1&#8243; loop=&#8221;on&#8221; autoplay=&#8221;on&#8221; autospeed=&#8221;3500&#8243; dots=&#8221;on&#8221; dots_color=&#8221;gcid-cca90ba6-297c-4d63-9e2c-8201011ef870&#8243; active_dots_color=&#8221;gcid-b1ace166-c11d-4c70-a679-55884e9ca298&#8243; dots_gap=&#8221;21px&#8221; item_wrapper_padding=&#8221;||15px||false|false&#8221; admin_label=&#8221;Ser miembro y newsletter&#8221; module_class=&#8221;extiendeenlacedeboton&#8221; _builder_version=&#8221;4.27.4&#8243; _module_preset=&#8221;default&#8221; global_module=&#8221;51656&#8243; saved_tabs=&#8221;all&#8221; global_colors_info=&#8221;{%22gcid-cca90ba6-297c-4d63-9e2c-8201011ef870%22:%91%22dots_color%22%93,%22gcid-b1ace166-c11d-4c70-a679-55884e9ca298%22:%91%22active_dots_color%22%93}&#8221; theme_builder_area=&#8221;post_content&#8221;][difl_imagecarouselitem image=&#8221;https:\/\/www.itakaescolapios.org\/wp-content\/uploads\/2025\/02\/banners-500&#215;500-esp.jpg&#8221; ic_button_button_text=&#8221;bot&#8221; ic_button_button_url=&#8221;\/es\/colabora&#8221; ic_button_button_url_new_window=&#8221;1&#8243; _builder_version=&#8221;4.27.4&#8243; _module_preset=&#8221;default&#8221; image_en_us=&#8221;https:\/\/www.itakaescolapios.org\/wp-content\/uploads\/2025\/02\/banners-500&#215;500-eng.jpg&#8221; ic_button_button_text_en_us=&#8221;bot&#8221; image_fr_fr=&#8221;https:\/\/www.itakaescolapios.org\/wp-content\/uploads\/2025\/02\/banners-500&#215;500-fra.jpg&#8221; ic_button_button_text_fr_fr=&#8221;bot&#8221; image_eu=&#8221;https:\/\/www.itakaescolapios.org\/wp-content\/uploads\/2025\/02\/banners-500&#215;500-eusk.jpg&#8221; ic_button_button_text_eu=&#8221;bot&#8221; image_ca=&#8221;https:\/\/www.itakaescolapios.org\/wp-content\/uploads\/2025\/02\/banners-500&#215;500-val.jpg&#8221; ic_button_button_text_ca=&#8221;bot&#8221; image_pt_br=&#8221;https:\/\/www.itakaescolapios.org\/wp-content\/uploads\/2025\/02\/banners-500&#215;500-port.jpg&#8221; ic_button_button_text_pt_br=&#8221;bot&#8221; global_colors_info=&#8221;{}&#8221; theme_builder_area=&#8221;post_content&#8221;][\/difl_imagecarouselitem][difl_imagecarouselitem image=&#8221;https:\/\/www.itakaescolapios.org\/wp-content\/uploads\/2025\/02\/banners-500&#215;500-esp2.png&#8221; ic_button_button_text=&#8221;bot&#8221; ic_button_button_url=&#8221;\/es\/suscribete\/&#8221; ic_button_button_url_new_window=&#8221;1&#8243; _builder_version=&#8221;4.27.4&#8243; _module_preset=&#8221;default&#8221; image_en_us=&#8221;https:\/\/www.itakaescolapios.org\/wp-content\/uploads\/2025\/02\/banners-500&#215;500-eng2.jpg&#8221; ic_button_button_text_en_us=&#8221;bot&#8221; image_fr_fr=&#8221;https:\/\/www.itakaescolapios.org\/wp-content\/uploads\/2025\/02\/banners-500&#215;500-fra2.jpg&#8221; ic_button_button_text_fr_fr=&#8221;bot&#8221; image_eu=&#8221;https:\/\/www.itakaescolapios.org\/wp-content\/uploads\/2025\/02\/banners-500&#215;500-eusk2.jpg&#8221; ic_button_button_text_eu=&#8221;bot&#8221; image_ca=&#8221;https:\/\/www.itakaescolapios.org\/wp-content\/uploads\/2025\/02\/banners-500&#215;500-val2.jpg&#8221; ic_button_button_text_ca=&#8221;bot&#8221; image_pt_br=&#8221;https:\/\/www.itakaescolapios.org\/wp-content\/uploads\/2025\/02\/banners-500&#215;500-port2.jpg&#8221; ic_button_button_text_pt_br=&#8221;bot&#8221; global_colors_info=&#8221;{}&#8221; theme_builder_area=&#8221;post_content&#8221;][\/difl_imagecarouselitem][\/difl_imagecarousel][et_pb_text admin_label=&#8221;Texto %22\u00daltimas noticias%22&#8243; _builder_version=&#8221;4.25.0&#8243; _module_preset=&#8221;default&#8221; header_font=&#8221;IBM Plex Sans|700|||||||&#8221; header_text_color=&#8221;gcid-cca90ba6-297c-4d63-9e2c-8201011ef870&#8243; header_font_size=&#8221;40px&#8221; custom_margin=&#8221;||||false|false&#8221; header_font_size_tablet=&#8221;55px&#8221; header_font_size_phone=&#8221;30px&#8221; header_font_size_last_edited=&#8221;on|phone&#8221; content_en_us=&#8221;<\/p>\n<h1>Last news<\/h1>\n<p>&#8221; content_fr_fr=&#8221;<\/p>\n<h1>Derni\u00e8res nouvelles<\/h1>\n<p>&#8221; content_eu=&#8221;<\/p>\n<h1>Azken berriak<\/h1>\n<p>&#8221; content_ca=&#8221;<\/p>\n<h1>\u00daltimes not\u00edcies<\/h1>\n<p>&#8221; content_pt_br=&#8221;<\/p>\n<h1>\u00daltimas not\u00edcias<\/h1>\n<p>&#8221; border_width_bottom=&#8221;3px&#8221; border_color_bottom=&#8221;gcid-b1ace166-c11d-4c70-a679-55884e9ca298&#8243; border_style_bottom=&#8221;dotted&#8221; global_module=&#8221;50904&#8243; saved_tabs=&#8221;all&#8221; global_colors_info=&#8221;{%22gcid-cca90ba6-297c-4d63-9e2c-8201011ef870%22:%91%22header_text_color%22,%22header_text_color%22%93,%22gcid-b1ace166-c11d-4c70-a679-55884e9ca298%22:%91%22border_color_bottom%22%93}&#8221; theme_builder_area=&#8221;post_content&#8221;]<\/p>\n<h1>\u00daltimas noticias<\/h1>\n<p>[\/et_pb_text][difl_blogcarousel posts_number=&#8221;6&#8243; post_display=&#8221;by_category&#8221; include_categories=&#8221;12&#8243; use_image_as_background=&#8221;on&#8221; item_desktop=&#8221;1&#8243; item_tablet=&#8221;1&#8243; loop=&#8221;on&#8221; dots=&#8221;on&#8221; equal_height=&#8221;on&#8221; item_background_bgcolor=&#8221;rgba(175,196,16,0.9)&#8221; arrow_color=&#8221;#FFFFFF&#8221; arrow_background=&#8221;gcid-cca90ba6-297c-4d63-9e2c-8201011ef870&#8243; arrow_circle=&#8221;on&#8221; arrow_prev_icon_use_icon=&#8221;off&#8221; arrow_prev_margin=&#8221;|||-70px|false|false&#8221; arrow_prev_margin_tablet=&#8221;&#8221; arrow_prev_margin_phone=&#8221;|||0px|false|false&#8221; arrow_prev_margin_last_edited=&#8221;on|phone&#8221; arrow_next_margin=&#8221;|-70px|||false|false&#8221; arrow_next_margin_tablet=&#8221;&#8221; arrow_next_margin_phone=&#8221;|0px|||false|false&#8221; arrow_next_margin_last_edited=&#8221;on|phone&#8221; large_active_dot=&#8221;on&#8221; dots_color=&#8221;gcid-cca90ba6-297c-4d63-9e2c-8201011ef870&#8243; active_dots_color=&#8221;gcid-b1ace166-c11d-4c70-a679-55884e9ca298&#8243; wrapper_padding=&#8221;||15px||false|false&#8221; item_wrapper_padding=&#8221;300px||||false|false&#8221; item_padding=&#8221;20px||||false|false&#8221; admin_label=&#8221;AQU\u00cd CAMBIA LA CATEGOR\u00cdA&#8221; _builder_version=&#8221;4.27.4&#8243; _module_preset=&#8221;default&#8221; hover_enabled=&#8221;0&#8243; border_radii_item_outer=&#8221;on|8px|8px|8px|8px&#8221; global_colors_info=&#8221;{%22gcid-b1ace166-c11d-4c70-a679-55884e9ca298%22:%91%22item_background_bgcolor%22,%22active_dots_color%22%93}&#8221; theme_builder_area=&#8221;post_content&#8221; sticky_enabled=&#8221;0&#8243;][difl_postitem type=&#8221;title&#8221; element_padding=&#8221;10px|10px||10px|false|true&#8221; _builder_version=&#8221;4.27.4&#8243; _module_preset=&#8221;default&#8221; post_font_style_font=&#8221;Merriweather|900|||||||&#8221; post_font_style_text_color=&#8221;#FFFFFF&#8221; post_font_style_font_size=&#8221;20px&#8221; post_font_style_line_height=&#8221;22px&#8221; background_color=&#8221;RGBA(255,255,255,0)&#8221; background_enable_color=&#8221;on&#8221; text_orientation=&#8221;center&#8221; global_colors_info=&#8221;{}&#8221; theme_builder_area=&#8221;post_content&#8221;][\/difl_postitem][difl_postitem type=&#8221;date&#8221; date_format=&#8221;j-F-Y&#8221; meta_display=&#8221;block&#8221; use_icon=&#8221;on&#8221; font_icon=&#8221;&#xe023;||divi||400&#8243; icon_color=&#8221;#FFFFFF&#8221; element_padding=&#8221;|10px||10px|false|true&#8221; _builder_version=&#8221;4.27.4&#8243; _module_preset=&#8221;default&#8221; post_font_style_font=&#8221;IBM Plex Sans|700|||||||&#8221; post_font_style_text_color=&#8221;#FFFFFF&#8221; post_font_style_font_size=&#8221;12px&#8221; background_color=&#8221;RGBA(255,255,255,0)&#8221; background_enable_color=&#8221;on&#8221; text_orientation=&#8221;right&#8221; global_colors_info=&#8221;{}&#8221; theme_builder_area=&#8221;post_content&#8221;][\/difl_postitem][\/difl_blogcarousel][difl_imagecarousel item_desktop=&#8221;1&#8243; item_tablet=&#8221;1&#8243; loop=&#8221;on&#8221; autoplay=&#8221;on&#8221; autospeed=&#8221;3500&#8243; dots=&#8221;on&#8221; dots_color=&#8221;gcid-cca90ba6-297c-4d63-9e2c-8201011ef870&#8243; active_dots_color=&#8221;gcid-b1ace166-c11d-4c70-a679-55884e9ca298&#8243; item_wrapper_padding=&#8221;||20px||false|false&#8221; admin_label=&#8221;Formaci\u00f3n, hemeroteca y formaci\u00f3n&#8221; module_class=&#8221;extiendeenlacedeboton&#8221; _builder_version=&#8221;4.27.4&#8243; _module_preset=&#8221;default&#8221; module_alignment=&#8221;center&#8221; custom_margin=&#8221;||||false|false&#8221; global_module=&#8221;51721&#8243; saved_tabs=&#8221;all&#8221; global_colors_info=&#8221;{%22gcid-cca90ba6-297c-4d63-9e2c-8201011ef870%22:%91%22dots_color%22%93,%22gcid-b1ace166-c11d-4c70-a679-55884e9ca298%22:%91%22active_dots_color%22%93}&#8221; custom_margin__hover_enabled=&#8221;on|hover&#8221; custom_margin__hover=&#8221;||||false|false&#8221; theme_builder_area=&#8221;post_content&#8221;][difl_imagecarouselitem admin_label=&#8221;Formaci\u00f3n&#8221; image=&#8221;https:\/\/www.itakaescolapios.org\/wp-content\/uploads\/2025\/02\/banners-500&#215;500-esp5.jpg&#8221; ic_button_button_text=&#8221;bot&#8221; ic_button_button_url=&#8221;\/es\/que-hacemos\/formacion\/&#8221; ic_button_button_url_new_window=&#8221;1&#8243; _builder_version=&#8221;4.27.4&#8243; _module_preset=&#8221;default&#8221; image_en_us=&#8221;https:\/\/www.itakaescolapios.org\/wp-content\/uploads\/2025\/02\/banners-500&#215;500-eng5.jpg&#8221; ic_button_button_text_en_us=&#8221;bot&#8221; image_fr_fr=&#8221;https:\/\/www.itakaescolapios.org\/wp-content\/uploads\/2025\/02\/banners-500&#215;500-fra5.jpg&#8221; ic_button_button_text_fr_fr=&#8221;bot&#8221; image_eu=&#8221;https:\/\/www.itakaescolapios.org\/wp-content\/uploads\/2025\/02\/banners-500&#215;500-eusk5.jpg&#8221; ic_button_button_text_eu=&#8221;bot&#8221; image_ca=&#8221;https:\/\/www.itakaescolapios.org\/wp-content\/uploads\/2025\/02\/banners-500&#215;500-val5.jpg&#8221; ic_button_button_text_ca=&#8221;bot&#8221; image_pt_br=&#8221;https:\/\/www.itakaescolapios.org\/wp-content\/uploads\/2025\/02\/banners-500&#215;500-port5.jpg&#8221; ic_button_button_text_pt_br=&#8221;bot&#8221; global_colors_info=&#8221;{}&#8221; theme_builder_area=&#8221;post_content&#8221;][\/difl_imagecarouselitem][difl_imagecarouselitem admin_label=&#8221;Publicaciones&#8221; image=&#8221;https:\/\/www.itakaescolapios.org\/wp-content\/uploads\/2025\/02\/banners-500&#215;500-esp3-1.jpg&#8221; ic_button_button_text=&#8221;bot&#8221; ic_button_button_url=&#8221;\/es\/publicaciones&#8221; ic_button_button_url_new_window=&#8221;1&#8243; _builder_version=&#8221;4.27.4&#8243; _module_preset=&#8221;default&#8221; image_en_us=&#8221;https:\/\/www.itakaescolapios.org\/wp-content\/uploads\/2025\/02\/banners-500&#215;500-eng3.jpg&#8221; ic_button_button_text_en_us=&#8221;bot&#8221; image_fr_fr=&#8221;https:\/\/www.itakaescolapios.org\/wp-content\/uploads\/2025\/02\/banners-500&#215;500-fra3.jpg&#8221; ic_button_button_text_fr_fr=&#8221;bot&#8221; image_eu=&#8221;https:\/\/www.itakaescolapios.org\/wp-content\/uploads\/2025\/02\/banners-500&#215;500-eusk3.jpg&#8221; ic_button_button_text_eu=&#8221;bot&#8221; image_ca=&#8221;https:\/\/www.itakaescolapios.org\/wp-content\/uploads\/2025\/02\/banners-500&#215;500-val3.jpg&#8221; ic_button_button_text_ca=&#8221;bot&#8221; image_pt_br=&#8221;https:\/\/www.itakaescolapios.org\/wp-content\/uploads\/2025\/02\/banners-500&#215;500-port3.jpg&#8221; ic_button_button_text_pt_br=&#8221;bot&#8221; global_colors_info=&#8221;{}&#8221; theme_builder_area=&#8221;post_content&#8221;][\/difl_imagecarouselitem][difl_imagecarouselitem admin_label=&#8221;Hemeroteca&#8221; image=&#8221;https:\/\/www.itakaescolapios.org\/wp-content\/uploads\/2025\/02\/banners-500&#215;500-esp4.jpg&#8221; ic_button_button_text=&#8221;bot&#8221; ic_button_button_url=&#8221;\/es\/noticias\/&#8221; ic_button_button_url_new_window=&#8221;1&#8243; _builder_version=&#8221;4.27.4&#8243; _module_preset=&#8221;default&#8221; image_en_us=&#8221;https:\/\/www.itakaescolapios.org\/wp-content\/uploads\/2025\/02\/banners-500&#215;500-eng4.jpg&#8221; ic_button_button_text_en_us=&#8221;bot&#8221; image_fr_fr=&#8221;https:\/\/www.itakaescolapios.org\/wp-content\/uploads\/2025\/02\/banners-500&#215;500-fra4.jpg&#8221; ic_button_button_text_fr_fr=&#8221;bot&#8221; image_eu=&#8221;https:\/\/www.itakaescolapios.org\/wp-content\/uploads\/2025\/02\/banners-500&#215;500-eusk4.jpg&#8221; ic_button_button_text_eu=&#8221;bot&#8221; image_ca=&#8221;https:\/\/www.itakaescolapios.org\/wp-content\/uploads\/2025\/02\/banners-500&#215;500-val4.jpg&#8221; ic_button_button_text_ca=&#8221;bot&#8221; image_pt_br=&#8221;https:\/\/www.itakaescolapios.org\/wp-content\/uploads\/2025\/02\/banners-500&#215;500-port4.jpg&#8221; ic_button_button_text_pt_br=&#8221;bot&#8221; global_colors_info=&#8221;{}&#8221; theme_builder_area=&#8221;post_content&#8221;][\/difl_imagecarouselitem][\/difl_imagecarousel][et_pb_text admin_label=&#8221;Texto %22S\u00edguenos%22&#8243; _builder_version=&#8221;4.25.1&#8243; _module_preset=&#8221;default&#8221; header_font=&#8221;IBM Plex Sans|600|||||||&#8221; header_text_color=&#8221;#FFFFFF&#8221; background_color=&#8221;gcid-cca90ba6-297c-4d63-9e2c-8201011ef870&#8243; custom_margin=&#8221;0px||0px||true|false&#8221; custom_padding=&#8221;20px||||false|false&#8221; content_en_us=&#8221;<\/p>\n<h1 style=%22text-align: center;%22>Follow us<\/h1>\n<p>&#8221; content_fr_fr=&#8221;<\/p>\n<h1 style=%22text-align: center;%22>Suivez-nous sur<\/h1>\n<p>&#8221; content_eu=&#8221;<\/p>\n<h1 style=%22text-align: center;%22>Jarraitu<\/h1>\n<p>&#8221; content_ca=&#8221;<\/p>\n<h1 style=%22text-align: center;%22>Segueix-nos<\/h1>\n<p>&#8221; content_pt_br=&#8221;<\/p>\n<h1 style=%22text-align: center;%22>Siga-nos em<\/h1>\n<p>&#8221; border_radii=&#8221;off||15px||&#8221; global_colors_info=&#8221;{%22gcid-cca90ba6-297c-4d63-9e2c-8201011ef870%22:%91%22background_color%22%93}&#8221; theme_builder_area=&#8221;post_content&#8221;]<\/p>\n<h1 style=\"text-align: center;\">S\u00edguenos<\/h1>\n<p>[\/et_pb_text][et_pb_social_media_follow admin_label=&#8221;REDES SOCIALES Sede&#8221; module_class=&#8221;redes-portada-sede&#8221; _builder_version=&#8221;4.25.1&#8243; _module_preset=&#8221;default&#8221; background_color=&#8221;gcid-cca90ba6-297c-4d63-9e2c-8201011ef870&#8243; text_orientation=&#8221;center&#8221; custom_margin=&#8221;0px||||false|false&#8221; custom_padding=&#8221;15px||15px||true|false&#8221; custom_css_free_form=&#8221;.redes-portada-sede.et_pb_module {border-bottom-left-radius: 15px !important;}&#8221; border_radii=&#8221;off|15px|15px|15px|15px&#8221; global_colors_info=&#8221;{%22gcid-cca90ba6-297c-4d63-9e2c-8201011ef870%22:%91%22background_color%22%93}&#8221; theme_builder_area=&#8221;post_content&#8221;][et_pb_social_media_follow_network social_network=&#8221;facebook&#8221; icon_color=&#8221;gcid-cca90ba6-297c-4d63-9e2c-8201011ef870&#8243; _builder_version=&#8221;4.24.3&#8243; _module_preset=&#8221;default&#8221; background_color=&#8221;#FFFFFF&#8221; background_enable_color=&#8221;on&#8221; global_colors_info=&#8221;{%22gcid-cca90ba6-297c-4d63-9e2c-8201011ef870%22:%91%22icon_color%22%93}&#8221; theme_builder_area=&#8221;post_content&#8221; follow_button=&#8221;off&#8221; url_new_window=&#8221;on&#8221;]facebook[\/et_pb_social_media_follow_network][et_pb_social_media_follow_network social_network=&#8221;instagram&#8221; icon_color=&#8221;gcid-cca90ba6-297c-4d63-9e2c-8201011ef870&#8243; _builder_version=&#8221;4.24.3&#8243; _module_preset=&#8221;default&#8221; background_color=&#8221;#FFFFFF&#8221; background_enable_color=&#8221;on&#8221; global_colors_info=&#8221;{%22gcid-cca90ba6-297c-4d63-9e2c-8201011ef870%22:%91%22icon_color%22%93}&#8221; theme_builder_area=&#8221;post_content&#8221; follow_button=&#8221;off&#8221; url_new_window=&#8221;on&#8221;]instagram[\/et_pb_social_media_follow_network][et_pb_social_media_follow_network social_network=&#8221;youtube&#8221; icon_color=&#8221;gcid-cca90ba6-297c-4d63-9e2c-8201011ef870&#8243; _builder_version=&#8221;4.24.3&#8243; _module_preset=&#8221;default&#8221; background_color=&#8221;#FFFFFF&#8221; background_enable_color=&#8221;on&#8221; global_colors_info=&#8221;{%22gcid-cca90ba6-297c-4d63-9e2c-8201011ef870%22:%91%22icon_color%22%93}&#8221; theme_builder_area=&#8221;post_content&#8221; follow_button=&#8221;off&#8221; url_new_window=&#8221;on&#8221;]youtube[\/et_pb_social_media_follow_network][\/et_pb_social_media_follow][\/et_pb_column][\/et_pb_section]<\/p>\n","protected":false},"excerpt":{"rendered":"<p>Proyecto Sa\u00f3ValenciaSa\u00f3 desarrolla actuaciones dirigidas a la atenci\u00f3n integral, hol\u00edstica y comunitaria de la infancia y la adolescencia en situaci\u00f3n de vulnerabilidad y\/o riesgo de exclusi\u00f3n social. Y tiene como [&hellip;]<\/p>\n","protected":false},"author":69,"featured_media":0,"parent":0,"menu_order":0,"comment_status":"closed","ping_status":"closed","template":"","meta":{"_et_pb_use_builder":"on","_et_pb_old_content":"","_et_gb_content_width":"","footnotes":""},"class_list":["post-328713","page","type-page","status-publish","hentry"],"yoast_head":"<!-- This site is optimized with the Yoast SEO plugin v27.4 - https:\/\/yoast.com\/product\/yoast-seo-wordpress\/ -->\n<title>Proyecto Sa\u00f3<\/title>\n<meta name=\"description\" content=\"[et_pb_section fb_built=&quot;1&quot; make_equal=&quot;on&quot; use_custom_gutter=&quot;on&quot; gutter_width=&quot;2&quot; specialty=&quot;on&quot; _builder_version=&quot;4.24.3&quot; _module_preset=&quot;default&quot; width=&quot;100%&quot; max_width=&quot;100%&quot; module_alignment=&quot;center&quot; inner_width=&quot;90%&quot; inner_max_width=&quot;2222px&quot; inner_module_alignment=&quot;center&quot; custom_margin=&quot;0px||||false|false&quot; custom_padding=&quot;0px||||false|false&quot; global_colors_info=&quot;{}&quot; theme_builder_area=&quot;post_content&quot; da_is_popup=&quot;off&quot; da_exit_intent=&quot;off&quot; da_has_close=&quot;on&quot; da_alt_close=&quot;off&quot; da_dark_close=&quot;off&quot; da_not_modal=&quot;on&quot; da_is_singular=&quot;off&quot; da_with_loader=&quot;off&quot; da_has_shadow=&quot;on&quot; da_disable_devices=&quot;off|off|off&quot;][et_pb_column type=&quot;3_4&quot; specialty_columns=&quot;3&quot; _builder_version=&quot;4.16&quot; custom_padding=&quot;|||&quot; global_colors_info=&quot;{}&quot; custom_padding__hover=&quot;|||&quot; theme_builder_area=&quot;post_content&quot;][et_pb_row_inner custom_padding_last_edited=&quot;on|phone&quot; _builder_version=&quot;4.24.3&quot; _module_preset=&quot;default&quot; module_alignment=&quot;center&quot; custom_padding=&quot;|50px|4px||false|false&quot; custom_padding_tablet=&quot;|50px|4px||false|false&quot; custom_padding_phone=&quot;|0px|||false|false&quot; border_color_all=&quot;gcid-b1ace166-c11d-4c70-a679-55884e9ca298&quot; border_style_all=&quot;dotted&quot; border_width_right=&quot;3px&quot; border_color_right=&quot;gcid-b1ace166-c11d-4c70-a679-55884e9ca298&quot; border_width_right_tablet=&quot;3px&quot; border_width_right_phone=&quot;0px&quot; border_width_right_last_edited=&quot;on|desktop&quot; collapsed=&quot;off&quot; global_colors_info=&quot;{%22gcid-b1ace166-c11d-4c70-a679-55884e9ca298%22:%91%22border_color_all%22,%22border_color_right%22%93}&quot; theme_builder_area=&quot;post_content&quot;][et_pb_column_inner saved_specialty_column_type=&quot;3_4&quot; _builder_version=&quot;4.24.3&quot; _module_preset=&quot;default&quot;&hellip;\" \/>\n<meta name=\"robots\" content=\"index, follow, max-snippet:-1, max-image-preview:large, max-video-preview:-1\" \/>\n<link rel=\"canonical\" href=\"\" \/>\n<meta property=\"og:locale\" content=\"en_US\" \/>\n<meta property=\"og:type\" content=\"article\" \/>\n<meta property=\"og:title\" content=\"Proyecto Sa\u00f3\" \/>\n<meta property=\"og:description\" content=\"[et_pb_section fb_built=&quot;1&quot; make_equal=&quot;on&quot; use_custom_gutter=&quot;on&quot; gutter_width=&quot;2&quot; specialty=&quot;on&quot; _builder_version=&quot;4.24.3&quot; _module_preset=&quot;default&quot; width=&quot;100%&quot; max_width=&quot;100%&quot; module_alignment=&quot;center&quot; inner_width=&quot;90%&quot; inner_max_width=&quot;2222px&quot; inner_module_alignment=&quot;center&quot; custom_margin=&quot;0px||||false|false&quot; custom_padding=&quot;0px||||false|false&quot; global_colors_info=&quot;{}&quot; theme_builder_area=&quot;post_content&quot; da_is_popup=&quot;off&quot; da_exit_intent=&quot;off&quot; da_has_close=&quot;on&quot; da_alt_close=&quot;off&quot; da_dark_close=&quot;off&quot; da_not_modal=&quot;on&quot; da_is_singular=&quot;off&quot; da_with_loader=&quot;off&quot; da_has_shadow=&quot;on&quot; da_disable_devices=&quot;off|off|off&quot;][et_pb_column type=&quot;3_4&quot; specialty_columns=&quot;3&quot; _builder_version=&quot;4.16&quot; custom_padding=&quot;|||&quot; global_colors_info=&quot;{}&quot; custom_padding__hover=&quot;|||&quot; theme_builder_area=&quot;post_content&quot;][et_pb_row_inner custom_padding_last_edited=&quot;on|phone&quot; _builder_version=&quot;4.24.3&quot; _module_preset=&quot;default&quot; module_alignment=&quot;center&quot; custom_padding=&quot;|50px|4px||false|false&quot; custom_padding_tablet=&quot;|50px|4px||false|false&quot; custom_padding_phone=&quot;|0px|||false|false&quot; border_color_all=&quot;gcid-b1ace166-c11d-4c70-a679-55884e9ca298&quot; border_style_all=&quot;dotted&quot; border_width_right=&quot;3px&quot; border_color_right=&quot;gcid-b1ace166-c11d-4c70-a679-55884e9ca298&quot; border_width_right_tablet=&quot;3px&quot; border_width_right_phone=&quot;0px&quot; border_width_right_last_edited=&quot;on|desktop&quot; collapsed=&quot;off&quot; global_colors_info=&quot;{%22gcid-b1ace166-c11d-4c70-a679-55884e9ca298%22:%91%22border_color_all%22,%22border_color_right%22%93}&quot; theme_builder_area=&quot;post_content&quot;][et_pb_column_inner saved_specialty_column_type=&quot;3_4&quot; _builder_version=&quot;4.24.3&quot; _module_preset=&quot;default&quot;&hellip;\" \/>\n<meta property=\"og:url\" content=\"https:\/\/www.itakaescolapios.org\/eu\/proyecto-sao\/\" \/>\n<meta property=\"og:site_name\" content=\"Itaka-Escolapios\" \/>\n<meta property=\"article:modified_time\" content=\"2025-09-25T12:02:50+00:00\" \/>\n<meta name=\"twitter:card\" content=\"summary_large_image\" \/>\n<meta name=\"twitter:label1\" content=\"Est. reading time\" \/>\n\t<meta name=\"twitter:data1\" content=\"5 minutua\" \/>\n<script type=\"application\/ld+json\" class=\"yoast-schema-graph\">{\"@context\":\"https:\\\/\\\/schema.org\",\"@graph\":[{\"@type\":\"WebPage\",\"@id\":\"https:\\\/\\\/www.itakaescolapios.org\\\/eu\\\/proyecto-sao\\\/\",\"url\":\"https:\\\/\\\/www.itakaescolapios.org\\\/eu\\\/proyecto-sao\\\/\",\"name\":\"Proyecto Sa\u00f3 - Itaka-Escolapios\",\"isPartOf\":{\"@id\":\"https:\\\/\\\/www.itakaescolapios.org\\\/es\\\/#website\"},\"datePublished\":\"2025-09-25T12:02:45+00:00\",\"dateModified\":\"2025-09-25T12:02:50+00:00\",\"breadcrumb\":{\"@id\":\"https:\\\/\\\/www.itakaescolapios.org\\\/eu\\\/proyecto-sao\\\/#breadcrumb\"},\"inLanguage\":\"eu\",\"potentialAction\":[{\"@type\":\"ReadAction\",\"target\":[\"https:\\\/\\\/www.itakaescolapios.org\\\/eu\\\/proyecto-sao\\\/\"]}]},{\"@type\":\"BreadcrumbList\",\"@id\":\"https:\\\/\\\/www.itakaescolapios.org\\\/eu\\\/proyecto-sao\\\/#breadcrumb\",\"itemListElement\":[{\"@type\":\"ListItem\",\"position\":1,\"name\":\"Itaka-Escolapios\",\"item\":\"https:\\\/\\\/www.itakaescolapios.org\\\/es\\\/\"},{\"@type\":\"ListItem\",\"position\":2,\"name\":\"Proyecto Sa\u00f3\"}]},{\"@type\":\"WebSite\",\"@id\":\"https:\\\/\\\/www.itakaescolapios.org\\\/eu\\\/es\\\/#website\",\"url\":\"https:\\\/\\\/www.itakaescolapios.org\\\/eu\\\/es\\\/\",\"name\":\"Itaka-Escolapios\",\"description\":\"Red de Itaka-Escolapios\",\"publisher\":{\"@id\":\"https:\\\/\\\/www.itakaescolapios.org\\\/eu\\\/es\\\/#organization\"},\"potentialAction\":[{\"@type\":\"SearchAction\",\"target\":{\"@type\":\"EntryPoint\",\"urlTemplate\":\"https:\\\/\\\/www.itakaescolapios.org\\\/eu\\\/es\\\/?s={search_term_string}\"},\"query-input\":{\"@type\":\"PropertyValueSpecification\",\"valueRequired\":true,\"valueName\":\"search_term_string\"}}],\"inLanguage\":\"eu\"},{\"@type\":\"Organization\",\"@id\":\"https:\\\/\\\/www.itakaescolapios.org\\\/eu\\\/es\\\/#organization\",\"name\":\"Fundaci\u00f3 Itaka-Escolapios\",\"url\":\"https:\\\/\\\/www.itakaescolapios.org\\\/eu\\\/es\\\/\",\"logo\":{\"@type\":\"ImageObject\",\"inLanguage\":\"eu\",\"@id\":\"https:\\\/\\\/www.itakaescolapios.org\\\/eu\\\/es\\\/#\\\/schema\\\/logo\\\/image\\\/\",\"url\":\"https:\\\/\\\/www.itakaescolapios.org\\\/wp-content\\\/uploads\\\/2024\\\/04\\\/Logo-itakaescolapios-peque.png\",\"contentUrl\":\"https:\\\/\\\/www.itakaescolapios.org\\\/wp-content\\\/uploads\\\/2024\\\/04\\\/Logo-itakaescolapios-peque.png\",\"width\":500,\"height\":199,\"caption\":\"Fundaci\u00f3 Itaka-Escolapios\"},\"image\":{\"@id\":\"https:\\\/\\\/www.itakaescolapios.org\\\/eu\\\/es\\\/#\\\/schema\\\/logo\\\/image\\\/\"}}]}<\/script>\n<!-- \/ Yoast SEO plugin. -->","yoast_head_json":{"title":"Proyecto Sa\u00f3","description":"[et_pb_section fb_built=\"1\" make_equal=\"on\" use_custom_gutter=\"on\" gutter_width=\"2\" specialty=\"on\" _builder_version=\"4.24.3\" _module_preset=\"default\" width=\"100%\" max_width=\"100%\" module_alignment=\"center\" inner_width=\"90%\" inner_max_width=\"2222px\" inner_module_alignment=\"center\" custom_margin=\"0px||||false|false\" custom_padding=\"0px||||false|false\" global_colors_info=\"{}\" theme_builder_area=\"post_content\" da_is_popup=\"off\" da_exit_intent=\"off\" da_has_close=\"on\" da_alt_close=\"off\" da_dark_close=\"off\" da_not_modal=\"on\" da_is_singular=\"off\" da_with_loader=\"off\" da_has_shadow=\"on\" da_disable_devices=\"off|off|off\"][et_pb_column type=\"3_4\" specialty_columns=\"3\" _builder_version=\"4.16\" custom_padding=\"|||\" global_colors_info=\"{}\" custom_padding__hover=\"|||\" theme_builder_area=\"post_content\"][et_pb_row_inner custom_padding_last_edited=\"on|phone\" _builder_version=\"4.24.3\" _module_preset=\"default\" module_alignment=\"center\" custom_padding=\"|50px|4px||false|false\" custom_padding_tablet=\"|50px|4px||false|false\" custom_padding_phone=\"|0px|||false|false\" border_color_all=\"gcid-b1ace166-c11d-4c70-a679-55884e9ca298\" border_style_all=\"dotted\" border_width_right=\"3px\" border_color_right=\"gcid-b1ace166-c11d-4c70-a679-55884e9ca298\" border_width_right_tablet=\"3px\" border_width_right_phone=\"0px\" border_width_right_last_edited=\"on|desktop\" collapsed=\"off\" global_colors_info=\"{%22gcid-b1ace166-c11d-4c70-a679-55884e9ca298%22:%91%22border_color_all%22,%22border_color_right%22%93}\" theme_builder_area=\"post_content\"][et_pb_column_inner saved_specialty_column_type=\"3_4\" _builder_version=\"4.24.3\" _module_preset=\"default\"&hellip;","robots":{"index":"index","follow":"follow","max-snippet":"max-snippet:-1","max-image-preview":"max-image-preview:large","max-video-preview":"max-video-preview:-1"},"canonical":"[et_pb_section fb_built=\"1\" make_equal=\"on\" use_custom_gutter=\"on\" gutter_width=\"2\" specialty=\"on\" _builder_version=\"4.24.3\" _module_preset=\"default\" width=\"100%\" max_width=\"100%\" module_alignment=\"center\" inner_width=\"90%\" inner_max_width=\"2222px\" inner_module_alignment=\"center\" custom_margin=\"0px||||false|false\" custom_padding=\"0px||||false|false\" global_colors_info=\"{}\" theme_builder_area=\"post_content\" da_is_popup=\"off\" da_exit_intent=\"off\" da_has_close=\"on\" da_alt_close=\"off\" da_dark_close=\"off\" da_not_modal=\"on\" da_is_singular=\"off\" da_with_loader=\"off\" da_has_shadow=\"on\" da_disable_devices=\"off|off|off\"][et_pb_column type=\"3_4\" specialty_columns=\"3\" _builder_version=\"4.16\" custom_padding=\"|||\" global_colors_info=\"{}\" custom_padding__hover=\"|||\" theme_builder_area=\"post_content\"][et_pb_row_inner custom_padding_last_edited=\"on|phone\" _builder_version=\"4.24.3\" _module_preset=\"default\" module_alignment=\"center\" custom_padding=\"|50px|4px||false|false\" custom_padding_tablet=\"|50px|4px||false|false\" custom_padding_phone=\"|0px|||false|false\" border_color_all=\"gcid-b1ace166-c11d-4c70-a679-55884e9ca298\" border_style_all=\"dotted\" border_width_right=\"3px\" border_color_right=\"gcid-b1ace166-c11d-4c70-a679-55884e9ca298\" border_width_right_tablet=\"3px\" border_width_right_phone=\"0px\" border_width_right_last_edited=\"on|desktop\" collapsed=\"off\" global_colors_info=\"{\"gcid-b1ace166-c11d-4c70-a679-55884e9ca298\":?\"border_color_all\",\"border_color_right\"?}\" theme_builder_area=\"post_content\"][et_pb_column_inner saved_specialty_column_type=\"3_4\" _builder_version=\"4.24.3\" _module_preset=\"default\"&hellip;","og_locale":"en_US","og_type":"article","og_title":"Proyecto Sa\u00f3","og_description":"[et_pb_section fb_built=\"1\" make_equal=\"on\" use_custom_gutter=\"on\" gutter_width=\"2\" specialty=\"on\" _builder_version=\"4.24.3\" _module_preset=\"default\" width=\"100%\" max_width=\"100%\" module_alignment=\"center\" inner_width=\"90%\" inner_max_width=\"2222px\" inner_module_alignment=\"center\" custom_margin=\"0px||||false|false\" custom_padding=\"0px||||false|false\" global_colors_info=\"{}\" theme_builder_area=\"post_content\" da_is_popup=\"off\" da_exit_intent=\"off\" da_has_close=\"on\" da_alt_close=\"off\" da_dark_close=\"off\" da_not_modal=\"on\" da_is_singular=\"off\" da_with_loader=\"off\" da_has_shadow=\"on\" da_disable_devices=\"off|off|off\"][et_pb_column type=\"3_4\" specialty_columns=\"3\" _builder_version=\"4.16\" custom_padding=\"|||\" global_colors_info=\"{}\" custom_padding__hover=\"|||\" theme_builder_area=\"post_content\"][et_pb_row_inner custom_padding_last_edited=\"on|phone\" _builder_version=\"4.24.3\" _module_preset=\"default\" module_alignment=\"center\" custom_padding=\"|50px|4px||false|false\" custom_padding_tablet=\"|50px|4px||false|false\" custom_padding_phone=\"|0px|||false|false\" border_color_all=\"gcid-b1ace166-c11d-4c70-a679-55884e9ca298\" border_style_all=\"dotted\" border_width_right=\"3px\" border_color_right=\"gcid-b1ace166-c11d-4c70-a679-55884e9ca298\" border_width_right_tablet=\"3px\" border_width_right_phone=\"0px\" border_width_right_last_edited=\"on|desktop\" collapsed=\"off\" global_colors_info=\"{%22gcid-b1ace166-c11d-4c70-a679-55884e9ca298%22:%91%22border_color_all%22,%22border_color_right%22%93}\" theme_builder_area=\"post_content\"][et_pb_column_inner saved_specialty_column_type=\"3_4\" _builder_version=\"4.24.3\" _module_preset=\"default\"&hellip;","og_url":"https:\/\/www.itakaescolapios.org\/eu\/proyecto-sao\/","og_site_name":"Itaka-Escolapios","article_modified_time":"2025-09-25T12:02:50+00:00","twitter_card":"summary_large_image","twitter_misc":{"Est. reading time":"5 minutua"},"schema":{"@context":"https:\/\/schema.org","@graph":[{"@type":"WebPage","@id":"https:\/\/www.itakaescolapios.org\/eu\/proyecto-sao\/","url":"https:\/\/www.itakaescolapios.org\/eu\/proyecto-sao\/","name":"Proyecto Sa\u00f3 - Itaka-Escolapios","isPartOf":{"@id":"https:\/\/www.itakaescolapios.org\/es\/#website"},"datePublished":"2025-09-25T12:02:45+00:00","dateModified":"2025-09-25T12:02:50+00:00","breadcrumb":{"@id":"https:\/\/www.itakaescolapios.org\/eu\/proyecto-sao\/#breadcrumb"},"inLanguage":"eu","potentialAction":[{"@type":"ReadAction","target":["https:\/\/www.itakaescolapios.org\/eu\/proyecto-sao\/"]}]},{"@type":"BreadcrumbList","@id":"https:\/\/www.itakaescolapios.org\/eu\/proyecto-sao\/#breadcrumb","itemListElement":[{"@type":"ListItem","position":1,"name":"Itaka-Escolapios","item":"https:\/\/www.itakaescolapios.org\/es\/"},{"@type":"ListItem","position":2,"name":"Proyecto Sa\u00f3"}]},{"@type":"WebSite","@id":"https:\/\/www.itakaescolapios.org\/eu\/es\/#website","url":"https:\/\/www.itakaescolapios.org\/eu\/es\/","name":"Itaka-Escolapios","description":"Red de Itaka-Escolapios","publisher":{"@id":"https:\/\/www.itakaescolapios.org\/eu\/es\/#organization"},"potentialAction":[{"@type":"SearchAction","target":{"@type":"EntryPoint","urlTemplate":"https:\/\/www.itakaescolapios.org\/eu\/es\/?s={search_term_string}"},"query-input":{"@type":"PropertyValueSpecification","valueRequired":true,"valueName":"search_term_string"}}],"inLanguage":"eu"},{"@type":"Organization","@id":"https:\/\/www.itakaescolapios.org\/eu\/es\/#organization","name":"Fundaci\u00f3 Itaka-Escolapios","url":"https:\/\/www.itakaescolapios.org\/eu\/es\/","logo":{"@type":"ImageObject","inLanguage":"eu","@id":"https:\/\/www.itakaescolapios.org\/eu\/es\/#\/schema\/logo\/image\/","url":"https:\/\/www.itakaescolapios.org\/wp-content\/uploads\/2024\/04\/Logo-itakaescolapios-peque.png","contentUrl":"https:\/\/www.itakaescolapios.org\/wp-content\/uploads\/2024\/04\/Logo-itakaescolapios-peque.png","width":500,"height":199,"caption":"Fundaci\u00f3 Itaka-Escolapios"},"image":{"@id":"https:\/\/www.itakaescolapios.org\/eu\/es\/#\/schema\/logo\/image\/"}}]}},"_links":{"self":[{"href":"https:\/\/www.itakaescolapios.org\/eu\/wp-json\/wp\/v2\/pages\/328713","targetHints":{"allow":["GET"]}}],"collection":[{"href":"https:\/\/www.itakaescolapios.org\/eu\/wp-json\/wp\/v2\/pages"}],"about":[{"href":"https:\/\/www.itakaescolapios.org\/eu\/wp-json\/wp\/v2\/types\/page"}],"author":[{"embeddable":true,"href":"https:\/\/www.itakaescolapios.org\/eu\/wp-json\/wp\/v2\/users\/69"}],"replies":[{"embeddable":true,"href":"https:\/\/www.itakaescolapios.org\/eu\/wp-json\/wp\/v2\/comments?post=328713"}],"version-history":[{"count":2,"href":"https:\/\/www.itakaescolapios.org\/eu\/wp-json\/wp\/v2\/pages\/328713\/revisions"}],"predecessor-version":[{"id":328725,"href":"https:\/\/www.itakaescolapios.org\/eu\/wp-json\/wp\/v2\/pages\/328713\/revisions\/328725"}],"wp:attachment":[{"href":"https:\/\/www.itakaescolapios.org\/eu\/wp-json\/wp\/v2\/media?parent=328713"}],"curies":[{"name":"wp","href":"https:\/\/api.w.org\/{rel}","templated":true}]}}