{"version":"1.0","provider_name":"Itaka-Escolapios","provider_url":"https:\/\/www.itakaescolapios.org\/fr\/","author_name":"cameroun02","author_url":"https:\/\/www.itakaescolapios.org\/fr\/author\/cameroun02\/","title":"Formation des responsables des \u0153uvres piaristes du Cameroun.","type":"rich","width":600,"height":338,"html":"<blockquote class=\"wp-embedded-content\" data-secret=\"YP9PGI8oYn\"><a href=\"https:\/\/www.itakaescolapios.org\/fr\/2012\/12\/formacion-de-directivos-de-obras-escolapias-de-camerun\/\">Formation des responsables des \u0153uvres piaristes du Cameroun.<\/a><\/blockquote><iframe sandbox=\"allow-scripts\" security=\"restricted\" src=\"https:\/\/www.itakaescolapios.org\/fr\/2012\/12\/formacion-de-directivos-de-obras-escolapias-de-camerun\/embed\/#?secret=YP9PGI8oYn\" width=\"600\" height=\"338\" title=\"\u00ab\u00a0Formation des responsables des \u0153uvres piaristes du Cameroun.\u00a0\u00bb &#8212; Itaka-Escolapios\" data-secret=\"YP9PGI8oYn\" frameborder=\"0\" marginwidth=\"0\" marginheight=\"0\" scrolling=\"no\" class=\"wp-embedded-content\"><\/iframe><script type=\"text\/javascript\">\n\/* <![CDATA[ *\/\n\/*! This file is auto-generated *\/\n!function(d,l){\"use strict\";l.querySelector&&d.addEventListener&&\"undefined\"!=typeof URL&&(d.wp=d.wp||{},d.wp.receiveEmbedMessage||(d.wp.receiveEmbedMessage=function(e){var t=e.data;if((t||t.secret||t.message||t.value)&&!\/[^a-zA-Z0-9]\/.test(t.secret)){for(var s,r,n,a=l.querySelectorAll('iframe[data-secret=\"'+t.secret+'\"]'),o=l.querySelectorAll('blockquote[data-secret=\"'+t.secret+'\"]'),c=new RegExp(\"^https?:$\",\"i\"),i=0;i<o.length;i++)o[i].style.display=\"none\";for(i=0;i<a.length;i++)s=a[i],e.source===s.contentWindow&&(s.removeAttribute(\"style\"),\"height\"===t.message?(1e3<(r=parseInt(t.value,10))?r=1e3:~~r<200&&(r=200),s.height=r):\"link\"===t.message&&(r=new URL(s.getAttribute(\"src\")),n=new URL(t.value),c.test(n.protocol))&&n.host===r.host&&l.activeElement===s&&(d.top.location.href=t.value))}},d.addEventListener(\"message\",d.wp.receiveEmbedMessage,!1),l.addEventListener(\"DOMContentLoaded\",function(){for(var e,t,s=l.querySelectorAll(\"iframe.wp-embedded-content\"),r=0;r<s.length;r++)(t=(e=s[r]).getAttribute(\"data-secret\"))||(t=Math.random().toString(36).substring(2,12),e.src+=\"#?secret=\"+t,e.setAttribute(\"data-secret\",t)),e.contentWindow.postMessage({message:\"ready\",secret:t},\"*\")},!1)))}(window,document);\n\/\/# sourceURL=https:\/\/www.itakaescolapios.org\/wp-includes\/js\/wp-embed.min.js\n\/* ]]> *\/\n<\/script>\n","thumbnail_url":"https:\/\/www.itakaescolapios.org\/wp-content\/uploads\/2012\/12\/DSC00282.jpg","thumbnail_width":2000,"thumbnail_height":1500,"description":"Ce lundi 17 d\u00e9cembre s\u2019est tenue la premi\u00e8re session de formation pour le compte de l\u2019ann\u00e9e 2012-13 \u00e0 Menteh. 15 personnes assumant des responsabilit\u00e9s de direction, d\u2019administration et gestion financi\u00e8re se sont retrouv\u00e9es \u00e0 Menteh pour cette session de formation interne. Toute la journ\u00e9e, sous l\u2019animation de Georges Bissiongol (Charg\u00e9 des Programmes) du si\u00e8ge de\u2026"}