{"version":"1.0","provider_name":"Itaka-Escolapios","provider_url":"https:\/\/www.itakaescolapios.org\/fr\/","author_name":"cameroun01","author_url":"https:\/\/www.itakaescolapios.org\/fr\/author\/cameroun01\/","title":"Activit\u00e9s de vacances dans nos diff\u00e9rentes pr\u00e9sences","type":"rich","width":600,"height":338,"html":"<blockquote class=\"wp-embedded-content\" data-secret=\"xqnl0B70VP\"><a href=\"https:\/\/www.itakaescolapios.org\/fr\/2016\/07\/actividades-de-verano-en-nuestras-presencias\/\">Activit\u00e9s de vacances dans nos diff\u00e9rentes pr\u00e9sences<\/a><\/blockquote><iframe sandbox=\"allow-scripts\" security=\"restricted\" src=\"https:\/\/www.itakaescolapios.org\/fr\/2016\/07\/actividades-de-verano-en-nuestras-presencias\/embed\/#?secret=xqnl0B70VP\" width=\"600\" height=\"338\" title=\"\u00ab\u00a0Activit\u00e9s de vacances dans nos diff\u00e9rentes pr\u00e9sences\u00a0\u00bb &#8212; Itaka-Escolapios\" data-secret=\"xqnl0B70VP\" frameborder=\"0\" marginwidth=\"0\" marginheight=\"0\" scrolling=\"no\" class=\"wp-embedded-content\"><\/iframe><script type=\"text\/javascript\">\n\/* <![CDATA[ *\/\n\/*! This file is auto-generated *\/\n!function(d,l){\"use strict\";l.querySelector&&d.addEventListener&&\"undefined\"!=typeof URL&&(d.wp=d.wp||{},d.wp.receiveEmbedMessage||(d.wp.receiveEmbedMessage=function(e){var t=e.data;if((t||t.secret||t.message||t.value)&&!\/[^a-zA-Z0-9]\/.test(t.secret)){for(var s,r,n,a=l.querySelectorAll('iframe[data-secret=\"'+t.secret+'\"]'),o=l.querySelectorAll('blockquote[data-secret=\"'+t.secret+'\"]'),c=new RegExp(\"^https?:$\",\"i\"),i=0;i<o.length;i++)o[i].style.display=\"none\";for(i=0;i<a.length;i++)s=a[i],e.source===s.contentWindow&&(s.removeAttribute(\"style\"),\"height\"===t.message?(1e3<(r=parseInt(t.value,10))?r=1e3:~~r<200&&(r=200),s.height=r):\"link\"===t.message&&(r=new URL(s.getAttribute(\"src\")),n=new URL(t.value),c.test(n.protocol))&&n.host===r.host&&l.activeElement===s&&(d.top.location.href=t.value))}},d.addEventListener(\"message\",d.wp.receiveEmbedMessage,!1),l.addEventListener(\"DOMContentLoaded\",function(){for(var e,t,s=l.querySelectorAll(\"iframe.wp-embedded-content\"),r=0;r<s.length;r++)(t=(e=s[r]).getAttribute(\"data-secret\"))||(t=Math.random().toString(36).substring(2,12),e.src+=\"#?secret=\"+t,e.setAttribute(\"data-secret\",t)),e.contentWindow.postMessage({message:\"ready\",secret:t},\"*\")},!1)))}(window,document);\n\/\/# sourceURL=https:\/\/www.itakaescolapios.org\/wp-includes\/js\/wp-embed.min.js\n\/* ]]> *\/\n<\/script>\n","thumbnail_url":"https:\/\/www.itakaescolapios.org\/wp-content\/uploads\/2016\/07\/13584924_283599915328401_7972007837817195572_o.jpg","thumbnail_width":2048,"thumbnail_height":1152,"description":"Dans plusieurs pr\u00e9sences piaristes de notre province, ce mois de juillet est consacr\u00e9 aux activit\u00e9s de vacances pour les enfants et les jeunes. Cel\u00e0 est possible avec le d\u00e9vouement de nos Volontaires Piaristes de la Fondation Itaka-Escolapios."}