{"version":"1.0","provider_name":"Itaka-Escolapios","provider_url":"https:\/\/www.itakaescolapios.org\/fr\/","author_name":"cameroun01","author_url":"https:\/\/www.itakaescolapios.org\/fr\/author\/cameroun01\/","title":"RECOLLECTION A LA CHAPELLE SAINT BASILE D\u2019ETETAK Yaound\u00e9","type":"rich","width":600,"height":338,"html":"<blockquote class=\"wp-embedded-content\" data-secret=\"3mUYEYMlxM\"><a href=\"https:\/\/www.itakaescolapios.org\/fr\/2022\/12\/recoleccion-en-la-capilla-san-michel-detetak-yaounde\/\">RECOLLECTION A LA CHAPELLE SAINT BASILE D\u2019ETETAK Yaound\u00e9<\/a><\/blockquote><iframe sandbox=\"allow-scripts\" security=\"restricted\" src=\"https:\/\/www.itakaescolapios.org\/fr\/2022\/12\/recoleccion-en-la-capilla-san-michel-detetak-yaounde\/embed\/#?secret=3mUYEYMlxM\" width=\"600\" height=\"338\" title=\"\u00ab\u00a0RECOLLECTION A LA CHAPELLE SAINT BASILE D\u2019ETETAK Yaound\u00e9\u00a0\u00bb &#8212; Itaka-Escolapios\" data-secret=\"3mUYEYMlxM\" frameborder=\"0\" marginwidth=\"0\" marginheight=\"0\" scrolling=\"no\" class=\"wp-embedded-content\"><\/iframe><script type=\"text\/javascript\">\n\/* <![CDATA[ *\/\n\/*! This file is auto-generated *\/\n!function(d,l){\"use strict\";l.querySelector&&d.addEventListener&&\"undefined\"!=typeof URL&&(d.wp=d.wp||{},d.wp.receiveEmbedMessage||(d.wp.receiveEmbedMessage=function(e){var t=e.data;if((t||t.secret||t.message||t.value)&&!\/[^a-zA-Z0-9]\/.test(t.secret)){for(var s,r,n,a=l.querySelectorAll('iframe[data-secret=\"'+t.secret+'\"]'),o=l.querySelectorAll('blockquote[data-secret=\"'+t.secret+'\"]'),c=new RegExp(\"^https?:$\",\"i\"),i=0;i<o.length;i++)o[i].style.display=\"none\";for(i=0;i<a.length;i++)s=a[i],e.source===s.contentWindow&&(s.removeAttribute(\"style\"),\"height\"===t.message?(1e3<(r=parseInt(t.value,10))?r=1e3:~~r<200&&(r=200),s.height=r):\"link\"===t.message&&(r=new URL(s.getAttribute(\"src\")),n=new URL(t.value),c.test(n.protocol))&&n.host===r.host&&l.activeElement===s&&(d.top.location.href=t.value))}},d.addEventListener(\"message\",d.wp.receiveEmbedMessage,!1),l.addEventListener(\"DOMContentLoaded\",function(){for(var e,t,s=l.querySelectorAll(\"iframe.wp-embedded-content\"),r=0;r<s.length;r++)(t=(e=s[r]).getAttribute(\"data-secret\"))||(t=Math.random().toString(36).substring(2,12),e.src+=\"#?secret=\"+t,e.setAttribute(\"data-secret\",t)),e.contentWindow.postMessage({message:\"ready\",secret:t},\"*\")},!1)))}(window,document);\n\/\/# sourceURL=https:\/\/www.itakaescolapios.org\/wp-includes\/js\/wp-embed.min.js\n\/* ]]> *\/\n<\/script>\n","thumbnail_url":"https:\/\/www.itakaescolapios.org\/wp-content\/uploads\/2022\/12\/20221221_121601-scaled.jpg","thumbnail_width":2000,"thumbnail_height":1500,"description":"Pour cette fin d\u2019ann\u00e9e 2022, les correspondants locaux du Cameroun, ont pris part \u00e0 une recollection spirituelle pendant la journ\u00e9e du 21 d\u00e9cembre 2022. Au programme d\u00e9part de H10 pour Etetak, arriv\u00e9e et installation, pr\u00e9sentation du th\u00e8me, m\u00e9ditation personnelle, adoration et confession, messe, fin de la recollection et repas de famille. C\u2019\u00e9tait un moment de\u2026"}