{"version":"1.0","provider_name":"Itaka-Escolapios","provider_url":"https:\/\/www.itakaescolapios.org\/fr\/","author_name":"administrador","author_url":"https:\/\/www.itakaescolapios.org\/fr\/author\/administrador\/","title":"5 D\u00c9CEMBRE, JOURN\u00c9E INTERNATIONALE DES VOLONTAIRES","type":"rich","width":600,"height":338,"html":"<blockquote class=\"wp-embedded-content\" data-secret=\"iMq0ht4v2x\"><a href=\"https:\/\/www.itakaescolapios.org\/fr\/2023\/12\/5-de-diciembre-dia-internacional-del-voluntariado-9\/\">5 D\u00c9CEMBRE, JOURN\u00c9E INTERNATIONALE DES VOLONTAIRES<\/a><\/blockquote><iframe sandbox=\"allow-scripts\" security=\"restricted\" src=\"https:\/\/www.itakaescolapios.org\/fr\/2023\/12\/5-de-diciembre-dia-internacional-del-voluntariado-9\/embed\/#?secret=iMq0ht4v2x\" width=\"600\" height=\"338\" title=\"\u00ab\u00a05 D\u00c9CEMBRE, JOURN\u00c9E INTERNATIONALE DES VOLONTAIRES\u00a0\u00bb &#8212; Itaka-Escolapios\" data-secret=\"iMq0ht4v2x\" frameborder=\"0\" marginwidth=\"0\" marginheight=\"0\" scrolling=\"no\" class=\"wp-embedded-content\"><\/iframe><script type=\"text\/javascript\">\n\/* <![CDATA[ *\/\n\/*! This file is auto-generated *\/\n!function(d,l){\"use strict\";l.querySelector&&d.addEventListener&&\"undefined\"!=typeof URL&&(d.wp=d.wp||{},d.wp.receiveEmbedMessage||(d.wp.receiveEmbedMessage=function(e){var t=e.data;if((t||t.secret||t.message||t.value)&&!\/[^a-zA-Z0-9]\/.test(t.secret)){for(var s,r,n,a=l.querySelectorAll('iframe[data-secret=\"'+t.secret+'\"]'),o=l.querySelectorAll('blockquote[data-secret=\"'+t.secret+'\"]'),c=new RegExp(\"^https?:$\",\"i\"),i=0;i<o.length;i++)o[i].style.display=\"none\";for(i=0;i<a.length;i++)s=a[i],e.source===s.contentWindow&&(s.removeAttribute(\"style\"),\"height\"===t.message?(1e3<(r=parseInt(t.value,10))?r=1e3:~~r<200&&(r=200),s.height=r):\"link\"===t.message&&(r=new URL(s.getAttribute(\"src\")),n=new URL(t.value),c.test(n.protocol))&&n.host===r.host&&l.activeElement===s&&(d.top.location.href=t.value))}},d.addEventListener(\"message\",d.wp.receiveEmbedMessage,!1),l.addEventListener(\"DOMContentLoaded\",function(){for(var e,t,s=l.querySelectorAll(\"iframe.wp-embedded-content\"),r=0;r<s.length;r++)(t=(e=s[r]).getAttribute(\"data-secret\"))||(t=Math.random().toString(36).substring(2,12),e.src+=\"#?secret=\"+t,e.setAttribute(\"data-secret\",t)),e.contentWindow.postMessage({message:\"ready\",secret:t},\"*\")},!1)))}(window,document);\n\/\/# sourceURL=https:\/\/www.itakaescolapios.org\/wp-includes\/js\/wp-embed.min.js\n\/* ]]> *\/\n<\/script>\n","thumbnail_url":"https:\/\/www.itakaescolapios.org\/wp-content\/uploads\/2023\/12\/BANNER-INSTAGRAM-VOLUNTARIADO-2023-ESP-1.jpg","thumbnail_width":1435,"thumbnail_height":1417,"description":"Nous c\u00e9l\u00e9brons aujourd'hui la Journ\u00e9e internationale des volontaires. Une journ\u00e9e pour c\u00e9l\u00e9brer et surtout pour remercier ; mais aussi pour ressentir et r\u00e9fl\u00e9chir \u00e0 la fa\u00e7on dont le volontariat est ma place, et \u00e0 la fa\u00e7on dont nous nous transformons gr\u00e2ce \u00e0 lui en un monde meilleur. Merci \u00e0 toutes les personnes qui participent \u00e0\u2026"}