{"version":"1.0","provider_name":"Itaka-Escolapios","provider_url":"https:\/\/www.itakaescolapios.org\/fr\/","author_name":"cameroun01","author_url":"https:\/\/www.itakaescolapios.org\/fr\/author\/cameroun01\/","title":"Entr\u00e9e en Car\u00eame en Afrique Centrale\u00a0: le Mercredi des cendres","type":"rich","width":600,"height":338,"html":"<blockquote class=\"wp-embedded-content\" data-secret=\"NGmwUEOLRn\"><a href=\"https:\/\/www.itakaescolapios.org\/fr\/2024\/02\/english-entering-lent-in-central-africa-ash-wednesday\/\">Entr\u00e9e en Car\u00eame en Afrique Centrale\u00a0: le Mercredi des cendres<\/a><\/blockquote><iframe sandbox=\"allow-scripts\" security=\"restricted\" src=\"https:\/\/www.itakaescolapios.org\/fr\/2024\/02\/english-entering-lent-in-central-africa-ash-wednesday\/embed\/#?secret=NGmwUEOLRn\" width=\"600\" height=\"338\" title=\"\u00ab\u00a0Entr\u00e9e en Car\u00eame en Afrique Centrale\u00a0: le Mercredi des cendres\u00a0\u00bb &#8212; Itaka-Escolapios\" data-secret=\"NGmwUEOLRn\" frameborder=\"0\" marginwidth=\"0\" marginheight=\"0\" scrolling=\"no\" class=\"wp-embedded-content\"><\/iframe><script type=\"text\/javascript\">\n\/* <![CDATA[ *\/\n\/*! This file is auto-generated *\/\n!function(d,l){\"use strict\";l.querySelector&&d.addEventListener&&\"undefined\"!=typeof URL&&(d.wp=d.wp||{},d.wp.receiveEmbedMessage||(d.wp.receiveEmbedMessage=function(e){var t=e.data;if((t||t.secret||t.message||t.value)&&!\/[^a-zA-Z0-9]\/.test(t.secret)){for(var s,r,n,a=l.querySelectorAll('iframe[data-secret=\"'+t.secret+'\"]'),o=l.querySelectorAll('blockquote[data-secret=\"'+t.secret+'\"]'),c=new RegExp(\"^https?:$\",\"i\"),i=0;i<o.length;i++)o[i].style.display=\"none\";for(i=0;i<a.length;i++)s=a[i],e.source===s.contentWindow&&(s.removeAttribute(\"style\"),\"height\"===t.message?(1e3<(r=parseInt(t.value,10))?r=1e3:~~r<200&&(r=200),s.height=r):\"link\"===t.message&&(r=new URL(s.getAttribute(\"src\")),n=new URL(t.value),c.test(n.protocol))&&n.host===r.host&&l.activeElement===s&&(d.top.location.href=t.value))}},d.addEventListener(\"message\",d.wp.receiveEmbedMessage,!1),l.addEventListener(\"DOMContentLoaded\",function(){for(var e,t,s=l.querySelectorAll(\"iframe.wp-embedded-content\"),r=0;r<s.length;r++)(t=(e=s[r]).getAttribute(\"data-secret\"))||(t=Math.random().toString(36).substring(2,12),e.src+=\"#?secret=\"+t,e.setAttribute(\"data-secret\",t)),e.contentWindow.postMessage({message:\"ready\",secret:t},\"*\")},!1)))}(window,document);\n\/\/# sourceURL=https:\/\/www.itakaescolapios.org\/wp-includes\/js\/wp-embed.min.js\n\/* ]]> *\/\n<\/script>\n","thumbnail_url":"https:\/\/www.itakaescolapios.org\/wp-content\/uploads\/2024\/02\/WhatsApp-Image-2024-02-14-at-09.02.33-2-1.jpeg","thumbnail_width":1080,"thumbnail_height":607,"description":"Ce mercredi 14 f\u00e9vrier 2024, marque la date de d\u00e9but de car\u00eame dans l\u2019Eglise Catholique. Encore appel\u00e9 mercredi des cendres, cette journ\u00e9e du 14 f\u00e9vrier marque l\u2019entr\u00e9e en Car\u00eame avec l\u2019imposition des cendres. Dans les \u00e9coles de la province d\u2019Afrique Centrale, les messes ont \u00e9t\u00e9 faites, invitant les uns et les autres \u00e0 la conversion,\u2026"}