{"id":20621,"date":"2017-10-24T15:33:56","date_gmt":"2017-10-24T14:33:56","guid":{"rendered":"https:\/\/www.itakaescolapios.org\/?page_id=20621"},"modified":"2023-11-28T12:37:48","modified_gmt":"2023-11-28T11:37:48","slug":"contigo","status":"publish","type":"page","link":"https:\/\/www.itakaescolapios.org\/fr\/campanas\/2017-2018-el-tesoro-de-senegal\/contigo\/","title":{"rendered":"AVEC VOUS +"},"content":{"rendered":"<p style=\"text-align: justify;\"><a href=\"https:\/\/www.itakaescolapios.org\/wp-content\/uploads\/2017\/10\/LOGO-C+-FRA.jpg\"><img decoding=\"async\" class=\"alignleft size-medium wp-image-21017\" alt=\"LOGO CONTIGO +.indd\" src=\"https:\/\/www.itakaescolapios.org\/wp-content\/uploads\/2017\/10\/LOGO-C+-FRA-300x212.jpg\" width=\"300\" height=\"212\" srcset=\"https:\/\/www.itakaescolapios.org\/wp-content\/uploads\/2017\/10\/LOGO-C+-FRA-300x212.jpg 300w, https:\/\/www.itakaescolapios.org\/wp-content\/uploads\/2017\/10\/LOGO-C+-FRA-1024x724.jpg 1024w, https:\/\/www.itakaescolapios.org\/wp-content\/uploads\/2017\/10\/LOGO-C+-FRA-250x176.jpg 250w, https:\/\/www.itakaescolapios.org\/wp-content\/uploads\/2017\/10\/LOGO-C+-FRA.jpg 2000w\" sizes=\"(max-width: 300px) 100vw, 300px\" \/><\/a>Avec la campagne de solidarit\u00e9 de cette an\u00e9e scolaire, chez Itaka-Escolapios nous nous approchons pour la premi\u00e8re fois d\u2019une r\u00e9alit\u00e9 globale, diverse et qui appelle avec force \u00e0 notre solidarit\u00e9: la mission piariste au S\u00e9n\u00e9gal.<\/p>\n<p style=\"text-align: justify;\">Le S\u00e9n\u00e9gal est le premier pays du continent africain o\u00f9 les piaristes ont \u00e9t\u00e9 pr\u00e9sents, autour de 1963, ann\u00e9e o\u00f9 les premiers religieux en provenance de Catalogne sont arriv\u00e9s en Casamance et ont form\u00e9 la premi\u00e8re communaut\u00e9 en s\u2019int\u00e9grant au peuple et en commen\u00e7ant leur mission avec les plus d\u00e9favoris\u00e9s. Cette premi\u00e8re aventure porta ses fruits pendant de nombreuses d\u00e9cennies en s\u2019\u00e9tendant \u00e0 plusieurs r\u00e9gions du pays, comme les germes de ce qui est aujourd\u2019hui une vaste pr\u00e9sence piariste qui compte de nombreuses \u0153uvres \u00e9ducatives, sociales et pastorales. Un v\u00e9ritable <i>tr\u00e9sor<\/i> pour la richesse humaine et l\u2019engagement de ceux qui d\u00e9veloppent ces initiatives et ces projets.<\/p>\n<p style=\"text-align: justify;\">Le S\u00e9n\u00e9gal fait actuellement partie de la province piariste de l\u2019Afrique de l\u2019Ouest avec la C\u00f4te-d\u2019Ivoire ainsi que la jeune fondation piariste d\u2019un autre pays de la r\u00e9gion: le Burkina Faso. Il convient de souligner que tous ces pays ont un grand potentiel humain, mais qu\u2019ils pr\u00e9sentent d\u2019\u00e9normes besoins \u00e9ducatifs et, en g\u00e9n\u00e9ral, souffrent d\u2019indices de d\u00e9veloppement parmi les plus bas de la plan\u00e8te.<\/p>\n<p style=\"text-align: justify;\">Pour toutes ces raisons, cette campagne de solidarit\u00e9 nous semble \u00eatre une formidable opportunit\u00e9 pour mettre en \u0153uvre la devise de cette ann\u00e9e: AVEC VOUS +. Tout d\u2019abord, parce que l\u2019int\u00e9gration du S\u00e9n\u00e9gal au r\u00e9seau solidaire d\u2019Itaka-Escolapios nous permet d\u2019\u00eatre plus nombreux, d\u2019\u00e9largir notre vision et notre engagement pour un lieu avec de grands d\u00e9fis et de grands besoins pour la mission piariste. De plus, parce que la campagne de solidarit\u00e9 est, en elle-m\u00eame, une activit\u00e9 partag\u00e9e au niveau mondial o\u00f9 nous prenons conscience que la contribution de chaque personne est importante pour \u00eatre plus fort: nous unissons les efforts de chacun pour soutenir et d\u00e9velopper la mission piariste l\u00e0 o\u00f9 elle est le plus n\u00e9cessaire et l\u00e0 o\u00f9 elle peut toucher le plus de personnes, notamment les plus pauvres qui sont en manque d\u2019\u00e9ducation.<\/p>\n<p style=\"text-align: justify;\">Par cons\u00e9quent, nous vous encourageons \u00e0 collaborer et \u00e0 vous impliquer le plus possible dans cette nouvelle campagne de solidarit\u00e9. Nous nous rappelons qu\u2019il y a un an, nous choisissions comme fil conducteur de notre cours, la devise de l\u2019ann\u00e9e du jubil\u00e9 piariste &#8211;<i>Eduquer, annoncer, transformer<\/i>-, en r\u00e9f\u00e9rence aux piliers de la mission initi\u00e9e par Jos\u00e9 de Calasanz il y a juste 400 ans. En unissant les deux devises nous pouvons nous r\u00e9jouir que<i> cette mission continue avec vous <\/i>et que dans le futur, l\u2019\u00e9ducation se poursuive au-del\u00e0 des fronti\u00e8res g\u00e9ographiques, \u00e9conomiques et culturelles, comme une contribution pour construire un monde plus juste et meilleur.<\/p>\n","protected":false},"excerpt":{"rendered":"<p>Avec la campagne de solidarit\u00e9 de cette an\u00e9e scolaire, chez Itaka-Escolapios nous nous approchons pour la premi\u00e8re fois d\u2019une r\u00e9alit\u00e9 globale, diverse et qui appelle avec force \u00e0 notre solidarit\u00e9: [&hellip;]<\/p>\n","protected":false},"author":46,"featured_media":0,"parent":20613,"menu_order":2,"comment_status":"closed","ping_status":"closed","template":"","meta":{"_et_pb_use_builder":"","_et_pb_old_content":"","_et_gb_content_width":"","footnotes":""},"class_list":["post-20621","page","type-page","status-publish","hentry"],"yoast_head":"<!-- This site is optimized with the Yoast SEO plugin v27.4 - https:\/\/yoast.com\/product\/yoast-seo-wordpress\/ -->\n<title>AVEC VOUS +<\/title>\n<meta name=\"description\" content=\"Avec la campagne de solidarit\u00e9 de cette an\u00e9e scolaire, chez Itaka-Escolapios nous nous approchons pour la premi\u00e8re fois d\u2019une r\u00e9alit\u00e9 globale, diverse et qui appelle avec force \u00e0 notre solidarit\u00e9: la mission piariste au S\u00e9n\u00e9gal. Le S\u00e9n\u00e9gal est le premier pays du continent africain o\u00f9 les piaristes ont \u00e9t\u00e9 pr\u00e9sents, autour de 1963, ann\u00e9e o\u00f9\u2026\" \/>\n<meta name=\"robots\" content=\"index, follow, max-snippet:-1, max-image-preview:large, max-video-preview:-1\" \/>\n<link rel=\"canonical\" href=\"\" \/>\n<meta property=\"og:locale\" content=\"fr_FR\" \/>\n<meta property=\"og:type\" content=\"article\" \/>\n<meta property=\"og:title\" content=\"AVEC VOUS +\" \/>\n<meta property=\"og:description\" content=\"Avec la campagne de solidarit\u00e9 de cette an\u00e9e scolaire, chez Itaka-Escolapios nous nous approchons pour la premi\u00e8re fois d\u2019une r\u00e9alit\u00e9 globale, diverse et qui appelle avec force \u00e0 notre solidarit\u00e9: la mission piariste au S\u00e9n\u00e9gal. Le S\u00e9n\u00e9gal est le premier pays du continent africain o\u00f9 les piaristes ont \u00e9t\u00e9 pr\u00e9sents, autour de 1963, ann\u00e9e o\u00f9\u2026\" \/>\n<meta property=\"og:url\" content=\"https:\/\/www.itakaescolapios.org\/fr\/campanas\/2017-2018-el-tesoro-de-senegal\/contigo\/\" \/>\n<meta property=\"og:site_name\" content=\"Itaka-Escolapios\" \/>\n<meta property=\"article:modified_time\" content=\"2023-11-28T11:37:48+00:00\" \/>\n<meta property=\"og:image\" content=\"https:\/\/www.itakaescolapios.org\/wp-content\/uploads\/2017\/10\/LOGO-C+-ESP.jpg\" \/>\n\t<meta property=\"og:image:width\" content=\"2000\" \/>\n\t<meta property=\"og:image:height\" content=\"1414\" \/>\n\t<meta property=\"og:image:type\" content=\"image\/jpeg\" \/>\n<meta name=\"twitter:card\" content=\"summary_large_image\" \/>\n<meta name=\"twitter:label1\" content=\"Dur\u00e9e de lecture estim\u00e9e\" \/>\n\t<meta name=\"twitter:data1\" content=\"2 minutes\" \/>\n<script type=\"application\/ld+json\" class=\"yoast-schema-graph\">{\"@context\":\"https:\\\/\\\/schema.org\",\"@graph\":[{\"@type\":\"WebPage\",\"@id\":\"https:\\\/\\\/www.itakaescolapios.org\\\/fr\\\/campanas\\\/2017-2018-el-tesoro-de-senegal\\\/contigo\\\/\",\"url\":\"https:\\\/\\\/www.itakaescolapios.org\\\/fr\\\/campanas\\\/2017-2018-el-tesoro-de-senegal\\\/contigo\\\/\",\"name\":\"CONTIGO + - Itaka-Escolapios\",\"isPartOf\":{\"@id\":\"https:\\\/\\\/www.itakaescolapios.org\\\/es\\\/#website\"},\"primaryImageOfPage\":{\"@id\":\"https:\\\/\\\/www.itakaescolapios.org\\\/fr\\\/campanas\\\/2017-2018-el-tesoro-de-senegal\\\/contigo\\\/#primaryimage\"},\"image\":{\"@id\":\"https:\\\/\\\/www.itakaescolapios.org\\\/fr\\\/campanas\\\/2017-2018-el-tesoro-de-senegal\\\/contigo\\\/#primaryimage\"},\"thumbnailUrl\":\"https:\\\/\\\/www.itakaescolapios.org\\\/wp-content\\\/uploads\\\/2017\\\/10\\\/LOGO-C+-ESP-300x212.jpg\",\"datePublished\":\"2017-10-24T14:33:56+00:00\",\"dateModified\":\"2023-11-28T11:37:48+00:00\",\"breadcrumb\":{\"@id\":\"https:\\\/\\\/www.itakaescolapios.org\\\/fr\\\/campanas\\\/2017-2018-el-tesoro-de-senegal\\\/contigo\\\/#breadcrumb\"},\"inLanguage\":\"fr-FR\",\"potentialAction\":[{\"@type\":\"ReadAction\",\"target\":[\"https:\\\/\\\/www.itakaescolapios.org\\\/fr\\\/campanas\\\/2017-2018-el-tesoro-de-senegal\\\/contigo\\\/\"]}]},{\"@type\":\"ImageObject\",\"inLanguage\":\"fr-FR\",\"@id\":\"https:\\\/\\\/www.itakaescolapios.org\\\/fr\\\/campanas\\\/2017-2018-el-tesoro-de-senegal\\\/contigo\\\/#primaryimage\",\"url\":\"https:\\\/\\\/www.itakaescolapios.org\\\/wp-content\\\/uploads\\\/2017\\\/10\\\/LOGO-C+-ESP-300x212.jpg\",\"contentUrl\":\"https:\\\/\\\/www.itakaescolapios.org\\\/wp-content\\\/uploads\\\/2017\\\/10\\\/LOGO-C+-ESP-300x212.jpg\"},{\"@type\":\"BreadcrumbList\",\"@id\":\"https:\\\/\\\/www.itakaescolapios.org\\\/fr\\\/campanas\\\/2017-2018-el-tesoro-de-senegal\\\/contigo\\\/#breadcrumb\",\"itemListElement\":[{\"@type\":\"ListItem\",\"position\":1,\"name\":\"Itaka-Escolapios\",\"item\":\"https:\\\/\\\/www.itakaescolapios.org\\\/es\\\/\"},{\"@type\":\"ListItem\",\"position\":2,\"name\":\"Campagnes\",\"item\":\"https:\\\/\\\/www.itakaescolapios.org\\\/es\\\/campanas\\\/\"},{\"@type\":\"ListItem\",\"position\":3,\"name\":\"2017-2018 LE TR\u00c9SOR DU S\u00c9N\u00c9GAL\",\"item\":\"https:\\\/\\\/www.itakaescolapios.org\\\/es\\\/campanas\\\/2017-2018-el-tesoro-de-senegal\\\/\"},{\"@type\":\"ListItem\",\"position\":4,\"name\":\"AVEC VOUS +\"}]},{\"@type\":\"WebSite\",\"@id\":\"https:\\\/\\\/www.itakaescolapios.org\\\/fr\\\/es\\\/#website\",\"url\":\"https:\\\/\\\/www.itakaescolapios.org\\\/fr\\\/es\\\/\",\"name\":\"Itaka-Escolapios\",\"description\":\"Red de Itaka-Escolapios\",\"publisher\":{\"@id\":\"https:\\\/\\\/www.itakaescolapios.org\\\/fr\\\/es\\\/#organization\"},\"potentialAction\":[{\"@type\":\"SearchAction\",\"target\":{\"@type\":\"EntryPoint\",\"urlTemplate\":\"https:\\\/\\\/www.itakaescolapios.org\\\/fr\\\/es\\\/?s={search_term_string}\"},\"query-input\":{\"@type\":\"PropertyValueSpecification\",\"valueRequired\":true,\"valueName\":\"search_term_string\"}}],\"inLanguage\":\"fr-FR\"},{\"@type\":\"Organization\",\"@id\":\"https:\\\/\\\/www.itakaescolapios.org\\\/fr\\\/es\\\/#organization\",\"name\":\"Fundaci\u00f3 Itaka-Escolapios\",\"url\":\"https:\\\/\\\/www.itakaescolapios.org\\\/fr\\\/es\\\/\",\"logo\":{\"@type\":\"ImageObject\",\"inLanguage\":\"fr-FR\",\"@id\":\"https:\\\/\\\/www.itakaescolapios.org\\\/fr\\\/es\\\/#\\\/schema\\\/logo\\\/image\\\/\",\"url\":\"https:\\\/\\\/www.itakaescolapios.org\\\/wp-content\\\/uploads\\\/2024\\\/04\\\/Logo-itakaescolapios-peque.png\",\"contentUrl\":\"https:\\\/\\\/www.itakaescolapios.org\\\/wp-content\\\/uploads\\\/2024\\\/04\\\/Logo-itakaescolapios-peque.png\",\"width\":500,\"height\":199,\"caption\":\"Fundaci\u00f3 Itaka-Escolapios\"},\"image\":{\"@id\":\"https:\\\/\\\/www.itakaescolapios.org\\\/fr\\\/es\\\/#\\\/schema\\\/logo\\\/image\\\/\"}}]}<\/script>\n<!-- \/ Yoast SEO plugin. -->","yoast_head_json":{"title":"AVEC VOUS +","description":"Avec la campagne de solidarit\u00e9 de cette an\u00e9e scolaire, chez Itaka-Escolapios nous nous approchons pour la premi\u00e8re fois d\u2019une r\u00e9alit\u00e9 globale, diverse et qui appelle avec force \u00e0 notre solidarit\u00e9: la mission piariste au S\u00e9n\u00e9gal. Le S\u00e9n\u00e9gal est le premier pays du continent africain o\u00f9 les piaristes ont \u00e9t\u00e9 pr\u00e9sents, autour de 1963, ann\u00e9e o\u00f9\u2026","robots":{"index":"index","follow":"follow","max-snippet":"max-snippet:-1","max-image-preview":"max-image-preview:large","max-video-preview":"max-video-preview:-1"},"canonical":"Avec la campagne de solidarit\u00e9 de cette an\u00e9e scolaire, chez Itaka-Escolapios nous nous approchons pour la premi\u00e8re fois d\u2019une r\u00e9alit\u00e9 globale, diverse et qui appelle avec force \u00e0 notre solidarit\u00e9: la mission piariste au S\u00e9n\u00e9gal. Le S\u00e9n\u00e9gal est le premier pays du continent africain o\u00f9 les piaristes ont \u00e9t\u00e9 pr\u00e9sents, autour de 1963, ann\u00e9e o\u00f9\u2026","og_locale":"fr_FR","og_type":"article","og_title":"AVEC VOUS +","og_description":"Avec la campagne de solidarit\u00e9 de cette an\u00e9e scolaire, chez Itaka-Escolapios nous nous approchons pour la premi\u00e8re fois d\u2019une r\u00e9alit\u00e9 globale, diverse et qui appelle avec force \u00e0 notre solidarit\u00e9: la mission piariste au S\u00e9n\u00e9gal. Le S\u00e9n\u00e9gal est le premier pays du continent africain o\u00f9 les piaristes ont \u00e9t\u00e9 pr\u00e9sents, autour de 1963, ann\u00e9e o\u00f9\u2026","og_url":"https:\/\/www.itakaescolapios.org\/fr\/campanas\/2017-2018-el-tesoro-de-senegal\/contigo\/","og_site_name":"Itaka-Escolapios","article_modified_time":"2023-11-28T11:37:48+00:00","og_image":[{"width":2000,"height":1414,"url":"https:\/\/www.itakaescolapios.org\/wp-content\/uploads\/2017\/10\/LOGO-C+-ESP.jpg","type":"image\/jpeg"}],"twitter_card":"summary_large_image","twitter_misc":{"Dur\u00e9e de lecture estim\u00e9e":"2 minutes"},"schema":{"@context":"https:\/\/schema.org","@graph":[{"@type":"WebPage","@id":"https:\/\/www.itakaescolapios.org\/fr\/campanas\/2017-2018-el-tesoro-de-senegal\/contigo\/","url":"https:\/\/www.itakaescolapios.org\/fr\/campanas\/2017-2018-el-tesoro-de-senegal\/contigo\/","name":"CONTIGO + - Itaka-Escolapios","isPartOf":{"@id":"https:\/\/www.itakaescolapios.org\/es\/#website"},"primaryImageOfPage":{"@id":"https:\/\/www.itakaescolapios.org\/fr\/campanas\/2017-2018-el-tesoro-de-senegal\/contigo\/#primaryimage"},"image":{"@id":"https:\/\/www.itakaescolapios.org\/fr\/campanas\/2017-2018-el-tesoro-de-senegal\/contigo\/#primaryimage"},"thumbnailUrl":"https:\/\/www.itakaescolapios.org\/wp-content\/uploads\/2017\/10\/LOGO-C+-ESP-300x212.jpg","datePublished":"2017-10-24T14:33:56+00:00","dateModified":"2023-11-28T11:37:48+00:00","breadcrumb":{"@id":"https:\/\/www.itakaescolapios.org\/fr\/campanas\/2017-2018-el-tesoro-de-senegal\/contigo\/#breadcrumb"},"inLanguage":"fr-FR","potentialAction":[{"@type":"ReadAction","target":["https:\/\/www.itakaescolapios.org\/fr\/campanas\/2017-2018-el-tesoro-de-senegal\/contigo\/"]}]},{"@type":"ImageObject","inLanguage":"fr-FR","@id":"https:\/\/www.itakaescolapios.org\/fr\/campanas\/2017-2018-el-tesoro-de-senegal\/contigo\/#primaryimage","url":"https:\/\/www.itakaescolapios.org\/wp-content\/uploads\/2017\/10\/LOGO-C+-ESP-300x212.jpg","contentUrl":"https:\/\/www.itakaescolapios.org\/wp-content\/uploads\/2017\/10\/LOGO-C+-ESP-300x212.jpg"},{"@type":"BreadcrumbList","@id":"https:\/\/www.itakaescolapios.org\/fr\/campanas\/2017-2018-el-tesoro-de-senegal\/contigo\/#breadcrumb","itemListElement":[{"@type":"ListItem","position":1,"name":"Itaka-Escolapios","item":"https:\/\/www.itakaescolapios.org\/es\/"},{"@type":"ListItem","position":2,"name":"Campagnes","item":"https:\/\/www.itakaescolapios.org\/es\/campanas\/"},{"@type":"ListItem","position":3,"name":"2017-2018 LE TR\u00c9SOR DU S\u00c9N\u00c9GAL","item":"https:\/\/www.itakaescolapios.org\/es\/campanas\/2017-2018-el-tesoro-de-senegal\/"},{"@type":"ListItem","position":4,"name":"AVEC VOUS +"}]},{"@type":"WebSite","@id":"https:\/\/www.itakaescolapios.org\/fr\/es\/#website","url":"https:\/\/www.itakaescolapios.org\/fr\/es\/","name":"Itaka-Escolapios","description":"Red de Itaka-Escolapios","publisher":{"@id":"https:\/\/www.itakaescolapios.org\/fr\/es\/#organization"},"potentialAction":[{"@type":"SearchAction","target":{"@type":"EntryPoint","urlTemplate":"https:\/\/www.itakaescolapios.org\/fr\/es\/?s={search_term_string}"},"query-input":{"@type":"PropertyValueSpecification","valueRequired":true,"valueName":"search_term_string"}}],"inLanguage":"fr-FR"},{"@type":"Organization","@id":"https:\/\/www.itakaescolapios.org\/fr\/es\/#organization","name":"Fundaci\u00f3 Itaka-Escolapios","url":"https:\/\/www.itakaescolapios.org\/fr\/es\/","logo":{"@type":"ImageObject","inLanguage":"fr-FR","@id":"https:\/\/www.itakaescolapios.org\/fr\/es\/#\/schema\/logo\/image\/","url":"https:\/\/www.itakaescolapios.org\/wp-content\/uploads\/2024\/04\/Logo-itakaescolapios-peque.png","contentUrl":"https:\/\/www.itakaescolapios.org\/wp-content\/uploads\/2024\/04\/Logo-itakaescolapios-peque.png","width":500,"height":199,"caption":"Fundaci\u00f3 Itaka-Escolapios"},"image":{"@id":"https:\/\/www.itakaescolapios.org\/fr\/es\/#\/schema\/logo\/image\/"}}]}},"_links":{"self":[{"href":"https:\/\/www.itakaescolapios.org\/fr\/wp-json\/wp\/v2\/pages\/20621","targetHints":{"allow":["GET"]}}],"collection":[{"href":"https:\/\/www.itakaescolapios.org\/fr\/wp-json\/wp\/v2\/pages"}],"about":[{"href":"https:\/\/www.itakaescolapios.org\/fr\/wp-json\/wp\/v2\/types\/page"}],"author":[{"embeddable":true,"href":"https:\/\/www.itakaescolapios.org\/fr\/wp-json\/wp\/v2\/users\/46"}],"replies":[{"embeddable":true,"href":"https:\/\/www.itakaescolapios.org\/fr\/wp-json\/wp\/v2\/comments?post=20621"}],"version-history":[{"count":14,"href":"https:\/\/www.itakaescolapios.org\/fr\/wp-json\/wp\/v2\/pages\/20621\/revisions"}],"predecessor-version":[{"id":47316,"href":"https:\/\/www.itakaescolapios.org\/fr\/wp-json\/wp\/v2\/pages\/20621\/revisions\/47316"}],"up":[{"embeddable":true,"href":"https:\/\/www.itakaescolapios.org\/fr\/wp-json\/wp\/v2\/pages\/20613"}],"wp:attachment":[{"href":"https:\/\/www.itakaescolapios.org\/fr\/wp-json\/wp\/v2\/media?parent=20621"}],"curies":[{"name":"wp","href":"https:\/\/api.w.org\/{rel}","templated":true}]}}