{"id":28642,"date":"2019-10-29T13:58:40","date_gmt":"2019-10-29T12:58:40","guid":{"rendered":"https:\/\/www.itakaescolapios.org\/?page_id=28642"},"modified":"2023-11-28T12:36:40","modified_gmt":"2023-11-28T11:36:40","slug":"campana-de-solidaridad-escolapia","status":"publish","type":"page","link":"https:\/\/www.itakaescolapios.org\/fr\/campanas\/2019-2020-compartiendo-mucha-vida-juventuditakaescolapios\/campana-de-solidaridad-escolapia\/","title":{"rendered":"CAMPAGNE DE SOLIDARIT\u00c9 PIARISTE "},"content":{"rendered":"<p><iframe loading=\"lazy\" src=\"https:\/\/www.youtube.com\/embed\/I-E6Ac77bBc\" width=\"504\" height=\"283\" frameborder=\"0\" allowfullscreen=\"allowfullscreen\"><\/iframe><\/p>\n<p>La Campagne de Solidarit\u00e9 du R\u00e9seau Itaka-Escolapios est pr\u00e9sente dans de plus en plus de districts et centres \u00e9ducatifs piaristes. En tout, 78 centres de 10 pays dans 8 districts piaristes ont particip\u00e9 \u00e0 la derni\u00e8re Campagne de Solidarit\u00e9 \u00ab Au rythme du Congo \u00bb. Un nouveau district et deux nouveaux pays s\u2019associent \u00e0 la campagne que nous commen\u00e7ons cette ann\u00e9e : \u00ab PARTAGEANT LA VIE EN ABONDANCE #JeunesseItakaEscolapios \u00bb.<\/p>\n<p>Cette pr\u00e9sence piariste importante se refl\u00e8te aussi dans les vid\u00e9os suivantes, dans les-quelles le <strong>P\u00e8re Pedro Aguado<\/strong> (Sup\u00e9rieur G\u00e9n\u00e9ral des \u00c9coles Pies), <strong>P\u00e8re Francisco Anaya<\/strong> (Assistant G\u00e9n\u00e9ral pour la Circonscription de l\u2019Am\u00e9rique) et <strong>Teresa Mart\u00ednez<\/strong> (membre du Conseil G\u00e9n\u00e9ral de la Fraternit\u00e9) nous invitent \u00e0 participer activement \u00e0 PARTAGEANT LA VIE EN ABONDANCE.<\/p>\n<p><iframe loading=\"lazy\" src=\"https:\/\/www.youtube.com\/embed\/dyMqNCEKDTQ\" width=\"252\" height=\"142\" frameborder=\"0\" allowfullscreen=\"allowfullscreen\"><\/iframe> <iframe loading=\"lazy\" src=\"https:\/\/www.youtube.com\/embed\/0X5EvRZ0PhM\" width=\"252\" height=\"142\" frameborder=\"0\" allowfullscreen=\"allowfullscreen\"><\/iframe><\/p>\n","protected":false},"excerpt":{"rendered":"<p>La Campagne de Solidarit\u00e9 du R\u00e9seau Itaka-Escolapios est pr\u00e9sente dans de plus en plus de districts et centres \u00e9ducatifs piaristes. En tout, 78 centres de 10 pays dans 8 districts [&hellip;]<\/p>\n","protected":false},"author":46,"featured_media":0,"parent":28602,"menu_order":3,"comment_status":"closed","ping_status":"closed","template":"","meta":{"_et_pb_use_builder":"","_et_pb_old_content":"","_et_gb_content_width":"","footnotes":""},"class_list":["post-28642","page","type-page","status-publish","hentry"],"yoast_head":"<!-- This site is optimized with the Yoast SEO plugin v27.4 - https:\/\/yoast.com\/product\/yoast-seo-wordpress\/ -->\n<title>CAMPAGNE DE SOLIDARIT\u00c9 PIARISTE<\/title>\n<meta name=\"description\" content=\"La Campagne de Solidarit\u00e9 du R\u00e9seau Itaka-Escolapios est pr\u00e9sente dans de plus en plus de districts et centres \u00e9ducatifs piaristes. En tout, 78 centres de 10 pays dans 8 districts piaristes ont particip\u00e9 \u00e0 la derni\u00e8re Campagne de Solidarit\u00e9 \u00ab Au rythme du Congo \u00bb. Un nouveau district et deux nouveaux pays s\u2019associent \u00e0 la\u2026\" \/>\n<meta name=\"robots\" content=\"index, follow, max-snippet:-1, max-image-preview:large, max-video-preview:-1\" \/>\n<link rel=\"canonical\" href=\"http:\/\/La%20Campagne%20de%20Solidarit\u00e9%20du%20R\u00e9seau%20Itaka-Escolapios%20est%20pr\u00e9sente%20dans%20de%20plus%20en%20plus%20de%20districts%20et%20centres%20\u00e9ducatifs%20piaristes.%20En%20tout,%2078%20centres%20de%2010%20pays%20dans%208%20districts%20piaristes%20ont%20particip\u00e9%20\u00e0%20la%20derni\u00e8re%20Campagne%20de%20Solidarit\u00e9%20\u00ab%20Au%20rythme%20du%20Congo%20\u00bb.%20Un%20nouveau%20district%20et%20deux%20nouveaux%20pays%20s\u2019associent%20\u00e0%20la\u2026\" \/>\n<meta property=\"og:locale\" content=\"fr_FR\" \/>\n<meta property=\"og:type\" content=\"article\" \/>\n<meta property=\"og:title\" content=\"CAMPAGNE DE SOLIDARIT\u00c9 PIARISTE\" \/>\n<meta property=\"og:description\" content=\"La Campagne de Solidarit\u00e9 du R\u00e9seau Itaka-Escolapios est pr\u00e9sente dans de plus en plus de districts et centres \u00e9ducatifs piaristes. En tout, 78 centres de 10 pays dans 8 districts piaristes ont particip\u00e9 \u00e0 la derni\u00e8re Campagne de Solidarit\u00e9 \u00ab Au rythme du Congo \u00bb. Un nouveau district et deux nouveaux pays s\u2019associent \u00e0 la\u2026\" \/>\n<meta property=\"og:url\" content=\"https:\/\/www.itakaescolapios.org\/fr\/campanas\/2019-2020-compartiendo-mucha-vida-juventuditakaescolapios\/campana-de-solidaridad-escolapia\/\" \/>\n<meta property=\"og:site_name\" content=\"Itaka-Escolapios\" \/>\n<meta property=\"article:modified_time\" content=\"2023-11-28T11:36:40+00:00\" \/>\n<meta name=\"twitter:card\" content=\"summary_large_image\" \/>\n<meta name=\"twitter:label1\" content=\"Dur\u00e9e de lecture estim\u00e9e\" \/>\n\t<meta name=\"twitter:data1\" content=\"1 minute\" \/>\n<script type=\"application\/ld+json\" class=\"yoast-schema-graph\">{\"@context\":\"https:\\\/\\\/schema.org\",\"@graph\":[{\"@type\":\"WebPage\",\"@id\":\"https:\\\/\\\/www.itakaescolapios.org\\\/fr\\\/campanas\\\/2019-2020-compartiendo-mucha-vida-juventuditakaescolapios\\\/campana-de-solidaridad-escolapia\\\/\",\"url\":\"https:\\\/\\\/www.itakaescolapios.org\\\/fr\\\/campanas\\\/2019-2020-compartiendo-mucha-vida-juventuditakaescolapios\\\/campana-de-solidaridad-escolapia\\\/\",\"name\":\"CAMPA\u00d1A DE SOLIDARIDAD ESCOLAPIA - Itaka-Escolapios\",\"isPartOf\":{\"@id\":\"https:\\\/\\\/www.itakaescolapios.org\\\/es\\\/#website\"},\"datePublished\":\"2019-10-29T12:58:40+00:00\",\"dateModified\":\"2023-11-28T11:36:40+00:00\",\"breadcrumb\":{\"@id\":\"https:\\\/\\\/www.itakaescolapios.org\\\/fr\\\/campanas\\\/2019-2020-compartiendo-mucha-vida-juventuditakaescolapios\\\/campana-de-solidaridad-escolapia\\\/#breadcrumb\"},\"inLanguage\":\"fr-FR\",\"potentialAction\":[{\"@type\":\"ReadAction\",\"target\":[\"https:\\\/\\\/www.itakaescolapios.org\\\/fr\\\/campanas\\\/2019-2020-compartiendo-mucha-vida-juventuditakaescolapios\\\/campana-de-solidaridad-escolapia\\\/\"]}]},{\"@type\":\"BreadcrumbList\",\"@id\":\"https:\\\/\\\/www.itakaescolapios.org\\\/fr\\\/campanas\\\/2019-2020-compartiendo-mucha-vida-juventuditakaescolapios\\\/campana-de-solidaridad-escolapia\\\/#breadcrumb\",\"itemListElement\":[{\"@type\":\"ListItem\",\"position\":1,\"name\":\"Itaka-Escolapios\",\"item\":\"https:\\\/\\\/www.itakaescolapios.org\\\/es\\\/\"},{\"@type\":\"ListItem\",\"position\":2,\"name\":\"Campagnes\",\"item\":\"https:\\\/\\\/www.itakaescolapios.org\\\/es\\\/campanas\\\/\"},{\"@type\":\"ListItem\",\"position\":3,\"name\":\"2019-2020 PARTAGEANT LA VIE EN ABONDANCE #JeunesseItakaEscolapios\",\"item\":\"https:\\\/\\\/www.itakaescolapios.org\\\/es\\\/campanas\\\/2019-2020-compartiendo-mucha-vida-juventuditakaescolapios\\\/\"},{\"@type\":\"ListItem\",\"position\":4,\"name\":\"CAMPAGNE DE SOLIDARIT\u00c9 PIARISTE\"}]},{\"@type\":\"WebSite\",\"@id\":\"https:\\\/\\\/www.itakaescolapios.org\\\/fr\\\/es\\\/#website\",\"url\":\"https:\\\/\\\/www.itakaescolapios.org\\\/fr\\\/es\\\/\",\"name\":\"Itaka-Escolapios\",\"description\":\"Red de Itaka-Escolapios\",\"publisher\":{\"@id\":\"https:\\\/\\\/www.itakaescolapios.org\\\/fr\\\/es\\\/#organization\"},\"potentialAction\":[{\"@type\":\"SearchAction\",\"target\":{\"@type\":\"EntryPoint\",\"urlTemplate\":\"https:\\\/\\\/www.itakaescolapios.org\\\/fr\\\/es\\\/?s={search_term_string}\"},\"query-input\":{\"@type\":\"PropertyValueSpecification\",\"valueRequired\":true,\"valueName\":\"search_term_string\"}}],\"inLanguage\":\"fr-FR\"},{\"@type\":\"Organization\",\"@id\":\"https:\\\/\\\/www.itakaescolapios.org\\\/fr\\\/es\\\/#organization\",\"name\":\"Fundaci\u00f3 Itaka-Escolapios\",\"url\":\"https:\\\/\\\/www.itakaescolapios.org\\\/fr\\\/es\\\/\",\"logo\":{\"@type\":\"ImageObject\",\"inLanguage\":\"fr-FR\",\"@id\":\"https:\\\/\\\/www.itakaescolapios.org\\\/fr\\\/es\\\/#\\\/schema\\\/logo\\\/image\\\/\",\"url\":\"https:\\\/\\\/www.itakaescolapios.org\\\/wp-content\\\/uploads\\\/2024\\\/04\\\/Logo-itakaescolapios-peque.png\",\"contentUrl\":\"https:\\\/\\\/www.itakaescolapios.org\\\/wp-content\\\/uploads\\\/2024\\\/04\\\/Logo-itakaescolapios-peque.png\",\"width\":500,\"height\":199,\"caption\":\"Fundaci\u00f3 Itaka-Escolapios\"},\"image\":{\"@id\":\"https:\\\/\\\/www.itakaescolapios.org\\\/fr\\\/es\\\/#\\\/schema\\\/logo\\\/image\\\/\"}}]}<\/script>\n<!-- \/ Yoast SEO plugin. -->","yoast_head_json":{"title":"CAMPAGNE DE SOLIDARIT\u00c9 PIARISTE","description":"La Campagne de Solidarit\u00e9 du R\u00e9seau Itaka-Escolapios est pr\u00e9sente dans de plus en plus de districts et centres \u00e9ducatifs piaristes. En tout, 78 centres de 10 pays dans 8 districts piaristes ont particip\u00e9 \u00e0 la derni\u00e8re Campagne de Solidarit\u00e9 \u00ab Au rythme du Congo \u00bb. Un nouveau district et deux nouveaux pays s\u2019associent \u00e0 la\u2026","robots":{"index":"index","follow":"follow","max-snippet":"max-snippet:-1","max-image-preview":"max-image-preview:large","max-video-preview":"max-video-preview:-1"},"canonical":"La Campagne de Solidarit\u00e9 du R\u00e9seau Itaka-Escolapios est pr\u00e9sente dans de plus en plus de districts et centres \u00e9ducatifs piaristes. En tout, 78 centres de 10 pays dans 8 districts piaristes ont particip\u00e9 \u00e0 la derni\u00e8re Campagne de Solidarit\u00e9 \u00ab Au rythme du Congo \u00bb. Un nouveau district et deux nouveaux pays s\u2019associent \u00e0 la\u2026","og_locale":"fr_FR","og_type":"article","og_title":"CAMPAGNE DE SOLIDARIT\u00c9 PIARISTE","og_description":"La Campagne de Solidarit\u00e9 du R\u00e9seau Itaka-Escolapios est pr\u00e9sente dans de plus en plus de districts et centres \u00e9ducatifs piaristes. En tout, 78 centres de 10 pays dans 8 districts piaristes ont particip\u00e9 \u00e0 la derni\u00e8re Campagne de Solidarit\u00e9 \u00ab Au rythme du Congo \u00bb. Un nouveau district et deux nouveaux pays s\u2019associent \u00e0 la\u2026","og_url":"https:\/\/www.itakaescolapios.org\/fr\/campanas\/2019-2020-compartiendo-mucha-vida-juventuditakaescolapios\/campana-de-solidaridad-escolapia\/","og_site_name":"Itaka-Escolapios","article_modified_time":"2023-11-28T11:36:40+00:00","twitter_card":"summary_large_image","twitter_misc":{"Dur\u00e9e de lecture estim\u00e9e":"1 minute"},"schema":{"@context":"https:\/\/schema.org","@graph":[{"@type":"WebPage","@id":"https:\/\/www.itakaescolapios.org\/fr\/campanas\/2019-2020-compartiendo-mucha-vida-juventuditakaescolapios\/campana-de-solidaridad-escolapia\/","url":"https:\/\/www.itakaescolapios.org\/fr\/campanas\/2019-2020-compartiendo-mucha-vida-juventuditakaescolapios\/campana-de-solidaridad-escolapia\/","name":"CAMPA\u00d1A DE SOLIDARIDAD ESCOLAPIA - Itaka-Escolapios","isPartOf":{"@id":"https:\/\/www.itakaescolapios.org\/es\/#website"},"datePublished":"2019-10-29T12:58:40+00:00","dateModified":"2023-11-28T11:36:40+00:00","breadcrumb":{"@id":"https:\/\/www.itakaescolapios.org\/fr\/campanas\/2019-2020-compartiendo-mucha-vida-juventuditakaescolapios\/campana-de-solidaridad-escolapia\/#breadcrumb"},"inLanguage":"fr-FR","potentialAction":[{"@type":"ReadAction","target":["https:\/\/www.itakaescolapios.org\/fr\/campanas\/2019-2020-compartiendo-mucha-vida-juventuditakaescolapios\/campana-de-solidaridad-escolapia\/"]}]},{"@type":"BreadcrumbList","@id":"https:\/\/www.itakaescolapios.org\/fr\/campanas\/2019-2020-compartiendo-mucha-vida-juventuditakaescolapios\/campana-de-solidaridad-escolapia\/#breadcrumb","itemListElement":[{"@type":"ListItem","position":1,"name":"Itaka-Escolapios","item":"https:\/\/www.itakaescolapios.org\/es\/"},{"@type":"ListItem","position":2,"name":"Campagnes","item":"https:\/\/www.itakaescolapios.org\/es\/campanas\/"},{"@type":"ListItem","position":3,"name":"2019-2020 PARTAGEANT LA VIE EN ABONDANCE #JeunesseItakaEscolapios","item":"https:\/\/www.itakaescolapios.org\/es\/campanas\/2019-2020-compartiendo-mucha-vida-juventuditakaescolapios\/"},{"@type":"ListItem","position":4,"name":"CAMPAGNE DE SOLIDARIT\u00c9 PIARISTE"}]},{"@type":"WebSite","@id":"https:\/\/www.itakaescolapios.org\/fr\/es\/#website","url":"https:\/\/www.itakaescolapios.org\/fr\/es\/","name":"Itaka-Escolapios","description":"Red de Itaka-Escolapios","publisher":{"@id":"https:\/\/www.itakaescolapios.org\/fr\/es\/#organization"},"potentialAction":[{"@type":"SearchAction","target":{"@type":"EntryPoint","urlTemplate":"https:\/\/www.itakaescolapios.org\/fr\/es\/?s={search_term_string}"},"query-input":{"@type":"PropertyValueSpecification","valueRequired":true,"valueName":"search_term_string"}}],"inLanguage":"fr-FR"},{"@type":"Organization","@id":"https:\/\/www.itakaescolapios.org\/fr\/es\/#organization","name":"Fundaci\u00f3 Itaka-Escolapios","url":"https:\/\/www.itakaescolapios.org\/fr\/es\/","logo":{"@type":"ImageObject","inLanguage":"fr-FR","@id":"https:\/\/www.itakaescolapios.org\/fr\/es\/#\/schema\/logo\/image\/","url":"https:\/\/www.itakaescolapios.org\/wp-content\/uploads\/2024\/04\/Logo-itakaescolapios-peque.png","contentUrl":"https:\/\/www.itakaescolapios.org\/wp-content\/uploads\/2024\/04\/Logo-itakaescolapios-peque.png","width":500,"height":199,"caption":"Fundaci\u00f3 Itaka-Escolapios"},"image":{"@id":"https:\/\/www.itakaescolapios.org\/fr\/es\/#\/schema\/logo\/image\/"}}]}},"_links":{"self":[{"href":"https:\/\/www.itakaescolapios.org\/fr\/wp-json\/wp\/v2\/pages\/28642","targetHints":{"allow":["GET"]}}],"collection":[{"href":"https:\/\/www.itakaescolapios.org\/fr\/wp-json\/wp\/v2\/pages"}],"about":[{"href":"https:\/\/www.itakaescolapios.org\/fr\/wp-json\/wp\/v2\/types\/page"}],"author":[{"embeddable":true,"href":"https:\/\/www.itakaescolapios.org\/fr\/wp-json\/wp\/v2\/users\/46"}],"replies":[{"embeddable":true,"href":"https:\/\/www.itakaescolapios.org\/fr\/wp-json\/wp\/v2\/comments?post=28642"}],"version-history":[{"count":21,"href":"https:\/\/www.itakaescolapios.org\/fr\/wp-json\/wp\/v2\/pages\/28642\/revisions"}],"predecessor-version":[{"id":45390,"href":"https:\/\/www.itakaescolapios.org\/fr\/wp-json\/wp\/v2\/pages\/28642\/revisions\/45390"}],"up":[{"embeddable":true,"href":"https:\/\/www.itakaescolapios.org\/fr\/wp-json\/wp\/v2\/pages\/28602"}],"wp:attachment":[{"href":"https:\/\/www.itakaescolapios.org\/fr\/wp-json\/wp\/v2\/media?parent=28642"}],"curies":[{"name":"wp","href":"https:\/\/api.w.org\/{rel}","templated":true}]}}