{"id":37484,"date":"2022-10-03T17:30:22","date_gmt":"2022-10-03T16:30:22","guid":{"rendered":"https:\/\/www.itakaescolapios.org\/?page_id=37484"},"modified":"2023-11-28T12:35:41","modified_gmt":"2023-11-28T11:35:41","slug":"balira-vitoria-gasteiz","status":"publish","type":"page","link":"https:\/\/www.itakaescolapios.org\/fr\/que-faisons-nous\/centros-socio-educativos\/balira-vitoria-gasteiz\/","title":{"rendered":"Balira - Vitoria-Gasteiz"},"content":{"rendered":"<p>El proyecto pertenece a la Fundaci\u00f3n Itaka-Escolapios de la sede de Vitoria-Gasteiz e, inicialmente, se basa en un refuerzo acad\u00e9mico para los\/as j\u00f3venes del barrio de Adurza, centr\u00e1ndonos en Educaci\u00f3n Primaria y Secundaria.<br \/>\nAdem\u00e1s del refuerzo puramente acad\u00e9mico, tambi\u00e9n disponemos de grupo de tiempo libre donde realizamos quincenalmente actividades l\u00fadicas y educamos en valores a trav\u00e9s del juego y din\u00e1micas. Hacemos m\u00ednimo una salida especial al trimestre con los\/as propios chavales\/as. Por otra parte, colaboramos con los grupos de Bidean del Movimiento Calasanz para llevar a cabo colonias urbanas de Semana Santa y verano.<br \/>\nEl barrio de Adurza pertenece a la ciudad de Vitoria-Gasteiz en el cual viven una gran diversidad de personas y, generalmente, no disponen de los suficientes recursos econ\u00f3micos para poder pagar un profesor\/a particular o un espacio donde realizar actividades de ocio y tiempo libre. Las actividades se llevan a cabo en el Centro Social de Adurza (C\/ Heraclio Fournier N\u00ba30).<br \/>\nTrabajaremos conjuntamente con la Red Socio Comunitaria de Hegoalde. Adem\u00e1s, nos coordinaremos con los colegios o institutos de San Ignacio, Ikastola Adurza, Federico Baraibar y Egibide. En todo este proceso no nos olvidaremos de las familias, ya que las vemos esenciales para llevarlo a cabo.<br \/>\nActualmente contamos con 32 personas participantes de diferentes edades y divididas en grupos de m\u00e1ximo ocho personas acorde etapa acad\u00e9mica, nuestro objetivo es atender a estas familias durante todo el proceso. Por otra parte, actualmente contamos con 30 personas voluntarias, incluidas los\/as cofundadores\/as, que actuaran como educadores\/as y se encargar\u00e1n de apoyar a los\/as chavales\/as acad\u00e9micamente.<\/p>\n","protected":false},"excerpt":{"rendered":"<p>El proyecto pertenece a la Fundaci\u00f3n Itaka-Escolapios de la sede de Vitoria-Gasteiz e, inicialmente, se basa en un refuerzo acad\u00e9mico para los\/as j\u00f3venes del barrio de Adurza, centr\u00e1ndonos en Educaci\u00f3n [&hellip;]<\/p>\n","protected":false},"author":62,"featured_media":0,"parent":83,"menu_order":0,"comment_status":"closed","ping_status":"closed","template":"","meta":{"_et_pb_use_builder":"","_et_pb_old_content":"","_et_gb_content_width":"","footnotes":""},"class_list":["post-37484","page","type-page","status-publish","hentry"],"yoast_head":"<!-- This site is optimized with the Yoast SEO plugin v27.4 - https:\/\/yoast.com\/product\/yoast-seo-wordpress\/ -->\n<title>Balira - Vitoria-Gasteiz<\/title>\n<meta name=\"description\" content=\"El proyecto pertenece a la Fundaci\u00f3n Itaka-Escolapios de la sede de Vitoria-Gasteiz e, inicialmente, se basa en un refuerzo acad\u00e9mico para los\/as j\u00f3venes del barrio de Adurza, centr\u00e1ndonos en Educaci\u00f3n Primaria y Secundaria. Adem\u00e1s del refuerzo puramente acad\u00e9mico, tambi\u00e9n disponemos de grupo de tiempo libre donde realizamos quincenalmente actividades l\u00fadicas y educamos en valores a\u2026\" \/>\n<meta name=\"robots\" content=\"index, follow, max-snippet:-1, max-image-preview:large, max-video-preview:-1\" \/>\n<link rel=\"canonical\" href=\"http:\/\/El%20proyecto%20pertenece%20a%20la%20Fundaci\u00f3n%20Itaka-Escolapios%20de%20la%20sede%20de%20Vitoria-Gasteiz%20e,%20inicialmente,%20se%20basa%20en%20un%20refuerzo%20acad\u00e9mico%20para%20los\/as%20j\u00f3venes%20del%20barrio%20de%20Adurza,%20centr\u00e1ndonos%20en%20Educaci\u00f3n%20Primaria%20y%20Secundaria.%20Adem\u00e1s%20del%20refuerzo%20puramente%20acad\u00e9mico,%20tambi\u00e9n%20disponemos%20de%20grupo%20de%20tiempo%20libre%20donde%20realizamos%20quincenalmente%20actividades%20l\u00fadicas%20y%20educamos%20en%20valores%20a\u2026\" \/>\n<meta property=\"og:locale\" content=\"fr_FR\" \/>\n<meta property=\"og:type\" content=\"article\" \/>\n<meta property=\"og:title\" content=\"Balira - Vitoria-Gasteiz\" \/>\n<meta property=\"og:description\" content=\"El proyecto pertenece a la Fundaci\u00f3n Itaka-Escolapios de la sede de Vitoria-Gasteiz e, inicialmente, se basa en un refuerzo acad\u00e9mico para los\/as j\u00f3venes del barrio de Adurza, centr\u00e1ndonos en Educaci\u00f3n Primaria y Secundaria. Adem\u00e1s del refuerzo puramente acad\u00e9mico, tambi\u00e9n disponemos de grupo de tiempo libre donde realizamos quincenalmente actividades l\u00fadicas y educamos en valores a\u2026\" \/>\n<meta property=\"og:url\" content=\"https:\/\/www.itakaescolapios.org\/fr\/que-faisons-nous\/centros-socio-educativos\/balira-vitoria-gasteiz\/\" \/>\n<meta property=\"og:site_name\" content=\"Itaka-Escolapios\" \/>\n<meta property=\"article:modified_time\" content=\"2023-11-28T11:35:41+00:00\" \/>\n<meta name=\"twitter:card\" content=\"summary_large_image\" \/>\n<meta name=\"twitter:label1\" content=\"Dur\u00e9e de lecture estim\u00e9e\" \/>\n\t<meta name=\"twitter:data1\" content=\"1 minute\" \/>\n<script type=\"application\/ld+json\" class=\"yoast-schema-graph\">{\"@context\":\"https:\\\/\\\/schema.org\",\"@graph\":[{\"@type\":\"WebPage\",\"@id\":\"https:\\\/\\\/www.itakaescolapios.org\\\/fr\\\/que-faisons-nous\\\/centros-socio-educativos\\\/balira-vitoria-gasteiz\\\/\",\"url\":\"https:\\\/\\\/www.itakaescolapios.org\\\/fr\\\/que-faisons-nous\\\/centros-socio-educativos\\\/balira-vitoria-gasteiz\\\/\",\"name\":\"Balira - Vitoria-Gasteiz - Itaka-Escolapios\",\"isPartOf\":{\"@id\":\"https:\\\/\\\/www.itakaescolapios.org\\\/es\\\/#website\"},\"datePublished\":\"2022-10-03T16:30:22+00:00\",\"dateModified\":\"2023-11-28T11:35:41+00:00\",\"breadcrumb\":{\"@id\":\"https:\\\/\\\/www.itakaescolapios.org\\\/fr\\\/que-faisons-nous\\\/centros-socio-educativos\\\/balira-vitoria-gasteiz\\\/#breadcrumb\"},\"inLanguage\":\"fr-FR\",\"potentialAction\":[{\"@type\":\"ReadAction\",\"target\":[\"https:\\\/\\\/www.itakaescolapios.org\\\/fr\\\/que-faisons-nous\\\/centros-socio-educativos\\\/balira-vitoria-gasteiz\\\/\"]}]},{\"@type\":\"BreadcrumbList\",\"@id\":\"https:\\\/\\\/www.itakaescolapios.org\\\/fr\\\/que-faisons-nous\\\/centros-socio-educativos\\\/balira-vitoria-gasteiz\\\/#breadcrumb\",\"itemListElement\":[{\"@type\":\"ListItem\",\"position\":1,\"name\":\"Itaka-Escolapios\",\"item\":\"https:\\\/\\\/www.itakaescolapios.org\\\/es\\\/\"},{\"@type\":\"ListItem\",\"position\":2,\"name\":\"Que faisons-nous\",\"item\":\"https:\\\/\\\/www.itakaescolapios.org\\\/es\\\/que-hacemos\\\/\"},{\"@type\":\"ListItem\",\"position\":3,\"name\":\"Centres socio-\u00e9ducatifs\",\"item\":\"https:\\\/\\\/www.itakaescolapios.org\\\/es\\\/que-hacemos\\\/centros-socio-educativos\\\/\"},{\"@type\":\"ListItem\",\"position\":4,\"name\":\"Balira - Vitoria-Gasteiz\"}]},{\"@type\":\"WebSite\",\"@id\":\"https:\\\/\\\/www.itakaescolapios.org\\\/fr\\\/es\\\/#website\",\"url\":\"https:\\\/\\\/www.itakaescolapios.org\\\/fr\\\/es\\\/\",\"name\":\"Itaka-Escolapios\",\"description\":\"Red de Itaka-Escolapios\",\"publisher\":{\"@id\":\"https:\\\/\\\/www.itakaescolapios.org\\\/fr\\\/es\\\/#organization\"},\"potentialAction\":[{\"@type\":\"SearchAction\",\"target\":{\"@type\":\"EntryPoint\",\"urlTemplate\":\"https:\\\/\\\/www.itakaescolapios.org\\\/fr\\\/es\\\/?s={search_term_string}\"},\"query-input\":{\"@type\":\"PropertyValueSpecification\",\"valueRequired\":true,\"valueName\":\"search_term_string\"}}],\"inLanguage\":\"fr-FR\"},{\"@type\":\"Organization\",\"@id\":\"https:\\\/\\\/www.itakaescolapios.org\\\/fr\\\/es\\\/#organization\",\"name\":\"Fundaci\u00f3 Itaka-Escolapios\",\"url\":\"https:\\\/\\\/www.itakaescolapios.org\\\/fr\\\/es\\\/\",\"logo\":{\"@type\":\"ImageObject\",\"inLanguage\":\"fr-FR\",\"@id\":\"https:\\\/\\\/www.itakaescolapios.org\\\/fr\\\/es\\\/#\\\/schema\\\/logo\\\/image\\\/\",\"url\":\"https:\\\/\\\/www.itakaescolapios.org\\\/wp-content\\\/uploads\\\/2024\\\/04\\\/Logo-itakaescolapios-peque.png\",\"contentUrl\":\"https:\\\/\\\/www.itakaescolapios.org\\\/wp-content\\\/uploads\\\/2024\\\/04\\\/Logo-itakaescolapios-peque.png\",\"width\":500,\"height\":199,\"caption\":\"Fundaci\u00f3 Itaka-Escolapios\"},\"image\":{\"@id\":\"https:\\\/\\\/www.itakaescolapios.org\\\/fr\\\/es\\\/#\\\/schema\\\/logo\\\/image\\\/\"}}]}<\/script>\n<!-- \/ Yoast SEO plugin. -->","yoast_head_json":{"title":"Balira - Vitoria-Gasteiz","description":"El proyecto pertenece a la Fundaci\u00f3n Itaka-Escolapios de la sede de Vitoria-Gasteiz e, inicialmente, se basa en un refuerzo acad\u00e9mico para los\/as j\u00f3venes del barrio de Adurza, centr\u00e1ndonos en Educaci\u00f3n Primaria y Secundaria. Adem\u00e1s del refuerzo puramente acad\u00e9mico, tambi\u00e9n disponemos de grupo de tiempo libre donde realizamos quincenalmente actividades l\u00fadicas y educamos en valores a\u2026","robots":{"index":"index","follow":"follow","max-snippet":"max-snippet:-1","max-image-preview":"max-image-preview:large","max-video-preview":"max-video-preview:-1"},"canonical":"El proyecto pertenece a la Fundaci\u00f3n Itaka-Escolapios de la sede de Vitoria-Gasteiz e, inicialmente, se basa en un refuerzo acad\u00e9mico para los\/as j\u00f3venes del barrio de Adurza, centr\u00e1ndonos en Educaci\u00f3n Primaria y Secundaria. Adem\u00e1s del refuerzo puramente acad\u00e9mico, tambi\u00e9n disponemos de grupo de tiempo libre donde realizamos quincenalmente actividades l\u00fadicas y educamos en valores a\u2026","og_locale":"fr_FR","og_type":"article","og_title":"Balira - Vitoria-Gasteiz","og_description":"El proyecto pertenece a la Fundaci\u00f3n Itaka-Escolapios de la sede de Vitoria-Gasteiz e, inicialmente, se basa en un refuerzo acad\u00e9mico para los\/as j\u00f3venes del barrio de Adurza, centr\u00e1ndonos en Educaci\u00f3n Primaria y Secundaria. Adem\u00e1s del refuerzo puramente acad\u00e9mico, tambi\u00e9n disponemos de grupo de tiempo libre donde realizamos quincenalmente actividades l\u00fadicas y educamos en valores a\u2026","og_url":"https:\/\/www.itakaescolapios.org\/fr\/que-faisons-nous\/centros-socio-educativos\/balira-vitoria-gasteiz\/","og_site_name":"Itaka-Escolapios","article_modified_time":"2023-11-28T11:35:41+00:00","twitter_card":"summary_large_image","twitter_misc":{"Dur\u00e9e de lecture estim\u00e9e":"1 minute"},"schema":{"@context":"https:\/\/schema.org","@graph":[{"@type":"WebPage","@id":"https:\/\/www.itakaescolapios.org\/fr\/que-faisons-nous\/centros-socio-educativos\/balira-vitoria-gasteiz\/","url":"https:\/\/www.itakaescolapios.org\/fr\/que-faisons-nous\/centros-socio-educativos\/balira-vitoria-gasteiz\/","name":"Balira - Vitoria-Gasteiz - Itaka-Escolapios","isPartOf":{"@id":"https:\/\/www.itakaescolapios.org\/es\/#website"},"datePublished":"2022-10-03T16:30:22+00:00","dateModified":"2023-11-28T11:35:41+00:00","breadcrumb":{"@id":"https:\/\/www.itakaescolapios.org\/fr\/que-faisons-nous\/centros-socio-educativos\/balira-vitoria-gasteiz\/#breadcrumb"},"inLanguage":"fr-FR","potentialAction":[{"@type":"ReadAction","target":["https:\/\/www.itakaescolapios.org\/fr\/que-faisons-nous\/centros-socio-educativos\/balira-vitoria-gasteiz\/"]}]},{"@type":"BreadcrumbList","@id":"https:\/\/www.itakaescolapios.org\/fr\/que-faisons-nous\/centros-socio-educativos\/balira-vitoria-gasteiz\/#breadcrumb","itemListElement":[{"@type":"ListItem","position":1,"name":"Itaka-Escolapios","item":"https:\/\/www.itakaescolapios.org\/es\/"},{"@type":"ListItem","position":2,"name":"Que faisons-nous","item":"https:\/\/www.itakaescolapios.org\/es\/que-hacemos\/"},{"@type":"ListItem","position":3,"name":"Centres socio-\u00e9ducatifs","item":"https:\/\/www.itakaescolapios.org\/es\/que-hacemos\/centros-socio-educativos\/"},{"@type":"ListItem","position":4,"name":"Balira - Vitoria-Gasteiz"}]},{"@type":"WebSite","@id":"https:\/\/www.itakaescolapios.org\/fr\/es\/#website","url":"https:\/\/www.itakaescolapios.org\/fr\/es\/","name":"Itaka-Escolapios","description":"Red de Itaka-Escolapios","publisher":{"@id":"https:\/\/www.itakaescolapios.org\/fr\/es\/#organization"},"potentialAction":[{"@type":"SearchAction","target":{"@type":"EntryPoint","urlTemplate":"https:\/\/www.itakaescolapios.org\/fr\/es\/?s={search_term_string}"},"query-input":{"@type":"PropertyValueSpecification","valueRequired":true,"valueName":"search_term_string"}}],"inLanguage":"fr-FR"},{"@type":"Organization","@id":"https:\/\/www.itakaescolapios.org\/fr\/es\/#organization","name":"Fundaci\u00f3 Itaka-Escolapios","url":"https:\/\/www.itakaescolapios.org\/fr\/es\/","logo":{"@type":"ImageObject","inLanguage":"fr-FR","@id":"https:\/\/www.itakaescolapios.org\/fr\/es\/#\/schema\/logo\/image\/","url":"https:\/\/www.itakaescolapios.org\/wp-content\/uploads\/2024\/04\/Logo-itakaescolapios-peque.png","contentUrl":"https:\/\/www.itakaescolapios.org\/wp-content\/uploads\/2024\/04\/Logo-itakaescolapios-peque.png","width":500,"height":199,"caption":"Fundaci\u00f3 Itaka-Escolapios"},"image":{"@id":"https:\/\/www.itakaescolapios.org\/fr\/es\/#\/schema\/logo\/image\/"}}]}},"_links":{"self":[{"href":"https:\/\/www.itakaescolapios.org\/fr\/wp-json\/wp\/v2\/pages\/37484","targetHints":{"allow":["GET"]}}],"collection":[{"href":"https:\/\/www.itakaescolapios.org\/fr\/wp-json\/wp\/v2\/pages"}],"about":[{"href":"https:\/\/www.itakaescolapios.org\/fr\/wp-json\/wp\/v2\/types\/page"}],"author":[{"embeddable":true,"href":"https:\/\/www.itakaescolapios.org\/fr\/wp-json\/wp\/v2\/users\/62"}],"replies":[{"embeddable":true,"href":"https:\/\/www.itakaescolapios.org\/fr\/wp-json\/wp\/v2\/comments?post=37484"}],"version-history":[{"count":7,"href":"https:\/\/www.itakaescolapios.org\/fr\/wp-json\/wp\/v2\/pages\/37484\/revisions"}],"predecessor-version":[{"id":43820,"href":"https:\/\/www.itakaescolapios.org\/fr\/wp-json\/wp\/v2\/pages\/37484\/revisions\/43820"}],"up":[{"embeddable":true,"href":"https:\/\/www.itakaescolapios.org\/fr\/wp-json\/wp\/v2\/pages\/83"}],"wp:attachment":[{"href":"https:\/\/www.itakaescolapios.org\/fr\/wp-json\/wp\/v2\/media?parent=37484"}],"curies":[{"name":"wp","href":"https:\/\/api.w.org\/{rel}","templated":true}]}}