{"id":476,"date":"2012-06-04T17:25:01","date_gmt":"2012-06-04T16:25:01","guid":{"rendered":"https:\/\/www.itakaescolapios.org\/?page_id=476"},"modified":"2023-11-28T12:39:44","modified_gmt":"2023-11-28T11:39:44","slug":"campana-caritas-y-abegi-tolosa","status":"publish","type":"page","link":"https:\/\/www.itakaescolapios.org\/fr\/solidaridad-con-el-cuarto-mundo\/campana-caritas-y-abegi-tolosa\/","title":{"rendered":"CAMPAGNE CARITAS et ABEGI DE TOLOSA"},"content":{"rendered":"<p align=\"JUSTIFY\">En d\u00e9cembre nous avons l&rsquo;habitude de r\u00e9aliser \u00e0 Hirukide la Campagne de No\u00ebl (Eguberri kanpaina). Nous dirigeons la campagne \u00e0 deux projets qui sont d\u00e9velopp\u00e9s \u00e0 Toulouse et avec lesquels nous avons toujours eu une relation sp\u00e9ciale : le Foyer de passants (Abegi) et Caritas.<\/p>\n<p align=\"JUSTIFY\">La campagne consiste en la collecte de produits alimentaires, de No\u00ebl,\u2026 qui sont ensuite partag\u00e9s aux gens qui se rapprochent d&rsquo;Abegi et de Caritas, en plus de sensibiliser toute la communaut\u00e9 \u00e9ducative autour de ce type de r\u00e9alit\u00e9s sociales.<\/p>\n<p align=\"JUSTIFY\">Le groupe de Sendotzen I est charg\u00e9 d\u2019impulser la campagne dans le voisinage du coll\u00e8ge (pr\u00e9sentations \u00e0 l&rsquo;ensemble des \u00e9l\u00e8ves, animation, collecte de produits,\u2026). Durant la campagne ces jeunes ont l&rsquo;opportunit\u00e9 de conna\u00eetre \u00ab\u00a0in situ\u00a0\u00bb et de collaborer dans le projet du foyer et du travail qui y est r\u00e9alis\u00e9.<\/p>\n","protected":false},"excerpt":{"rendered":"<p>En d\u00e9cembre nous avons l&rsquo;habitude de r\u00e9aliser \u00e0 Hirukide la Campagne de No\u00ebl (Eguberri kanpaina). Nous dirigeons la campagne \u00e0 deux projets qui sont d\u00e9velopp\u00e9s \u00e0 Toulouse et avec lesquels [&hellip;]<\/p>\n","protected":false},"author":1,"featured_media":0,"parent":434,"menu_order":2,"comment_status":"closed","ping_status":"closed","template":"","meta":{"_et_pb_use_builder":"","_et_pb_old_content":"","_et_gb_content_width":"","footnotes":""},"class_list":["post-476","page","type-page","status-publish","hentry"],"yoast_head":"<!-- This site is optimized with the Yoast SEO plugin v27.4 - https:\/\/yoast.com\/product\/yoast-seo-wordpress\/ -->\n<title>CAMPAGNE CARITAS et ABEGI DE TOLOSA<\/title>\n<meta name=\"description\" content=\"En d\u00e9cembre nous avons l&#039;habitude de r\u00e9aliser \u00e0 Hirukide la Campagne de No\u00ebl (Eguberri kanpaina). Nous dirigeons la campagne \u00e0 deux projets qui sont d\u00e9velopp\u00e9s \u00e0 Toulouse et avec lesquels nous avons toujours eu une relation sp\u00e9ciale : le Foyer de passants (Abegi) et Caritas. La campagne consiste en la collecte de produits alimentaires, de\u2026\" \/>\n<meta name=\"robots\" content=\"index, follow, max-snippet:-1, max-image-preview:large, max-video-preview:-1\" \/>\n<link rel=\"canonical\" href=\"\" \/>\n<meta property=\"og:locale\" content=\"fr_FR\" \/>\n<meta property=\"og:type\" content=\"article\" \/>\n<meta property=\"og:title\" content=\"CAMPAGNE CARITAS et ABEGI DE TOLOSA\" \/>\n<meta property=\"og:description\" content=\"En d\u00e9cembre nous avons l&#039;habitude de r\u00e9aliser \u00e0 Hirukide la Campagne de No\u00ebl (Eguberri kanpaina). Nous dirigeons la campagne \u00e0 deux projets qui sont d\u00e9velopp\u00e9s \u00e0 Toulouse et avec lesquels nous avons toujours eu une relation sp\u00e9ciale : le Foyer de passants (Abegi) et Caritas. La campagne consiste en la collecte de produits alimentaires, de\u2026\" \/>\n<meta property=\"og:url\" content=\"https:\/\/www.itakaescolapios.org\/fr\/solidaridad-con-el-cuarto-mundo\/campana-caritas-y-abegi-tolosa\/\" \/>\n<meta property=\"og:site_name\" content=\"Itaka-Escolapios\" \/>\n<meta property=\"article:modified_time\" content=\"2023-11-28T11:39:44+00:00\" \/>\n<meta name=\"twitter:card\" content=\"summary_large_image\" \/>\n<meta name=\"twitter:label1\" content=\"Dur\u00e9e de lecture estim\u00e9e\" \/>\n\t<meta name=\"twitter:data1\" content=\"1 minute\" \/>\n<script type=\"application\/ld+json\" class=\"yoast-schema-graph\">{\"@context\":\"https:\\\/\\\/schema.org\",\"@graph\":[{\"@type\":\"WebPage\",\"@id\":\"https:\\\/\\\/www.itakaescolapios.org\\\/fr\\\/solidaridad-con-el-cuarto-mundo\\\/campana-caritas-y-abegi-tolosa\\\/\",\"url\":\"https:\\\/\\\/www.itakaescolapios.org\\\/fr\\\/solidaridad-con-el-cuarto-mundo\\\/campana-caritas-y-abegi-tolosa\\\/\",\"name\":\"Campa\u00f1as de Navidad - Itaka-Escolapios\",\"isPartOf\":{\"@id\":\"https:\\\/\\\/www.itakaescolapios.org\\\/es\\\/#website\"},\"datePublished\":\"2012-06-04T16:25:01+00:00\",\"dateModified\":\"2023-11-28T11:39:44+00:00\",\"breadcrumb\":{\"@id\":\"https:\\\/\\\/www.itakaescolapios.org\\\/fr\\\/solidaridad-con-el-cuarto-mundo\\\/campana-caritas-y-abegi-tolosa\\\/#breadcrumb\"},\"inLanguage\":\"fr-FR\",\"potentialAction\":[{\"@type\":\"ReadAction\",\"target\":[\"https:\\\/\\\/www.itakaescolapios.org\\\/fr\\\/solidaridad-con-el-cuarto-mundo\\\/campana-caritas-y-abegi-tolosa\\\/\"]}]},{\"@type\":\"BreadcrumbList\",\"@id\":\"https:\\\/\\\/www.itakaescolapios.org\\\/fr\\\/solidaridad-con-el-cuarto-mundo\\\/campana-caritas-y-abegi-tolosa\\\/#breadcrumb\",\"itemListElement\":[{\"@type\":\"ListItem\",\"position\":1,\"name\":\"Itaka-Escolapios\",\"item\":\"https:\\\/\\\/www.itakaescolapios.org\\\/es\\\/\"},{\"@type\":\"ListItem\",\"position\":2,\"name\":\"SOLIDARIT\u00c9 AVEC LES PERSONNES DE NOTRE ENTOURAGE EN SITUATION D\u2019EXCLUSION\",\"item\":\"https:\\\/\\\/www.itakaescolapios.org\\\/es\\\/solidaridad-con-el-cuarto-mundo\\\/\"},{\"@type\":\"ListItem\",\"position\":3,\"name\":\"CAMPAGNE CARITAS et ABEGI DE TOLOSA\"}]},{\"@type\":\"WebSite\",\"@id\":\"https:\\\/\\\/www.itakaescolapios.org\\\/fr\\\/es\\\/#website\",\"url\":\"https:\\\/\\\/www.itakaescolapios.org\\\/fr\\\/es\\\/\",\"name\":\"Itaka-Escolapios\",\"description\":\"Red de Itaka-Escolapios\",\"publisher\":{\"@id\":\"https:\\\/\\\/www.itakaescolapios.org\\\/fr\\\/es\\\/#organization\"},\"potentialAction\":[{\"@type\":\"SearchAction\",\"target\":{\"@type\":\"EntryPoint\",\"urlTemplate\":\"https:\\\/\\\/www.itakaescolapios.org\\\/fr\\\/es\\\/?s={search_term_string}\"},\"query-input\":{\"@type\":\"PropertyValueSpecification\",\"valueRequired\":true,\"valueName\":\"search_term_string\"}}],\"inLanguage\":\"fr-FR\"},{\"@type\":\"Organization\",\"@id\":\"https:\\\/\\\/www.itakaescolapios.org\\\/fr\\\/es\\\/#organization\",\"name\":\"Fundaci\u00f3 Itaka-Escolapios\",\"url\":\"https:\\\/\\\/www.itakaescolapios.org\\\/fr\\\/es\\\/\",\"logo\":{\"@type\":\"ImageObject\",\"inLanguage\":\"fr-FR\",\"@id\":\"https:\\\/\\\/www.itakaescolapios.org\\\/fr\\\/es\\\/#\\\/schema\\\/logo\\\/image\\\/\",\"url\":\"https:\\\/\\\/www.itakaescolapios.org\\\/wp-content\\\/uploads\\\/2024\\\/04\\\/Logo-itakaescolapios-peque.png\",\"contentUrl\":\"https:\\\/\\\/www.itakaescolapios.org\\\/wp-content\\\/uploads\\\/2024\\\/04\\\/Logo-itakaescolapios-peque.png\",\"width\":500,\"height\":199,\"caption\":\"Fundaci\u00f3 Itaka-Escolapios\"},\"image\":{\"@id\":\"https:\\\/\\\/www.itakaescolapios.org\\\/fr\\\/es\\\/#\\\/schema\\\/logo\\\/image\\\/\"}}]}<\/script>\n<!-- \/ Yoast SEO plugin. -->","yoast_head_json":{"title":"CAMPAGNE CARITAS et ABEGI DE TOLOSA","description":"En d\u00e9cembre nous avons l'habitude de r\u00e9aliser \u00e0 Hirukide la Campagne de No\u00ebl (Eguberri kanpaina). Nous dirigeons la campagne \u00e0 deux projets qui sont d\u00e9velopp\u00e9s \u00e0 Toulouse et avec lesquels nous avons toujours eu une relation sp\u00e9ciale : le Foyer de passants (Abegi) et Caritas. La campagne consiste en la collecte de produits alimentaires, de\u2026","robots":{"index":"index","follow":"follow","max-snippet":"max-snippet:-1","max-image-preview":"max-image-preview:large","max-video-preview":"max-video-preview:-1"},"canonical":"En d\u00e9cembre nous avons l'habitude de r\u00e9aliser \u00e0 Hirukide la Campagne de No\u00ebl (Eguberri kanpaina). Nous dirigeons la campagne \u00e0 deux projets qui sont d\u00e9velopp\u00e9s \u00e0 Toulouse et avec lesquels nous avons toujours eu une relation sp\u00e9ciale : le Foyer de passants (Abegi) et Caritas. La campagne consiste en la collecte de produits alimentaires, de\u2026","og_locale":"fr_FR","og_type":"article","og_title":"CAMPAGNE CARITAS et ABEGI DE TOLOSA","og_description":"En d\u00e9cembre nous avons l'habitude de r\u00e9aliser \u00e0 Hirukide la Campagne de No\u00ebl (Eguberri kanpaina). Nous dirigeons la campagne \u00e0 deux projets qui sont d\u00e9velopp\u00e9s \u00e0 Toulouse et avec lesquels nous avons toujours eu une relation sp\u00e9ciale : le Foyer de passants (Abegi) et Caritas. La campagne consiste en la collecte de produits alimentaires, de\u2026","og_url":"https:\/\/www.itakaescolapios.org\/fr\/solidaridad-con-el-cuarto-mundo\/campana-caritas-y-abegi-tolosa\/","og_site_name":"Itaka-Escolapios","article_modified_time":"2023-11-28T11:39:44+00:00","twitter_card":"summary_large_image","twitter_misc":{"Dur\u00e9e de lecture estim\u00e9e":"1 minute"},"schema":{"@context":"https:\/\/schema.org","@graph":[{"@type":"WebPage","@id":"https:\/\/www.itakaescolapios.org\/fr\/solidaridad-con-el-cuarto-mundo\/campana-caritas-y-abegi-tolosa\/","url":"https:\/\/www.itakaescolapios.org\/fr\/solidaridad-con-el-cuarto-mundo\/campana-caritas-y-abegi-tolosa\/","name":"Campa\u00f1as de Navidad - Itaka-Escolapios","isPartOf":{"@id":"https:\/\/www.itakaescolapios.org\/es\/#website"},"datePublished":"2012-06-04T16:25:01+00:00","dateModified":"2023-11-28T11:39:44+00:00","breadcrumb":{"@id":"https:\/\/www.itakaescolapios.org\/fr\/solidaridad-con-el-cuarto-mundo\/campana-caritas-y-abegi-tolosa\/#breadcrumb"},"inLanguage":"fr-FR","potentialAction":[{"@type":"ReadAction","target":["https:\/\/www.itakaescolapios.org\/fr\/solidaridad-con-el-cuarto-mundo\/campana-caritas-y-abegi-tolosa\/"]}]},{"@type":"BreadcrumbList","@id":"https:\/\/www.itakaescolapios.org\/fr\/solidaridad-con-el-cuarto-mundo\/campana-caritas-y-abegi-tolosa\/#breadcrumb","itemListElement":[{"@type":"ListItem","position":1,"name":"Itaka-Escolapios","item":"https:\/\/www.itakaescolapios.org\/es\/"},{"@type":"ListItem","position":2,"name":"SOLIDARIT\u00c9 AVEC LES PERSONNES DE NOTRE ENTOURAGE EN SITUATION D\u2019EXCLUSION","item":"https:\/\/www.itakaescolapios.org\/es\/solidaridad-con-el-cuarto-mundo\/"},{"@type":"ListItem","position":3,"name":"CAMPAGNE CARITAS et ABEGI DE TOLOSA"}]},{"@type":"WebSite","@id":"https:\/\/www.itakaescolapios.org\/fr\/es\/#website","url":"https:\/\/www.itakaescolapios.org\/fr\/es\/","name":"Itaka-Escolapios","description":"Red de Itaka-Escolapios","publisher":{"@id":"https:\/\/www.itakaescolapios.org\/fr\/es\/#organization"},"potentialAction":[{"@type":"SearchAction","target":{"@type":"EntryPoint","urlTemplate":"https:\/\/www.itakaescolapios.org\/fr\/es\/?s={search_term_string}"},"query-input":{"@type":"PropertyValueSpecification","valueRequired":true,"valueName":"search_term_string"}}],"inLanguage":"fr-FR"},{"@type":"Organization","@id":"https:\/\/www.itakaescolapios.org\/fr\/es\/#organization","name":"Fundaci\u00f3 Itaka-Escolapios","url":"https:\/\/www.itakaescolapios.org\/fr\/es\/","logo":{"@type":"ImageObject","inLanguage":"fr-FR","@id":"https:\/\/www.itakaescolapios.org\/fr\/es\/#\/schema\/logo\/image\/","url":"https:\/\/www.itakaescolapios.org\/wp-content\/uploads\/2024\/04\/Logo-itakaescolapios-peque.png","contentUrl":"https:\/\/www.itakaescolapios.org\/wp-content\/uploads\/2024\/04\/Logo-itakaescolapios-peque.png","width":500,"height":199,"caption":"Fundaci\u00f3 Itaka-Escolapios"},"image":{"@id":"https:\/\/www.itakaescolapios.org\/fr\/es\/#\/schema\/logo\/image\/"}}]}},"_links":{"self":[{"href":"https:\/\/www.itakaescolapios.org\/fr\/wp-json\/wp\/v2\/pages\/476","targetHints":{"allow":["GET"]}}],"collection":[{"href":"https:\/\/www.itakaescolapios.org\/fr\/wp-json\/wp\/v2\/pages"}],"about":[{"href":"https:\/\/www.itakaescolapios.org\/fr\/wp-json\/wp\/v2\/types\/page"}],"author":[{"embeddable":true,"href":"https:\/\/www.itakaescolapios.org\/fr\/wp-json\/wp\/v2\/users\/1"}],"replies":[{"embeddable":true,"href":"https:\/\/www.itakaescolapios.org\/fr\/wp-json\/wp\/v2\/comments?post=476"}],"version-history":[{"count":15,"href":"https:\/\/www.itakaescolapios.org\/fr\/wp-json\/wp\/v2\/pages\/476\/revisions"}],"predecessor-version":[{"id":50179,"href":"https:\/\/www.itakaescolapios.org\/fr\/wp-json\/wp\/v2\/pages\/476\/revisions\/50179"}],"up":[{"embeddable":true,"href":"https:\/\/www.itakaescolapios.org\/fr\/wp-json\/wp\/v2\/pages\/434"}],"wp:attachment":[{"href":"https:\/\/www.itakaescolapios.org\/fr\/wp-json\/wp\/v2\/media?parent=476"}],"curies":[{"name":"wp","href":"https:\/\/api.w.org\/{rel}","templated":true}]}}