{"version":"1.0","provider_name":"Itaka-Escolapios","provider_url":"https:\/\/www.itakaescolapios.org\/pt\/","author_name":"cameroun01","author_url":"https:\/\/www.itakaescolapios.org\/pt\/author\/cameroun01\/","title":"Semana Calasanctiana en Malib\u00e9, Gab\u00f3n.","type":"rich","width":600,"height":338,"html":"<blockquote class=\"wp-embedded-content\" data-secret=\"D2bjK4gAbU\"><a href=\"https:\/\/www.itakaescolapios.org\/pt\/2021\/11\/semana-calasanctiana-en-malibe-gabon\/\">Semana Calasanctiana en Malib\u00e9, Gab\u00f3n.<\/a><\/blockquote><iframe sandbox=\"allow-scripts\" security=\"restricted\" src=\"https:\/\/www.itakaescolapios.org\/pt\/2021\/11\/semana-calasanctiana-en-malibe-gabon\/embed\/#?secret=D2bjK4gAbU\" width=\"600\" height=\"338\" title=\"&#8220;Semana Calasanctiana en Malib\u00e9, Gab\u00f3n.&#8221; &#8212; Itaka-Escolapios\" data-secret=\"D2bjK4gAbU\" frameborder=\"0\" marginwidth=\"0\" marginheight=\"0\" scrolling=\"no\" class=\"wp-embedded-content\"><\/iframe><script type=\"text\/javascript\">\n\/* <![CDATA[ *\/\n\/*! This file is auto-generated *\/\n!function(d,l){\"use strict\";l.querySelector&&d.addEventListener&&\"undefined\"!=typeof URL&&(d.wp=d.wp||{},d.wp.receiveEmbedMessage||(d.wp.receiveEmbedMessage=function(e){var t=e.data;if((t||t.secret||t.message||t.value)&&!\/[^a-zA-Z0-9]\/.test(t.secret)){for(var s,r,n,a=l.querySelectorAll('iframe[data-secret=\"'+t.secret+'\"]'),o=l.querySelectorAll('blockquote[data-secret=\"'+t.secret+'\"]'),c=new RegExp(\"^https?:$\",\"i\"),i=0;i<o.length;i++)o[i].style.display=\"none\";for(i=0;i<a.length;i++)s=a[i],e.source===s.contentWindow&&(s.removeAttribute(\"style\"),\"height\"===t.message?(1e3<(r=parseInt(t.value,10))?r=1e3:~~r<200&&(r=200),s.height=r):\"link\"===t.message&&(r=new URL(s.getAttribute(\"src\")),n=new URL(t.value),c.test(n.protocol))&&n.host===r.host&&l.activeElement===s&&(d.top.location.href=t.value))}},d.addEventListener(\"message\",d.wp.receiveEmbedMessage,!1),l.addEventListener(\"DOMContentLoaded\",function(){for(var e,t,s=l.querySelectorAll(\"iframe.wp-embedded-content\"),r=0;r<s.length;r++)(t=(e=s[r]).getAttribute(\"data-secret\"))||(t=Math.random().toString(36).substring(2,12),e.src+=\"#?secret=\"+t,e.setAttribute(\"data-secret\",t)),e.contentWindow.postMessage({message:\"ready\",secret:t},\"*\")},!1)))}(window,document);\n\/\/# sourceURL=https:\/\/www.itakaescolapios.org\/wp-includes\/js\/wp-embed.min.js\n\/* ]]> *\/\n<\/script>\n","thumbnail_url":"https:\/\/www.itakaescolapios.org\/wp-content\/uploads\/2021\/11\/IMG-20211123-WA0008.jpg","thumbnail_width":1000,"thumbnail_height":439,"description":"Tanto para los ni\u00f1os peque\u00f1os como para los ni\u00f1os peque\u00f1os, la semana de Calasanctian se celebr\u00f3 bien en Malib\u00e9, Gab\u00f3n. La inauguraci\u00f3n de la semana el lunes 22 de noviembre de 2021, se realiz\u00f3 con un seminario y una proyecci\u00f3n instructiva sobre la vida de San Jos\u00e9 de Calasanz. La celebraci\u00f3n contin\u00faa en serio este&hellip;"}